{"id":9,"date":"2014-09-12T10:15:01","date_gmt":"2014-09-12T08:15:01","guid":{"rendered":"http:\/\/agora.xtec.cat\/iesvilamajor\/?page_id=9"},"modified":"2026-02-10T17:50:15","modified_gmt":"2026-02-10T16:50:15","slug":"documentacio","status":"publish","type":"page","link":"https:\/\/agora.xtec.cat\/iesvilamajor\/elnostrecentre\/documentacio\/","title":{"rendered":"Documentaci\u00f3 de centre"},"content":{"rendered":"<h5><span style=\"color: #677805;\">PGAC: Projecte Educatiu, Projecte de Direcci\u00f3, Projecte Ling\u00fc\u00edstic, Normes d&#8217;Organitzaci\u00f3 i Funcionament, Carta de Comprom\u00eds Educatiu, Programaci\u00f3 General Anual, Pressupost econ\u00f2mic, Certificats d&#8217;acords del CE i Relaci\u00f3 de convenis.<\/span><\/h5>\n<p>&nbsp;<\/p>\n<p><span style=\"color: #6e8008;\">Benvolgudes fam\u00edlies,<\/span><\/p>\n<p><span style=\"color: #6e8008;\">En els documents adjunts podeu consultar el Projecte educatiu de centre (PEC), el Projecte Ling\u00fc\u00edstic de centre (PLC), les Normes d&#8217;Organitzaci\u00f3 i Funcionament de Centre (NOFC), la Carta de comprom\u00eds educatiu, el Projecte de Direcci\u00f3 (PD), la PGAC curs 2018-2019, El Pressupost, els Certificats d&#8217;acords del Consell Escolar i la Relaci\u00f3 de convenis signats.<\/span><\/p>\n<p><span style=\"color: #6e8008;\">Restem a la vostra disposici\u00f3 per a qualsevol dubte o aclariment.<\/span><\/p>\n<p><span style=\"color: #6e8008;\">Atentament,<\/span><\/p>\n<p><span style=\"color: #6e8008;\">Equip directiu.<\/span><\/p>\n<p>&nbsp;<\/p>\n<p>\ud83d\udccc<a href=\"https:\/\/drive.google.com\/drive\/folders\/1gSjjQkS4t4b48nMtU7gG7VSLS0V7WjPE?usp=sharing\">PGAC, curs 2025-2026: presentaci\u00f3 al Claustre i al Consell Escolar<\/a><\/p>\n<p><span style=\"color: #6e8008;\">Programaci\u00f3 General Anual de Centre, curs 2025-2026: presentaci\u00f3 al Claustre i al Consell Escolar.<\/span><\/p>\n<p><span style=\"color: #6e8008;\">Aprovaci\u00f3 pel Consell Escolar amb data 21 d&#8217;octubre de 2025.<\/span><\/p>\n<p>&nbsp;<\/p>\n<p><a href=\"https:\/\/drive.google.com\/file\/d\/16mezVEsode5-f60iTm15KC8cO5H46h3U\/view?usp=sharing\" target=\"_blank\" rel=\"noopener\">\ud83d\udcccProjecte Educatiu de Centre (PEC)<\/a><\/p>\n<p><span style=\"color: #6e8008;\">Document aprovat per Consell Escolar amb data 28 de gener de 2020.<\/span><\/p>\n<p><span style=\"color: #6e8008;\">Modificaci\u00f3 aprovada pel Consell Escolar amb data 31 de gener de 2023. <\/span><span style=\"color: #6e8008;\">Inclou els criteris d&#8217;avaluaci\u00f3 i de qualificaci\u00f3 per a l&#8217;ESO i per al Batxillerat.<\/span><\/p>\n<p><span style=\"color: #808000;\">Modificaci\u00f3 aprovada pel Consell Escolar amb data 30 de gener de 2024,criteris actualitzats per a la recuperaci\u00f3 de mat\u00e8ries de cursos anteriors a l&#8217;ESO i al Batxillerat (apartats 8.2 i 8.3).<br \/>\n<\/span><\/p>\n<p>&nbsp;<\/p>\n<p><a href=\"https:\/\/drive.google.com\/file\/d\/1ZPNglL3sx5smxOrs-9rjbCyWxXD3jvpK\/view?usp=sharing\">\ud83d\udcccPEC: Projecte Ling\u00fc\u00edstic de Centre (PLC)<\/a><\/p>\n<p><span style=\"color: #6e8008;\">Document revisat i actualitzat durant el primer trimestre del curs 2018-2019 d&#8217;acord al PEC, a la PGAC i a les indicacions del Departament d&#8217;Educaci\u00f3 de la Generalitat de Catalunya per a la seva elaboraci\u00f3.<\/span><\/p>\n<p><span style=\"color: #6e8008;\">Acord del Consell Escolar amb data 29 de gener de 2019.<\/span><\/p>\n<p><span style=\"color: #6e8008;\">Revisat i actualitzat amb data 10 de gener de 2022.<\/span><\/p>\n<p>&nbsp;<\/p>\n<p><a href=\"https:\/\/sites.google.com\/xtec.cat\/edc-insvilamajor\/presentaci%C3%B3-de-ledc\" target=\"_blank\" rel=\"noopener\">\ud83d\udcccPEC: Estrat\u00e8gia Digital de Centre (EDC)<\/a><\/p>\n<p><span style=\"color: #6e8008;\">Acord del Consell Escolar amb data juliol de 2023.<\/span><\/p>\n<p>&nbsp;<\/p>\n<p><a href=\"https:\/\/drive.google.com\/file\/d\/1_LZ-JzdLmMsLjt5adEf_mSR49_QlcbkR\/view?usp=drive_link\" target=\"_blank\" rel=\"noopener\">\ud83d\udcccPEC: Carta de comprom\u00eds educatiu<\/a><\/p>\n<p><span style=\"color: #6e8008;\">Carta de comprom\u00eds educatiu, centre i fam\u00edlies.<\/span><\/p>\n<p><span style=\"color: #6e8008;\">Acord del Consell Escolar amb data 26 de mar\u00e7 de 2019.<\/span><\/p>\n<p><span style=\"color: #808000;\">Acord del Consell Escolar amb data 22 d&#8217;abril de 2024.<\/span><\/p>\n<p>&nbsp;<\/p>\n<p><a href=\"https:\/\/drive.google.com\/drive\/folders\/1S1una4k2dvJwNwC47fLnUMVyCuC0LQvh?usp=sharing\">\ud83d\udcccPEC: Normes d&#8217;Organitzaci\u00f3 i Funcionament del Centre (NOFC)<\/a><\/p>\n<p><span style=\"color: #808000;\">Darrera modificaci\u00f3 aprovada per Consell Escolar convocat amb data 27 de gener de 2026.<\/span><\/p>\n<p>&nbsp;<\/p>\n<p>\ud83d\udccc<a href=\"https:\/\/drive.google.com\/file\/d\/1SmUC4oYgvNcpmHCe_wWjh1gIwiXABzBQ\/view?usp=sharing\" target=\"_blank\" rel=\"noopener\">NOFC: Pla de funcionament del transport escolar del centre, aprovat per Consell Escolar amb data 10 de juliol de 2024<\/a><\/p>\n<p>&nbsp;<\/p>\n<p>\ud83d\udccc<a href=\"https:\/\/drive.google.com\/file\/d\/1wIaPah-MKL0ghy6MWICgKKCmhyZOMFwb\/view?usp=drive_link\">NOFC: Perfil i traject\u00f2ria professional del director<\/a><\/p>\n<p><span style=\"color: #6e8008;\">Estructura organitzativa\u00a0 interna, especificaci\u00f3 del perfil i traject\u00f2ria professional del director, Jordi Clusellas Paituvi.<\/span><\/p>\n<p>&nbsp;<\/p>\n<p>\ud83d\udcccNOFC: Perfil i traject\u00f2ria professional de la cap d&#8217;estudis<\/p>\n<p><span style=\"color: #6e8008;\">Estructura organitzativa interna, especificaci\u00f3 del perfil i traject\u00f2ria professional de la cap d&#8217;estudis, Maria Tall\u00e0 Ferrer.<\/span><\/p>\n<p>&nbsp;<\/p>\n<p><a href=\"https:\/\/drive.google.com\/file\/d\/1EAV1UnPytCwwKfUCN9zqvbXus-Qoy1-R\/view?usp=sharing\" target=\"_blank\" rel=\"noopener\">\ud83d\udcccProjecte de Direcci\u00f3 (PdD), 2023-2027<\/a><\/p>\n<p><span style=\"color: #6e8008;\">Presentaci\u00f3 del Projecte de Direcci\u00f3, cursos 2023-2027, al Claustre i al Consell Escolar<br \/>\n<\/span><\/p>\n<p><span style=\"color: #6e8008;\">El Projecte sencer est\u00e0 disponible per consulta en el centre, nom\u00e9s cal acordar cita pr\u00e8via amb la direcci\u00f3 del centre.<\/span><\/p>\n<p>&nbsp;<\/p>\n<p><a href=\"https:\/\/agora.xtec.cat\/iesvilamajor\/elnostrecentre\/documentacio\/certificats-dacords-del-consell-escolar-curs-2021-2022\/\">\ud83d\udcc2Certificats d&#8217;acords del Consell Escolar curs 2021-2022<\/a><\/p>\n<p><span style=\"color: #6e8008;\">Acords de les sessions del CE del centre, certificat signat per la direcci\u00f3 del centre.<\/span><\/p>\n<p><a href=\"https:\/\/agora.xtec.cat\/iesvilamajor\/elnostrecentre\/documentacio\/certificats-dacords-del-consell-escolar-curs-2022-2023\/\">\ud83d\udcc2Certificats d&#8217;acords del Consell Escolar curs 2022-2023<\/a><\/p>\n<p><span style=\"color: #6e8008;\">Acords de les sessions del CE del centre, certificat signat per la direcci\u00f3 del centre.<\/span><\/p>\n<p><a href=\"https:\/\/agora.xtec.cat\/iesvilamajor\/certificats-de-les-sessions-del-ce-del-centre-curs-2023-2024\/\" target=\"_blank\" rel=\"noopener\">\ud83d\udcc2Certificats d&#8217;acords del Consell Escolar curs 2023-2024<\/a><\/p>\n<p><span style=\"color: #808000;\">Acords de les sessions del CE del centre, certificat signat per la direcci\u00f3 del centre.<\/span><\/p>\n<p><a href=\"https:\/\/drive.google.com\/drive\/folders\/1vLhm54r6e0mP-YmusOzpls93jmDqHGkD?usp=sharing\">\ud83d\udcc2Certificats d&#8217;acords del Consell Escolar curs 2024-2025<\/a><\/p>\n<p><span style=\"color: #808000;\">Acords de les sessions del CE del centre, certificat signat per la direcci\u00f3 del centre.<\/span><\/p>\n<p><a href=\"https:\/\/drive.google.com\/file\/d\/1OvkKaH6bonvUQy6xh5RLaJZxq1qOE8p0\/view?usp=sharing\" target=\"_blank\" rel=\"noopener\">\ud83d\udcccPressupost del centre<\/a><\/p>\n<p><span style=\"color: #6e8008;\">El pressupost amb la descripci\u00f3 de les partides pressupost\u00e0ries anuals i les dades de l&#8217;execuci\u00f3 i liquidaci\u00f3 d&#8217;aquest, a trav\u00e9s de l&#8217;informe de modificaci\u00f3 del pressupost que genera l&#8217;aplicaci\u00f3 Esfer@.<\/span><\/p>\n<p>&nbsp;<\/p>\n<p><a href=\"https:\/\/drive.google.com\/file\/d\/1-_SIG2Lxrr5SB3uT5x-aWNDJMM7Tb3Uo\/view?usp=sharing\" target=\"_blank\" rel=\"noopener\"><strong>\ud83d\udcccEnlla\u00e7 a l&#8217;import de quotes de material i llic\u00e8ncies curs 2025-2026<\/strong><\/a><\/p>\n<p><span style=\"color: #6e8008;\">El document de l&#8217;enlla\u00e7 cont\u00e9 la relaci\u00f3 de quotes corresponents al curs 2025-2026.<\/span><\/p>\n<p><span style=\"color: #6e8008;\">Quota de material (70\u20ac) aprovada pel Consell Escolar.<\/span><\/p>\n<p><span style=\"color: #6e8008;\">Quota de llic\u00e8ncies per a cada nivell.<\/span><\/p>\n<p>&nbsp;<\/p>\n<p><strong>\ud83d\udccc<a href=\"https:\/\/drive.google.com\/file\/d\/1ZaqXg8J0J69kEywWMtahktMkCgAyeX_V\/view?usp=sharing\">Enlla\u00e7 a l&#8217;import de quotes de sortides i activitats curs 2025_2026<\/a><\/strong><\/p>\n<p><span style=\"color: #808000;\">El document de l&#8217;enlla\u00e7 cont\u00e9 la relaci\u00f3 de quotes de sortides i activitats per nivell corresponents al curs 2025-2026<\/span><\/p>\n<p>&nbsp;<\/p>\n<p><a href=\"https:\/\/educacio.gencat.cat\/ca\/arees-actuacio\/families\/families-escola\/escolaritat\/motxilles-escolars\/\" target=\"_blank\" rel=\"noopener\"><strong>\ud83d\udcccEnlla\u00e7 en relaci\u00f3 amb les motxilles escolars<\/strong><\/a><\/p>\n<p><span style=\"color: #808000;\">Per escolaritzar equilibradament l&#8217;alumnat, el Departament d&#8217;Educaci\u00f3 ha de <strong>garantir els recursos per atendre infants i joves amb necessitats educatives espec\u00edfiques<\/strong>.<\/span><\/p>\n","protected":false},"excerpt":{"rendered":"<p>PGAC: Projecte Educatiu, Projecte de Direcci\u00f3, Projecte Ling\u00fc\u00edstic, Normes d&#8217;Organitzaci\u00f3 i Funcionament, Carta de Comprom\u00eds Educatiu, Programaci\u00f3 General Anual, Pressupost econ\u00f2mic, Certificats d&#8217;acords del CE i Relaci\u00f3 de convenis. &nbsp; Benvolgudes fam\u00edlies, En els documents adjunts podeu consultar el Projecte educatiu de centre (PEC), el Projecte Ling\u00fc\u00edstic de centre (PLC), les Normes d&#8217;Organitzaci\u00f3 i Funcionament [&hellip;]<\/p>\n","protected":false},"author":1,"featured_media":0,"parent":19,"menu_order":0,"comment_status":"closed","ping_status":"closed","template":"","meta":{"_bbp_topic_count":0,"_bbp_reply_count":0,"_bbp_total_topic_count":0,"_bbp_total_reply_count":0,"_bbp_voice_count":0,"_bbp_anonymous_reply_count":0,"_bbp_topic_count_hidden":0,"_bbp_reply_count_hidden":0,"_bbp_forum_subforum_count":0,"site-sidebar-layout":"default","site-content-layout":"","ast-site-content-layout":"default","site-content-style":"default","site-sidebar-style":"default","ast-global-header-display":"","ast-banner-title-visibility":"","ast-main-header-display":"","ast-hfb-above-header-display":"","ast-hfb-below-header-display":"","ast-hfb-mobile-header-display":"","site-post-title":"","ast-breadcrumbs-content":"","ast-featured-img":"","footer-sml-layout":"","theme-transparent-header-meta":"default","adv-header-id-meta":"","stick-header-meta":"","header-above-stick-meta":"","header-main-stick-meta":"","header-below-stick-meta":"","astra-migrate-meta-layouts":"set","ast-page-background-enabled":"default","ast-page-background-meta":{"desktop":{"background-color":"var(--ast-global-color-4)","background-image":"","background-repeat":"repeat","background-position":"center center","background-size":"auto","background-attachment":"scroll","background-type":"","background-media":"","overlay-type":"","overlay-color":"","overlay-opacity":"","overlay-gradient":""},"tablet":{"background-color":"","background-image":"","background-repeat":"repeat","background-position":"center center","background-size":"auto","background-attachment":"scroll","background-type":"","background-media":"","overlay-type":"","overlay-color":"","overlay-opacity":"","overlay-gradient":""},"mobile":{"background-color":"","background-image":"","background-repeat":"repeat","background-position":"center center","background-size":"auto","background-attachment":"scroll","background-type":"","background-media":"","overlay-type":"","overlay-color":"","overlay-opacity":"","overlay-gradient":""}},"ast-content-background-meta":{"desktop":{"background-color":"var(--ast-global-color-5)","background-image":"","background-repeat":"repeat","background-position":"center center","background-size":"auto","background-attachment":"scroll","background-type":"","background-media":"","overlay-type":"","overlay-color":"","overlay-opacity":"","overlay-gradient":""},"tablet":{"background-color":"var(--ast-global-color-5)","background-image":"","background-repeat":"repeat","background-position":"center center","background-size":"auto","background-attachment":"scroll","background-type":"","background-media":"","overlay-type":"","overlay-color":"","overlay-opacity":"","overlay-gradient":""},"mobile":{"background-color":"var(--ast-global-color-5)","background-image":"","background-repeat":"repeat","background-position":"center center","background-size":"auto","background-attachment":"scroll","background-type":"","background-media":"","overlay-type":"","overlay-color":"","overlay-opacity":"","overlay-gradient":""}},"footnotes":""},"class_list":["post-9","page","type-page","status-publish","hentry"],"post_mailing_queue_ids":[],"_links":{"self":[{"href":"https:\/\/agora.xtec.cat\/iesvilamajor\/wp-json\/wp\/v2\/pages\/9","targetHints":{"allow":["GET"]}}],"collection":[{"href":"https:\/\/agora.xtec.cat\/iesvilamajor\/wp-json\/wp\/v2\/pages"}],"about":[{"href":"https:\/\/agora.xtec.cat\/iesvilamajor\/wp-json\/wp\/v2\/types\/page"}],"author":[{"embeddable":true,"href":"https:\/\/agora.xtec.cat\/iesvilamajor\/wp-json\/wp\/v2\/users\/1"}],"replies":[{"embeddable":true,"href":"https:\/\/agora.xtec.cat\/iesvilamajor\/wp-json\/wp\/v2\/comments?post=9"}],"version-history":[{"count":7,"href":"https:\/\/agora.xtec.cat\/iesvilamajor\/wp-json\/wp\/v2\/pages\/9\/revisions"}],"predecessor-version":[{"id":3731,"href":"https:\/\/agora.xtec.cat\/iesvilamajor\/wp-json\/wp\/v2\/pages\/9\/revisions\/3731"}],"up":[{"embeddable":true,"href":"https:\/\/agora.xtec.cat\/iesvilamajor\/wp-json\/wp\/v2\/pages\/19"}],"wp:attachment":[{"href":"https:\/\/agora.xtec.cat\/iesvilamajor\/wp-json\/wp\/v2\/media?parent=9"}],"curies":[{"name":"wp","href":"https:\/\/api.w.org\/{rel}","templated":true}]}}