{"id":81,"date":"2014-09-18T10:38:05","date_gmt":"2014-09-18T10:38:05","guid":{"rendered":"http:\/\/agora.xtec.cat\/iesvilamajor\/?page_id=81"},"modified":"2026-03-12T22:15:01","modified_gmt":"2026-03-12T21:15:01","slug":"secretaria","status":"publish","type":"page","link":"https:\/\/agora.xtec.cat\/iesvilamajor\/secretaria\/","title":{"rendered":"SECRETARIA"},"content":{"rendered":"<h3 style=\"text-align: left;\"><strong><span style=\"color: #799000;\">Tr\u00e0mits administratius i acad\u00e8mics. Tr\u00e0mits presencials amb sol\u00b7licitud pr\u00e8via.<\/span><\/strong><\/h3>\n<p><a href=\"https:\/\/agora.xtec.cat\/iesvilamajor\/wp-content\/uploads\/usu2625\/2025\/07\/banner-projecte-24_25_V4.jpg\"><img loading=\"lazy\" decoding=\"async\" class=\"alignnone wp-image-3553\" src=\"https:\/\/agora.xtec.cat\/iesvilamajor\/wp-content\/uploads\/usu2625\/2025\/07\/banner-projecte-24_25_V4-1024x294.jpg\" alt=\"\" width=\"757\" height=\"217\" srcset=\"https:\/\/agora.xtec.cat\/iesvilamajor\/wp-content\/uploads\/usu2625\/2025\/07\/banner-projecte-24_25_V4-1024x294.jpg 1024w, https:\/\/agora.xtec.cat\/iesvilamajor\/wp-content\/uploads\/usu2625\/2025\/07\/banner-projecte-24_25_V4-300x86.jpg 300w, https:\/\/agora.xtec.cat\/iesvilamajor\/wp-content\/uploads\/usu2625\/2025\/07\/banner-projecte-24_25_V4-768x220.jpg 768w, https:\/\/agora.xtec.cat\/iesvilamajor\/wp-content\/uploads\/usu2625\/2025\/07\/banner-projecte-24_25_V4.jpg 1028w\" sizes=\"auto, (max-width: 757px) 100vw, 757px\" \/><\/a><\/p>\n<h4><strong>DADES DE CONTACTE<\/strong><\/h4>\n<p><span style=\"color: #799000;\"><strong>Correu electr\u00f2nic de l&#8217;equip directiu<\/strong>: iesvilamajor<span class=\"\">@xtec.cat<\/span><\/span><\/p>\n<p><span style=\"color: #799000;\"><span class=\"\"><strong>Correu electr\u00f2nic de secretaria: <\/strong>secretaria@insvilamajor.cat<\/span><\/span><\/p>\n<p><span class=\"\"><strong>\ud83d\udcdeTel\u00e8fon del centre<\/strong>: 938 610 194<\/span><\/p>\n<p><span style=\"color: #799000;\"><strong>Horari d&#8217;atenci\u00f3<\/strong>: de dilluns a divendres, de 8:00 a 14:30<\/span><\/p>\n<p><strong>\ud83d\udcc4Sol\u00b7licitud de cita pr\u00e8via<\/strong><\/p>\n<p><span style=\"color: #799000;\">Trucant al tel\u00e8fon del centre<\/span><\/p>\n<p>&nbsp;<\/p>\n<h1>TR\u00c0MITS:<\/h1>\n<h5><\/h5>\n<h5><span style=\"text-decoration: underline;\"><strong>PREINSCRIPCI\u00d3 curs 2026\/2027<\/strong><\/span><\/h5>\n<ul>\n<li><a href=\"https:\/\/preinscripcio.gencat.cat\/ca\/estudis\/eso\/informat\/calendari\/\" target=\"_blank\" rel=\"noopener\">(ESO) Calendari preinscripci\u00f3<\/a><\/li>\n<li><a href=\"https:\/\/drive.google.com\/file\/d\/1abG0fwRIGFSUh107r-9Y35ljrKYoz0EM\/view?usp=drive_link\">(ESO) Oferta inicia<\/a>l<\/li>\n<li><a href=\"https:\/\/preinscripcio.gencat.cat\/ca\/estudis\/eso\/preinscriute\/sollicitud\/\" target=\"_blank\" rel=\"noopener\">(ESO) Sol\u00b7licitud de preinscripci\u00f3<\/a><\/li>\n<li><a href=\"https:\/\/preinscripcio.gencat.cat\/ca\/estudis\/primaria\/preinscriute\/seguiment-sollicitud\/llista-sollicituds-puntuacio\/\" target=\"_blank\" rel=\"noopener\">(ESO) Consulta la llista de sol\u00b7licituds amb la puntuaci\u00f3<\/a><\/li>\n<li><a href=\"https:\/\/preinscripcio.gencat.cat\/ca\/estudis\/batxillerat\/informat\/calendari\/\" target=\"_blank\" rel=\"noopener\">(Batxillerat) Calendari<\/a><\/li>\n<li><a href=\"https:\/\/tramits.gencat.cat\/ca\/tramits\/tramits-temes\/preinscripcio-batxillerat?moda=1\" target=\"_blank\" rel=\"noopener\">(Batxillerat) Sol\u00b7licitud de preinscripci\u00f3<\/a><\/li>\n<li><a href=\"https:\/\/preinscripcio.gencat.cat\/ca\/estudis\/batxillerat\/preinscriute\/seguiment-sollicitud\/llista-sollicituds-puntuacio\/\" target=\"_blank\" rel=\"noopener\">(Batxillerat) Consulta la llista de sol\u00b7licituds amb la puntuaci\u00f3<\/a><\/li>\n<\/ul>\n<h5><\/h5>\n<h5><strong><span style=\"text-decoration: underline;\">MATR\u00cdCULA VIVA<\/span><\/strong><\/h5>\n<ul>\n<li><a href=\"https:\/\/educacio.gencat.cat\/ca\/tramits\/tramits-temes\/admissio-centre-fora-proces-preinscripcio\" target=\"_blank\" rel=\"noopener\">Sol\u00b7licitud d&#8217;admissi\u00f3 a un centre educatiu fora del proc\u00e9s de preinscripci\u00f3<\/a><\/li>\n<\/ul>\n<h5><\/h5>\n<h5><span style=\"text-decoration: underline;\"><strong>TR\u00c0MITS ADMINISTRATIUS<\/strong><\/span><\/h5>\n<ul>\n<li><em><a href=\"https:\/\/drive.google.com\/file\/d\/1VQVMiZ8fz-ikPfRB4TKkeLCUPWMuiBwm\/view?usp=drive_link\" target=\"_blank\" rel=\"noopener\">Full de sol\u00b7licitud\/inst\u00e0ncia<\/a><\/em><\/li>\n<li><em><a href=\"https:\/\/drive.google.com\/file\/d\/1sVaOERaiAKV3xyqnCK5cNYqNYLLV767k\/view?usp=drive_link\" target=\"_blank\" rel=\"noopener\">Sol\u00b7licitud de baixa del centre educatiu<\/a><\/em><\/li>\n<li><a href=\"https:\/\/drive.google.com\/file\/d\/1j8pM27GwYQ1nsHuUUUbR5JWOz9n0NOW9\/view?usp=sharing\" target=\"_blank\" rel=\"noopener\">Sol\u00b7licitud de lliurament d&#8217;un t\u00edtol sense el resguard<\/a><\/li>\n<li><a href=\"https:\/\/educacio.gencat.cat\/ca\/tramits\/tramits-temes\/titols-academics-no-universitaris\" target=\"_blank\" rel=\"noopener\">Sol\u00b7licitud del t\u00edtol de batxillerat<\/a><\/li>\n<li><a href=\"https:\/\/educacio.gencat.cat\/ca\/tramits\/tramits-temes\/titols-academics-no-universitaris\">Sol\u00b7licitud d&#8217;un duplicat o actualitzaci\u00f3 d&#8217;un t\u00edtol<\/a><\/li>\n<li><a href=\"https:\/\/drive.google.com\/file\/d\/1RafJijpZXhGFYsJ07hvrLt2Zc_FMo7m_\/view?usp=sharing\" target=\"_blank\" rel=\"noopener\">Autoritzaci\u00f3 a terceres persones<\/a><\/li>\n<li><a href=\"https:\/\/tramits.gencat.cat\/ca\/tramits\/tramits-temes\/reconeixement-b2-c1-catala\" target=\"_blank\" rel=\"noopener\">Certificaci\u00f3 nivell de catal\u00e0 B2 i C1<\/a><\/li>\n<\/ul>\n<h5><\/h5>\n<h5><span style=\"text-decoration: underline;\"><strong>BEQUES i AJUTS<br \/>\n<\/strong><\/span><\/h5>\n<ul>\n<li><a href=\"https:\/\/educacio.gencat.cat\/ca\/serveis-tramits\/beques\/beques-postobligatoris\/\" target=\"_blank\" rel=\"noopener\">Beques per a ensenyaments post obligatoris no universitaris<\/a><\/li>\n<li><a href=\"https:\/\/educacio.gencat.cat\/ca\/serveis-tramits\/beques\/ajuts-nese\/\" target=\"_blank\" rel=\"noopener\">Ajuts per a alumnes amb necessitat espec\u00edfica de suport educatiu<\/a><\/li>\n<\/ul>\n<p><!--a=1--><\/p>\n","protected":false},"excerpt":{"rendered":"<p>Tr\u00e0mits administratius i acad\u00e8mics. Tr\u00e0mits presencials amb sol\u00b7licitud pr\u00e8via. DADES DE CONTACTE Correu electr\u00f2nic de l&#8217;equip directiu: iesvilamajor@xtec.cat Correu electr\u00f2nic de secretaria: secretaria@insvilamajor.cat \ud83d\udcdeTel\u00e8fon del centre: 938 610 194 Horari d&#8217;atenci\u00f3: de dilluns a divendres, de 8:00 a 14:30 \ud83d\udcc4Sol\u00b7licitud de cita pr\u00e8via Trucant al tel\u00e8fon del centre &nbsp; TR\u00c0MITS: PREINSCRIPCI\u00d3 curs 2026\/2027 (ESO) Calendari [&hellip;]<\/p>\n","protected":false},"author":1,"featured_media":0,"parent":0,"menu_order":0,"comment_status":"closed","ping_status":"closed","template":"","meta":{"_bbp_topic_count":0,"_bbp_reply_count":0,"_bbp_total_topic_count":0,"_bbp_total_reply_count":0,"_bbp_voice_count":0,"_bbp_anonymous_reply_count":0,"_bbp_topic_count_hidden":0,"_bbp_reply_count_hidden":0,"_bbp_forum_subforum_count":0,"site-sidebar-layout":"default","site-content-layout":"","ast-site-content-layout":"default","site-content-style":"default","site-sidebar-style":"default","ast-global-header-display":"","ast-banner-title-visibility":"","ast-main-header-display":"","ast-hfb-above-header-display":"","ast-hfb-below-header-display":"","ast-hfb-mobile-header-display":"","site-post-title":"","ast-breadcrumbs-content":"","ast-featured-img":"","footer-sml-layout":"","theme-transparent-header-meta":"default","adv-header-id-meta":"","stick-header-meta":"","header-above-stick-meta":"","header-main-stick-meta":"","header-below-stick-meta":"","astra-migrate-meta-layouts":"set","ast-page-background-enabled":"default","ast-page-background-meta":{"desktop":{"background-color":"var(--ast-global-color-4)","background-image":"","background-repeat":"repeat","background-position":"center center","background-size":"auto","background-attachment":"scroll","background-type":"","background-media":"","overlay-type":"","overlay-color":"","overlay-opacity":"","overlay-gradient":""},"tablet":{"background-color":"","background-image":"","background-repeat":"repeat","background-position":"center center","background-size":"auto","background-attachment":"scroll","background-type":"","background-media":"","overlay-type":"","overlay-color":"","overlay-opacity":"","overlay-gradient":""},"mobile":{"background-color":"","background-image":"","background-repeat":"repeat","background-position":"center center","background-size":"auto","background-attachment":"scroll","background-type":"","background-media":"","overlay-type":"","overlay-color":"","overlay-opacity":"","overlay-gradient":""}},"ast-content-background-meta":{"desktop":{"background-color":"var(--ast-global-color-5)","background-image":"","background-repeat":"repeat","background-position":"center center","background-size":"auto","background-attachment":"scroll","background-type":"","background-media":"","overlay-type":"","overlay-color":"","overlay-opacity":"","overlay-gradient":""},"tablet":{"background-color":"var(--ast-global-color-5)","background-image":"","background-repeat":"repeat","background-position":"center center","background-size":"auto","background-attachment":"scroll","background-type":"","background-media":"","overlay-type":"","overlay-color":"","overlay-opacity":"","overlay-gradient":""},"mobile":{"background-color":"var(--ast-global-color-5)","background-image":"","background-repeat":"repeat","background-position":"center center","background-size":"auto","background-attachment":"scroll","background-type":"","background-media":"","overlay-type":"","overlay-color":"","overlay-opacity":"","overlay-gradient":""}},"footnotes":""},"class_list":["post-81","page","type-page","status-publish","hentry"],"post_mailing_queue_ids":[],"_links":{"self":[{"href":"https:\/\/agora.xtec.cat\/iesvilamajor\/wp-json\/wp\/v2\/pages\/81","targetHints":{"allow":["GET"]}}],"collection":[{"href":"https:\/\/agora.xtec.cat\/iesvilamajor\/wp-json\/wp\/v2\/pages"}],"about":[{"href":"https:\/\/agora.xtec.cat\/iesvilamajor\/wp-json\/wp\/v2\/types\/page"}],"author":[{"embeddable":true,"href":"https:\/\/agora.xtec.cat\/iesvilamajor\/wp-json\/wp\/v2\/users\/1"}],"replies":[{"embeddable":true,"href":"https:\/\/agora.xtec.cat\/iesvilamajor\/wp-json\/wp\/v2\/comments?post=81"}],"version-history":[{"count":7,"href":"https:\/\/agora.xtec.cat\/iesvilamajor\/wp-json\/wp\/v2\/pages\/81\/revisions"}],"predecessor-version":[{"id":3753,"href":"https:\/\/agora.xtec.cat\/iesvilamajor\/wp-json\/wp\/v2\/pages\/81\/revisions\/3753"}],"wp:attachment":[{"href":"https:\/\/agora.xtec.cat\/iesvilamajor\/wp-json\/wp\/v2\/media?parent=81"}],"curies":[{"name":"wp","href":"https:\/\/api.w.org\/{rel}","templated":true}]}}