{"id":13743,"date":"2026-09-04T15:44:50","date_gmt":"2026-09-04T13:44:50","guid":{"rendered":"https:\/\/agora.xtec.cat\/iesvila-seca\/?page_id=13743"},"modified":"2026-09-04T16:09:17","modified_gmt":"2026-09-04T14:09:17","slug":"pla-dinternacionalitzacio-i-interculturalitat-2","status":"publish","type":"page","link":"https:\/\/agora.xtec.cat\/iesvila-seca\/projecte-educatiu\/pla-dinternacionalitzacio-i-interculturalitat-2\/","title":{"rendered":"Pla d&#8217;Internacionalitzaci\u00f3 i Interculturalitat"},"content":{"rendered":"<h3>Construint ciutadania europea des del nostre institut<\/h3>\n<p>Aprendre m\u00e9s enll\u00e0 de les nostres fronteres enriqueix la comunitat educativa i prepara el nostre alumnat per als reptes d&#8217;un m\u00f3n globalitzat. La nostra estrat\u00e8gia d&#8217;internacionalitzaci\u00f3 s&#8217;articula a trav\u00e9s de tres eixos fonamentals: <b>Erasmus+<\/b>, <b>eTwinning School<\/b> i <b>Escola Ambaixadora del Parlament Europeu (EPAS)<\/b>. Amb la voluntat de ser una instituci\u00f3 transparent i compromesa amb la millora cont\u00ednua, compartim la gesti\u00f3 i planificaci\u00f3 d&#8217;aquesta estrat\u00e8gia a trav\u00e9s de dos documents fonamentals:<\/p>\n<table style=\"border-collapse: collapse; width: 99.647887%; height: 489px;\">\n<tbody>\n<tr style=\"height: 420px;\">\n<td style=\"width: 50%; height: 420px;\"><a href=\"https:\/\/agora.xtec.cat\/iesvila-seca\/wp-content\/uploads\/usu475\/2026\/09\/PIDI.pdf\"><img loading=\"lazy\" decoding=\"async\" class=\"aligncenter wp-image-13744 size-medium\" title=\"Clica per consultar\" src=\"https:\/\/agora.xtec.cat\/iesvila-seca\/wp-content\/uploads\/usu475\/2026\/09\/Captura-de-pantalla-2026-09-04-a-les-15.35.24-213x300.png\" alt=\"\" width=\"213\" height=\"300\" srcset=\"https:\/\/agora.xtec.cat\/iesvila-seca\/wp-content\/uploads\/usu475\/2026\/09\/Captura-de-pantalla-2026-09-04-a-les-15.35.24-213x300.png 213w, https:\/\/agora.xtec.cat\/iesvila-seca\/wp-content\/uploads\/usu475\/2026\/09\/Captura-de-pantalla-2026-09-04-a-les-15.35.24.png 700w\" sizes=\"auto, (max-width: 213px) 100vw, 213px\" \/><\/a><\/td>\n<td style=\"width: 50%; height: 420px;\"><a href=\"https:\/\/agora.xtec.cat\/iesvila-seca\/wp-content\/uploads\/usu475\/2026\/09\/PADI.pdf\"><img loading=\"lazy\" decoding=\"async\" class=\"aligncenter wp-image-13745 size-medium\" title=\"Clica per consultar\" src=\"https:\/\/agora.xtec.cat\/iesvila-seca\/wp-content\/uploads\/usu475\/2026\/09\/Captura-de-pantalla-2026-09-04-a-les-15.37.24-214x300.png\" alt=\"\" width=\"214\" height=\"300\" srcset=\"https:\/\/agora.xtec.cat\/iesvila-seca\/wp-content\/uploads\/usu475\/2026\/09\/Captura-de-pantalla-2026-09-04-a-les-15.37.24-214x300.png 214w, https:\/\/agora.xtec.cat\/iesvila-seca\/wp-content\/uploads\/usu475\/2026\/09\/Captura-de-pantalla-2026-09-04-a-les-15.37.24.png 702w\" sizes=\"auto, (max-width: 214px) 100vw, 214px\" \/><\/a><\/td>\n<\/tr>\n<tr style=\"height: 69px;\">\n<td style=\"width: 50%; height: 69px;\"><b><a href=\"https:\/\/agora.xtec.cat\/iesvila-seca\/wp-content\/uploads\/usu475\/2026\/09\/PIDI.pdf\">Pla Inicial d&#8217;Internacionalitzaci\u00f3<\/a>:<\/b> Representa la voluntat i el full de ruta original del centre per obrir-se a la dimensi\u00f3 internacional, fixant les primeres prioritats pedag\u00f2giques.<\/td>\n<td style=\"width: 50%; height: 69px;\"><b><a href=\"https:\/\/agora.xtec.cat\/iesvila-seca\/wp-content\/uploads\/usu475\/2026\/09\/PADI.pdf\">Pla Actualitzat d&#8217;Internacionalitzaci\u00f3 (2026)<\/a>:<\/b> Reflecteix el creixement de la nostra xarxa de socis, la maduresa dels projectes assolits, l&#8217;impacte real en les aules i els nous reptes fixats per al futur immediat.<\/td>\n<\/tr>\n<\/tbody>\n<\/table>\n","protected":false},"excerpt":{"rendered":"<p>Construint ciutadania europea des del nostre institut Aprendre m\u00e9s enll\u00e0 de les nostres fronteres enriqueix la comunitat educativa i prepara el nostre alumnat per als reptes d&#8217;un m\u00f3n globalitzat. La nostra estrat\u00e8gia d&#8217;internacionalitzaci\u00f3 s&#8217;articula a trav\u00e9s de tres eixos fonamentals: Erasmus+, eTwinning School i Escola Ambaixadora del Parlament Europeu (EPAS). Amb la voluntat de ser [&hellip;]<\/p>\n","protected":false},"author":1,"featured_media":0,"parent":57,"menu_order":45,"comment_status":"closed","ping_status":"close","template":"","meta":{"_bbp_topic_count":0,"_bbp_reply_count":0,"_bbp_total_topic_count":0,"_bbp_total_reply_count":0,"_bbp_voice_count":0,"_bbp_anonymous_reply_count":0,"_bbp_topic_count_hidden":0,"_bbp_reply_count_hidden":0,"_bbp_forum_subforum_count":0,"site-sidebar-layout":"default","site-content-layout":"","ast-site-content-layout":"default","site-content-style":"default","site-sidebar-style":"default","ast-global-header-display":"","ast-banner-title-visibility":"","ast-main-header-display":"","ast-hfb-above-header-display":"","ast-hfb-below-header-display":"","ast-hfb-mobile-header-display":"","site-post-title":"","ast-breadcrumbs-content":"","ast-featured-img":"","footer-sml-layout":"","theme-transparent-header-meta":"","adv-header-id-meta":"","stick-header-meta":"","header-above-stick-meta":"","header-main-stick-meta":"","header-below-stick-meta":"","astra-migrate-meta-layouts":"set","ast-page-background-enabled":"default","ast-page-background-meta":{"desktop":{"background-color":"var(--ast-global-color-4)","background-image":"","background-repeat":"repeat","background-position":"center center","background-size":"auto","background-attachment":"scroll","background-type":"","background-media":"","overlay-type":"","overlay-color":"","overlay-opacity":"","overlay-gradient":""},"tablet":{"background-color":"","background-image":"","background-repeat":"repeat","background-position":"center center","background-size":"auto","background-attachment":"scroll","background-type":"","background-media":"","overlay-type":"","overlay-color":"","overlay-opacity":"","overlay-gradient":""},"mobile":{"background-color":"","background-image":"","background-repeat":"repeat","background-position":"center center","background-size":"auto","background-attachment":"scroll","background-type":"","background-media":"","overlay-type":"","overlay-color":"","overlay-opacity":"","overlay-gradient":""}},"ast-content-background-meta":{"desktop":{"background-color":"var(--ast-global-color-5)","background-image":"","background-repeat":"repeat","background-position":"center center","background-size":"auto","background-attachment":"scroll","background-type":"","background-media":"","overlay-type":"","overlay-color":"","overlay-opacity":"","overlay-gradient":""},"tablet":{"background-color":"var(--ast-global-color-5)","background-image":"","background-repeat":"repeat","background-position":"center center","background-size":"auto","background-attachment":"scroll","background-type":"","background-media":"","overlay-type":"","overlay-color":"","overlay-opacity":"","overlay-gradient":""},"mobile":{"background-color":"var(--ast-global-color-5)","background-image":"","background-repeat":"repeat","background-position":"center center","background-size":"auto","background-attachment":"scroll","background-type":"","background-media":"","overlay-type":"","overlay-color":"","overlay-opacity":"","overlay-gradient":""}},"footnotes":""},"class_list":["post-13743","page","type-page","status-publish","hentry"],"post_mailing_queue_ids":[],"_links":{"self":[{"href":"https:\/\/agora.xtec.cat\/iesvila-seca\/wp-json\/wp\/v2\/pages\/13743","targetHints":{"allow":["GET"]}}],"collection":[{"href":"https:\/\/agora.xtec.cat\/iesvila-seca\/wp-json\/wp\/v2\/pages"}],"about":[{"href":"https:\/\/agora.xtec.cat\/iesvila-seca\/wp-json\/wp\/v2\/types\/page"}],"author":[{"embeddable":true,"href":"https:\/\/agora.xtec.cat\/iesvila-seca\/wp-json\/wp\/v2\/users\/1"}],"replies":[{"embeddable":true,"href":"https:\/\/agora.xtec.cat\/iesvila-seca\/wp-json\/wp\/v2\/comments?post=13743"}],"version-history":[{"count":4,"href":"https:\/\/agora.xtec.cat\/iesvila-seca\/wp-json\/wp\/v2\/pages\/13743\/revisions"}],"predecessor-version":[{"id":13752,"href":"https:\/\/agora.xtec.cat\/iesvila-seca\/wp-json\/wp\/v2\/pages\/13743\/revisions\/13752"}],"up":[{"embeddable":true,"href":"https:\/\/agora.xtec.cat\/iesvila-seca\/wp-json\/wp\/v2\/pages\/57"}],"wp:attachment":[{"href":"https:\/\/agora.xtec.cat\/iesvila-seca\/wp-json\/wp\/v2\/media?parent=13743"}],"curies":[{"name":"wp","href":"https:\/\/api.w.org\/{rel}","templated":true}]}}