{"id":996,"date":"2020-03-26T17:27:02","date_gmt":"2020-03-26T16:27:02","guid":{"rendered":"http:\/\/agora.xtec.cat\/iesventuragassol\/?page_id=996"},"modified":"2026-04-20T13:21:35","modified_gmt":"2026-04-20T11:21:35","slug":"llengua-catalana-i-literatura","status":"publish","type":"page","link":"https:\/\/agora.xtec.cat\/iesventuragassol\/ambits-didactics\/llengua-catalana-i-literatura\/","title":{"rendered":"Llengua catalana i literatura"},"content":{"rendered":"<p><a href=\"https:\/\/agora.xtec.cat\/iesventuragassol\/wp-content\/uploads\/usu1243\/2020\/03\/\u00c7.jpg\"><img loading=\"lazy\" decoding=\"async\" class=\"alignright size-thumbnail wp-image-1241\" src=\"https:\/\/agora.xtec.cat\/iesventuragassol\/wp-content\/uploads\/usu1243\/2020\/03\/\u00c7-150x150.jpg\" alt=\"\" width=\"150\" height=\"150\" srcset=\"https:\/\/agora.xtec.cat\/iesventuragassol\/wp-content\/uploads\/usu1243\/2020\/03\/\u00c7-150x150.jpg 150w, https:\/\/agora.xtec.cat\/iesventuragassol\/wp-content\/uploads\/usu1243\/2020\/03\/\u00c7-298x300.jpg 298w, https:\/\/agora.xtec.cat\/iesventuragassol\/wp-content\/uploads\/usu1243\/2020\/03\/\u00c7.jpg 324w\" sizes=\"auto, (max-width: 150px) 100vw, 150px\" \/><\/a>La<strong> compet\u00e8ncia comunicativa i ling\u00fc\u00edstica<\/strong>, en <strong><span style=\"color: #008000;\">llengua catalana i literatura<\/span><\/strong>, \u00e9s l<strong>\u2019habilitat per expressar i interpretar conceptes, pensaments, sentiments, fets i opinions de forma oral i escrita<\/strong> (escoltar, parlar, llegir i escriure), i per interactuar ling\u00fc\u00edsticament d\u2019una manera adequada i creativa en tots els possibles contextos socials i culturals, com l\u2019educaci\u00f3 i la formaci\u00f3, la vida privada i professional, i l\u2019oci.<\/p>\n<ul>\n<li>\n<h2><strong><span style=\"color: #008000;\">L&#8217;\u00c0MBIT<\/span><\/strong><\/h2>\n<\/li>\n<\/ul>\n<table style=\"height: 170px;\">\n<tbody>\n<tr style=\"height: 131px;\">\n<td style=\"width: 410px; height: 69px; background-color: #0eab16;\">\n<h3><span style=\"color: #ffffff;\"><strong>PROFESSORAT<\/strong><\/span><\/h3>\n<\/td>\n<td style=\"width: 120px; height: 69px;\"><a href=\"https:\/\/agora.xtec.cat\/iesventuragassol\/categoria\/dic\/cat\/\"><img loading=\"lazy\" decoding=\"async\" class=\"alignnone wp-image-982\" src=\"https:\/\/agora.xtec.cat\/iesventuragassol\/wp-content\/uploads\/usu1243\/2020\/03\/graduacion-300x300.png\" alt=\"\" width=\"150\" height=\"150\" srcset=\"https:\/\/agora.xtec.cat\/iesventuragassol\/wp-content\/uploads\/usu1243\/2020\/03\/graduacion-300x300.png 300w, https:\/\/agora.xtec.cat\/iesventuragassol\/wp-content\/uploads\/usu1243\/2020\/03\/graduacion-150x150.png 150w, https:\/\/agora.xtec.cat\/iesventuragassol\/wp-content\/uploads\/usu1243\/2020\/03\/graduacion.png 512w\" sizes=\"auto, (max-width: 150px) 100vw, 150px\" \/><\/a><\/td>\n<\/tr>\n<tr style=\"height: 101px;\">\n<td style=\"width: 410px; height: 101px; background-color: #0eab16;\">\n<h3><strong><span style=\"color: #ffffff;\">BLOG DE NOT\u00cdCIES I PROJECTES<\/span><\/strong><\/h3>\n<\/td>\n<td style=\"width: 120px; height: 101px;\"><a href=\"https:\/\/agora.xtec.cat\/iesventuragassol\/categoria\/dic\/cat\/\"><img loading=\"lazy\" decoding=\"async\" class=\"aligncenter wp-image-974 size-full\" src=\"https:\/\/agora.xtec.cat\/iesventuragassol\/wp-content\/uploads\/usu1243\/2020\/03\/depcatala.png\" alt=\"\" width=\"150\" height=\"150\" \/><\/a><\/td>\n<\/tr>\n<\/tbody>\n<\/table>\n<ul>\n<li>\n<h2><strong><span style=\"color: #008000;\">ENSENYAMENTS A L&#8217;ESO<\/span><\/strong><\/h2>\n<\/li>\n<\/ul>\n<table>\n<tbody>\n<tr>\n<td style=\"width: 410px; background-color: #0eab16;\">\n<h3><span style=\"color: #ffffff;\"><strong>ORDENAMENT CURRICULAR<\/strong><\/span><\/h3>\n<ul>\n<li>\n<h4><strong><span style=\"color: #ffffff;\">1r, 2n, 3r i 4t d&#8217;ESO<\/span><\/strong><\/h4>\n<\/li>\n<\/ul>\n<\/td>\n<td style=\"width: 120px;\"><a href=\"http:\/\/xtec.gencat.cat\/web\/.content\/curriculum\/eso\/curriculum2015\/documents\/ANNEX-3-Ambit-lingueistic.pdf\" target=\"_blank\" rel=\"noopener noreferrer\"><img loading=\"lazy\" decoding=\"async\" class=\"aligncenter wp-image-984\" src=\"https:\/\/agora.xtec.cat\/iesventuragassol\/wp-content\/uploads\/usu1243\/2020\/03\/prueba-150x150.png\" alt=\"\" width=\"95\" height=\"95\" srcset=\"https:\/\/agora.xtec.cat\/iesventuragassol\/wp-content\/uploads\/usu1243\/2020\/03\/prueba-150x150.png 150w, https:\/\/agora.xtec.cat\/iesventuragassol\/wp-content\/uploads\/usu1243\/2020\/03\/prueba-300x300.png 300w, https:\/\/agora.xtec.cat\/iesventuragassol\/wp-content\/uploads\/usu1243\/2020\/03\/prueba.png 512w\" sizes=\"auto, (max-width: 95px) 100vw, 95px\" \/><\/a><\/td>\n<\/tr>\n<tr>\n<td style=\"width: 410px; background-color: #0eeb19;\">\n<h3><span style=\"color: #ffffff;\"><strong>CRITERIS D&#8217;AVALUACI\u00d3<\/strong><\/span><\/h3>\n<ul>\n<li>\n<h4><strong><span style=\"color: #ffffff;\">1r, 2n, 3r i 4t d&#8217;ESO<\/span><\/strong><\/h4>\n<\/li>\n<\/ul>\n<\/td>\n<td style=\"width: 120px;\"><img loading=\"lazy\" decoding=\"async\" class=\"aligncenter wp-image-988\" src=\"https:\/\/agora.xtec.cat\/iesventuragassol\/wp-content\/uploads\/usu1243\/2020\/03\/examen-150x150.png\" alt=\"\" width=\"95\" height=\"95\" srcset=\"https:\/\/agora.xtec.cat\/iesventuragassol\/wp-content\/uploads\/usu1243\/2020\/03\/examen-150x150.png 150w, https:\/\/agora.xtec.cat\/iesventuragassol\/wp-content\/uploads\/usu1243\/2020\/03\/examen-300x300.png 300w, https:\/\/agora.xtec.cat\/iesventuragassol\/wp-content\/uploads\/usu1243\/2020\/03\/examen.png 512w\" sizes=\"auto, (max-width: 95px) 100vw, 95px\" \/><\/td>\n<\/tr>\n<tr>\n<td style=\"width: 410px; background-color: #5bde40;\">\n<h3><span style=\"color: #ffffff;\"><strong>Llibres de text on line<\/strong><\/span><\/h3>\n<ul>\n<li>\n<h4><strong><span style=\"color: #ffffff;\">1r, 2n, 3r i 4t d&#8217;ESO<\/span><\/strong><\/h4>\n<\/li>\n<\/ul>\n<\/td>\n<td style=\"width: 120px;\"><a href=\"http:\/\/edubook.vicensvives.com\/es\/inicio\" target=\"_blank\" rel=\"noopener noreferrer\"><img loading=\"lazy\" decoding=\"async\" class=\" wp-image-976 aligncenter\" src=\"https:\/\/agora.xtec.cat\/iesventuragassol\/wp-content\/uploads\/usu1243\/2020\/03\/depinformatica.png\" alt=\"\" width=\"100\" height=\"100\" \/><\/a><\/td>\n<\/tr>\n<tr>\n<td style=\"width: 410px; background-color: #5bde40;\">\n<h3><span style=\"color: #ffffff;\"><strong>Llibres de lectura<\/strong><\/span><\/h3>\n<ul>\n<li>\n<h4><strong><span style=\"color: #ffffff;\">1r, 2n, 3r i 4t d&#8217;ESO<\/span><\/strong><\/h4>\n<\/li>\n<\/ul>\n<\/td>\n<td style=\"width: 120px;\"><a href=\"https:\/\/agora.xtec.cat\/iesventuragassol\/wp-content\/uploads\/usu1243\/2020\/03\/biblioteca.png\"><img loading=\"lazy\" decoding=\"async\" class=\"aligncenter wp-image-986\" src=\"https:\/\/agora.xtec.cat\/iesventuragassol\/wp-content\/uploads\/usu1243\/2020\/03\/biblioteca-150x150.png\" alt=\"\" width=\"95\" height=\"95\" srcset=\"https:\/\/agora.xtec.cat\/iesventuragassol\/wp-content\/uploads\/usu1243\/2020\/03\/biblioteca-150x150.png 150w, https:\/\/agora.xtec.cat\/iesventuragassol\/wp-content\/uploads\/usu1243\/2020\/03\/biblioteca-300x300.png 300w, https:\/\/agora.xtec.cat\/iesventuragassol\/wp-content\/uploads\/usu1243\/2020\/03\/biblioteca.png 512w\" sizes=\"auto, (max-width: 95px) 100vw, 95px\" \/><\/a><\/td>\n<\/tr>\n<\/tbody>\n<\/table>\n<ul>\n<li>\n<h2><strong><span style=\"color: #008000;\">ENSENYAMENTS AL BATXILLERAT<\/span><\/strong><\/h2>\n<\/li>\n<\/ul>\n<table>\n<tbody>\n<tr>\n<td style=\"width: 410px; background-color: #0eab16;\">\n<h3><span style=\"color: #ffffff;\"><strong>ORDENAMENT CURRICULAR<\/strong><\/span><\/h3>\n<ul>\n<li>\n<h4><span style=\"color: #ffffff;\"><strong>Llengua catalana i literatura I i II<\/strong><\/span><\/h4>\n<\/li>\n<li>\n<h4><span style=\"color: #ffffff;\"><strong>Literatura catalana [1r Batx.]<\/strong><\/span><\/h4>\n<\/li>\n<\/ul>\n<\/td>\n<td style=\"width: 120px;\"><a href=\"http:\/\/xtec.gencat.cat\/web\/.content\/alfresco\/d\/d\/workspace\/SpacesStore\/0087\/d3611c5a-423a-4147-80ad-7c2ec1c8edea\/ambit_llengues.pdf\" target=\"_blank\" rel=\"noopener noreferrer\"><img loading=\"lazy\" decoding=\"async\" class=\"aligncenter wp-image-984\" src=\"https:\/\/agora.xtec.cat\/iesventuragassol\/wp-content\/uploads\/usu1243\/2020\/03\/prueba-150x150.png\" alt=\"\" width=\"95\" height=\"95\" srcset=\"https:\/\/agora.xtec.cat\/iesventuragassol\/wp-content\/uploads\/usu1243\/2020\/03\/prueba-150x150.png 150w, https:\/\/agora.xtec.cat\/iesventuragassol\/wp-content\/uploads\/usu1243\/2020\/03\/prueba-300x300.png 300w, https:\/\/agora.xtec.cat\/iesventuragassol\/wp-content\/uploads\/usu1243\/2020\/03\/prueba.png 512w\" sizes=\"auto, (max-width: 95px) 100vw, 95px\" \/><\/a><\/td>\n<\/tr>\n<tr>\n<td style=\"width: 410px; background-color: #0eeb19;\">\n<h3><span style=\"color: #ffffff;\"><strong>CRITERIS D&#8217;AVALUACI\u00d3<\/strong><\/span><\/h3>\n<ul>\n<li>\n<h4><span style=\"color: #ffffff;\"><strong>Llengua catalana i literatura I i II<br \/>\n<\/strong><\/span><\/h4>\n<\/li>\n<\/ul>\n<\/td>\n<td style=\"width: 120px;\"><a href=\"https:\/\/agora.xtec.cat\/iesventuragassol\/wp-content\/uploads\/usu1243\/2020\/03\/examen.png\"><img loading=\"lazy\" decoding=\"async\" class=\"aligncenter wp-image-988\" src=\"https:\/\/agora.xtec.cat\/iesventuragassol\/wp-content\/uploads\/usu1243\/2020\/03\/examen-150x150.png\" alt=\"\" width=\"95\" height=\"95\" srcset=\"https:\/\/agora.xtec.cat\/iesventuragassol\/wp-content\/uploads\/usu1243\/2020\/03\/examen-150x150.png 150w, https:\/\/agora.xtec.cat\/iesventuragassol\/wp-content\/uploads\/usu1243\/2020\/03\/examen-300x300.png 300w, https:\/\/agora.xtec.cat\/iesventuragassol\/wp-content\/uploads\/usu1243\/2020\/03\/examen.png 512w\" sizes=\"auto, (max-width: 95px) 100vw, 95px\" \/><\/a><\/td>\n<\/tr>\n<tr>\n<td style=\"width: 410px; background-color: #0eeb19;\">\n<h3><span style=\"color: #ffffff;\"><strong>CRITERIS D&#8217;AVALUACI\u00d3<\/strong><\/span><\/h3>\n<ul>\n<li>\n<h4><span style=\"color: #ffffff;\"><strong>Literatura catalana [1r Batx.]<br \/>\n<\/strong><\/span><\/h4>\n<\/li>\n<\/ul>\n<\/td>\n<td style=\"width: 120px;\"><a href=\"https:\/\/agora.xtec.cat\/iesventuragassol\/wp-content\/uploads\/usu1243\/2020\/03\/examen.png\"><img loading=\"lazy\" decoding=\"async\" class=\"aligncenter wp-image-988\" src=\"https:\/\/agora.xtec.cat\/iesventuragassol\/wp-content\/uploads\/usu1243\/2020\/03\/examen-150x150.png\" alt=\"\" width=\"95\" height=\"95\" srcset=\"https:\/\/agora.xtec.cat\/iesventuragassol\/wp-content\/uploads\/usu1243\/2020\/03\/examen-150x150.png 150w, https:\/\/agora.xtec.cat\/iesventuragassol\/wp-content\/uploads\/usu1243\/2020\/03\/examen-300x300.png 300w, https:\/\/agora.xtec.cat\/iesventuragassol\/wp-content\/uploads\/usu1243\/2020\/03\/examen.png 512w\" sizes=\"auto, (max-width: 95px) 100vw, 95px\" \/><\/a><\/td>\n<\/tr>\n<tr>\n<td style=\"width: 410px; background-color: #5bde40;\">\n<h3><span style=\"color: #ffffff;\"><strong>Llibres de text Batxillerat<\/strong><\/span><\/h3>\n<ul>\n<li>\n<h4><span style=\"color: #ffffff;\"><strong>Llengua catalana i literatura I i II<\/strong><\/span><\/h4>\n<\/li>\n<\/ul>\n<\/td>\n<td style=\"width: 120px;\"><a href=\"https:\/\/drive.google.com\/file\/d\/1d09-IIm6JAa8DiRX8abBAjeJORNuSHR6\/view?usp=sharing\" target=\"_blank\" rel=\"noopener noreferrer\"><img loading=\"lazy\" decoding=\"async\" class=\"alignright size-thumbnail wp-image-985\" src=\"https:\/\/agora.xtec.cat\/iesventuragassol\/wp-content\/uploads\/usu1243\/2020\/03\/libros-150x150.png\" alt=\"\" width=\"150\" height=\"150\" srcset=\"https:\/\/agora.xtec.cat\/iesventuragassol\/wp-content\/uploads\/usu1243\/2020\/03\/libros-150x150.png 150w, https:\/\/agora.xtec.cat\/iesventuragassol\/wp-content\/uploads\/usu1243\/2020\/03\/libros-300x300.png 300w, https:\/\/agora.xtec.cat\/iesventuragassol\/wp-content\/uploads\/usu1243\/2020\/03\/libros.png 512w\" sizes=\"auto, (max-width: 150px) 100vw, 150px\" \/><\/a><\/td>\n<\/tr>\n<tr>\n<td style=\"width: 410px; background-color: #5bde40;\">\n<h3><strong><span style=\"color: #ffffff;\"><span style=\"color: #ffffff;\">Llibres de lectura<\/span><\/span><\/strong><\/h3>\n<ul>\n<li>\n<h4><strong><span style=\"color: #ffffff;\"><span style=\"color: #ffffff;\">Llengua catalana i literatura I i II<\/span><\/span><\/strong><\/h4>\n<\/li>\n<\/ul>\n<\/td>\n<td style=\"width: 120px;\"><a href=\"https:\/\/drive.google.com\/file\/d\/1d09-IIm6JAa8DiRX8abBAjeJORNuSHR6\/view?usp=sharing\" target=\"_blank\" rel=\"noopener noreferrer\"><img loading=\"lazy\" decoding=\"async\" class=\"aligncenter wp-image-986\" src=\"https:\/\/agora.xtec.cat\/iesventuragassol\/wp-content\/uploads\/usu1243\/2020\/03\/biblioteca-150x150.png\" alt=\"\" width=\"95\" height=\"95\" srcset=\"https:\/\/agora.xtec.cat\/iesventuragassol\/wp-content\/uploads\/usu1243\/2020\/03\/biblioteca-150x150.png 150w, https:\/\/agora.xtec.cat\/iesventuragassol\/wp-content\/uploads\/usu1243\/2020\/03\/biblioteca-300x300.png 300w, https:\/\/agora.xtec.cat\/iesventuragassol\/wp-content\/uploads\/usu1243\/2020\/03\/biblioteca.png 512w\" sizes=\"auto, (max-width: 95px) 100vw, 95px\" \/><\/a><\/td>\n<\/tr>\n<tr>\n<td style=\"width: 410px; background-color: #5bde40;\">\n<h3><strong><span style=\"color: #ffffff;\"><span style=\"color: #ffffff;\"><span style=\"color: #ffffff;\">Llib<\/span><\/span><\/span><span style=\"color: #ffffff;\"><span style=\"color: #ffffff;\"><span style=\"color: #ffffff;\">res<\/span><\/span><\/span><span style=\"color: #ffffff;\"><span style=\"color: #ffffff;\"><span style=\"color: #ffffff;\"> de lectura<\/span><\/span><\/span><\/strong><\/h3>\n<ul>\n<li>\n<h4><span style=\"color: #ffffff;\"><strong>Literatura catalana [1r Batx.]<\/strong><\/span><\/h4>\n<\/li>\n<\/ul>\n<\/td>\n<td style=\"width: 120px;\"><a href=\"https:\/\/drive.google.com\/file\/d\/1fZs9xWFZG5M3majvl3aoPvxK2isgGfv4\/view?usp=sharing\" target=\"_blank\" rel=\"noopener noreferrer\"><img loading=\"lazy\" decoding=\"async\" class=\"aligncenter wp-image-999\" src=\"https:\/\/agora.xtec.cat\/iesventuragassol\/wp-content\/uploads\/usu1243\/2020\/03\/estudiar-150x150.png\" alt=\"\" width=\"95\" height=\"95\" srcset=\"https:\/\/agora.xtec.cat\/iesventuragassol\/wp-content\/uploads\/usu1243\/2020\/03\/estudiar-150x150.png 150w, https:\/\/agora.xtec.cat\/iesventuragassol\/wp-content\/uploads\/usu1243\/2020\/03\/estudiar-300x300.png 300w, https:\/\/agora.xtec.cat\/iesventuragassol\/wp-content\/uploads\/usu1243\/2020\/03\/estudiar.png 512w\" sizes=\"auto, (max-width: 95px) 100vw, 95px\" \/><\/a><\/td>\n<\/tr>\n<\/tbody>\n<\/table>\n<p><!--a=1--><\/p>\n<p><!--a=1--><\/p>\n","protected":false},"excerpt":{"rendered":"<p><a href=\"https:\/\/agora.xtec.cat\/iesventuragassol\/wp-content\/uploads\/usu1243\/2020\/03\/\u00c7.jpg\"><\/a>La compet\u00e8ncia comunicativa i ling\u00fc\u00edstica, en llengua catalana i literatura, \u00e9s l\u2019habilitat per expressar i interpretar conceptes, pensaments, sentiments, fets i opinions de forma oral i escrita (escoltar, parlar, llegir i escriure), i per interactuar ling\u00fc\u00edsticament d\u2019una manera adequada i creativa en tots els&hellip;  <a href=\"https:\/\/agora.xtec.cat\/iesventuragassol\/ambits-didactics\/llengua-catalana-i-literatura\/\" title=\"Read Llengua catalana i literatura\">Llegeix m\u00e9s\u00bb<\/a><\/p>\n","protected":false},"author":1,"featured_media":0,"parent":952,"menu_order":1,"comment_status":"closed","ping_status":"closed","template":"page-templates\/side-menu.php","meta":{"_bbp_topic_count":0,"_bbp_reply_count":0,"_bbp_total_topic_count":0,"_bbp_total_reply_count":0,"_bbp_voice_count":0,"_bbp_anonymous_reply_count":0,"_bbp_topic_count_hidden":0,"_bbp_reply_count_hidden":0,"_bbp_forum_subforum_count":0,"footnotes":""},"class_list":["post-996","page","type-page","status-publish","hentry"],"post_mailing_queue_ids":[],"_links":{"self":[{"href":"https:\/\/agora.xtec.cat\/iesventuragassol\/wp-json\/wp\/v2\/pages\/996","targetHints":{"allow":["GET"]}}],"collection":[{"href":"https:\/\/agora.xtec.cat\/iesventuragassol\/wp-json\/wp\/v2\/pages"}],"about":[{"href":"https:\/\/agora.xtec.cat\/iesventuragassol\/wp-json\/wp\/v2\/types\/page"}],"author":[{"embeddable":true,"href":"https:\/\/agora.xtec.cat\/iesventuragassol\/wp-json\/wp\/v2\/users\/1"}],"replies":[{"embeddable":true,"href":"https:\/\/agora.xtec.cat\/iesventuragassol\/wp-json\/wp\/v2\/comments?post=996"}],"version-history":[{"count":5,"href":"https:\/\/agora.xtec.cat\/iesventuragassol\/wp-json\/wp\/v2\/pages\/996\/revisions"}],"predecessor-version":[{"id":3929,"href":"https:\/\/agora.xtec.cat\/iesventuragassol\/wp-json\/wp\/v2\/pages\/996\/revisions\/3929"}],"up":[{"embeddable":true,"href":"https:\/\/agora.xtec.cat\/iesventuragassol\/wp-json\/wp\/v2\/pages\/952"}],"wp:attachment":[{"href":"https:\/\/agora.xtec.cat\/iesventuragassol\/wp-json\/wp\/v2\/media?parent=996"}],"curies":[{"name":"wp","href":"https:\/\/api.w.org\/{rel}","templated":true}]}}