{"id":1812,"date":"2020-04-05T12:33:46","date_gmt":"2020-04-05T10:33:46","guid":{"rendered":"http:\/\/agora.xtec.cat\/iesventuragassol\/?page_id=1812"},"modified":"2026-02-23T13:03:23","modified_gmt":"2026-02-23T12:03:23","slug":"secretaria-i-tramits","status":"publish","type":"page","link":"https:\/\/agora.xtec.cat\/iesventuragassol\/linstitut\/secretaria-i-tramits\/","title":{"rendered":"Secretaria i tr\u00e0mits"},"content":{"rendered":"<p><a href=\"https:\/\/agora.xtec.cat\/iesventuragassol\/wp-content\/uploads\/usu1243\/2020\/04\/secretario.png\"><img loading=\"lazy\" decoding=\"async\" class=\"alignright wp-image-1917 size-thumbnail\" src=\"https:\/\/agora.xtec.cat\/iesventuragassol\/wp-content\/uploads\/usu1243\/2020\/04\/secretario-150x150.png\" alt=\"\" width=\"150\" height=\"150\" srcset=\"https:\/\/agora.xtec.cat\/iesventuragassol\/wp-content\/uploads\/usu1243\/2020\/04\/secretario-150x150.png 150w, https:\/\/agora.xtec.cat\/iesventuragassol\/wp-content\/uploads\/usu1243\/2020\/04\/secretario-300x300.png 300w, https:\/\/agora.xtec.cat\/iesventuragassol\/wp-content\/uploads\/usu1243\/2020\/04\/secretario.png 512w\" sizes=\"auto, (max-width: 150px) 100vw, 150px\" \/><\/a><\/p>\n<p>L&#8217;institut no \u00e9s nom\u00e9s una instituci\u00f3 educativa. <strong>Com a centre escolar depenent del Departament d&#8217;Educaci\u00f3 tamb\u00e9 \u00e9s una extensi\u00f3 m\u00e9s de l&#8217;Administraci\u00f3 p\u00fablica.<\/strong><\/p>\n<p><strong>L&#8217;escolaritzaci\u00f3 d&#8217;un alumne\/a requereix tamb\u00e9 certs tr\u00e0mits administratius<\/strong> que formalitzen aquest proc\u00e9s com ara la preinscripci\u00f3 escolar, la matr\u00edcula al centre o la necessitat d&#8217;obtenir certificats oficials que acreditin que haver cursat i\/o finalitzat els estudis, entre altres aspectes que s&#8217;hi relacionen.<\/p>\n<p>Tots aquests tr\u00e0mits es duen a terme a la secretaria del centre.<\/p>\n<h5><\/h5>\n<p><strong>Conserges: Rosa D\u00edaz i Jos\u00e9 Ramon Romero<\/strong><\/p>\n<table style=\"height: 292px;\">\n<tbody>\n<tr style=\"height: 52px;\">\n<td style=\"width: 512px; height: 52px; background-color: #0eab16;\" colspan=\"2\">\n<h3 style=\"text-align: center;\"><span style=\"color: #ffffff;\"><strong>ADMINISTRACI\u00d3 I SERVEIS<\/strong><\/span><\/h3>\n<\/td>\n<\/tr>\n<tr style=\"height: 46px;\">\n<td style=\"width: 205px; height: 46px; background-color: #5bde40;\">\n<h5><span style=\"color: #ffffff;\"><strong>Secret\u00e0ria<\/strong><\/span><\/h5>\n<\/td>\n<td style=\"width: 305px; height: 46px;\"><strong>Elsa Garc\u00eda<br \/>\n<\/strong><\/td>\n<\/tr>\n<tr style=\"height: 40px;\">\n<td style=\"width: 205px; height: 40px; background-color: #5bde40;\">\n<h5><span style=\"color: #ffffff;\"><strong>Administratives<\/strong><\/span><\/h5>\n<\/td>\n<td style=\"width: 305px; height: 40px;\"><strong>Maribel P\u00e9rez<\/strong><br \/>\n<strong>Isabel Gandia<\/strong><\/td>\n<\/tr>\n<tr style=\"height: 46px;\">\n<td style=\"width: 205px; height: 46px; background-color: #5bde40;\">\n<h5><strong><span style=\"color: #ffffff;\">De dilluns a divendres<\/span><\/strong><\/h5>\n<\/td>\n<td style=\"width: 305px; height: 46px;\">\n<h5><span style=\"color: #000000;\"><strong>9h a 13h<\/strong><\/span><\/h5>\n<\/td>\n<\/tr>\n<tr style=\"height: 46px;\">\n<td style=\"width: 205px; height: 46px; background-color: #5bde40;\">\n<h5><strong><span style=\"color: #ffffff;\">Dilluns i dimarts<\/span><\/strong><\/h5>\n<\/td>\n<td style=\"width: 305px; height: 46px;\">\n<h5><span style=\"color: #000000;\"><strong>15:30h a 17:30h<\/strong><\/span><\/h5>\n<\/td>\n<\/tr>\n<\/tbody>\n<\/table>\n<h2><span style=\"color: #008000;\">TAULER D&#8217;AVISOS I ANUNCIS<\/span><\/h2>\n<table>\n<tbody>\n<tr>\n<td style=\"width: 410px; background-color: #0eab16;\">\n<h3><strong><span style=\"color: #ffffff;\">Tauler d&#8217;avisos i anuncis<\/span><\/strong><\/h3>\n<ul>\n<li>\n<h4><strong><span style=\"color: #ffffff;\">Informaci\u00f3 general administrativa<\/span><\/strong><\/h4>\n<\/li>\n<\/ul>\n<\/td>\n<td style=\"width: 120px;\"><a href=\"https:\/\/agora.xtec.cat\/iesventuragassol\/categoria\/secretaria\/\" target=\"_blank\" rel=\"noopener noreferrer\"><img loading=\"lazy\" decoding=\"async\" class=\"aligncenter size-thumbnail wp-image-2175\" src=\"https:\/\/agora.xtec.cat\/iesventuragassol\/wp-content\/uploads\/usu1243\/2020\/06\/anunci-150x150.png\" alt=\"\" width=\"150\" height=\"150\" srcset=\"https:\/\/agora.xtec.cat\/iesventuragassol\/wp-content\/uploads\/usu1243\/2020\/06\/anunci-150x150.png 150w, https:\/\/agora.xtec.cat\/iesventuragassol\/wp-content\/uploads\/usu1243\/2020\/06\/anunci.png 225w\" sizes=\"auto, (max-width: 150px) 100vw, 150px\" \/><\/a><\/td>\n<\/tr>\n<\/tbody>\n<\/table>\n<h2><span style=\"color: #008000;\">TR\u00c0MITS HABITUALS<\/span><\/h2>\n<table style=\"width: 530px;\">\n<tbody>\n<tr>\n<td style=\"width: 410px; background-color: #0eab16;\">\n<h3><strong><span style=\"color: #ffffff;\">PREINSCRIPCI\u00d3 ESCOLAR [ESO]<\/span><\/strong><\/h3>\n<ul>\n<li>\n<h4><strong><span style=\"color: #ffffff;\">Informaci\u00f3 general<\/span><\/strong><\/h4>\n<\/li>\n<\/ul>\n<\/td>\n<td style=\"width: 120px;\"><a href=\"http:\/\/queestudiar.gencat.cat\/ca\/preinscripcio\/estudis\/obligatoris\/\" target=\"_blank\" rel=\"noopener noreferrer\"><img loading=\"lazy\" decoding=\"async\" class=\"aligncenter wp-image-1915 size-thumbnail\" src=\"https:\/\/agora.xtec.cat\/iesventuragassol\/wp-content\/uploads\/usu1243\/2020\/04\/info-150x150.png\" alt=\"\" width=\"150\" height=\"150\" srcset=\"https:\/\/agora.xtec.cat\/iesventuragassol\/wp-content\/uploads\/usu1243\/2020\/04\/info-150x150.png 150w, https:\/\/agora.xtec.cat\/iesventuragassol\/wp-content\/uploads\/usu1243\/2020\/04\/info-300x300.png 300w, https:\/\/agora.xtec.cat\/iesventuragassol\/wp-content\/uploads\/usu1243\/2020\/04\/info.png 512w\" sizes=\"auto, (max-width: 150px) 100vw, 150px\" \/><\/a><\/td>\n<\/tr>\n<tr>\n<td style=\"width: 410px; background-color: #0eeb19;\">\n<h3><strong><span style=\"color: #ffffff;\">PREINSCRIPCI\u00d3 ESCOLAR [ESO]<\/span><\/strong><\/h3>\n<ul>\n<li>\n<h4><strong><span style=\"color: #ffffff;\">Documentaci\u00f3 necess\u00e0ria i criteris de prioritat<\/span><\/strong><\/h4>\n<\/li>\n<\/ul>\n<\/td>\n<td style=\"width: 120px;\"><a href=\"http:\/\/queestudiar.gencat.cat\/ca\/preinscripcio\/estudis\/obligatoris\/documentacio\/\" target=\"_blank\" rel=\"noopener noreferrer\"><img loading=\"lazy\" decoding=\"async\" class=\"aligncenter wp-image-1914 size-thumbnail\" src=\"https:\/\/agora.xtec.cat\/iesventuragassol\/wp-content\/uploads\/usu1243\/2020\/04\/educacion-150x150.png\" alt=\"\" width=\"150\" height=\"150\" srcset=\"https:\/\/agora.xtec.cat\/iesventuragassol\/wp-content\/uploads\/usu1243\/2020\/04\/educacion-150x150.png 150w, https:\/\/agora.xtec.cat\/iesventuragassol\/wp-content\/uploads\/usu1243\/2020\/04\/educacion-300x300.png 300w, https:\/\/agora.xtec.cat\/iesventuragassol\/wp-content\/uploads\/usu1243\/2020\/04\/educacion.png 512w\" sizes=\"auto, (max-width: 150px) 100vw, 150px\" \/><\/a><\/td>\n<\/tr>\n<tr>\n<td style=\"width: 410px; background-color: #0eeb19;\">\n<h3><strong><span style=\"color: #ffffff;\">PREINSCRIPCI\u00d3 ESCOLAR [ESO]<\/span><\/strong><\/h3>\n<ul>\n<li>\n<h4><strong><span style=\"color: #ffffff;\">Matr\u00edcula<\/span><\/strong><\/h4>\n<\/li>\n<\/ul>\n<\/td>\n<td style=\"width: 120px;\"><a href=\"http:\/\/queestudiar.gencat.cat\/ca\/preinscripcio\/estudis\/obligatoris\/matricula\/\" target=\"_blank\" rel=\"noopener noreferrer\"><img loading=\"lazy\" decoding=\"async\" class=\"aligncenter wp-image-1914 size-thumbnail\" src=\"https:\/\/agora.xtec.cat\/iesventuragassol\/wp-content\/uploads\/usu1243\/2020\/04\/educacion-150x150.png\" alt=\"\" width=\"150\" height=\"150\" srcset=\"https:\/\/agora.xtec.cat\/iesventuragassol\/wp-content\/uploads\/usu1243\/2020\/04\/educacion-150x150.png 150w, https:\/\/agora.xtec.cat\/iesventuragassol\/wp-content\/uploads\/usu1243\/2020\/04\/educacion-300x300.png 300w, https:\/\/agora.xtec.cat\/iesventuragassol\/wp-content\/uploads\/usu1243\/2020\/04\/educacion.png 512w\" sizes=\"auto, (max-width: 150px) 100vw, 150px\" \/><\/a><\/td>\n<\/tr>\n<tr>\n<td style=\"width: 410px; background-color: #0eeb19;\">\n<h3><strong><span style=\"color: #ffffff;\">MATR\u00cdCULA EXTRORDIN\u00c0RIA [ESO]<\/span><\/strong><\/h3>\n<ul>\n<li>\n<h4><strong><span style=\"color: #ffffff;\">Documentaci\u00f3 necess\u00e0ria per matricular alumnat d&#8217;origen nouvingut fora del per\u00edode ordinari<\/span><\/strong><\/h4>\n<\/li>\n<\/ul>\n<\/td>\n<td style=\"width: 120px;\"><img loading=\"lazy\" decoding=\"async\" class=\"aligncenter wp-image-1914 size-thumbnail\" src=\"https:\/\/agora.xtec.cat\/iesventuragassol\/wp-content\/uploads\/usu1243\/2020\/04\/educacion-150x150.png\" alt=\"\" width=\"150\" height=\"150\" srcset=\"https:\/\/agora.xtec.cat\/iesventuragassol\/wp-content\/uploads\/usu1243\/2020\/04\/educacion-150x150.png 150w, https:\/\/agora.xtec.cat\/iesventuragassol\/wp-content\/uploads\/usu1243\/2020\/04\/educacion-300x300.png 300w, https:\/\/agora.xtec.cat\/iesventuragassol\/wp-content\/uploads\/usu1243\/2020\/04\/educacion.png 512w\" sizes=\"auto, (max-width: 150px) 100vw, 150px\" \/><\/td>\n<\/tr>\n<tr>\n<td style=\"width: 410px; background-color: #0eab16;\">\n<h3><strong><span style=\"color: #ffffff;\">PREINSCRIPCI\u00d3 ESCOLAR [Batxillerat]<\/span><\/strong><\/h3>\n<ul>\n<li>\n<h4><strong><span style=\"color: #ffffff;\">Informaci\u00f3 general<\/span><\/strong><\/h4>\n<\/li>\n<\/ul>\n<\/td>\n<td style=\"width: 120px;\"><a href=\"http:\/\/queestudiar.gencat.cat\/ca\/preinscripcio\/estudis\/batxillerat\/\" target=\"_blank\" rel=\"noopener noreferrer\"><img loading=\"lazy\" decoding=\"async\" class=\"aligncenter wp-image-1915 size-thumbnail\" src=\"https:\/\/agora.xtec.cat\/iesventuragassol\/wp-content\/uploads\/usu1243\/2020\/04\/info-150x150.png\" alt=\"\" width=\"150\" height=\"150\" srcset=\"https:\/\/agora.xtec.cat\/iesventuragassol\/wp-content\/uploads\/usu1243\/2020\/04\/info-150x150.png 150w, https:\/\/agora.xtec.cat\/iesventuragassol\/wp-content\/uploads\/usu1243\/2020\/04\/info-300x300.png 300w, https:\/\/agora.xtec.cat\/iesventuragassol\/wp-content\/uploads\/usu1243\/2020\/04\/info.png 512w\" sizes=\"auto, (max-width: 150px) 100vw, 150px\" \/><\/a><\/td>\n<\/tr>\n<tr>\n<td style=\"width: 410px; background-color: #0eeb19;\">\n<h3><strong><span style=\"color: #ffffff;\">PREINSCRIPCI\u00d3 ESCOLAR [Batxillerat]<\/span><\/strong><\/h3>\n<ul>\n<li>\n<h4><strong><span style=\"color: #ffffff;\">Documentaci\u00f3 necess\u00e0ria i criteris de prioritat<\/span><\/strong><\/h4>\n<\/li>\n<\/ul>\n<\/td>\n<td style=\"width: 120px;\"><a href=\"http:\/\/queestudiar.gencat.cat\/ca\/preinscripcio\/estudis\/batxillerat\/documentacio\/\" target=\"_blank\" rel=\"noopener noreferrer\"><img loading=\"lazy\" decoding=\"async\" class=\"aligncenter wp-image-1914 size-thumbnail\" src=\"https:\/\/agora.xtec.cat\/iesventuragassol\/wp-content\/uploads\/usu1243\/2020\/04\/educacion-150x150.png\" alt=\"\" width=\"150\" height=\"150\" srcset=\"https:\/\/agora.xtec.cat\/iesventuragassol\/wp-content\/uploads\/usu1243\/2020\/04\/educacion-150x150.png 150w, https:\/\/agora.xtec.cat\/iesventuragassol\/wp-content\/uploads\/usu1243\/2020\/04\/educacion-300x300.png 300w, https:\/\/agora.xtec.cat\/iesventuragassol\/wp-content\/uploads\/usu1243\/2020\/04\/educacion.png 512w\" sizes=\"auto, (max-width: 150px) 100vw, 150px\" \/><\/a><\/td>\n<\/tr>\n<tr>\n<td style=\"width: 410px; background-color: #0eeb19;\">\n<h3><strong><span style=\"color: #ffffff;\">PREINSCRIPCI\u00d3 ESCOLAR [Batxillerat]<\/span><\/strong><\/h3>\n<ul>\n<li>\n<h4><strong><span style=\"color: #ffffff;\">Matr\u00edcula<\/span><\/strong><\/h4>\n<\/li>\n<\/ul>\n<\/td>\n<td style=\"width: 120px;\"><a href=\"http:\/\/queestudiar.gencat.cat\/ca\/preinscripcio\/estudis\/batxillerat\/matricula\/\" target=\"_blank\" rel=\"noopener noreferrer\"><img loading=\"lazy\" decoding=\"async\" class=\"aligncenter wp-image-1914 size-thumbnail\" src=\"https:\/\/agora.xtec.cat\/iesventuragassol\/wp-content\/uploads\/usu1243\/2020\/04\/educacion-150x150.png\" alt=\"\" width=\"150\" height=\"150\" srcset=\"https:\/\/agora.xtec.cat\/iesventuragassol\/wp-content\/uploads\/usu1243\/2020\/04\/educacion-150x150.png 150w, https:\/\/agora.xtec.cat\/iesventuragassol\/wp-content\/uploads\/usu1243\/2020\/04\/educacion-300x300.png 300w, https:\/\/agora.xtec.cat\/iesventuragassol\/wp-content\/uploads\/usu1243\/2020\/04\/educacion.png 512w\" sizes=\"auto, (max-width: 150px) 100vw, 150px\" \/><\/a><\/td>\n<\/tr>\n<\/tbody>\n<\/table>\n<p>Si voleu saber els <strong>llibres de text i llic\u00e8ncies digitals de les mat\u00e8ries<\/strong> podeu consultar-ho a cadascun dels <strong><a href=\"https:\/\/agora.xtec.cat\/iesventuragassol\/ambits-didactics\/\" target=\"_blank\" rel=\"noopener noreferrer\">\u00e0mbits did\u00e0ctics.<\/a><\/strong><\/p>\n<p>Si voleu saber quines son les <strong>aportacions anuals de les fam\u00edlies per material d&#8217;aula i sortides<\/strong> podeu consultar-les a: <strong><a href=\"https:\/\/agora.xtec.cat\/iesventuragassol\/linstitut\/organs-collegiats-i-de-govern\/consell-escolar\/comissio-economica\/\" target=\"_blank\" rel=\"noopener noreferrer\">aportacions fam\u00edlies.<\/a><\/strong><\/p>\n","protected":false},"excerpt":{"rendered":"<p><a href=\"https:\/\/agora.xtec.cat\/iesventuragassol\/wp-content\/uploads\/usu1243\/2020\/04\/secretario.png\"><\/a><br \/>\nL&#8217;institut no \u00e9s nom\u00e9s una instituci\u00f3 educativa. Com a centre escolar depenent del Departament d&#8217;Educaci\u00f3 tamb\u00e9 \u00e9s una extensi\u00f3 m\u00e9s de l&#8217;Administraci\u00f3 p\u00fablica.<br \/>\nL&#8217;escolaritzaci\u00f3 d&#8217;un alumne\/a requereix tamb\u00e9 certs tr\u00e0mits administratius que formalitzen aquest proc\u00e9s com ara la preinscripci\u00f3 escolar, la matr\u00edcula al centre o&hellip;  <a href=\"https:\/\/agora.xtec.cat\/iesventuragassol\/linstitut\/secretaria-i-tramits\/\" title=\"Read Secretaria i tr\u00e0mits\">Llegeix m\u00e9s\u00bb<\/a><\/p>\n","protected":false},"author":1,"featured_media":0,"parent":19,"menu_order":25,"comment_status":"closed","ping_status":"closed","template":"page-templates\/side-menu.php","meta":{"_bbp_topic_count":0,"_bbp_reply_count":0,"_bbp_total_topic_count":0,"_bbp_total_reply_count":0,"_bbp_voice_count":0,"_bbp_anonymous_reply_count":0,"_bbp_topic_count_hidden":0,"_bbp_reply_count_hidden":0,"_bbp_forum_subforum_count":0,"footnotes":""},"class_list":["post-1812","page","type-page","status-publish","hentry"],"post_mailing_queue_ids":[],"_links":{"self":[{"href":"https:\/\/agora.xtec.cat\/iesventuragassol\/wp-json\/wp\/v2\/pages\/1812","targetHints":{"allow":["GET"]}}],"collection":[{"href":"https:\/\/agora.xtec.cat\/iesventuragassol\/wp-json\/wp\/v2\/pages"}],"about":[{"href":"https:\/\/agora.xtec.cat\/iesventuragassol\/wp-json\/wp\/v2\/types\/page"}],"author":[{"embeddable":true,"href":"https:\/\/agora.xtec.cat\/iesventuragassol\/wp-json\/wp\/v2\/users\/1"}],"replies":[{"embeddable":true,"href":"https:\/\/agora.xtec.cat\/iesventuragassol\/wp-json\/wp\/v2\/comments?post=1812"}],"version-history":[{"count":7,"href":"https:\/\/agora.xtec.cat\/iesventuragassol\/wp-json\/wp\/v2\/pages\/1812\/revisions"}],"predecessor-version":[{"id":3836,"href":"https:\/\/agora.xtec.cat\/iesventuragassol\/wp-json\/wp\/v2\/pages\/1812\/revisions\/3836"}],"up":[{"embeddable":true,"href":"https:\/\/agora.xtec.cat\/iesventuragassol\/wp-json\/wp\/v2\/pages\/19"}],"wp:attachment":[{"href":"https:\/\/agora.xtec.cat\/iesventuragassol\/wp-json\/wp\/v2\/media?parent=1812"}],"curies":[{"name":"wp","href":"https:\/\/api.w.org\/{rel}","templated":true}]}}