{"id":1290,"date":"2020-03-30T11:25:35","date_gmt":"2020-03-30T09:25:35","guid":{"rendered":"http:\/\/agora.xtec.cat\/iesventuragassol\/?page_id=1290"},"modified":"2025-04-11T14:59:25","modified_gmt":"2025-04-11T12:59:25","slug":"carta-de-compromis-educatiu","status":"publish","type":"page","link":"https:\/\/agora.xtec.cat\/iesventuragassol\/linia-pedagogica\/carta-de-compromis-educatiu\/","title":{"rendered":"Carta de comprom\u00eds educatiu"},"content":{"rendered":"<p><a href=\"https:\/\/agora.xtec.cat\/iesventuragassol\/wp-content\/uploads\/usu1243\/2020\/03\/Compromiso_233760652-min.jpg\"><img loading=\"lazy\" decoding=\"async\" class=\"alignright size-medium wp-image-1298\" src=\"https:\/\/agora.xtec.cat\/iesventuragassol\/wp-content\/uploads\/usu1243\/2020\/03\/Compromiso_233760652-min-300x200.jpg\" alt=\"\" width=\"300\" height=\"200\" srcset=\"https:\/\/agora.xtec.cat\/iesventuragassol\/wp-content\/uploads\/usu1243\/2020\/03\/Compromiso_233760652-min-300x200.jpg 300w, https:\/\/agora.xtec.cat\/iesventuragassol\/wp-content\/uploads\/usu1243\/2020\/03\/Compromiso_233760652-min-768x512.jpg 768w, https:\/\/agora.xtec.cat\/iesventuragassol\/wp-content\/uploads\/usu1243\/2020\/03\/Compromiso_233760652-min.jpg 1000w\" sizes=\"auto, (max-width: 300px) 100vw, 300px\" \/><\/a>La <strong>carta de comprom\u00eds educatiu<\/strong> \u00e9s un document que t\u00e9 com a finalitat potenciar la comunicaci\u00f3, la participaci\u00f3, la implicaci\u00f3, el comprom\u00eds i la corresponsabilitat entre els centres i les fam\u00edlies en l&#8217;educaci\u00f3 d&#8217;infants i joves.<\/p>\n<p>Per tant, la carta ha de contribuir, entre altres, als objectius seg\u00fcents:<\/p>\n<ul>\n<li><em>Compartir amb les fam\u00edlies els principis i els continguts del projecte educatiu del centre i, si escau, els projectes educatius de l&#8217;entorn.<\/em><\/li>\n<li><em>Millorar la informaci\u00f3 i la comunicaci\u00f3 entre el centre i les fam\u00edlies.<\/em><\/li>\n<li><em>Facilitar a les fam\u00edlies l&#8217;exercici dels seus drets i el compliment dels deures.<\/em><\/li>\n<li><em>Fomentar la conviv\u00e8ncia i el bon clima escolar.<\/em><\/li>\n<li><em>Corresponsabilitzar el centre i la fam\u00edlia en l&#8217;\u00e8xit acad\u00e8mic, personal i social dels alumnes i tamb\u00e9 en el comprom\u00eds c\u00edvic dels infants i joves<\/em>.<\/li>\n<\/ul>\n<table>\n<tbody>\n<tr>\n<td style=\"background-color: #0eab16;\">\n<h5><span style=\"color: #ffffff;\"><strong><span style=\"color: #ffffff;\"><a href=\"https:\/\/drive.google.com\/file\/d\/1gMNRPUOA-HGsG2j44lV4bUUMw3MmGYV2\/view?usp=sharing\" target=\"_blank\" rel=\"noopener\">CARTA DE COMPROM\u00cdS EDUCATIU [ESO<\/a>]<\/span><\/strong><strong><br \/>\n<\/strong><\/span><\/h5>\n<\/td>\n<td><a href=\"https:\/\/drive.google.com\/file\/d\/1mi3BNEv5W7QLhw0m47K-juyBlf0k1WMO\/view?usp=share_link\" target=\"_blank\" rel=\"noopener noreferrer\"><img loading=\"lazy\" decoding=\"async\" class=\"wp-image-983 alignnone\" src=\"https:\/\/agora.xtec.cat\/iesventuragassol\/wp-content\/uploads\/usu1243\/2020\/03\/cuaderno-150x150.png\" alt=\"\" width=\"71\" height=\"71\" srcset=\"https:\/\/agora.xtec.cat\/iesventuragassol\/wp-content\/uploads\/usu1243\/2020\/03\/cuaderno-150x150.png 150w, https:\/\/agora.xtec.cat\/iesventuragassol\/wp-content\/uploads\/usu1243\/2020\/03\/cuaderno-300x300.png 300w, https:\/\/agora.xtec.cat\/iesventuragassol\/wp-content\/uploads\/usu1243\/2020\/03\/cuaderno.png 512w\" sizes=\"auto, (max-width: 71px) 100vw, 71px\" \/><\/a><\/td>\n<\/tr>\n<tr>\n<td style=\"background-color: #0eab16;\">\n<h5><span style=\"color: #ffffff;\"><strong><span style=\"color: #000000;\"><span style=\"color: #ffffff;\">CARTA DE COMPROM\u00cdS EDUCATIU [BATX.]<\/span><\/span><\/strong><\/span><\/h5>\n<\/td>\n<td><img loading=\"lazy\" decoding=\"async\" class=\"alignnone wp-image-983\" src=\"https:\/\/agora.xtec.cat\/iesventuragassol\/wp-content\/uploads\/usu1243\/2020\/03\/cuaderno-150x150.png\" alt=\"\" width=\"71\" height=\"71\" srcset=\"https:\/\/agora.xtec.cat\/iesventuragassol\/wp-content\/uploads\/usu1243\/2020\/03\/cuaderno-150x150.png 150w, https:\/\/agora.xtec.cat\/iesventuragassol\/wp-content\/uploads\/usu1243\/2020\/03\/cuaderno-300x300.png 300w, https:\/\/agora.xtec.cat\/iesventuragassol\/wp-content\/uploads\/usu1243\/2020\/03\/cuaderno.png 512w\" sizes=\"auto, (max-width: 71px) 100vw, 71px\" \/><\/td>\n<\/tr>\n<\/tbody>\n<\/table>\n","protected":false},"excerpt":{"rendered":"<p><a href=\"https:\/\/agora.xtec.cat\/iesventuragassol\/wp-content\/uploads\/usu1243\/2020\/03\/Compromiso_233760652-min.jpg\"><\/a>La carta de comprom\u00eds educatiu \u00e9s un document que t\u00e9 com a finalitat potenciar la comunicaci\u00f3, la participaci\u00f3, la implicaci\u00f3, el comprom\u00eds i la corresponsabilitat entre els centres i les fam\u00edlies en l&#8217;educaci\u00f3 d&#8217;infants i joves.<br \/>\nPer tant, la carta ha de contribuir, entre altres,&hellip;  <a href=\"https:\/\/agora.xtec.cat\/iesventuragassol\/linia-pedagogica\/carta-de-compromis-educatiu\/\" title=\"Read Carta de comprom\u00eds educatiu\">Llegeix m\u00e9s\u00bb<\/a><\/p>\n","protected":false},"author":1,"featured_media":0,"parent":805,"menu_order":5,"comment_status":"closed","ping_status":"closed","template":"page-templates\/side-menu.php","meta":{"_bbp_topic_count":0,"_bbp_reply_count":0,"_bbp_total_topic_count":0,"_bbp_total_reply_count":0,"_bbp_voice_count":0,"_bbp_anonymous_reply_count":0,"_bbp_topic_count_hidden":0,"_bbp_reply_count_hidden":0,"_bbp_forum_subforum_count":0,"footnotes":""},"class_list":["post-1290","page","type-page","status-publish","hentry"],"post_mailing_queue_ids":[],"_links":{"self":[{"href":"https:\/\/agora.xtec.cat\/iesventuragassol\/wp-json\/wp\/v2\/pages\/1290","targetHints":{"allow":["GET"]}}],"collection":[{"href":"https:\/\/agora.xtec.cat\/iesventuragassol\/wp-json\/wp\/v2\/pages"}],"about":[{"href":"https:\/\/agora.xtec.cat\/iesventuragassol\/wp-json\/wp\/v2\/types\/page"}],"author":[{"embeddable":true,"href":"https:\/\/agora.xtec.cat\/iesventuragassol\/wp-json\/wp\/v2\/users\/1"}],"replies":[{"embeddable":true,"href":"https:\/\/agora.xtec.cat\/iesventuragassol\/wp-json\/wp\/v2\/comments?post=1290"}],"version-history":[{"count":5,"href":"https:\/\/agora.xtec.cat\/iesventuragassol\/wp-json\/wp\/v2\/pages\/1290\/revisions"}],"predecessor-version":[{"id":3393,"href":"https:\/\/agora.xtec.cat\/iesventuragassol\/wp-json\/wp\/v2\/pages\/1290\/revisions\/3393"}],"up":[{"embeddable":true,"href":"https:\/\/agora.xtec.cat\/iesventuragassol\/wp-json\/wp\/v2\/pages\/805"}],"wp:attachment":[{"href":"https:\/\/agora.xtec.cat\/iesventuragassol\/wp-json\/wp\/v2\/media?parent=1290"}],"curies":[{"name":"wp","href":"https:\/\/api.w.org\/{rel}","templated":true}]}}