{"id":1154,"date":"2020-03-27T13:11:07","date_gmt":"2020-03-27T12:11:07","guid":{"rendered":"http:\/\/agora.xtec.cat\/iesventuragassol\/?page_id=1154"},"modified":"2020-04-01T16:57:06","modified_gmt":"2020-04-01T14:57:06","slug":"organs-collegiats-i-de-govern","status":"publish","type":"page","link":"https:\/\/agora.xtec.cat\/iesventuragassol\/linstitut\/organs-collegiats-i-de-govern\/","title":{"rendered":"\u00d2rgans col\u00b7legiats i de govern"},"content":{"rendered":"<p><strong><a href=\"https:\/\/agora.xtec.cat\/iesventuragassol\/wp-content\/uploads\/usu1243\/2020\/03\/treball-en-equip1.jpg\"><img loading=\"lazy\" decoding=\"async\" class=\"alignright  wp-image-1328\" src=\"https:\/\/agora.xtec.cat\/iesventuragassol\/wp-content\/uploads\/usu1243\/2020\/03\/treball-en-equip1.jpg\" alt=\"\" width=\"351\" height=\"351\" srcset=\"https:\/\/agora.xtec.cat\/iesventuragassol\/wp-content\/uploads\/usu1243\/2020\/03\/treball-en-equip1.jpg 300w, https:\/\/agora.xtec.cat\/iesventuragassol\/wp-content\/uploads\/usu1243\/2020\/03\/treball-en-equip1-150x150.jpg 150w\" sizes=\"auto, (max-width: 351px) 100vw, 351px\" \/><\/a>Els \u00f2rgans col\u00b7legiats i de govern del centre conformen l\u2019estructura interna i tenen atribu\u00efdes una s\u00e8rie de funcions espec\u00edfiques<\/strong> per tal de desenvolupar tan b\u00e9 com es pugui una acci\u00f3 coordinada que porti a la consecuci\u00f3 de les fites i objectius generals del <a href=\"https:\/\/agora.xtec.cat\/iesventuragassol\/linia-pedagogica\/projecte-educatiu-de-centre-pec\/\" target=\"_blank\" rel=\"noopener noreferrer\"><strong>Projecte educatiu de centre<\/strong>.<\/a><br \/>\nEls \u00f2rgans de govern i participaci\u00f3 de l&#8217;institut escolar s\u00f3n:<\/p>\n<ul>\n<li>El <a href=\"https:\/\/agora.xtec.cat\/iesventuragassol\/linstitut\/organs-collegiats-i-de-govern\/consell-escolar\/\" target=\"_blank\" rel=\"noopener noreferrer\"><strong>Consell Escolar de Centre\u00a0 i les comissions que se&#8217;n deriven<\/strong><\/a>. \u00c9s l&#8217;\u00f2rgan de govern general i de participaci\u00f3 dels diferents sectors de la comunitat escolar.<\/li>\n<li>El <a href=\"https:\/\/agora.xtec.cat\/iesventuragassol\/linstitut\/organs-collegiats-i-de-govern\/claustre-de-professorat\/\" target=\"_blank\" rel=\"noopener noreferrer\"><strong>Claustre de Professorat<\/strong><\/a>, que \u00e9s l&#8217;\u00f2rgan de govern, de participaci\u00f3 i de coordinaci\u00f3 global del centre en aspectes t\u00e8cnico-pedag\u00f2gics.<\/li>\n<li>Les <a href=\"https:\/\/agora.xtec.cat\/iesventuragassol\/linstitut\/organs-collegiats-i-de-govern\/accio-educativa-coordinacions\/\" target=\"_blank\" rel=\"noopener noreferrer\"><strong>distintes comissions determinades pel centre en virtut de la seva autonomia<\/strong><\/a>, que s&#8217;ocupen de gestionar diferents aspectes de l&#8217;acci\u00f3 educativa.<\/li>\n<\/ul>\n","protected":false},"excerpt":{"rendered":"<p><a href=\"https:\/\/agora.xtec.cat\/iesventuragassol\/wp-content\/uploads\/usu1243\/2020\/03\/treball-en-equip1.jpg\"><\/a>Els \u00f2rgans col\u00b7legiats i de govern del centre conformen l\u2019estructura interna i tenen atribu\u00efdes una s\u00e8rie de funcions espec\u00edfiques per tal de desenvolupar tan b\u00e9 com es pugui una acci\u00f3 coordinada que porti a la consecuci\u00f3 de les fites i objectius generals del <a&hellip;  <a href=\"https:\/\/agora.xtec.cat\/iesventuragassol\/linstitut\/organs-collegiats-i-de-govern\/\" title=\"Read \u00d2rgans col\u00b7legiats i de govern\">Llegeix m\u00e9s\u00bb<\/a><\/p>\n","protected":false},"author":1,"featured_media":0,"parent":19,"menu_order":6,"comment_status":"closed","ping_status":"closed","template":"page-templates\/side-menu.php","meta":{"_bbp_topic_count":0,"_bbp_reply_count":0,"_bbp_total_topic_count":0,"_bbp_total_reply_count":0,"_bbp_voice_count":0,"_bbp_anonymous_reply_count":0,"_bbp_topic_count_hidden":0,"_bbp_reply_count_hidden":0,"_bbp_forum_subforum_count":0,"footnotes":""},"class_list":["post-1154","page","type-page","status-publish","hentry"],"post_mailing_queue_ids":[],"_links":{"self":[{"href":"https:\/\/agora.xtec.cat\/iesventuragassol\/wp-json\/wp\/v2\/pages\/1154","targetHints":{"allow":["GET"]}}],"collection":[{"href":"https:\/\/agora.xtec.cat\/iesventuragassol\/wp-json\/wp\/v2\/pages"}],"about":[{"href":"https:\/\/agora.xtec.cat\/iesventuragassol\/wp-json\/wp\/v2\/types\/page"}],"author":[{"embeddable":true,"href":"https:\/\/agora.xtec.cat\/iesventuragassol\/wp-json\/wp\/v2\/users\/1"}],"replies":[{"embeddable":true,"href":"https:\/\/agora.xtec.cat\/iesventuragassol\/wp-json\/wp\/v2\/comments?post=1154"}],"version-history":[{"count":4,"href":"https:\/\/agora.xtec.cat\/iesventuragassol\/wp-json\/wp\/v2\/pages\/1154\/revisions"}],"predecessor-version":[{"id":1434,"href":"https:\/\/agora.xtec.cat\/iesventuragassol\/wp-json\/wp\/v2\/pages\/1154\/revisions\/1434"}],"up":[{"embeddable":true,"href":"https:\/\/agora.xtec.cat\/iesventuragassol\/wp-json\/wp\/v2\/pages\/19"}],"wp:attachment":[{"href":"https:\/\/agora.xtec.cat\/iesventuragassol\/wp-json\/wp\/v2\/media?parent=1154"}],"curies":[{"name":"wp","href":"https:\/\/api.w.org\/{rel}","templated":true}]}}