{"id":1140,"date":"2020-03-27T12:17:12","date_gmt":"2020-03-27T11:17:12","guid":{"rendered":"http:\/\/agora.xtec.cat\/iesventuragassol\/?page_id=1140"},"modified":"2025-09-08T15:49:00","modified_gmt":"2025-09-08T13:49:00","slug":"carrecs-de-coordinacio","status":"publish","type":"page","link":"https:\/\/agora.xtec.cat\/iesventuragassol\/linstitut\/organigrama\/carrecs-de-coordinacio\/","title":{"rendered":"C\u00e0rrecs de coordinaci\u00f3"},"content":{"rendered":"<p>Els <strong>c\u00e0rrecs de coordinaci\u00f3<\/strong> tenen encarregades, per la direcci\u00f3, funcions de govern o de <strong>gesti\u00f3 de diferents \u00e0rees d&#8217;actuaci\u00f3 com ara l&#8217;ordenaci\u00f3 pedag\u00f2gica, l&#8217;atenci\u00f3 a la diversitat i acollida d&#8217;alumnat, la promoci\u00f3 de la llengua catalana, projectes did\u00e0ctics i d&#8217;innovaci\u00f3 i la implementaci\u00f3 de les noves tecnologies.<\/strong><\/p>\n<table style=\"width: 56.3316%; height: 516px;\">\n<tbody>\n<tr style=\"height: 54px;\">\n<td style=\"background-color: #0eab16; height: 54px; width: 128.951%;\" colspan=\"2\">\n<h3 style=\"text-align: center;\"><strong><span style=\"color: #ffffff;\">C\u00c0RRECS DE COORDINACI\u00d3<\/span><\/strong><\/h3>\n<\/td>\n<\/tr>\n<tr style=\"height: 239px;\">\n<td style=\"height: 202px; width: 39.1887%; background-color: #5bde40;\">\n<h5 style=\"text-align: center;\"><strong><span style=\"color: #ffffff;\">\u00c0mbits did\u00e0ctics<\/span><\/strong><\/h5>\n<\/td>\n<td style=\"height: 202px; width: 89.7624%;\">\n<ul>\n<li><em>Llengua catalana i literatura<\/em>: <b>Andrea Fern\u00e1ndez<\/b><\/li>\n<li style=\"text-align: left;\"><em>Llengua castellana i literatura: <\/em><strong>Juan Jos\u00e9 Esc\u00e1mez<\/strong><em><br \/>\n<\/em><\/li>\n<li style=\"text-align: left;\"><em>Matem\u00e0tiques: <\/em><strong>Rafi Ortega<\/strong><em><br \/>\n<\/em><\/li>\n<li style=\"text-align: left;\"><em>Idiomes:<\/em> <strong>Dolores Borrego<br \/>\n<\/strong><\/li>\n<li style=\"text-align: left;\"><em>CC. Socials, geografia i hist\u00f2ria<\/em><strong>: Ana Vela<br \/>\n<\/strong><\/li>\n<li style=\"text-align: left;\"><em>CC. Naturalesa i experimentals: <\/em><strong>Javier Garc\u00eda<br \/>\n<\/strong><\/li>\n<li style=\"text-align: left;\"><em>Tecnologies: <\/em><strong>Robert Ard\u00e8vol<br \/>\n<\/strong><\/li>\n<li style=\"text-align: left;\"><em>Educaci\u00f3 f\u00edsica: <\/em><strong>Xaro Abadia<br \/>\n<\/strong><\/li>\n<li><em>M\u00fasica:<\/em> <strong>M\u00f3nica Lizandra<\/strong><\/li>\n<li style=\"text-align: left;\"><em>Expressi\u00f3 art\u00edstica:<\/em><strong> Antoni Nieto<br \/>\n<\/strong><\/li>\n<li style=\"text-align: left;\"><em>Orientaci\u00f3 i diversitat: <\/em><strong>Naiara Noguera<br \/>\n<\/strong><\/li>\n<\/ul>\n<\/td>\n<\/tr>\n<tr style=\"height: 33px;\">\n<td style=\"height: 10px; width: 39.1887%; background-color: #5bde40;\">\n<h5 style=\"text-align: center;\"><strong><span style=\"color: #ffffff;\">Seminaris did\u00e0ctics<\/span><\/strong><\/h5>\n<\/td>\n<td style=\"height: 10px; width: 89.7624%;\">\n<ul>\n<li><em>Cultura cl\u00e0ssica<\/em>: <strong>Lina Zamora<\/strong><strong><br \/>\n<\/strong><\/li>\n<\/ul>\n<\/td>\n<\/tr>\n<tr style=\"height: 16px;\">\n<td style=\"height: 10px; width: 39.1887%; background-color: #5bde40;\">\n<h5 style=\"text-align: center;\"><strong><span style=\"color: #ffffff;\">Llengua, interculturalitat<\/span><\/strong><\/h5>\n<h5 style=\"text-align: center;\"><strong><span style=\"color: #ffffff;\">i cohesi\u00f3 social<\/span><\/strong><\/h5>\n<\/td>\n<td style=\"height: 10px; width: 89.7624%;\">\n<p style=\"text-align: center;\"><strong>Ester Pinter<br \/>\n<\/strong><\/p>\n<\/td>\n<\/tr>\n<tr style=\"height: 33px;\">\n<td style=\"height: 33px; width: 39.1887%; text-align: center; background-color: #5bde40;\">\n<h5><strong><span style=\"color: #ffffff;\">Prevenci\u00f3 de riscos laborals<\/span><\/strong><\/h5>\n<\/td>\n<td style=\"height: 33px; width: 89.7624%; text-align: center;\"><strong>M. \u00c1ngeles Morales<\/strong><\/td>\n<\/tr>\n<tr style=\"height: 33px;\">\n<td style=\"height: 33px; width: 39.1887%; text-align: center; background-color: #5bde40;\">\n<h5><strong><span style=\"color: #ffffff;\">Servei de mediaci\u00f3 escolar<\/span><\/strong><\/h5>\n<\/td>\n<td style=\"height: 33px; width: 89.7624%; text-align: center;\"><strong>Thais Royo<br \/>\n<\/strong><\/td>\n<\/tr>\n<tr style=\"height: 72px;\">\n<td style=\"width: 39.1887%; text-align: center; background-color: #5bde40; height: 72px;\">\n<h5><strong><span style=\"color: #ffffff;\">Biblioteca i activitats complement\u00e0ries<\/span><\/strong><\/h5>\n<\/td>\n<td style=\"width: 89.7624%; text-align: center; height: 72px;\"><strong>Andrea Fern\u00e1ndez<br \/>\n<\/strong><\/td>\n<\/tr>\n<tr style=\"height: 102px;\">\n<td style=\"width: 39.1887%; text-align: center; background-color: #5bde40; height: 102px;\">\n<h5><strong><span style=\"color: #ffffff;\">Tecnologies de l&#8217;aprenentatge<\/span><\/strong><\/h5>\n<h5><strong><span style=\"color: #ffffff;\">i el coneixement<\/span><\/strong><\/h5>\n<\/td>\n<td style=\"width: 89.7624%; text-align: center; height: 102px;\"><strong>Marina Oliva<br \/>\n<\/strong><\/td>\n<\/tr>\n<\/tbody>\n<\/table>\n<ul>\n<li>\n<h3><span style=\"color: #008000;\"><strong>CAPS D&#8217;\u00c0MBIT I SEMINARIS DID\u00c0CTICS<\/strong><\/span><\/h3>\n<\/li>\n<\/ul>\n<p><strong>Coordinen l&#8217;acci\u00f3 pedag\u00f2gica del professorat i les mat\u00e8ries que pertanyen a un determinat camp de coneixement<\/strong>. Vetllen per una correcta aplicaci\u00f3 de la metodologia did\u00e0ctica, la programaci\u00f3 de contingut i els criteris d&#8217;avaluaci\u00f3.<\/p>\n<ul>\n<li>\n<h3><span style=\"color: #008000;\"><strong>LLENGUA, INTERCULTURALITAT I COHESI\u00d3 SOCIAL<\/strong><\/span><\/h3>\n<\/li>\n<\/ul>\n<p><strong>Orienta el professorat en l\u2019atenci\u00f3 a l\u2019alumnat nouvingut<\/strong>, buscant una resposta educativa inclusiva que respecti la diversitat i<strong> proposa l&#8217;ordenaci\u00f3 curricular de l&#8217;alumnat que s&#8217;incorpora de nou a sistema educatiu catal\u00e0<\/strong>. Tamb\u00e9 <strong>acull i acompanya les fam\u00edlies d&#8217;aquest alumnat en el proc\u00e9s de matr\u00edcula<\/strong>. Per \u00faltim,<strong> vetlla per l&#8217;aplicaci\u00f3 del Projecte ling\u00fc\u00edstic del centre i d&#8217;altres projectes d&#8217;innovaci\u00f3 educativa<\/strong> relacionats amb les compet\u00e8ncies ling\u00fc\u00edstiques i comunicatives.<\/p>\n<ul>\n<li>\n<h3><span style=\"color: #008000;\"><strong>PREVENCI\u00d3 DE RISCOS LABORALS<\/strong><\/span><\/h3>\n<\/li>\n<\/ul>\n<p><strong>Promou i coordina les actuacions en mat\u00e8ria de salut i seguretat del centre, <\/strong>com ara l\u2019ordre, la neteja, la senyalitzaci\u00f3 i el manteniment en general i n&#8217;efectua el seguiment i control.<strong> Tamb\u00e9 elabora el Pla d\u2019emerg\u00e8ncia i supervisa les actuacions que se\u2019n derivin.<\/strong><\/p>\n<ul>\n<li>\n<h3><span style=\"color: #008000;\"><strong>SERVEI DE MEDIACI\u00d3 ESCOLAR<\/strong><\/span><\/h3>\n<\/li>\n<\/ul>\n<p><strong>Coordina <\/strong>el funcionament de l&#8217;equip que conforma el servei de mediaci\u00f3 escolar<strong>, que s&#8217;encarrega de resoldre conflictes de conviv\u00e8ncia entre iguals a trav\u00e9s del di\u00e0leg i la cooperaci\u00f3 positiva.<\/strong><\/p>\n<ul>\n<li>\n<h3><span style=\"color: #008000;\"><strong>BIBLIOTECA I ACTIVITATS COMPLEMENT\u00c0RIES<\/strong><\/span><\/h3>\n<\/li>\n<\/ul>\n<p>\u00c9s la referent del centre per portar a terme<strong> tasques d\u2019organitzaci\u00f3 i gesti\u00f3 del programari de la biblioteca, la dinamitzaci\u00f3 dels seus recursos i serveis, l\u2019impuls del pla de lectura i de la compet\u00e8ncia informacional des de la biblioteca. <\/strong><\/p>\n<ul>\n<li>\n<h3><span style=\"color: #008000;\"><strong>TECNOLOGIES DE L&#8217;APRENENTATGE I EL CONEIXEMENT<\/strong><\/span><\/h3>\n<\/li>\n<\/ul>\n<p><strong>Assessora al professorat del centre en l&#8217;\u00fas did\u00e0ctic de les TAC i les noves tecnologies<\/strong>. Alhora vetllar pel\u00a0<strong>manteniment de les instal\u00b7lacions i dels equips digitals del centre<\/strong> i el compliment de la <strong>reglamentaci\u00f3 normativa i els est\u00e0ndards tecnol\u00f2gics<\/strong>.<\/p>\n<p><!--a=1--><\/p>\n","protected":false},"excerpt":{"rendered":"<p>Els c\u00e0rrecs de coordinaci\u00f3 tenen encarregades, per la direcci\u00f3, funcions de govern o de gesti\u00f3 de diferents \u00e0rees d&#8217;actuaci\u00f3 com ara l&#8217;ordenaci\u00f3 pedag\u00f2gica, l&#8217;atenci\u00f3 a la diversitat i acollida d&#8217;alumnat, la promoci\u00f3 de la llengua catalana, projectes did\u00e0ctics i d&#8217;innovaci\u00f3 i la implementaci\u00f3 de les&hellip;  <a href=\"https:\/\/agora.xtec.cat\/iesventuragassol\/linstitut\/organigrama\/carrecs-de-coordinacio\/\" title=\"Read C\u00e0rrecs de coordinaci\u00f3\">Llegeix m\u00e9s\u00bb<\/a><\/p>\n","protected":false},"author":1,"featured_media":0,"parent":1136,"menu_order":2,"comment_status":"closed","ping_status":"closed","template":"page-templates\/side-menu.php","meta":{"_bbp_topic_count":0,"_bbp_reply_count":0,"_bbp_total_topic_count":0,"_bbp_total_reply_count":0,"_bbp_voice_count":0,"_bbp_anonymous_reply_count":0,"_bbp_topic_count_hidden":0,"_bbp_reply_count_hidden":0,"_bbp_forum_subforum_count":0,"footnotes":""},"class_list":["post-1140","page","type-page","status-publish","hentry"],"post_mailing_queue_ids":[],"_links":{"self":[{"href":"https:\/\/agora.xtec.cat\/iesventuragassol\/wp-json\/wp\/v2\/pages\/1140","targetHints":{"allow":["GET"]}}],"collection":[{"href":"https:\/\/agora.xtec.cat\/iesventuragassol\/wp-json\/wp\/v2\/pages"}],"about":[{"href":"https:\/\/agora.xtec.cat\/iesventuragassol\/wp-json\/wp\/v2\/types\/page"}],"author":[{"embeddable":true,"href":"https:\/\/agora.xtec.cat\/iesventuragassol\/wp-json\/wp\/v2\/users\/1"}],"replies":[{"embeddable":true,"href":"https:\/\/agora.xtec.cat\/iesventuragassol\/wp-json\/wp\/v2\/comments?post=1140"}],"version-history":[{"count":7,"href":"https:\/\/agora.xtec.cat\/iesventuragassol\/wp-json\/wp\/v2\/pages\/1140\/revisions"}],"predecessor-version":[{"id":3630,"href":"https:\/\/agora.xtec.cat\/iesventuragassol\/wp-json\/wp\/v2\/pages\/1140\/revisions\/3630"}],"up":[{"embeddable":true,"href":"https:\/\/agora.xtec.cat\/iesventuragassol\/wp-json\/wp\/v2\/pages\/1136"}],"wp:attachment":[{"href":"https:\/\/agora.xtec.cat\/iesventuragassol\/wp-json\/wp\/v2\/media?parent=1140"}],"curies":[{"name":"wp","href":"https:\/\/api.w.org\/{rel}","templated":true}]}}