{"id":1082,"date":"2020-03-26T20:00:14","date_gmt":"2020-03-26T19:00:14","guid":{"rendered":"http:\/\/agora.xtec.cat\/iesventuragassol\/?page_id=1082"},"modified":"2025-10-06T22:15:08","modified_gmt":"2025-10-06T20:15:08","slug":"projecte-educatiu-de-centre-pec","status":"publish","type":"page","link":"https:\/\/agora.xtec.cat\/iesventuragassol\/linia-pedagogica\/projecte-educatiu-de-centre-pec\/","title":{"rendered":"Projecte educatiu de centre [PEC]"},"content":{"rendered":"<p><strong><a href=\"https:\/\/agora.xtec.cat\/iesventuragassol\/wp-content\/uploads\/usu1243\/2020\/03\/PEC.jpg\"><img loading=\"lazy\" decoding=\"async\" class=\"alignright wp-image-1095\" src=\"https:\/\/agora.xtec.cat\/iesventuragassol\/wp-content\/uploads\/usu1243\/2020\/03\/PEC-300x195.jpg\" alt=\"\" width=\"349\" height=\"227\" srcset=\"https:\/\/agora.xtec.cat\/iesventuragassol\/wp-content\/uploads\/usu1243\/2020\/03\/PEC-300x195.jpg 300w, https:\/\/agora.xtec.cat\/iesventuragassol\/wp-content\/uploads\/usu1243\/2020\/03\/PEC.jpg 653w\" sizes=\"auto, (max-width: 349px) 100vw, 349px\" \/><\/a>El projecte educatiu de centre (PEC)<\/strong> \u00e9s un document que inclou els <strong>trets d&#8217;identitat<\/strong> del centre, els <strong>principis pedag\u00f2gics<\/strong>, els <strong>principis organitzatius<\/strong> i el <strong>projecte ling\u00fc\u00edstic<\/strong>.<\/p>\n<p><strong>En aquest document s&#8217;especifiquen els valors, els objectius i les prioritats d&#8217;actuaci\u00f3 del centre<\/strong>, la concreci\u00f3 dels curr\u00edculums que s&#8217;imparteixen i el tractament transversal en les \u00e0rees, mat\u00e8ries o m\u00f2duls de l&#8217;educaci\u00f3 en valors i altres ensenyaments.<\/p>\n<table style=\"height: 83px; width: 541px;\" width=\"695\">\n<tbody>\n<tr style=\"height: 83px;\">\n<td style=\"text-align: center; width: 446px; height: 83px; background-color: #0eab16;\">\n<h5><span style=\"color: #ffffff;\"><strong><a href=\"https:\/\/drive.google.com\/file\/d\/1KLifej0sT3IZ4e8MPxr712R-iHNZH0Ee\/view?usp=drive_link\" target=\"_blank\" rel=\"noopener\">PROJECTE EDUCATIU DE CENTRE [PEC<\/a>]<\/strong><\/span><\/h5>\n<\/td>\n<td style=\"width: 87px; height: 83px;\"><a href=\"https:\/\/drive.google.com\/file\/d\/1KLifej0sT3IZ4e8MPxr712R-iHNZH0Ee\/view?usp=drive_link\" target=\"_blank\" rel=\"noopener noreferrer\"><img loading=\"lazy\" decoding=\"async\" class=\"wp-image-983 alignnone\" src=\"https:\/\/agora.xtec.cat\/iesventuragassol\/wp-content\/uploads\/usu1243\/2020\/03\/cuaderno-150x150.png\" alt=\"\" width=\"71\" height=\"71\" srcset=\"https:\/\/agora.xtec.cat\/iesventuragassol\/wp-content\/uploads\/usu1243\/2020\/03\/cuaderno-150x150.png 150w, https:\/\/agora.xtec.cat\/iesventuragassol\/wp-content\/uploads\/usu1243\/2020\/03\/cuaderno-300x300.png 300w, https:\/\/agora.xtec.cat\/iesventuragassol\/wp-content\/uploads\/usu1243\/2020\/03\/cuaderno.png 512w\" sizes=\"auto, (max-width: 71px) 100vw, 71px\" \/><\/a><\/td>\n<\/tr>\n<\/tbody>\n<\/table>\n<p>&nbsp;<\/p>\n<p><!--a=1--><\/p>\n","protected":false},"excerpt":{"rendered":"<p><a href=\"https:\/\/agora.xtec.cat\/iesventuragassol\/wp-content\/uploads\/usu1243\/2020\/03\/PEC.jpg\"><\/a>El projecte educatiu de centre (PEC) \u00e9s un document que inclou els trets d&#8217;identitat del centre, els principis pedag\u00f2gics, els principis organitzatius i el projecte ling\u00fc\u00edstic.<br \/>\nEn aquest document s&#8217;especifiquen els valors, els objectius i les prioritats d&#8217;actuaci\u00f3 del centre, la concreci\u00f3 dels curr\u00edculums que&hellip;  <a href=\"https:\/\/agora.xtec.cat\/iesventuragassol\/linia-pedagogica\/projecte-educatiu-de-centre-pec\/\" title=\"Read Projecte educatiu de centre [PEC]\">Llegeix m\u00e9s\u00bb<\/a><\/p>\n","protected":false},"author":1,"featured_media":0,"parent":805,"menu_order":1,"comment_status":"closed","ping_status":"closed","template":"page-templates\/side-menu.php","meta":{"_bbp_topic_count":0,"_bbp_reply_count":0,"_bbp_total_topic_count":0,"_bbp_total_reply_count":0,"_bbp_voice_count":0,"_bbp_anonymous_reply_count":0,"_bbp_topic_count_hidden":0,"_bbp_reply_count_hidden":0,"_bbp_forum_subforum_count":0,"footnotes":""},"class_list":["post-1082","page","type-page","status-publish","hentry"],"post_mailing_queue_ids":[],"_links":{"self":[{"href":"https:\/\/agora.xtec.cat\/iesventuragassol\/wp-json\/wp\/v2\/pages\/1082","targetHints":{"allow":["GET"]}}],"collection":[{"href":"https:\/\/agora.xtec.cat\/iesventuragassol\/wp-json\/wp\/v2\/pages"}],"about":[{"href":"https:\/\/agora.xtec.cat\/iesventuragassol\/wp-json\/wp\/v2\/types\/page"}],"author":[{"embeddable":true,"href":"https:\/\/agora.xtec.cat\/iesventuragassol\/wp-json\/wp\/v2\/users\/1"}],"replies":[{"embeddable":true,"href":"https:\/\/agora.xtec.cat\/iesventuragassol\/wp-json\/wp\/v2\/comments?post=1082"}],"version-history":[{"count":6,"href":"https:\/\/agora.xtec.cat\/iesventuragassol\/wp-json\/wp\/v2\/pages\/1082\/revisions"}],"predecessor-version":[{"id":3659,"href":"https:\/\/agora.xtec.cat\/iesventuragassol\/wp-json\/wp\/v2\/pages\/1082\/revisions\/3659"}],"up":[{"embeddable":true,"href":"https:\/\/agora.xtec.cat\/iesventuragassol\/wp-json\/wp\/v2\/pages\/805"}],"wp:attachment":[{"href":"https:\/\/agora.xtec.cat\/iesventuragassol\/wp-json\/wp\/v2\/media?parent=1082"}],"curies":[{"name":"wp","href":"https:\/\/api.w.org\/{rel}","templated":true}]}}