{"id":1030,"date":"2020-03-26T18:46:48","date_gmt":"2020-03-26T17:46:48","guid":{"rendered":"http:\/\/agora.xtec.cat\/iesventuragassol\/?page_id=1030"},"modified":"2025-05-06T11:27:28","modified_gmt":"2025-05-06T09:27:28","slug":"expressio-artistica","status":"publish","type":"page","link":"https:\/\/agora.xtec.cat\/iesventuragassol\/ambits-didactics\/expressio-artistica\/","title":{"rendered":"Expressi\u00f3 art\u00edstica"},"content":{"rendered":"<p>La <strong>compet\u00e8ncia art\u00edstica<\/strong> s\u2019ent\u00e9n com l\u2019habilitat per <strong>comprendre i fer un \u00fas integrat de la varietat de coneixements que configuren l\u2019art en els contextos socials en qu\u00e8 s\u00f3n necessaris i demanats.<\/strong><\/p>\n<p>Conformen aquest \u00e0mbit les \u00e0rees de <strong>m\u00fasica i<\/strong>\u00a0<strong>d\u2019educaci\u00f3 visual i pl\u00e0stica,<\/strong>\u00a0 les quals <strong>aporten una visi\u00f3 global i integradora de les arts<\/strong> amb m\u00e9s projecci\u00f3 en la societat contempor\u00e0nia.<\/p>\n<p>Pel que fa al Batxillerat al nostre centre s&#8217;ofereix la mat\u00e8ria de <strong>dibuix t\u00e8cnic<\/strong> m\u00e9s centrada en els <strong>processos de construcci\u00f3 i disseny industrial.<\/strong><\/p>\n<table>\n<tbody>\n<tr style=\"height: 116px;\">\n<td style=\"background-color: #0eab16; width: 334.767px; height: 116px;\">\n<h3><strong><span style=\"color: #ffffff;\">Expressi\u00f3 art\u00edstica<\/span><\/strong><\/h3>\n<ul>\n<li>\n<h4><span style=\"color: #ffffff;\"><strong>M\u00fasica<\/strong><\/span><\/h4>\n<\/li>\n<\/ul>\n<\/td>\n<td style=\"width: 102.233px; height: 116px;\"><a href=\"https:\/\/xtec.gencat.cat\/web\/.content\/curriculum\/eso\/curriculum-175-2022\/Musica.pdf\" target=\"_blank\" rel=\"noopener noreferrer\"><img loading=\"lazy\" decoding=\"async\" class=\"alignright size-thumbnail wp-image-1477\" src=\"https:\/\/agora.xtec.cat\/iesventuragassol\/wp-content\/uploads\/usu1243\/2020\/04\/grabadora-150x150.png\" alt=\"\" width=\"150\" height=\"150\" srcset=\"https:\/\/agora.xtec.cat\/iesventuragassol\/wp-content\/uploads\/usu1243\/2020\/04\/grabadora-150x150.png 150w, https:\/\/agora.xtec.cat\/iesventuragassol\/wp-content\/uploads\/usu1243\/2020\/04\/grabadora-300x300.png 300w, https:\/\/agora.xtec.cat\/iesventuragassol\/wp-content\/uploads\/usu1243\/2020\/04\/grabadora.png 512w\" sizes=\"auto, (max-width: 150px) 100vw, 150px\" \/><\/a><\/td>\n<\/tr>\n<tr>\n<td style=\"width: 334.767px; background-color: #0eab16;\">\n<h3><strong><span style=\"color: #ffffff;\">Expressi\u00f3 art\u00edstica<\/span><\/strong><\/h3>\n<ul>\n<li>\n<h4><span style=\"color: #ffffff;\"><strong>Visual i pl\u00e0stica<\/strong><\/span><\/h4>\n<\/li>\n<\/ul>\n<\/td>\n<td style=\"width: 102.233px;\"><a href=\"https:\/\/xtec.gencat.cat\/web\/.content\/curriculum\/eso\/curriculum-175-2022\/Educacio-Plastica-Visual-i-Audiovisual.pdf\" target=\"_blank\" rel=\"noopener noreferrer\"><img loading=\"lazy\" decoding=\"async\" class=\"size-thumbnail wp-image-1476 aligncenter\" src=\"https:\/\/agora.xtec.cat\/iesventuragassol\/wp-content\/uploads\/usu1243\/2020\/04\/pintar-150x150.png\" alt=\"\" width=\"150\" height=\"150\" srcset=\"https:\/\/agora.xtec.cat\/iesventuragassol\/wp-content\/uploads\/usu1243\/2020\/04\/pintar-150x150.png 150w, https:\/\/agora.xtec.cat\/iesventuragassol\/wp-content\/uploads\/usu1243\/2020\/04\/pintar-300x300.png 300w, https:\/\/agora.xtec.cat\/iesventuragassol\/wp-content\/uploads\/usu1243\/2020\/04\/pintar.png 512w\" sizes=\"auto, (max-width: 150px) 100vw, 150px\" \/><\/a><\/td>\n<\/tr>\n<\/tbody>\n<\/table>\n","protected":false},"excerpt":{"rendered":"<p>La compet\u00e8ncia art\u00edstica s\u2019ent\u00e9n com l\u2019habilitat per comprendre i fer un \u00fas integrat de la varietat de coneixements que configuren l\u2019art en els contextos socials en qu\u00e8 s\u00f3n necessaris i demanats.<br \/>\nConformen aquest \u00e0mbit les \u00e0rees de m\u00fasica i\u00a0d\u2019educaci\u00f3 visual i pl\u00e0stica,\u00a0 les quals aporten una&hellip;  <a href=\"https:\/\/agora.xtec.cat\/iesventuragassol\/ambits-didactics\/expressio-artistica\/\" title=\"Read Expressi\u00f3 art\u00edstica\">Llegeix m\u00e9s\u00bb<\/a><\/p>\n","protected":false},"author":1,"featured_media":0,"parent":952,"menu_order":12,"comment_status":"closed","ping_status":"closed","template":"page-templates\/side-menu.php","meta":{"_bbp_topic_count":0,"_bbp_reply_count":0,"_bbp_total_topic_count":0,"_bbp_total_reply_count":0,"_bbp_voice_count":0,"_bbp_anonymous_reply_count":0,"_bbp_topic_count_hidden":0,"_bbp_reply_count_hidden":0,"_bbp_forum_subforum_count":0,"footnotes":""},"class_list":["post-1030","page","type-page","status-publish","hentry"],"post_mailing_queue_ids":[],"_links":{"self":[{"href":"https:\/\/agora.xtec.cat\/iesventuragassol\/wp-json\/wp\/v2\/pages\/1030","targetHints":{"allow":["GET"]}}],"collection":[{"href":"https:\/\/agora.xtec.cat\/iesventuragassol\/wp-json\/wp\/v2\/pages"}],"about":[{"href":"https:\/\/agora.xtec.cat\/iesventuragassol\/wp-json\/wp\/v2\/types\/page"}],"author":[{"embeddable":true,"href":"https:\/\/agora.xtec.cat\/iesventuragassol\/wp-json\/wp\/v2\/users\/1"}],"replies":[{"embeddable":true,"href":"https:\/\/agora.xtec.cat\/iesventuragassol\/wp-json\/wp\/v2\/comments?post=1030"}],"version-history":[{"count":5,"href":"https:\/\/agora.xtec.cat\/iesventuragassol\/wp-json\/wp\/v2\/pages\/1030\/revisions"}],"predecessor-version":[{"id":3425,"href":"https:\/\/agora.xtec.cat\/iesventuragassol\/wp-json\/wp\/v2\/pages\/1030\/revisions\/3425"}],"up":[{"embeddable":true,"href":"https:\/\/agora.xtec.cat\/iesventuragassol\/wp-json\/wp\/v2\/pages\/952"}],"wp:attachment":[{"href":"https:\/\/agora.xtec.cat\/iesventuragassol\/wp-json\/wp\/v2\/media?parent=1030"}],"curies":[{"name":"wp","href":"https:\/\/api.w.org\/{rel}","templated":true}]}}