{"id":1008,"date":"2020-03-26T18:25:02","date_gmt":"2020-03-26T17:25:02","guid":{"rendered":"http:\/\/agora.xtec.cat\/iesventuragassol\/?page_id=1008"},"modified":"2025-05-06T11:20:39","modified_gmt":"2025-05-06T09:20:39","slug":"matematiques","status":"publish","type":"page","link":"https:\/\/agora.xtec.cat\/iesventuragassol\/ambits-didactics\/matematiques\/","title":{"rendered":"Matem\u00e0tiques"},"content":{"rendered":"<p><a href=\"https:\/\/agora.xtec.cat\/iesventuragassol\/wp-content\/uploads\/usu1243\/2020\/03\/calculadora.png\"><img loading=\"lazy\" decoding=\"async\" class=\"alignright size-thumbnail wp-image-1237\" src=\"https:\/\/agora.xtec.cat\/iesventuragassol\/wp-content\/uploads\/usu1243\/2020\/03\/calculadora-150x150.png\" alt=\"\" width=\"150\" height=\"150\" srcset=\"https:\/\/agora.xtec.cat\/iesventuragassol\/wp-content\/uploads\/usu1243\/2020\/03\/calculadora-150x150.png 150w, https:\/\/agora.xtec.cat\/iesventuragassol\/wp-content\/uploads\/usu1243\/2020\/03\/calculadora-300x300.png 300w, https:\/\/agora.xtec.cat\/iesventuragassol\/wp-content\/uploads\/usu1243\/2020\/03\/calculadora.png 512w\" sizes=\"auto, (max-width: 150px) 100vw, 150px\" \/><\/a>La <strong>compet\u00e8ncia matem\u00e0tica<\/strong>, entesa de manera gen\u00e8rica, \u00e9s <strong>l\u2019habilitat per desenvolupar i aplicar el raonament matem\u00e0tic per tal de resoldre problemes diversos en situacions quotidianes<\/strong>. M\u00e9s enll\u00e0 dels coneixements, situa l\u2019\u00e8mfasi en els processos i l\u2019activitat. La seva adquisici\u00f3 comporta \u2500en diversos graus\u2500 la capacitat i la voluntat d\u2019utilitzar formes matem\u00e0tiques de pensament (pensament l\u00f2gic i espacial) i de representaci\u00f3 (f\u00f3rmules, models, construccions, gr\u00e0fics i diagrames).<\/p>\n<ul>\n<li>\n<h2><span style=\"color: #008000;\"><strong>L&#8217;\u00c0MBIT<\/strong><\/span><\/h2>\n<\/li>\n<\/ul>\n<table>\n<tbody>\n<tr>\n<td style=\"width: 410px; background-color: #0eab16;\">\n<h3><strong><span style=\"color: #ffffff;\">PROFESSORAT<\/span><\/strong><\/h3>\n<\/td>\n<td style=\"width: 120px;\"><a href=\"https:\/\/agora.xtec.cat\/iesventuragassol\/categoria\/dic\/mat\/\" target=\"_blank\" rel=\"noopener noreferrer\"><img loading=\"lazy\" decoding=\"async\" class=\"alignnone wp-image-982\" src=\"https:\/\/agora.xtec.cat\/iesventuragassol\/wp-content\/uploads\/usu1243\/2020\/03\/graduacion-150x150.png\" alt=\"\" width=\"150\" height=\"150\" srcset=\"https:\/\/agora.xtec.cat\/iesventuragassol\/wp-content\/uploads\/usu1243\/2020\/03\/graduacion-150x150.png 150w, https:\/\/agora.xtec.cat\/iesventuragassol\/wp-content\/uploads\/usu1243\/2020\/03\/graduacion-300x300.png 300w, https:\/\/agora.xtec.cat\/iesventuragassol\/wp-content\/uploads\/usu1243\/2020\/03\/graduacion.png 512w\" sizes=\"auto, (max-width: 150px) 100vw, 150px\" \/><\/a><\/td>\n<\/tr>\n<tr>\n<td style=\"width: 410px; background-color: #0eab16;\">\n<h3 style=\"text-align: left;\"><span style=\"color: #ffffff;\"><strong>BLOG DE NOT\u00cdCIES I PROJECTES<\/strong><\/span><\/h3>\n<\/td>\n<td style=\"width: 120px;\"><a href=\"https:\/\/agora.xtec.cat\/iesventuragassol\/categoria\/dic\/esp\/mat\/\"><img loading=\"lazy\" decoding=\"async\" class=\"alignnone wp-image-1237 size-thumbnail\" src=\"https:\/\/agora.xtec.cat\/iesventuragassol\/wp-content\/uploads\/usu1243\/2020\/03\/calculadora-150x150.png\" alt=\"\" width=\"150\" height=\"150\" srcset=\"https:\/\/agora.xtec.cat\/iesventuragassol\/wp-content\/uploads\/usu1243\/2020\/03\/calculadora-150x150.png 150w, https:\/\/agora.xtec.cat\/iesventuragassol\/wp-content\/uploads\/usu1243\/2020\/03\/calculadora-300x300.png 300w, https:\/\/agora.xtec.cat\/iesventuragassol\/wp-content\/uploads\/usu1243\/2020\/03\/calculadora.png 512w\" sizes=\"auto, (max-width: 150px) 100vw, 150px\" \/><\/a><\/td>\n<\/tr>\n<\/tbody>\n<\/table>\n<ul>\n<li>\n<h2><span style=\"color: #008000;\"><strong>ENSENYAMENTS A L&#8217;ESO<\/strong><\/span><\/h2>\n<\/li>\n<\/ul>\n<table>\n<tbody>\n<tr>\n<td style=\"width: 410px; background-color: #0eab16;\">\n<h3><strong><span style=\"color: #ffffff;\">ORDENAMENT CURRICULAR<\/span><\/strong><\/h3>\n<ul>\n<li>\n<h4><strong><span style=\"color: #ffffff;\">1r, 2n, 3r i 4t d&#8217;ESO<\/span><\/strong><\/h4>\n<\/li>\n<\/ul>\n<\/td>\n<td style=\"width: 120px;\"><a href=\"https:\/\/xtec.gencat.cat\/web\/.content\/curriculum\/eso\/curriculum-175-2022\/Matematiques.pdf\" target=\"_blank\" rel=\"noopener noreferrer\"><img loading=\"lazy\" decoding=\"async\" class=\"aligncenter wp-image-984\" src=\"https:\/\/agora.xtec.cat\/iesventuragassol\/wp-content\/uploads\/usu1243\/2020\/03\/prueba-150x150.png\" alt=\"\" width=\"95\" height=\"95\" srcset=\"https:\/\/agora.xtec.cat\/iesventuragassol\/wp-content\/uploads\/usu1243\/2020\/03\/prueba-150x150.png 150w, https:\/\/agora.xtec.cat\/iesventuragassol\/wp-content\/uploads\/usu1243\/2020\/03\/prueba-300x300.png 300w, https:\/\/agora.xtec.cat\/iesventuragassol\/wp-content\/uploads\/usu1243\/2020\/03\/prueba.png 512w\" sizes=\"auto, (max-width: 95px) 100vw, 95px\" \/><\/a><\/td>\n<\/tr>\n<tr>\n<td style=\"width: 410px; background-color: #0eeb19;\">\n<h3><span style=\"color: #ffffff;\"><strong>CRITERIS D&#8217;AVALUACI\u00d3<\/strong><\/span><\/h3>\n<ul>\n<li>\n<h4><strong><span style=\"color: #ffffff;\">1r, 2n, 3r i 4t d&#8217;ESO<\/span><\/strong><\/h4>\n<\/li>\n<\/ul>\n<\/td>\n<td style=\"width: 120px;\"><img loading=\"lazy\" decoding=\"async\" class=\"aligncenter wp-image-988\" src=\"https:\/\/agora.xtec.cat\/iesventuragassol\/wp-content\/uploads\/usu1243\/2020\/03\/examen-150x150.png\" alt=\"\" width=\"95\" height=\"95\" srcset=\"https:\/\/agora.xtec.cat\/iesventuragassol\/wp-content\/uploads\/usu1243\/2020\/03\/examen-150x150.png 150w, https:\/\/agora.xtec.cat\/iesventuragassol\/wp-content\/uploads\/usu1243\/2020\/03\/examen-300x300.png 300w, https:\/\/agora.xtec.cat\/iesventuragassol\/wp-content\/uploads\/usu1243\/2020\/03\/examen.png 512w\" sizes=\"auto, (max-width: 95px) 100vw, 95px\" \/><\/td>\n<\/tr>\n<tr>\n<td style=\"width: 410px; background-color: #5bde40;\">\n<h3><span style=\"color: #ffffff;\"><strong>Materials i cursos on-line<\/strong><\/span><\/h3>\n<ul>\n<li>\n<h4><strong><span style=\"color: #ffffff;\">1r, 2n, 3r i 4t d&#8217;ESO<\/span><\/strong><\/h4>\n<\/li>\n<\/ul>\n<\/td>\n<td style=\"width: 120px;\"><a href=\"https:\/\/agora.xtec.cat\/iesventuragassol\/moodle\/\" target=\"_blank\" rel=\"noopener noreferrer\"><img loading=\"lazy\" decoding=\"async\" class=\" wp-image-976 aligncenter\" src=\"https:\/\/agora.xtec.cat\/iesventuragassol\/wp-content\/uploads\/usu1243\/2020\/03\/depinformatica.png\" alt=\"\" width=\"100\" height=\"100\" \/><\/a><\/td>\n<\/tr>\n<\/tbody>\n<\/table>\n<ul>\n<li>\n<h2><span style=\"color: #008000;\"><strong>ENSENYAMENTS AL BATXILLERAT<\/strong><\/span><\/h2>\n<\/li>\n<\/ul>\n<table>\n<tbody>\n<tr>\n<td style=\"width: 410px; background-color: #0eab16;\">\n<h3><span style=\"color: #ffffff;\"><strong>ORDENAMENT CURRICULAR<\/strong><\/span><\/h3>\n<ul>\n<li>\n<h4><strong><span style=\"color: #ffffff;\">Matem\u00e0tiques I i II<\/span><\/strong><\/h4>\n<\/li>\n<\/ul>\n<\/td>\n<td style=\"width: 120px;\"><a href=\"http:\/\/xtec.gencat.cat\/web\/.content\/alfresco\/d\/d\/workspace\/SpacesStore\/0082\/c5fe6a2e-9a69-4acc-b723-c5d4fe75e7a0\/matematiques.pdf\" target=\"_blank\" rel=\"noopener noreferrer\"><img loading=\"lazy\" decoding=\"async\" class=\"aligncenter wp-image-984\" src=\"https:\/\/agora.xtec.cat\/iesventuragassol\/wp-content\/uploads\/usu1243\/2020\/03\/prueba-150x150.png\" alt=\"\" width=\"95\" height=\"95\" srcset=\"https:\/\/agora.xtec.cat\/iesventuragassol\/wp-content\/uploads\/usu1243\/2020\/03\/prueba-150x150.png 150w, https:\/\/agora.xtec.cat\/iesventuragassol\/wp-content\/uploads\/usu1243\/2020\/03\/prueba-300x300.png 300w, https:\/\/agora.xtec.cat\/iesventuragassol\/wp-content\/uploads\/usu1243\/2020\/03\/prueba.png 512w\" sizes=\"auto, (max-width: 95px) 100vw, 95px\" \/><\/a><\/td>\n<\/tr>\n<tr>\n<td style=\"width: 410px; background-color: #0eab16;\">\n<h3><span style=\"color: #ffffff;\"><strong>ORDENAMENT CURRICULAR<\/strong><\/span><\/h3>\n<ul>\n<li>\n<h5><strong><span style=\"color: #ffffff;\">Matem\u00e0tiques aplicades a les CC. Socials I i II<\/span><\/strong><\/h5>\n<\/li>\n<\/ul>\n<\/td>\n<td style=\"width: 120px;\"><a href=\"http:\/\/xtec.gencat.cat\/web\/.content\/alfresco\/d\/d\/workspace\/SpacesStore\/0090\/dd6f9d38-6b9a-4e77-97ac-53f2bb7f5d80\/matem_aplicades_ciencies_socials.pdf\" target=\"_blank\" rel=\"noopener noreferrer\"><img loading=\"lazy\" decoding=\"async\" class=\"aligncenter wp-image-984\" src=\"https:\/\/agora.xtec.cat\/iesventuragassol\/wp-content\/uploads\/usu1243\/2020\/03\/prueba-150x150.png\" alt=\"\" width=\"95\" height=\"95\" srcset=\"https:\/\/agora.xtec.cat\/iesventuragassol\/wp-content\/uploads\/usu1243\/2020\/03\/prueba-150x150.png 150w, https:\/\/agora.xtec.cat\/iesventuragassol\/wp-content\/uploads\/usu1243\/2020\/03\/prueba-300x300.png 300w, https:\/\/agora.xtec.cat\/iesventuragassol\/wp-content\/uploads\/usu1243\/2020\/03\/prueba.png 512w\" sizes=\"auto, (max-width: 95px) 100vw, 95px\" \/><\/a><\/td>\n<\/tr>\n<tr>\n<td style=\"width: 410px; background-color: #0eeb19;\">\n<h3><span style=\"color: #ffffff;\"><strong>CRITERIS D&#8217;AVALUACI\u00d3<\/strong><\/span><\/h3>\n<ul>\n<li>\n<h4><strong><span style=\"color: #ffffff;\">Matem\u00e0tiques I i II<\/span><\/strong><\/h4>\n<\/li>\n<\/ul>\n<\/td>\n<td style=\"width: 120px;\"><img loading=\"lazy\" decoding=\"async\" class=\"aligncenter wp-image-988\" src=\"https:\/\/agora.xtec.cat\/iesventuragassol\/wp-content\/uploads\/usu1243\/2020\/03\/examen-150x150.png\" alt=\"\" width=\"95\" height=\"95\" srcset=\"https:\/\/agora.xtec.cat\/iesventuragassol\/wp-content\/uploads\/usu1243\/2020\/03\/examen-150x150.png 150w, https:\/\/agora.xtec.cat\/iesventuragassol\/wp-content\/uploads\/usu1243\/2020\/03\/examen-300x300.png 300w, https:\/\/agora.xtec.cat\/iesventuragassol\/wp-content\/uploads\/usu1243\/2020\/03\/examen.png 512w\" sizes=\"auto, (max-width: 95px) 100vw, 95px\" \/><\/td>\n<\/tr>\n<tr>\n<td style=\"width: 410px; background-color: #0eeb19;\">\n<h3><span style=\"color: #ffffff;\"><strong>CRITERIS D&#8217;AVALUACI\u00d3<\/strong><\/span><\/h3>\n<ul>\n<li>\n<h5><strong><span style=\"color: #ffffff;\">Matem\u00e0tiques aplicades a les CC. Socials I i II<\/span><\/strong><\/h5>\n<\/li>\n<\/ul>\n<\/td>\n<td style=\"width: 120px;\"><img loading=\"lazy\" decoding=\"async\" class=\"aligncenter wp-image-988\" src=\"https:\/\/agora.xtec.cat\/iesventuragassol\/wp-content\/uploads\/usu1243\/2020\/03\/examen-150x150.png\" alt=\"\" width=\"95\" height=\"95\" srcset=\"https:\/\/agora.xtec.cat\/iesventuragassol\/wp-content\/uploads\/usu1243\/2020\/03\/examen-150x150.png 150w, https:\/\/agora.xtec.cat\/iesventuragassol\/wp-content\/uploads\/usu1243\/2020\/03\/examen-300x300.png 300w, https:\/\/agora.xtec.cat\/iesventuragassol\/wp-content\/uploads\/usu1243\/2020\/03\/examen.png 512w\" sizes=\"auto, (max-width: 95px) 100vw, 95px\" \/><\/td>\n<\/tr>\n<tr>\n<td style=\"width: 410px; background-color: #5bde40;\">\n<h3><span style=\"color: #ffffff;\"><strong>Llibres de text<br \/>\n<\/strong><\/span><\/h3>\n<ul>\n<li>\n<h5><strong><span style=\"color: #ffffff;\">Matem\u00e0tiques I i II<\/span><\/strong><\/h5>\n<\/li>\n<li>\n<h5><strong><span style=\"color: #ffffff;\">Matem\u00e0tiques aplicades a les CC. Socials I i II<\/span><\/strong><\/h5>\n<\/li>\n<\/ul>\n<\/td>\n<td style=\"width: 120px;\"><a href=\"https:\/\/drive.google.com\/file\/d\/1ubjpJ2S_HOselneRNqMRRv03HbzYDNq-\/view?usp=sharing\" target=\"_blank\" rel=\"noopener noreferrer\"><img loading=\"lazy\" decoding=\"async\" class=\"alignright size-thumbnail wp-image-985\" src=\"https:\/\/agora.xtec.cat\/iesventuragassol\/wp-content\/uploads\/usu1243\/2020\/03\/libros-150x150.png\" alt=\"\" width=\"150\" height=\"150\" srcset=\"https:\/\/agora.xtec.cat\/iesventuragassol\/wp-content\/uploads\/usu1243\/2020\/03\/libros-150x150.png 150w, https:\/\/agora.xtec.cat\/iesventuragassol\/wp-content\/uploads\/usu1243\/2020\/03\/libros-300x300.png 300w, https:\/\/agora.xtec.cat\/iesventuragassol\/wp-content\/uploads\/usu1243\/2020\/03\/libros.png 512w\" sizes=\"auto, (max-width: 150px) 100vw, 150px\" \/><\/a><\/td>\n<\/tr>\n<tr>\n<td style=\"width: 410px; background-color: #5bde40;\">\n<h3><span style=\"color: #ffffff;\"><strong>Materials i cursos on-line<\/strong><\/span><\/h3>\n<ul>\n<li>\n<h4><strong><span style=\"color: #ffffff;\">1r i 2n Batxillerat<\/span><\/strong><\/h4>\n<\/li>\n<\/ul>\n<\/td>\n<td style=\"width: 120px;\"><a href=\"https:\/\/agora.xtec.cat\/iesventuragassol\/moodle\/\" target=\"_blank\" rel=\"noopener noreferrer\"><img loading=\"lazy\" decoding=\"async\" class=\"wp-image-976 aligncenter\" src=\"https:\/\/agora.xtec.cat\/iesventuragassol\/wp-content\/uploads\/usu1243\/2020\/03\/depinformatica.png\" alt=\"\" width=\"100\" height=\"100\" \/><\/a><\/td>\n<\/tr>\n<\/tbody>\n<\/table>\n","protected":false},"excerpt":{"rendered":"<p><a href=\"https:\/\/agora.xtec.cat\/iesventuragassol\/wp-content\/uploads\/usu1243\/2020\/03\/calculadora.png\"><\/a>La compet\u00e8ncia matem\u00e0tica, entesa de manera gen\u00e8rica, \u00e9s l\u2019habilitat per desenvolupar i aplicar el raonament matem\u00e0tic per tal de resoldre problemes diversos en situacions quotidianes. M\u00e9s enll\u00e0 dels coneixements, situa l\u2019\u00e8mfasi en els processos i l\u2019activitat. La seva adquisici\u00f3 comporta \u2500en diversos graus\u2500 la&hellip;  <a href=\"https:\/\/agora.xtec.cat\/iesventuragassol\/ambits-didactics\/matematiques\/\" title=\"Read Matem\u00e0tiques\">Llegeix m\u00e9s\u00bb<\/a><\/p>\n","protected":false},"author":1,"featured_media":0,"parent":952,"menu_order":4,"comment_status":"closed","ping_status":"closed","template":"page-templates\/side-menu.php","meta":{"_bbp_topic_count":0,"_bbp_reply_count":0,"_bbp_total_topic_count":0,"_bbp_total_reply_count":0,"_bbp_voice_count":0,"_bbp_anonymous_reply_count":0,"_bbp_topic_count_hidden":0,"_bbp_reply_count_hidden":0,"_bbp_forum_subforum_count":0,"footnotes":""},"class_list":["post-1008","page","type-page","status-publish","hentry"],"post_mailing_queue_ids":[],"_links":{"self":[{"href":"https:\/\/agora.xtec.cat\/iesventuragassol\/wp-json\/wp\/v2\/pages\/1008","targetHints":{"allow":["GET"]}}],"collection":[{"href":"https:\/\/agora.xtec.cat\/iesventuragassol\/wp-json\/wp\/v2\/pages"}],"about":[{"href":"https:\/\/agora.xtec.cat\/iesventuragassol\/wp-json\/wp\/v2\/types\/page"}],"author":[{"embeddable":true,"href":"https:\/\/agora.xtec.cat\/iesventuragassol\/wp-json\/wp\/v2\/users\/1"}],"replies":[{"embeddable":true,"href":"https:\/\/agora.xtec.cat\/iesventuragassol\/wp-json\/wp\/v2\/comments?post=1008"}],"version-history":[{"count":5,"href":"https:\/\/agora.xtec.cat\/iesventuragassol\/wp-json\/wp\/v2\/pages\/1008\/revisions"}],"predecessor-version":[{"id":3420,"href":"https:\/\/agora.xtec.cat\/iesventuragassol\/wp-json\/wp\/v2\/pages\/1008\/revisions\/3420"}],"up":[{"embeddable":true,"href":"https:\/\/agora.xtec.cat\/iesventuragassol\/wp-json\/wp\/v2\/pages\/952"}],"wp:attachment":[{"href":"https:\/\/agora.xtec.cat\/iesventuragassol\/wp-json\/wp\/v2\/media?parent=1008"}],"curies":[{"name":"wp","href":"https:\/\/api.w.org\/{rel}","templated":true}]}}