{"id":1128,"date":"2016-08-04T17:59:02","date_gmt":"2016-08-04T16:59:02","guid":{"rendered":"http:\/\/agora.xtec.cat\/iesvallhebron\/?page_id=1128"},"modified":"2016-08-04T18:05:49","modified_gmt":"2016-08-04T17:05:49","slug":"treballs-de-sintesi","status":"publish","type":"page","link":"https:\/\/agora.xtec.cat\/iesvallhebron\/estudis\/ensenyament-secundari-obligatori-eso\/treballs-de-sintesi\/","title":{"rendered":"Treballs de s\u00edntesi"},"content":{"rendered":"<div class=\"surlignable\">\n<div class=\"texte\">\n<p>Durant els tres primers cursos de l\u2019ESO els alumnes dediquen una setmana per curs a fer un [treball de s\u00edntesi]. Al llarg de la setmana els alumnes treballen en petits grups al voltant d\u2019un tema central. Per dur a terme el treball han de resoldre activitats de totes les \u00e0rees del curr\u00edculum. Al final de la setmana cada grup presenta un informe del treball i fa una petita exposici\u00f3 oral.<\/p>\n<p>Els treballs que es realitzen al llarg de l\u2019etapa s\u00f3n:<\/p>\n<ul class=\"spip\">\n<li>A 1r curs el treball es titula <strong>La ciutat<\/strong>.\n<ul class=\"spip\">\n<li>Es comen\u00e7a amb una activitat que es fa a l\u2019Institut sobre <i>Les ciutats al llarg del temps<\/i>.<\/li>\n<li>El segon dia es fa una activitat pr\u00e0ctica <i>Orienta\u2019t per la teva ciutat<\/i>. Es fa un recorregut urb\u00e0 a partir del Parc de la Ciutadella.<\/li>\n<li>Un altre dia es dedica a l\u2019activitat <i>De Barcino a Barchinova<\/i> al Museu d\u2019Hist\u00f2ria de la Ciutat.<\/li>\n<li>Un dia els alumnes es queden a l\u2019Institut per realitzar l\u2019activitat <i>Romanorum Vita<\/i>.<\/li>\n<li>Finalment el darrer dia \u00e9s el que dediquen a completar l\u2019informe escrit i a realitzar l\u2019exposici\u00f3 oral que clou el treball.<\/li>\n<\/ul>\n<\/li>\n<li>A 2n curs el treball es titula <strong>La serra de Collserola<\/strong>.\n<ul class=\"spip\">\n<li>El primer dia es fa una presentaci\u00f3 del treball, amb diversos videos, i es prepara una enquesta que els alumnes passen a la tarda pel barri.<\/li>\n<li>Els altres dies es fan diferents activitats. Una \u00e9s una <i>visita al Monestir de Sant Cugat<\/i>.<\/li>\n<li>Es fa una caminada per la serra de Collserola, de l\u2019Institut fins l\u2019Observatori Fabra. All\u00ed es fa el taller <i>Descobrim l\u2019espai<\/i>.<\/li>\n<li>Tamb\u00e9 es fa una <i>descoberta de vegetaci\u00f3<\/i> al Centre d\u2019Educaci\u00f3 Ambiental de Can Coll.<\/li>\n<li>El darrer dia es dedica, com \u00e9s habitual, a completar l\u2019informe escrit i fer l\u2019exposici\u00f3 oral.<\/li>\n<\/ul>\n<\/li>\n<li>A 3r curs el treball es titula <strong>El mar<\/strong>. S\u2019analitza la relaci\u00f3 de la nostra ciutat amb el mar mitjan\u00e7ant diferents sortides i tallers:\n<ul class=\"spip\">\n<li>En el Museu Mar\u00edtim de Barcelona es fan els tallers <i>Els corsaris<\/i> i <i>El mar, cam\u00ed dels descobridors<\/i>. Des d\u2019all\u00ed es fa una visita guiada per la fa\u00e7ana mar\u00edtima, <i>Els gremis del mar<\/i>. I es fa una visita autoguiada al vaixell Santa Eul\u00e0lia.<\/li>\n<li>Al Centre dels treballs del mar El Far es fan els tallers <i>El cicle de la vida i paisatges al mar<\/i> i el de <i>Navegaci\u00f3 tradicional<\/i>.<\/li>\n<li>El darrer dia es dedica, com sempre, a completar l\u2019informe escrit, i a fer l\u2019exposici\u00f3 oral.<\/li>\n<\/ul>\n<\/li>\n<li>A 4t curs no hi ha un treball de s\u00edntesi, per\u00f2 els alumnes fan un <i>projecte de recerca<\/i> que desenvolupen amb l\u2019ajuda dels seus tutors com a part del proc\u00e9s d\u2019orientaci\u00f3 acad\u00e8mica i professional. En el projecte s\u2019informen de professions que els agradaria desenvolupar i dels estudis necessaris per aconseguir-ho.<\/li>\n<\/ul>\n<p>El treball de s\u00edntesi \u00e9s una bona oportunitat per posar en pr\u00e0ctica aprenentatges adquirits en diferents \u00e0rees. Objectius semblants tenen moltes de les <a class=\"spip_in\" href=\"http:\/\/agora.xtec.cat\/iesvallhebron\/estudis\/ensenyament-secundari-obligatori-eso\/altres-activitats\/\">activitats complement\u00e0ries que organitzem<\/a>.<\/p>\n<\/div>\n<\/div>\n","protected":false},"excerpt":{"rendered":"<p>Durant els tres primers cursos de l\u2019ESO els alumnes dediquen una setmana per curs a fer un [treball de s\u00edntesi]. Al llarg de la setmana els alumnes treballen en petits grups al voltant d\u2019un tema central. Per dur a terme el treball han de resoldre activitats de totes les \u00e0rees del curr\u00edculum. Al final de [&hellip;]<\/p>\n","protected":false},"author":1,"featured_media":0,"parent":447,"menu_order":4,"comment_status":"closed","ping_status":"closed","template":"page-templates\/side-menu.php","meta":{"_bbp_topic_count":0,"_bbp_reply_count":0,"_bbp_total_topic_count":0,"_bbp_total_reply_count":0,"_bbp_voice_count":0,"_bbp_anonymous_reply_count":0,"_bbp_topic_count_hidden":0,"_bbp_reply_count_hidden":0,"_bbp_forum_subforum_count":0,"site-sidebar-layout":"default","site-content-layout":"","ast-site-content-layout":"","site-content-style":"default","site-sidebar-style":"default","ast-global-header-display":"","ast-banner-title-visibility":"","ast-main-header-display":"","ast-hfb-above-header-display":"","ast-hfb-below-header-display":"","ast-hfb-mobile-header-display":"","site-post-title":"","ast-breadcrumbs-content":"","ast-featured-img":"","footer-sml-layout":"","theme-transparent-header-meta":"","adv-header-id-meta":"","stick-header-meta":"","header-above-stick-meta":"","header-main-stick-meta":"","header-below-stick-meta":"","astra-migrate-meta-layouts":"default","ast-page-background-enabled":"default","ast-page-background-meta":{"desktop":{"background-color":"var(--ast-global-color-4)","background-image":"","background-repeat":"repeat","background-position":"center center","background-size":"auto","background-attachment":"scroll","background-type":"","background-media":"","overlay-type":"","overlay-color":"","overlay-opacity":"","overlay-gradient":""},"tablet":{"background-color":"","background-image":"","background-repeat":"repeat","background-position":"center center","background-size":"auto","background-attachment":"scroll","background-type":"","background-media":"","overlay-type":"","overlay-color":"","overlay-opacity":"","overlay-gradient":""},"mobile":{"background-color":"","background-image":"","background-repeat":"repeat","background-position":"center center","background-size":"auto","background-attachment":"scroll","background-type":"","background-media":"","overlay-type":"","overlay-color":"","overlay-opacity":"","overlay-gradient":""}},"ast-content-background-meta":{"desktop":{"background-color":"var(--ast-global-color-5)","background-image":"","background-repeat":"repeat","background-position":"center center","background-size":"auto","background-attachment":"scroll","background-type":"","background-media":"","overlay-type":"","overlay-color":"","overlay-opacity":"","overlay-gradient":""},"tablet":{"background-color":"var(--ast-global-color-5)","background-image":"","background-repeat":"repeat","background-position":"center center","background-size":"auto","background-attachment":"scroll","background-type":"","background-media":"","overlay-type":"","overlay-color":"","overlay-opacity":"","overlay-gradient":""},"mobile":{"background-color":"var(--ast-global-color-5)","background-image":"","background-repeat":"repeat","background-position":"center center","background-size":"auto","background-attachment":"scroll","background-type":"","background-media":"","overlay-type":"","overlay-color":"","overlay-opacity":"","overlay-gradient":""}},"footnotes":""},"class_list":["post-1128","page","type-page","status-publish","hentry"],"post_mailing_queue_ids":[],"_links":{"self":[{"href":"https:\/\/agora.xtec.cat\/iesvallhebron\/wp-json\/wp\/v2\/pages\/1128","targetHints":{"allow":["GET"]}}],"collection":[{"href":"https:\/\/agora.xtec.cat\/iesvallhebron\/wp-json\/wp\/v2\/pages"}],"about":[{"href":"https:\/\/agora.xtec.cat\/iesvallhebron\/wp-json\/wp\/v2\/types\/page"}],"author":[{"embeddable":true,"href":"https:\/\/agora.xtec.cat\/iesvallhebron\/wp-json\/wp\/v2\/users\/1"}],"replies":[{"embeddable":true,"href":"https:\/\/agora.xtec.cat\/iesvallhebron\/wp-json\/wp\/v2\/comments?post=1128"}],"version-history":[{"count":2,"href":"https:\/\/agora.xtec.cat\/iesvallhebron\/wp-json\/wp\/v2\/pages\/1128\/revisions"}],"predecessor-version":[{"id":1134,"href":"https:\/\/agora.xtec.cat\/iesvallhebron\/wp-json\/wp\/v2\/pages\/1128\/revisions\/1134"}],"up":[{"embeddable":true,"href":"https:\/\/agora.xtec.cat\/iesvallhebron\/wp-json\/wp\/v2\/pages\/447"}],"wp:attachment":[{"href":"https:\/\/agora.xtec.cat\/iesvallhebron\/wp-json\/wp\/v2\/media?parent=1128"}],"curies":[{"name":"wp","href":"https:\/\/api.w.org\/{rel}","templated":true}]}}