{"id":10846,"date":"2024-01-26T11:16:16","date_gmt":"2024-01-26T10:16:16","guid":{"rendered":"https:\/\/agora.xtec.cat\/iessantfeliu\/?page_id=10846"},"modified":"2026-04-22T14:12:14","modified_gmt":"2026-04-22T12:12:14","slug":"sollicitud-de-certificat-dequivalencia-de-catala-b2-c1","status":"publish","type":"page","link":"https:\/\/agora.xtec.cat\/iessantfeliu\/secretaria\/sollicitud-de-certificat-dequivalencia-de-catala-b2-c1\/","title":{"rendered":"Sol\u2022licitud de certificat d\u2019equival\u00e8ncia de catal\u00e0 (B2-C1)"},"content":{"rendered":"<div class=\"list_needToKnow-group-item section-nav-bullet\">\n<div class=\"wrapper_list_needToKnow-group-article\">\n<div class=\"link-dotted\">\n<div class=\"list_needToKnow-group-item-paragraph\">\n<h4>Sol\u2022licitud de certificat d\u2019equival\u00e8ncia de catal\u00e0 (B2-C1)<\/h4>\n<div>\n<div>\n<div>\n<div>\n<p>Els centres p\u00fablics d\u2019Educaci\u00f3 Secund\u00e0ria de Catalunya poden expedir certificats d\u2019equival\u00e8ncia del nivell de Catal\u00e0 a l\u2019alumnat que ho sol\u00b7liciti i acompleixi les condicions establertes per la normativa.<\/p>\n<h6><\/h6>\n<h6>Requisits<\/h6>\n<ul>\n<li>Escolaritzaci\u00f3 completa a Catalunya (des de l\u2019EGB o Prim\u00e0ria).<\/li>\n<li>No haver estat exempt de catal\u00e0.<\/li>\n<li>Inici de l\u2019escolaritzaci\u00f3 a partir del curs 1978-79 (incl\u00f2s). Compleix aquest requisit la gent nascuda a partir de 1972.<\/li>\n<li>Si has nascut abans del 1972 i vols obtenir el certificat de catal\u00e0 has de dirigir-te al Departament d\u2019Educaci\u00f3 (per normativa els instituts no els podeu certificar).<\/li>\n<li><span style=\"text-decoration: underline;\"><strong>Tot i que el GRAU B\u00c0SIC implica l&#8217;obtenci\u00f3 del t\u00edtol d&#8217;ESO, est\u00e0 considerat un cicle formatiu i no permet concedir l&#8217;equival\u00e8ncia amb el nivell C1 de catal\u00e0. En cas de voler sol\u00b7licitar el B2, us heu d&#8217;adre\u00e7ar als Serveis Territorials de Girona . Tel 872 975 000<\/strong><\/span><\/li>\n<\/ul>\n<\/div>\n<\/div>\n<\/div>\n<\/div>\n<h6><\/h6>\n<h6><strong>Com se sol\u00b7licita?<\/strong><\/h6>\n<\/div>\n<ul>\n<li>Presencialment: Portar a la Secretaria del centre la sol\u00b7licitud complimentada (pots descarregar-la <strong><a href=\"https:\/\/documents.espai.educacio.gencat.cat\/FormularisModels\/CentresGestioAdministrativa\/A816.pdf\" target=\"_blank\" rel=\"noopener\">aqu\u00ed<\/a><\/strong>) i la documentaci\u00f3 que s\u2019indica a la taula d\u2019equival\u00e8ncies amb el DNI de la persona que sol\u00b7licita el certificat. No cal que vingui el titular personalment. El certificat es lliurar\u00e0 en paper.<\/li>\n<li style=\"text-align: left;\">Per correu electr\u00f2nic: Enviar al correu <a href=\"mailto:secretaria@isantfeliu.net\">secretaria@isantfeliu.net<\/a>\u00a0sol\u00b7licitud complimentada (pots descarregar-la\u00a0<strong><a href=\"https:\/\/documents.espai.educacio.gencat.cat\/FormularisModels\/CentresGestioAdministrativa\/A816.pdf\" target=\"_blank\" rel=\"noopener\">aqu\u00ed<\/a><\/strong>) i la documentaci\u00f3 que s\u2019indica a la taula d\u2019equival\u00e8ncies amb el DNI de la persona que sol\u00b7licita el certificat. Ens heu d\u2019indicar si el certificat el voleu en paper o en format digital (nom\u00e9s v\u00e0lid per tramitar-ho telem\u00e0ticament).<\/li>\n<\/ul>\n<p><strong>No es tenen en compte:<br \/>\n<\/strong><span style=\"font-family: inherit; font-size: 1em;\">&#8211; Les proves d&#8217;acc\u00e9s per a m\u00e9s grans de 25 anys<br \/>\n<\/span><span style=\"font-family: inherit; font-size: 1em;\">&#8211; Les proves d&#8217;acc\u00e9s a la universitat<br \/>\n<\/span>&#8211; L&#8217;acc\u00e9s als cicles formatius<br \/>\n&#8211; Els cicles formatius de grau mitj\u00e0 o de grau superior<br \/>\n&#8211; Les equival\u00e8ncies a les titulacions<\/p>\n<div class=\"list_needToKnow-group-item-paragraph\">\n<p><strong>Documentaci\u00f3 a aportar i taula d\u2019equival\u00e8ncies<br \/>\n<\/strong>Nom\u00e9s es poden sol\u00b7licitar els nivells que s\u2019indiquen.<\/p>\n<\/div>\n<table style=\"border-collapse: collapse; width: 100.001%; height: 679px;\">\n<tbody>\n<tr style=\"height: 48px;\">\n<td style=\"width: 13.7056%; height: 48px; text-align: center;\">\n<h6><strong>ESTUDIS REALITZATS<\/strong><\/h6>\n<\/td>\n<td style=\"width: 37.0558%; height: 48px; text-align: center;\">\n<h5><strong>CAL HAVER ESTUDIAT A CATALUNYA<\/strong><\/h5>\n<\/td>\n<td style=\"width: 49.1661%; height: 48px; text-align: center;\">\n<h5><strong>DOCUMENTS QUE CAL PRESENTAR<\/strong><\/h5>\n<\/td>\n<\/tr>\n<tr style=\"height: 32px; border-color: #000000; background-color: #dceaf7;\">\n<td style=\"width: 99.9275%; height: 32px;\" colspan=\"3\">\n<h6><strong>NIVELL B2<\/strong><\/h6>\n<\/td>\n<\/tr>\n<tr style=\"height: 237px;\">\n<td style=\"width: 13.7056%; height: 171px;\">\n<h6><strong>EGB \/ FP1<\/strong><\/h6>\n<\/td>\n<td style=\"width: 37.0558%; height: 171px;\">Totalitat de l\u2019EGB i s\u2019hagi cursat la mat\u00e8ria de llengua catalana en la totalitat dels estudis esmentats a partir del curs 1978-1979.<\/p>\n<p>Totalitat de l\u2019EGB i FP1 i s\u2019hagi cursat la mat\u00e8ria de llengua catalana en la totalitat dels estudis esmentats a partir del curs 1978-1979.<\/td>\n<td style=\"width: 49.1661%; height: 171px;\">\n<ul>\n<li>Original i fotoc\u00f2pia DNI<\/li>\n<li>Original i fotoc\u00f2pia de les p\u00e0gines de la CERTIFICACI\u00d3 D\u2019ANYS D\u2019ESCOLARITAT del llibre d\u2019escolaritat de\u00a0<strong>l\u2019EGB\u00a0<\/strong>o certificat acreditatiu*<\/li>\n<\/ul>\n<ol>\n<li>Original i fotoc\u00f2pia de les notes finals de tots els cursos de\u00a0<strong>FP1\u00a0<\/strong>o certificat acreditatiu*<\/li>\n<\/ol>\n<\/td>\n<\/tr>\n<tr style=\"height: 173px;\">\n<td style=\"width: 13.7056%; height: 26px;\">\n<h6><strong>ESO<\/strong><\/h6>\n<\/td>\n<td style=\"width: 37.0558%; height: 26px;\">Totalitat de l\u2019 ESO i, com a m\u00ednim, quatre cursos de l\u2019educaci\u00f3 prim\u00e0ria a centres de l\u2019Arag\u00f3.<\/td>\n<td style=\"width: 49.1661%; height: 26px;\">\n<ul>\n<li>Original i fotoc\u00f2pia DNI<\/li>\n<li>Original i fotoc\u00f2pia de les p\u00e0gines de la CERTIFICACI\u00d3 D\u2019ANYS D\u2019ESCOLARITAT del llibre d\u2019escolaritat de\u00a0<strong>Prim\u00e0ria i Secund\u00e0ria\u00a0<\/strong>, historial acad\u00e8mic o certificat acreditatiu*<\/li>\n<\/ul>\n<\/td>\n<\/tr>\n<tr style=\"height: 32px;\">\n<td style=\"width: 99.9275%; height: 32px;\" colspan=\"3\">\n<h6><strong>NIVELL C1<\/strong><\/h6>\n<\/td>\n<\/tr>\n<tr style=\"height: 223px;\">\n<td style=\"width: 13.7056%; height: 147px;\">\n<h6><strong>BUP<\/strong><\/h6>\n<\/td>\n<td style=\"width: 37.0558%; height: 147px;\">Totalitat l\u2019EGB i BUP i s\u2019hagi cursat de manera oficial la mat\u00e8ria de llengua catalana en la totalitat dels estudis esmentats a partir del curs 1978-1979.<\/td>\n<td style=\"width: 49.1661%; height: 147px;\">\n<ul>\n<li>Original i fotoc\u00f2pia DNI<\/li>\n<li>Original i fotoc\u00f2pia de les p\u00e0gines de la CERTIFICACI\u00d3 D\u2019ANYS D\u2019ESCOLARITAT del llibre d\u2019escolaritat de\u00a0<strong>l\u2019EGB, historial acad\u00e8mic <\/strong>o certificat acreditatiu*<\/li>\n<li>Original i fotoc\u00f2pia de les notes finals de tots els cursos de\u00a0<strong>BUP\u00a0o certificat acreditatiu*<\/strong><\/li>\n<\/ul>\n<\/td>\n<\/tr>\n<tr style=\"height: 32px;\">\n<td style=\"width: 13.7056%; height: 32px;\">\n<h6><strong>FP2<\/strong><\/h6>\n<\/td>\n<td style=\"width: 37.0558%; height: 32px;\">Totalitat l\u2019EGB, FP1 i FP2 \u00a0i s\u2019hagi cursat de manera oficial la mat\u00e8ria de llengua catalana en la totalitat dels estudis esmentats.<\/td>\n<td style=\"width: 49.1661%; height: 32px;\">\n<ul>\n<li>Original i fotoc\u00f2pia DNI<\/li>\n<li>Original i fotoc\u00f2pia de les p\u00e0gines de la CERTIFICACI\u00d3 D\u2019ANYS D\u2019ESCOLARITAT del llibre d\u2019escolaritat de <strong>l\u2019EGB,\u00a0<\/strong>historial acad\u00e8mic o certificat acreditatiu*<\/li>\n<li>Original i fotoc\u00f2pia de les notes finals de tots els cursos de\u00a0<strong>FP1<\/strong>\u00a0i\u00a0<strong>FP2\u00a0<\/strong>o certificat acreditatiu*<\/li>\n<\/ul>\n<\/td>\n<\/tr>\n<tr style=\"height: 127px;\">\n<td style=\"width: 13.7056%; height: 127px;\">\n<h6><strong>BATXILLERAT<\/strong><\/h6>\n<\/td>\n<td style=\"width: 37.0558%; height: 127px;\">3 cursos qualsevols de Prim\u00e0ria i 5 qualsevols entre ESO i BATX\u00a0i s\u2019hagi cursat la mat\u00e8ria de llengua catalana en la totalitat dels estudis m\u00ednims esmentats.<\/td>\n<td style=\"width: 49.1661%; height: 127px;\">\n<ul>\n<li>Original i fotoc\u00f2pia DNI<\/li>\n<li>Original i fotoc\u00f2pia de les p\u00e0gines de la CERTIFICACI\u00d3 D\u2019ANYS D\u2019ESCOLARITAT del llibre d\u2019escolaritat de <strong>Prim\u00e0ria i Secund\u00e0ria<\/strong>, historial acad\u00e8mic o certificat acreditatiu*<\/li>\n<li>Original i fotoc\u00f2pia de les notes finals de tots els cursos de\u00a0<strong>Batxillerat<\/strong><\/li>\n<\/ul>\n<\/td>\n<\/tr>\n<tr style=\"height: 32px;\">\n<td style=\"width: 13.7056%; height: 32px;\">\n<h6><strong>ESO<\/strong><\/h6>\n<\/td>\n<td style=\"width: 37.0558%; height: 32px;\">3 cursos qualsevols de Prim\u00e0ria i tota l\u2019ESO s\u2019hagi cursat i aprovat la mat\u00e8ria de llengua catalana en la totalitat dels estudis m\u00ednims esmentats<strong>.<\/strong>\u00a0Aquesta equival\u00e8ncia \u00e9s d\u2019aplicaci\u00f3 a partir del curs 2007-2008, sense car\u00e0cter retroactiu.<\/td>\n<td style=\"width: 49.1661%; height: 32px;\">\n<ul>\n<li>Original i fotoc\u00f2pia DNI<\/li>\n<li>Original i fotoc\u00f2pia de les p\u00e0gines de la CERTIFICACI\u00d3 D\u2019ANYS D\u2019ESCOLARITAT del llibre d\u2019escolaritat de <strong>Prim\u00e0ria i Secund\u00e0ria,\u00a0<\/strong>historial acad\u00e8mic o certificat acreditatiu*<\/li>\n<\/ul>\n<\/td>\n<\/tr>\n<\/tbody>\n<\/table>\n<p><strong style=\"font-size: 1.125em;\"><span class=\"list_needToKnow-group-item-span\" role=\"heading\" aria-level=\"3\">Taxes<br \/>\n<\/span><\/strong>Per fer aquest tr\u00e0mit no s&#8217;ha de pagar cap taxa.<\/p>\n<\/div>\n<\/div>\n<\/div>\n<div class=\"list_needToKnow-group-item section-nav-bullet\">\n<div class=\"wrapper_list_needToKnow-group-article\">\n<div class=\"link-dotted\">\n<div class=\"list_needToKnow-group-item-paragraph\"><strong style=\"font-size: 1.125em;\">Validesa<br \/>\n<\/strong>Els certificats de catal\u00e0 de la Direcci\u00f3 General de Pol\u00edtica Ling\u00fc\u00edstica s\u00f3n t\u00edtols oficials amb reconeixement internacional i validesa indefinida.<\/div>\n<h6><span style=\"font-family: inherit; font-size: 1em;\">M\u00e9s informaci\u00f3 &#8211;\u00a0 <\/span><a style=\"font-family: inherit; font-size: 1em;\" href=\"https:\/\/educacio.gencat.cat\/ca\/tramits\/tramits-temes\/reconeixement-b2-c1-catala\">AQU\u00cd<\/a><\/h6>\n<\/div>\n<\/div>\n<\/div>\n","protected":false},"excerpt":{"rendered":"<p>Sol\u2022licitud de certificat d\u2019equival\u00e8ncia de catal\u00e0 (B2-C1)<\/p>\n<p>Els centres p\u00fablics d\u2019Educaci\u00f3 Secund\u00e0ria de Catalunya poden expedir certificats d\u2019equival\u00e8ncia del nivell de Catal\u00e0 a l\u2019alumnat que ho sol\u00b7liciti i acompleixi les condicions establertes per la normativa.<\/p>\n<p>Requisits<\/p>\n<ul>\n<li>Escolaritzaci\u00f3 completa a Catalunya (des de l\u2019EGB o Prim\u00e0ria).<\/li>\n<li>No haver estat exempt&hellip;  <a href=\"https:\/\/agora.xtec.cat\/iessantfeliu\/secretaria\/sollicitud-de-certificat-dequivalencia-de-catala-b2-c1\/\" title=\"Read Sol\u2022licitud de certificat d\u2019equival\u00e8ncia de catal\u00e0 (B2-C1)\">Llegeix m\u00e9s\u00bb<\/a><br \/>\n","protected":false},"author":19,"featured_media":0,"parent":81,"menu_order":1,"comment_status":"closed","ping_status":"closed","template":"page-templates\/side-menu.php","meta":{"_bbp_topic_count":0,"_bbp_reply_count":0,"_bbp_total_topic_count":0,"_bbp_total_reply_count":0,"_bbp_voice_count":0,"_bbp_anonymous_reply_count":0,"_bbp_topic_count_hidden":0,"_bbp_reply_count_hidden":0,"_bbp_forum_subforum_count":0,"footnotes":""},"class_list":["post-10846","page","type-page","status-publish","hentry"],"post_mailing_queue_ids":[],"_links":{"self":[{"href":"https:\/\/agora.xtec.cat\/iessantfeliu\/wp-json\/wp\/v2\/pages\/10846","targetHints":{"allow":["GET"]}}],"collection":[{"href":"https:\/\/agora.xtec.cat\/iessantfeliu\/wp-json\/wp\/v2\/pages"}],"about":[{"href":"https:\/\/agora.xtec.cat\/iessantfeliu\/wp-json\/wp\/v2\/types\/page"}],"author":[{"embeddable":true,"href":"https:\/\/agora.xtec.cat\/iessantfeliu\/wp-json\/wp\/v2\/users\/19"}],"replies":[{"embeddable":true,"href":"https:\/\/agora.xtec.cat\/iessantfeliu\/wp-json\/wp\/v2\/comments?post=10846"}],"version-history":[{"count":6,"href":"https:\/\/agora.xtec.cat\/iessantfeliu\/wp-json\/wp\/v2\/pages\/10846\/revisions"}],"predecessor-version":[{"id":14841,"href":"https:\/\/agora.xtec.cat\/iessantfeliu\/wp-json\/wp\/v2\/pages\/10846\/revisions\/14841"}],"up":[{"embeddable":true,"href":"https:\/\/agora.xtec.cat\/iessantfeliu\/wp-json\/wp\/v2\/pages\/81"}],"wp:attachment":[{"href":"https:\/\/agora.xtec.cat\/iessantfeliu\/wp-json\/wp\/v2\/media?parent=10846"}],"curies":[{"name":"wp","href":"https:\/\/api.w.org\/{rel}","templated":true}]}}