{"id":920,"date":"2020-06-12T17:48:13","date_gmt":"2020-06-12T15:48:13","guid":{"rendered":"http:\/\/agora.xtec.cat\/iessantaeugenia\/?page_id=920"},"modified":"2026-04-10T08:18:14","modified_gmt":"2026-04-10T06:18:14","slug":"preinscripcio-cicles-formatius","status":"publish","type":"page","link":"https:\/\/agora.xtec.cat\/iessantaeugenia\/secretaria\/preinscripcions\/preinscripcio-cicles-formatius\/","title":{"rendered":"Preinscripci\u00f3 i matr\u00edcula Cicles Formatius Grau Mitj\u00e0 (CFGM)"},"content":{"rendered":"<h1 style=\"text-align: center;\"><a href=\"https:\/\/preinscripcio.gencat.cat\/ca\/estudis\/fp-grau-mitja\/inici\/\" target=\"_blank\" rel=\"noopener\"><span style=\"color: #800000;\"><strong><span style=\"text-decoration: underline;\">PREINSCRIPCI\u00d3 CICLES FORMATIUS GRAU MITJ\u00c0 CURS 26-27<\/span><\/strong><\/span><\/a><\/h1>\n<h5><span style=\"color: #000000;\"><strong>OFERTA DE PLACES<\/strong> CICLES FORMATIUS GRAU MITJ\u00c0<strong>:<\/strong><\/span><\/h5>\n<h5><span style=\"color: #000000;\">\u21d2DATES CLAU<\/span><\/h5>\n<h3><a href=\"https:\/\/preinscripcio.gencat.cat\/ca\/estudis\/fp-grau-mitja\/inici\/\" target=\"_blank\" rel=\"noopener\"><span style=\"color: #800000;\"><b>PRESENTACI\u00d3 DE SOL\u00b7LICITUDS: <span style=\"color: #800000;\">d<\/span><\/b><\/span><\/a><span style=\"color: #800000;\">el 26 de maig a l&#8217;1 de juny de 2026<\/span><\/h3>\n<ul>\n<li>\n<h5><span style=\"color: #000000;\"><b>PRESENTACI\u00d3 DE DOCUMENTACI\u00d3:<\/b> del 26 de maig al 2 de juny de 2026<\/span><\/h5>\n<\/li>\n<li>\n<h5><span style=\"color: #000000;\"><b>LLISTA DE SOL\u00b7LICITUDS AMB LA PUNTUACI\u00d3 PROVISIONAL: <\/b>29 de juny de 2026<\/span><\/h5>\n<\/li>\n<li>\n<h3><span style=\"color: #800000;\"><b>PRESENTACI\u00d3 DE RECLAMACIONS: del<\/b>\u00a029 de juny al 2 de juliol de 2026<\/span><\/h3>\n<\/li>\n<li>\n<h5><span style=\"color: #000000;\"><b>SORTEIG PER RESOLDRE LES SOL\u00b7LICITUDS DE PREINSCRIPCI\u00d3 EMPATADES EN PUNTS:\u00a0<\/b>6 de juliol de 2026<\/span><\/h5>\n<\/li>\n<li>\n<h5><span style=\"color: #000000;\"><b>LLISTA DE SOL\u00b7LICITUDS AMB LA PUNTUACI\u00d3 UN COP RESOLTES LES RECLAMACIONS:\u00a0<\/b>7 de juliol de 2026<\/span><\/h5>\n<\/li>\n<li>\n<h5><span style=\"color: #000000;\"><strong>OFERTA FINAL DE PLACES:<\/strong> 10\u00a0 de juliol de 2026<\/span><\/h5>\n<\/li>\n<li>\n<h5><span style=\"color: #000000;\"><strong>LLISTA DE PLACES ASSIGNADES DE LA PRIMERA TANDA, AMB INDICACI\u00d3 DE LA PETICI\u00d3 ATESA DE L&#8217;ALUMNE\/A:<\/strong> 10 de juliol de 2026<\/span><\/h5>\n<\/li>\n<li>\n<h3><span style=\"color: #800000;\"><strong>CONFIRMA LA MATR\u00cdCULA, MILLORA L&#8217;ASSIGNACI\u00d3 O RENUNCIA\u00a0 A LA PLA\u00c7A ASSIGNADA:\u00a0<\/strong>del 10 al 14 de juliol de 2026<\/span><\/h3>\n<\/li>\n<li>\n<h5><span style=\"color: #000000;\"><b>LLISTA DE PLA\u00c7ES ASSIGNADES EN LA SEGONA TANDA D&#8217;ASSIGNACI\u00d3 I EN LA PROPOSTA D&#8217;ASSIGNACI\u00d3:\u00a0<\/b>24 de juliol de 2026<\/span><\/h5>\n<\/li>\n<li>\n<h3><span style=\"color: #800000;\"><strong>CONFIRMA LA MATR\u00cdCULA O RENUNCIA A L A PLA\u00c7A ASSIGNADA: <\/strong>del 24 al 28 de juliol de 2026<\/span><\/h3>\n<\/li>\n<\/ul>\n<h5><span style=\"color: #000000;\"><b>Per confirmar la pla\u00e7a obtinguda en el proc\u00e9s de preinscripci\u00f3 cal realitzar la matr\u00edcula<\/b><\/span><\/h5>\n<ul>\n<li>\n<h3><span style=\"color: #800000;\"><strong>MATRICULACI\u00d3 (primera tanda): <\/strong>del 10\u00a0 al 16 de juliol de 2026, fins a les 14h<\/span><\/h3>\n<\/li>\n<li>\n<h3><span style=\"color: #800000;\"><strong>MATRICULACI\u00d3 (segona tanda ): <\/strong>del 24 al 29 de juliol de 2026<\/span><\/h3>\n<\/li>\n<\/ul>\n<h5><span style=\"color: #000000;\">\u21d2<strong><a href=\"https:\/\/preinscripcio.gencat.cat\/ca\/estudis\/fp-grau-mitja\/informat\/calendari\/\" target=\"_blank\" rel=\"noopener\">\u00a0<\/a><a href=\"https:\/\/preinscripcio.gencat.cat\/ca\/estudis\/fp-grau-superior\/informat\/calendari\/\" target=\"_blank\" rel=\"noopener\"><span style=\"text-decoration: underline;\">CALENDARI <\/span><\/a>\u21d2\u00a0<a href=\"https:\/\/preinscripcio.gencat.cat\/ca\/estudis\/fp-grau-mitja\/informat\/criteris-assignacio\/\" target=\"_blank\" rel=\"noopener\"><span style=\"text-decoration: underline;\">CRITERIS D&#8217;ASSIGNACI\u00d3 DE PLA\u00c7A <\/span><\/a>\u21d2\u00a0<a href=\"https:\/\/preinscripcio.gencat.cat\/ca\/estudis\/fp-grau-mitja\/informat\/prepara-documentacio\/\" target=\"_blank\" rel=\"noopener\"><span style=\"text-decoration: underline;\">DOCUMENTACI\u00d3<\/span><\/a><\/strong><\/span><\/h5>\n<h5 style=\"text-align: right;\"><span style=\"color: #000000;\"><strong>*<\/strong> En aquest apartat s&#8217;aniran publicant les llistes del proc\u00e9s<\/span><\/h5>\n<h5><\/h5>\n<h5><\/h5>\n<h5><\/h5>\n","protected":false},"excerpt":{"rendered":"<p><a href=\"https:\/\/preinscripcio.gencat.cat\/ca\/estudis\/fp-grau-mitja\/inici\/\" target=\"_blank\" rel=\"noopener\">PREINSCRIPCI\u00d3 CICLES FORMATIUS GRAU MITJ\u00c0 CURS 26-27<\/a><br \/>\nOFERTA DE PLACES CICLES FORMATIUS GRAU MITJ\u00c0:<br \/>\n\u21d2DATES CLAU<br \/>\n<a href=\"https:\/\/preinscripcio.gencat.cat\/ca\/estudis\/fp-grau-mitja\/inici\/\" target=\"_blank\" rel=\"noopener\">PRESENTACI\u00d3 DE SOL\u00b7LICITUDS: d<\/a>el 26 de maig a l&#8217;1 de juny de 2026<\/p>\n<ul>\n<li>\nPRESENTACI\u00d3 DE DOCUMENTACI\u00d3: del 26 de maig al 2 de juny de 2026\n<\/li>\n<li>\nLLISTA DE&hellip;  <a href=\"https:\/\/agora.xtec.cat\/iessantaeugenia\/secretaria\/preinscripcions\/preinscripcio-cicles-formatius\/\" title=\"Read Preinscripci\u00f3 i matr\u00edcula Cicles Formatius Grau Mitj\u00e0 (CFGM)\">Llegeix m\u00e9s\u00bb<\/a><\/p>\n","protected":false},"author":1,"featured_media":0,"parent":650,"menu_order":0,"comment_status":"closed","ping_status":"closed","template":"page-templates\/side-menu.php","meta":{"_bbp_topic_count":0,"_bbp_reply_count":0,"_bbp_total_topic_count":0,"_bbp_total_reply_count":0,"_bbp_voice_count":0,"_bbp_anonymous_reply_count":0,"_bbp_topic_count_hidden":0,"_bbp_reply_count_hidden":0,"_bbp_forum_subforum_count":0,"footnotes":""},"class_list":["post-920","page","type-page","status-publish","hentry"],"post_mailing_queue_ids":[],"_links":{"self":[{"href":"https:\/\/agora.xtec.cat\/iessantaeugenia\/wp-json\/wp\/v2\/pages\/920","targetHints":{"allow":["GET"]}}],"collection":[{"href":"https:\/\/agora.xtec.cat\/iessantaeugenia\/wp-json\/wp\/v2\/pages"}],"about":[{"href":"https:\/\/agora.xtec.cat\/iessantaeugenia\/wp-json\/wp\/v2\/types\/page"}],"author":[{"embeddable":true,"href":"https:\/\/agora.xtec.cat\/iessantaeugenia\/wp-json\/wp\/v2\/users\/1"}],"replies":[{"embeddable":true,"href":"https:\/\/agora.xtec.cat\/iessantaeugenia\/wp-json\/wp\/v2\/comments?post=920"}],"version-history":[{"count":7,"href":"https:\/\/agora.xtec.cat\/iessantaeugenia\/wp-json\/wp\/v2\/pages\/920\/revisions"}],"predecessor-version":[{"id":14022,"href":"https:\/\/agora.xtec.cat\/iessantaeugenia\/wp-json\/wp\/v2\/pages\/920\/revisions\/14022"}],"up":[{"embeddable":true,"href":"https:\/\/agora.xtec.cat\/iessantaeugenia\/wp-json\/wp\/v2\/pages\/650"}],"wp:attachment":[{"href":"https:\/\/agora.xtec.cat\/iessantaeugenia\/wp-json\/wp\/v2\/media?parent=920"}],"curies":[{"name":"wp","href":"https:\/\/api.w.org\/{rel}","templated":true}]}}