{"id":908,"date":"2020-06-12T16:44:34","date_gmt":"2020-06-12T14:44:34","guid":{"rendered":"http:\/\/agora.xtec.cat\/iessantaeugenia\/?page_id=908"},"modified":"2026-03-26T11:11:23","modified_gmt":"2026-03-26T10:11:23","slug":"preinscripcio-batxillerat","status":"publish","type":"page","link":"https:\/\/agora.xtec.cat\/iessantaeugenia\/secretaria\/preinscripcions\/preinscripcio-batxillerat\/","title":{"rendered":"Preinscripci\u00f3 i matr\u00edcula Batxillerat"},"content":{"rendered":"<h1 style=\"text-align: center;\"><span style=\"color: #800000;\"><a style=\"color: #800000;\" href=\"https:\/\/preinscripcio.gencat.cat\/ca\/estudis\/batxillerat\/inici\/\"><strong><span style=\"text-decoration: underline;\">RESUM\u00a0 PREINSCRIPCI\u00d3 BATXILLERAT CURS 26-27<\/span><\/strong><\/a><\/span><\/h1>\n<h5><span style=\"color: #000000;\"><strong>OFERTA DE PLACES<\/strong> BATXILLERAT<\/span><\/h5>\n<h5>\u21d2<span style=\"color: #333333;\">DATES CLAU<\/span><\/h5>\n<ul>\n<li>\n<h5><span style=\"color: #800000;\"><b><a style=\"color: #800000;\" href=\"https:\/\/preinscripcio.gencat.cat\/ca\/estudis\/batxillerat\/preinscriute\/sollicitud\/\">PRESENTACI\u00d3 DE SOL\u00b7LICITUDS<\/a>: <\/b><b>del 9 al 16 d&#8217;abril de 2026<\/b><\/span><\/h5>\n<\/li>\n<li aria-level=\"1\">\n<h5><span style=\"color: #000000;\"><b>PRESENTACI\u00d3 DE DOCUMENTACI\u00d3:<\/b>\u00a0fins al 17 d&#8217;abril de 2026<\/span><\/h5>\n<\/li>\n<li aria-level=\"1\">\n<h5><span style=\"color: #800000;\"><b>LLISTA DE SOL\u00b7LICITUDS AMB LA PUNTUACI\u00d3 PROVISIONAL: <\/b>14 de maig de 2026<\/span><\/h5>\n<\/li>\n<li aria-level=\"1\">\n<h5><span style=\"color: #800000;\"><b>PRESENTACI\u00d3 DE RECLAMACIONS: <\/b>Del 14 al 20 de maig de 2026\u00a0<\/span><\/h5>\n<\/li>\n<li aria-level=\"1\">\n<h5><b>LLISTA DE SOL\u00b7LICITUDS AMB LA PUNTUACI\u00d3 UN COP RESOLTES LES RECLAMACIONS: <\/b><span style=\"color: #000000;\">26 de maig de 2026<\/span><\/h5>\n<\/li>\n<li aria-level=\"1\">\n<h5><b>SORTEIG PER RESOLDRE LES SOL\u00b7LICITUDS DE PREINSCRIPCI\u00d3 EMPATADES EN PUNTS: <\/b><span style=\"color: #000000;\">26 de maig de 2026<\/span><\/h5>\n<\/li>\n<li aria-level=\"1\">\n<h5><span style=\"color: #000000;\"><b>LLISTA ORDENADA: <\/b>29 de maig de 2026<\/span><\/h5>\n<\/li>\n<li aria-level=\"1\">\n<h5><strong>OFERTA FINAL DE PLACES ESCOLARS: <\/strong><span style=\"color: #000000;\">17 de juny de 2026<\/span><\/h5>\n<\/li>\n<li aria-level=\"1\">\n<h5><span style=\"color: #800000;\"><b>LLISTA D\u2019ALUMNES ADMESOS I LLISTA D\u2019ESPERA:<\/b>\u00a017 de juny de 2026<\/span><\/h5>\n<\/li>\n<\/ul>\n<h5><b>Per confirmar la pla\u00e7a obtinguda en el proc\u00e9s de preinscripci\u00f3 cal realitzar la matr\u00edcula<\/b><\/h5>\n<ul>\n<li>\n<h5><span style=\"color: #800000;\"><b>MATRICULACI\u00d3:<\/b>\u00a0del 18 al 30 de juny de 2026<\/span><\/h5>\n<\/li>\n<\/ul>\n<h5><\/h5>\n<p><span style=\"color: #ff0000;\">\u21d2<span style=\"color: #99ccff;\"><span style=\"color: #3366ff;\"> <a style=\"color: #3366ff; text-decoration: underline;\" href=\"https:\/\/preinscripcio.gencat.cat\/ca\/estudis\/batxillerat\/informat\/calendari\/\" target=\"_blank\" rel=\"noopener\">CALENDARI <\/a>\u00a0<\/span>\u00a0\u00a0<\/span><\/span><span style=\"color: #ff0000;\">\u21d2<span style=\"color: #99ccff;\"><span style=\"color: #3366ff;\"> <a style=\"color: #3366ff; text-decoration: underline;\" href=\"https:\/\/preinscripcio.gencat.cat\/ca\/estudis\/batxillerat\/informat\/criteris-assignacio\/\">CRITERIS D&#8217;ASSIGNACI\u00d3 <\/a><\/span>\u00a0\u00a0<\/span><\/span><span style=\"color: #ff0000;\">\u21d2<span style=\"color: #3366ff;\"> <a style=\"color: #3366ff; text-decoration: underline;\" href=\"https:\/\/preinscripcio.gencat.cat\/ca\/estudis\/batxillerat\/informat\/prepara-documentacio\/\">DOCUMENTACI\u00d3<\/a><\/span><\/span><\/p>\n<ul>\n<li style=\"text-align: left;\"><span style=\"color: #0000ff;\"><span style=\"text-decoration: underline;\">Llista de sol\u00b7licituds que han demanat el centre i l&#8217;ensenyament en primera petici\u00f3 amb la puntuaci\u00f3 provisional a 14\/05\/2026<\/span><\/span><\/li>\n<li style=\"text-align: left;\"><span style=\"color: #0000ff;\"><span style=\"text-decoration: underline;\">Llista de sol\u00b7licituds que han demanat el centre i l&#8217;ensenyament en primera<\/span> <span style=\"text-decoration: underline;\">petici\u00f3 amb la puntuaci\u00f3 resoltes les reclamacions a 26\/05\/2026<\/span><\/span><\/li>\n<li style=\"text-align: left;\"><span style=\"color: #0000ff;\"><span style=\"text-decoration: underline;\">Llista ordenada a 29\/05\/2026<\/span><\/span><\/li>\n<\/ul>\n<p>&nbsp;<\/p>\n<h3 style=\"text-align: center;\"><\/h3>\n<p>&nbsp;<\/p>\n<p>&nbsp;<\/p>\n<p>&nbsp;<\/p>\n<p>&nbsp;<\/p>\n<h5 style=\"text-align: left;\"><\/h5>\n<p>&nbsp;<\/p>\n<p>&nbsp;<\/p>\n<h4 style=\"text-align: center;\"><\/h4>\n<p>&nbsp;<\/p>\n<p>&nbsp;<\/p>\n<p>&nbsp;<\/p>\n<p>&nbsp;<\/p>\n<p>&nbsp;<\/p>\n","protected":false},"excerpt":{"rendered":"<p><a style=\"color: #800000;\" href=\"https:\/\/preinscripcio.gencat.cat\/ca\/estudis\/batxillerat\/inici\/\">RESUM\u00a0 PREINSCRIPCI\u00d3 BATXILLERAT CURS 26-27<\/a><br \/>\nOFERTA DE PLACES BATXILLERAT<br \/>\n\u21d2DATES CLAU<\/p>\n<ul>\n<li>\n<a style=\"color: #800000;\" href=\"https:\/\/preinscripcio.gencat.cat\/ca\/estudis\/batxillerat\/preinscriute\/sollicitud\/\">PRESENTACI\u00d3 DE SOL\u00b7LICITUDS<\/a>: del 9 al 16 d&#8217;abril de 2026\n<\/li>\n<li aria-level=\"1\">\nPRESENTACI\u00d3 DE DOCUMENTACI\u00d3:\u00a0fins al 17 d&#8217;abril de 2026\n<\/li>\n<li aria-level=\"1\">\nLLISTA DE SOL\u00b7LICITUDS AMB LA PUNTUACI\u00d3 PROVISIONAL: 14 de maig de 2026\n<\/li>\n<li aria-level=\"1\">\nPRESENTACI\u00d3&hellip;  <a href=\"https:\/\/agora.xtec.cat\/iessantaeugenia\/secretaria\/preinscripcions\/preinscripcio-batxillerat\/\" title=\"Read Preinscripci\u00f3 i matr\u00edcula Batxillerat\">Llegeix m\u00e9s\u00bb<\/a><\/p>\n","protected":false},"author":1,"featured_media":0,"parent":650,"menu_order":0,"comment_status":"closed","ping_status":"closed","template":"page-templates\/side-menu.php","meta":{"_bbp_topic_count":0,"_bbp_reply_count":0,"_bbp_total_topic_count":0,"_bbp_total_reply_count":0,"_bbp_voice_count":0,"_bbp_anonymous_reply_count":0,"_bbp_topic_count_hidden":0,"_bbp_reply_count_hidden":0,"_bbp_forum_subforum_count":0,"footnotes":""},"class_list":["post-908","page","type-page","status-publish","hentry"],"post_mailing_queue_ids":[],"_links":{"self":[{"href":"https:\/\/agora.xtec.cat\/iessantaeugenia\/wp-json\/wp\/v2\/pages\/908","targetHints":{"allow":["GET"]}}],"collection":[{"href":"https:\/\/agora.xtec.cat\/iessantaeugenia\/wp-json\/wp\/v2\/pages"}],"about":[{"href":"https:\/\/agora.xtec.cat\/iessantaeugenia\/wp-json\/wp\/v2\/types\/page"}],"author":[{"embeddable":true,"href":"https:\/\/agora.xtec.cat\/iessantaeugenia\/wp-json\/wp\/v2\/users\/1"}],"replies":[{"embeddable":true,"href":"https:\/\/agora.xtec.cat\/iessantaeugenia\/wp-json\/wp\/v2\/comments?post=908"}],"version-history":[{"count":7,"href":"https:\/\/agora.xtec.cat\/iessantaeugenia\/wp-json\/wp\/v2\/pages\/908\/revisions"}],"predecessor-version":[{"id":13960,"href":"https:\/\/agora.xtec.cat\/iessantaeugenia\/wp-json\/wp\/v2\/pages\/908\/revisions\/13960"}],"up":[{"embeddable":true,"href":"https:\/\/agora.xtec.cat\/iessantaeugenia\/wp-json\/wp\/v2\/pages\/650"}],"wp:attachment":[{"href":"https:\/\/agora.xtec.cat\/iessantaeugenia\/wp-json\/wp\/v2\/media?parent=908"}],"curies":[{"name":"wp","href":"https:\/\/api.w.org\/{rel}","templated":true}]}}