{"id":905,"date":"2020-06-12T16:43:49","date_gmt":"2020-06-12T14:43:49","guid":{"rendered":"http:\/\/agora.xtec.cat\/iessantaeugenia\/?page_id=905"},"modified":"2026-04-23T12:36:44","modified_gmt":"2026-04-23T10:36:44","slug":"preinscripcio-e-s-o","status":"publish","type":"page","link":"https:\/\/agora.xtec.cat\/iessantaeugenia\/secretaria\/preinscripcions\/preinscripcio-e-s-o\/","title":{"rendered":"Preinscripci\u00f3 i matr\u00edcula ESO"},"content":{"rendered":"<h1 style=\"text-align: center;\"><a href=\"https:\/\/preinscripcio.gencat.cat\/ca\/estudis\/eso\/inici\/\"><strong><span style=\"text-decoration: underline; color: #000080;\">RESUM PREINSCRIPCI\u00d3 ESO CURS 26-27<\/span><\/strong><\/a><\/h1>\n<h6 style=\"text-align: center;\"><a href=\"https:\/\/drive.google.com\/file\/d\/1y0LnDEsXKWAuUg1Zi3RFl9EGe3zcqhfg\/view?usp=sharing\"><strong><span style=\"text-decoration: underline;\"><span style=\"color: #808080; text-decoration: underline;\">OFERTA DE PLACES ESO<\/span><\/span><\/strong><\/a><\/h6>\n<h5><span style=\"color: #000000;\">\u21d2DATES CLAU<\/span><\/h5>\n<ul>\n<li>\n<h6><span style=\"color: #808080;\"><b><a style=\"color: #808080;\" href=\"https:\/\/preinscripcio.gencat.cat\/ca\/estudis\/eso\/preinscriute\/sollicitud\/\"><span style=\"text-decoration: underline;\">PRESENTACI\u00d3 DE SOL\u00b7LICITUDS<\/span><\/a>:<\/b><b>del 6 al 18 de mar\u00e7,\u00a0 <\/b>fora de termini del 23 de mar\u00e7 al 20 d&#8217;abril<\/span><\/h6>\n<\/li>\n<li style=\"font-weight: 400;\" aria-level=\"1\">\n<h4><a href=\"https:\/\/drive.google.com\/file\/d\/1TnYoTf5MsxETyJoE9vOJmhS6_IFgXLb6\/view?usp=sharing\"><span style=\"color: #ff0000;\"><b><span style=\"text-decoration: underline;\">LLISTA DE SOL\u00b7LICITUDS AMB PUNTUACI\u00d3 PROVISIONAL<\/span> <\/b><\/span><\/a><span style=\"color: #000000;\"><b>15 ABRIL<\/b><\/span><\/h4>\n<\/li>\n<li style=\"font-weight: 400;\" aria-level=\"1\">\n<h2><span style=\"color: #ff0000;\"><b><span style=\"text-decoration: underline;\"><a style=\"color: #ff0000; text-decoration: underline;\" href=\"https:\/\/preinscripcio.gencat.cat\/ca\/estudis\/eso\/preinscriute\/seguiment-sollicitud\/llista-sollicituds-puntuacio\/\"><img loading=\"lazy\" decoding=\"async\" class=\"\" src=\"https:\/\/cdn.pixabay.com\/animation\/2023\/02\/02\/16\/05\/16-05-58-272_512.gif\" alt=\"Flecha, Parpadea, Punto, Vistoso, Azul\" width=\"56\" height=\"32\" \/>PRESENTACI\u00d3 DE RECLAMACIONS<\/a><\/span>:<\/b> <b>del 15 al 20 d\u2019abril<\/b><\/span><\/h2>\n<\/li>\n<li style=\"font-weight: 400;\" aria-level=\"1\"><a href=\"https:\/\/drive.google.com\/file\/d\/1hPKJjS0-ImgS2EaDZknVgvf38AC7a4Gp\/view\" target=\"_blank\" rel=\"noopener\"><b>Llista de sol\u00b7licituds amb la puntuaci\u00f3 un cop resoltes les reclamacions: <span style=\"color: #ff0000;\">23<\/span><\/b><span style=\"color: #ff0000;\"><b> d&#8217;abril<\/b><\/span><\/a><\/li>\n<li style=\"font-weight: 400;\" aria-level=\"1\"><b>Sorteig per resoldre les sol\u00b7licituds de preinscripci\u00f3 empatades en punts: <span style=\"color: #ff0000;\">28 d&#8217;abril<\/span><\/b><\/li>\n<li style=\"font-weight: 400;\" aria-level=\"1\"><b>Llista ordenada: <span style=\"color: #ff0000;\">2<\/span><\/b><span style=\"color: #ff0000;\"><b>9 de maig<\/b><\/span><\/li>\n<li style=\"font-weight: 400;\" aria-level=\"1\"><b>Ampliaci\u00f3 de peticions de preinscripci\u00f3 per a alumnes sense pla\u00e7a assignada a cap centre: <span style=\"color: #ff0000;\">del 1 al 3 de juny<\/span><\/b><\/li>\n<li style=\"font-weight: 400;\" aria-level=\"1\"><b>Oferta final de places escolars: <span style=\"color: #ff0000;\">10 de juny<\/span><\/b><\/li>\n<li style=\"font-weight: 400;\" aria-level=\"1\"><b>LLISTA D&#8217;ALUMNES ADMESOS I LLISTA D&#8217;ESPERA:<\/b> <span style=\"color: #ff0000;\"><strong>10<\/strong><b>\u00a0de juny<\/b><\/span><\/li>\n<\/ul>\n<p><span style=\"color: #ff0000;\"><b>Per confirmar la pla\u00e7a obtinguda en el proc\u00e9s de preinscripci\u00f3 cal realitzar la matr\u00edcula<\/b><\/span><\/p>\n<ul>\n<li><b>MATRICULACI\u00d3:<\/b> <span style=\"color: #ff0000;\"><b>del 22 al 30 de juny\u00a0<\/b><\/span><\/li>\n<\/ul>\n<p>&#8230;&#8230;&#8230;&#8230;&#8230;&#8230;&#8230;&#8230;&#8230;&#8230;&#8230;&#8230;&#8230;&#8230;&#8230;&#8230;&#8230;&#8230;&#8230;&#8230;&#8230;&#8230;&#8230;&#8230;&#8230;&#8230;&#8230;&#8230;&#8230;&#8230;&#8230;&#8230;&#8230;&#8230;&#8230;&#8230;&#8230;&#8230;&#8230;&#8230;&#8230;&#8230;&#8230;&#8230;&#8230;&#8230;&#8230;&#8230;&#8230;&#8230;&#8230;&#8230;&#8230;&#8230;&#8230;&#8230;&#8230;&#8230;&#8230;&#8230;&#8230;&#8230;&#8230;&#8230;&#8230;&#8230;&#8230;&#8230;&#8230;&#8230;&#8230;&#8230;&#8230;&#8230;&#8230;&#8230;&#8230;&#8230;&#8230;&#8230;&#8230;&#8230;&#8230;&#8230;&#8230;&#8230;&#8230;&#8230;&#8230;&#8230;&#8230;&#8230;&#8230;&#8230;&#8230;&#8230;&#8230;&#8230;&#8230;&#8230;&#8230;&#8230;<\/p>\n<h6><\/h6>\n<h6 style=\"text-align: right;\"><span style=\"color: #ff0000;\"><strong>*<\/strong> En aquest apartat s&#8217;aniran publicant les llistes del proc\u00e9s<\/span><\/h6>\n<p>&nbsp;<\/p>\n<h4 style=\"text-align: center;\"><strong style=\"color: #000000; font-size: 1.6875em; text-align: center;\">MA<\/strong><strong style=\"color: #000000; font-size: 1.6875em; text-align: center;\">TRICULACI\u00d3:\u00a0<\/strong><\/h4>\n<ul>\n<li>\n<h5><span style=\"font-family: inherit; font-size: 1em;\">Descarregueu, ompliu,\u00a0 imprimiu i signeu els\u00a0 \u00a0<\/span><span style=\"text-decoration: underline;\"><span style=\"color: #ff0000; text-decoration: underline;\"><strong style=\"font-family: inherit; font-size: 1em;\">IMPRESOS DE MATR\u00cdCULA<\/strong><\/span><\/span><span style=\"color: #ff0000;\"><span style=\"color: #000000;\">\u00a0 \u00a0<em>(els fulls en blanc s\u00f3n perqu\u00e8 algunes parts del document\u00a0 no s\u00f3n a doble cara, <\/em>tamb\u00e9 podeu passar a recollir-los per consergeria) <\/span><\/span><span style=\"font-family: inherit; font-size: 1em;\">i els lliureu emplenats en el moment de la matr\u00edcula reservant <\/span><span style=\"text-decoration: underline;\"><span style=\"color: #ff0000; text-decoration: underline;\"><strong style=\"font-family: inherit; font-size: 1em;\">CITA PR\u00c8VIA<\/strong><\/span><\/span><\/h5>\n<\/li>\n<\/ul>\n<p style=\"text-align: center;\"><span style=\"color: #ff0000;\"><strong>CURS 25-26<\/strong><\/span><\/p>\n<ul>\n<li>\n<h5><span style=\"color: #000000;\">Descarregueu\u00a0 <strong><span style=\"text-decoration: underline;\"><span style=\"font-family: inherit; font-size: 1em;\">Full de pagament 1r ESO<\/span><\/span><\/strong><strong><span style=\"font-family: inherit; font-size: 1em;\">\u00a0 o\u00a0 <\/span><\/strong><strong><span style=\"text-decoration: underline;\"><span style=\"font-family: inherit; font-size: 1em;\">Full de pagament 2n ESO<\/span><\/span><\/strong><strong><span style=\"font-family: inherit; font-size: 1em;\"> \u00a0o \u00a0<\/span><\/strong><strong><span style=\"text-decoration: underline;\"><span style=\"font-family: inherit; font-size: 1em;\">Full de pagament 3r ESO<\/span><\/span><\/strong><strong><span style=\"font-family: inherit; font-size: 1em;\">\u00a0 segons el curs a qu\u00e8 us matriculeu<\/span><\/strong><\/span><\/h5>\n<h5><span style=\"color: #000000;\"><span style=\"font-family: inherit; font-size: 1em;\">(tamb\u00e9 el podeu demanar a consergeria)<\/span><span style=\"font-family: inherit; font-size: 1em;\">\u00a0 porteu els justificants de pagament\u00a0 en el moment de la matr\u00edcula.<\/span><\/span><\/h5>\n<\/li>\n<\/ul>\n<p style=\"text-align: center;\"><span style=\"color: #000000;\"><b>ATENCI\u00d3 ALUMNES BECATS\u00a0 EN EL CURS 25-26 CONSULTEU AMB SECRETARIA ABANS DE FER CAP PAGAMENT\u00a0<\/b><\/span><\/p>\n<p>&nbsp;<\/p>\n<ul>\n<li>\n<h5><span style=\"font-family: inherit; font-size: 1em;\">CAL PRESENTAR a part dels impresos de matr\u00edcula i el rebut de pagament,\u00a0 \u00a0fotoc\u00f2pia i original dels seg\u00fcents documents:<\/span><\/h5>\n<\/li>\n<\/ul>\n<p><strong style=\"font-family: inherit; font-size: 1em;\">DNI ALUMNE\/A<\/strong><\/p>\n<p><strong>DNI PARE o MARE o TUTOR\/A LEGAL<\/strong><\/p>\n<p><strong>LLIBRE DE FAM\u00cdLIA O CERTIFICAT DE NAIXEMENT<\/strong><\/p>\n<p><strong>TARGETA SANIT\u00c0RIA INDIVIDUAL DE\u00a0 L&#8217;ALUMNE\/A<\/strong><\/p>\n<p><strong>LLIBRE DE VACUNES DE L&#8217;ALUMNE\/A<\/strong><\/p>\n<p>&#8230;&#8230;&#8230;&#8230;&#8230;&#8230;&#8230;&#8230;&#8230;&#8230;&#8230;&#8230;&#8230;&#8230;&#8230;&#8230;&#8230;&#8230;&#8230;&#8230;&#8230;&#8230;&#8230;&#8230;&#8230;&#8230;&#8230;&#8230;&#8230;&#8230;&#8230;&#8230;&#8230;&#8230;&#8230;&#8230;&#8230;&#8230;&#8230;&#8230;&#8230;&#8230;&#8230;&#8230;&#8230;&#8230;&#8230;&#8230;&#8230;&#8230;&#8230;&#8230;&#8230;&#8230;&#8230;&#8230;&#8230;&#8230;&#8230;&#8230;&#8230;&#8230;&#8230;&#8230;&#8230;&#8230;&#8230;&#8230;&#8230;&#8230;&#8230;&#8230;&#8230;&#8230;&#8230;&#8230;&#8230;&#8230;&#8230;&#8230;&#8230;&#8230;&#8230;&#8230;&#8230;&#8230;&#8230;&#8230;&#8230;&#8230;&#8230;&#8230;&#8230;&#8230;&#8230;&#8230;&#8230;&#8230;&#8230;&#8230;&#8230;&#8230;<\/p>\n<h5><span style=\"text-decoration: underline;\">AMPLIACI\u00d3 DE LES INFORMACIONS PER APARTATS<\/span><\/h5>\n<h5><span style=\"color: #ff0000;\">\u21d2<span style=\"text-decoration: underline;\"> <a style=\"color: #ff0000; text-decoration: underline;\" href=\"https:\/\/preinscripcio.gencat.cat\/ca\/estudis\/eso\/informat\/calendari\/\" target=\"_blank\" rel=\"noopener\">CALENDARI<\/a><\/span><\/span><\/h5>\n<h5><span style=\"color: #ff0000;\">\u21d2 <span style=\"text-decoration: underline;\"><a style=\"color: #ff0000; text-decoration: underline;\" href=\"https:\/\/preinscripcio.gencat.cat\/ca\/estudis\/eso\/informat\/criteris-assignacio\/\" target=\"_blank\" rel=\"noopener\">CRITERIS DE SELECCI\u00d3<\/a><\/span><\/span><\/h5>\n<h5><span style=\"color: #ff0000;\">\u21d2 <span style=\"text-decoration: underline;\"><a style=\"color: #ff0000; text-decoration: underline;\" href=\"https:\/\/preinscripcio.gencat.cat\/ca\/estudis\/eso\/informat\/prepara-documentacio\/\" target=\"_blank\" rel=\"noopener\">DOCUMENTACI\u00d3<\/a><\/span><\/span><\/h5>\n<h5><span style=\"color: #ff0000;\">\u21d2<\/span> <span style=\"color: #ff0000;\">ALTRES INFORMACIONS D&#8217;INTER\u00c8S<\/span><\/h5>\n<ul>\n<li style=\"list-style-type: none;\">\n<ul>\n<li><span style=\"text-decoration: underline;\"><a href=\"https:\/\/preinscripcio.gencat.cat\/ca\/estudis\/eso\/inici\/\" target=\"_blank\" rel=\"noopener\">DEPARTAMENT D&#8217;EDUCACI\u00d3<\/a><\/span><\/li>\n<li><a href=\"https:\/\/umat.girona.cat\/vu\/mapa\/escoles\/\"><span style=\"text-decoration: underline;\">MAPA INTERACTIU DE ZONES ESCOLARS DE L&#8217;AJUNTAMENT DE GIRONA<\/span><\/a><\/li>\n<li><span style=\"text-decoration: underline;\">\u00a0ADSCRIPCIONS DE CENTRES P\u00daBLICS D&#8217;INFANTIL I PRIM\u00c0RIA AMB ELS CENTRES DE SECUND\u00c0RIA<\/span><a href=\"https:\/\/drive.google.com\/file\/d\/1k5eklRQ_zTXrlrbavw1ZScQ__VfRxJUn\/view?usp=share_link\">\u00a0 \u00a0 \u00a0 \u00a0 \u00a0<\/a><span style=\"text-decoration: underline;\">ADSCRIPCIONS PER CENTRES DE SECUND\u00c0RIA AMB CODIS <\/span><a href=\"https:\/\/drive.google.com\/file\/d\/10Q2Z8HhDxWvmhj_eDbMrBgrNGo0WyBHZ\/view?usp=share_link\">\u00a0<\/a><\/li>\n<\/ul>\n<\/li>\n<\/ul>\n<p>&nbsp;<\/p>\n<h5 style=\"text-align: center;\"><span style=\"text-decoration: underline;\">RESUM DEL PROC\u00c9S<\/span><\/h5>\n<h5 style=\"text-align: center;\"><span style=\"color: #ff0000;\"><strong><span style=\"text-decoration: underline;\">INSTRUCCIONS DETALLADES DEL PROC\u00c9S<\/span><\/strong><\/span><\/h5>\n<p>&nbsp;<\/p>\n<ul style=\"list-style-type: square;\">\n<li>\n<h5><strong><span style=\"color: #000000;\"><span style=\"text-decoration: underline;\">Llista de sol\u00b7licituds de petici\u00f3 del centre en primera opci\u00f3 <\/span><span style=\"text-decoration: underline;\">\u00a0amb puntuaci\u00f3 provisional\u00a0 15\/04\/2026<\/span><\/span><\/strong><\/h5>\n<\/li>\n<li>\n<h5><strong><span style=\"color: #000000;\"><span style=\"text-decoration: underline;\">Llista de sol\u00b7licituds de petici\u00f3 de centre en primera opci\u00f3 un cop resoltes les reclamacions 23\/4\/2026<\/span><\/span><\/strong><\/h5>\n<\/li>\n<li>\n<h5><strong><span style=\"color: #000000;\"><span style=\"text-decoration: underline;\">Llista de sol\u00b7licituds que han demanat el centre i l&#8217;ensenyament en primera petici\u00f3 ordenada <\/span><span style=\"text-decoration: underline;\">\u00a029\/05\/2026<\/span><\/span><\/strong><\/h5>\n<\/li>\n<li>\n<h5><a href=\"https:\/\/drive.google.com\/file\/d\/1DSXx1BS-ZiOLDKRRXQ0Vy-5e3DbpKm87\/view?usp=sharing\"><strong><span style=\"color: #000000;\"><span style=\"text-decoration: underline;\">Llista Alumnes assignats al centre amb indicaci\u00f3 de la primera petici\u00f3 a 10\/06\/2025<\/span><\/span><\/strong><\/a><\/h5>\n<\/li>\n<li>\n<h5><a href=\"https:\/\/drive.google.com\/file\/d\/1E82ovR-PD5UCnzBEfSotF8gi_uhjPH2l\/view?usp=sharing\"><strong><span style=\"color: #000000;\"><span style=\"text-decoration: underline;\">Llista d&#8217;espera del centre a 10\/06\/2025\u00a0<\/span><\/span><\/strong><\/a><\/h5>\n<\/li>\n<li>\n<h4 style=\"text-align: center;\"><\/h4>\n<\/li>\n<\/ul>\n<p>&#8230;&#8230;&#8230;&#8230;&#8230;&#8230;&#8230;&#8230;&#8230;&#8230;&#8230;&#8230;&#8230;&#8230;&#8230;&#8230;&#8230;&#8230;&#8230;&#8230;&#8230;&#8230;&#8230;&#8230;&#8230;&#8230;&#8230;&#8230;&#8230;&#8230;&#8230;&#8230;&#8230;&#8230;&#8230;&#8230;&#8230;&#8230;&#8230;&#8230;&#8230;&#8230;&#8230;&#8230;&#8230;&#8230;&#8230;<\/p>\n<h5 style=\"text-align: center;\"><a href=\"https:\/\/preinscripcio.gencat.cat\/ca\/estudis\/eso\/inici\/\">DEPARTAMENT D&#8217;EDUCACI\u00d3 (PREINSCRIPCI\u00d3 CURS 2026-2027)<\/a><\/h5>\n<h5 style=\"text-align: center;\"><a href=\"https:\/\/preinscripcio.gencat.cat\/ca\/estudis\/eso\/ajuda\/normativa\/\">NORMATIVA DE LA PREINSCRIPCI\u00d3<\/a><\/h5>\n<h5><\/h5>\n<h5><\/h5>\n","protected":false},"excerpt":{"rendered":"<p><a href=\"https:\/\/preinscripcio.gencat.cat\/ca\/estudis\/eso\/inici\/\">RESUM PREINSCRIPCI\u00d3 ESO CURS 26-27<\/a><br \/>\n<a href=\"https:\/\/drive.google.com\/file\/d\/1y0LnDEsXKWAuUg1Zi3RFl9EGe3zcqhfg\/view?usp=sharing\">OFERTA DE PLACES ESO<\/a><br \/>\n\u21d2DATES CLAU<\/p>\n<ul>\n<li>\n<a style=\"color: #808080;\" href=\"https:\/\/preinscripcio.gencat.cat\/ca\/estudis\/eso\/preinscriute\/sollicitud\/\">PRESENTACI\u00d3 DE SOL\u00b7LICITUDS<\/a>:del 6 al 18 de mar\u00e7,\u00a0 fora de termini del 23 de mar\u00e7 al 20 d&#8217;abril\n<\/li>\n<li style=\"font-weight: 400;\" aria-level=\"1\">\n<a href=\"https:\/\/drive.google.com\/file\/d\/1TnYoTf5MsxETyJoE9vOJmhS6_IFgXLb6\/view?usp=sharing\">LLISTA DE SOL\u00b7LICITUDS AMB PUNTUACI\u00d3 PROVISIONAL <\/a>15 ABRIL\n<\/li>\n<li style=\"font-weight: 400;\" aria-level=\"1\">\n<a&hellip;  <a href=\"https:\/\/agora.xtec.cat\/iessantaeugenia\/secretaria\/preinscripcions\/preinscripcio-e-s-o\/\" title=\"Read Preinscripci\u00f3 i matr\u00edcula ESO\">Llegeix m\u00e9s\u00bb<\/a><\/p>\n","protected":false},"author":1,"featured_media":0,"parent":650,"menu_order":0,"comment_status":"closed","ping_status":"closed","template":"page-templates\/side-menu.php","meta":{"_bbp_topic_count":0,"_bbp_reply_count":0,"_bbp_total_topic_count":0,"_bbp_total_reply_count":0,"_bbp_voice_count":0,"_bbp_anonymous_reply_count":0,"_bbp_topic_count_hidden":0,"_bbp_reply_count_hidden":0,"_bbp_forum_subforum_count":0,"footnotes":""},"class_list":["post-905","page","type-page","status-publish","hentry"],"post_mailing_queue_ids":[],"_links":{"self":[{"href":"https:\/\/agora.xtec.cat\/iessantaeugenia\/wp-json\/wp\/v2\/pages\/905","targetHints":{"allow":["GET"]}}],"collection":[{"href":"https:\/\/agora.xtec.cat\/iessantaeugenia\/wp-json\/wp\/v2\/pages"}],"about":[{"href":"https:\/\/agora.xtec.cat\/iessantaeugenia\/wp-json\/wp\/v2\/types\/page"}],"author":[{"embeddable":true,"href":"https:\/\/agora.xtec.cat\/iessantaeugenia\/wp-json\/wp\/v2\/users\/1"}],"replies":[{"embeddable":true,"href":"https:\/\/agora.xtec.cat\/iessantaeugenia\/wp-json\/wp\/v2\/comments?post=905"}],"version-history":[{"count":7,"href":"https:\/\/agora.xtec.cat\/iessantaeugenia\/wp-json\/wp\/v2\/pages\/905\/revisions"}],"predecessor-version":[{"id":14082,"href":"https:\/\/agora.xtec.cat\/iessantaeugenia\/wp-json\/wp\/v2\/pages\/905\/revisions\/14082"}],"up":[{"embeddable":true,"href":"https:\/\/agora.xtec.cat\/iessantaeugenia\/wp-json\/wp\/v2\/pages\/650"}],"wp:attachment":[{"href":"https:\/\/agora.xtec.cat\/iessantaeugenia\/wp-json\/wp\/v2\/media?parent=905"}],"curies":[{"name":"wp","href":"https:\/\/api.w.org\/{rel}","templated":true}]}}