{"id":761,"date":"2020-06-10T14:31:02","date_gmt":"2020-06-10T12:31:02","guid":{"rendered":"http:\/\/agora.xtec.cat\/iessantaeugenia\/?page_id=761"},"modified":"2021-12-14T11:06:42","modified_gmt":"2021-12-14T10:06:42","slug":"matricula-semipresencial","status":"publish","type":"page","link":"https:\/\/agora.xtec.cat\/iessantaeugenia\/serveis\/matricula-semipresencial\/","title":{"rendered":"Matr\u00edcula semipresencial"},"content":{"rendered":"<p>La Formaci\u00f3 Professional Inicial preveu un conjunt de mesures flexibilitzadores per facilitar l&#8217;acc\u00e9s als cicles formatius de grau mitj\u00e0 i de grau superior a totes aquelles persones amb dificultats per cursar de forma presencial aquests estudis, i una d&#8217;aquestes mesures \u00e9s la matr\u00edcula semipresencial.<\/p>\n<div><strong>El proper curs l&#8217;institut Santa Eug\u00e8nia oferir\u00e0 aquesta modalitat de matr\u00edcula<\/strong><\/div>\n<div><\/div>\n<div><\/div>\n<p>Adre\u00e7at a totes aquelles persones que acreditin documentalment la incompatibilitat de l&#8217;horari lectiu amb:<\/p>\n<div><\/div>\n<ol style=\"list-style-type: lower-alpha;\">\n<li>El treball<\/li>\n<li>Tenir cura d&#8217;altres persones<\/li>\n<li>O qualsevol altra circumst\u00e0ncia excepcional que els impedeixi o dificulti d&#8217;assistir a la totalitat de les hores lectives.<\/li>\n<\/ol>\n<div><\/div>\n<h2>Condicions per al seu desenvolupament:<\/h2>\n<div><\/div>\n<ol>\n<li>Cal assistir presencialment almenys a la meitat de les hores previstes per al cr\u00e8dit o unitat formativa.<\/li>\n<li>Cal fer totes les activitats d&#8217;ensenyament &#8211; aprenentatge per al cr\u00e8dit o UF.<\/li>\n<\/ol>\n<p>Canvi de matr\u00edcula: per passar de la modalitat presencial a la no presencial, o a l&#8217;inrev\u00e9s, cal l&#8217;autoritzaci\u00f3 del director\/a del centre.<\/p>\n<div><\/div>\n<div>Per m\u00e9s informaci\u00f3: secretaria@isantaeugenia.cat<\/div>\n<h2><\/h2>\n<h2>Oferta de matr\u00edcula semipresencial<\/h2>\n<table>\n<tbody>\n<tr>\n<td><strong>Fam\u00edlia Professional<\/strong><\/td>\n<td><strong>Cicle Formatiu<\/strong><\/td>\n<td><strong>CFGM<\/strong><\/td>\n<td><strong>CFGS<\/strong><\/td>\n<\/tr>\n<tr>\n<td>Edificaci\u00f3 i obra civil<\/td>\n<td>Obres d&#8217;interior, decoraci\u00f3 i rehabilitaci\u00f3<\/td>\n<td>x<\/td>\n<td><\/td>\n<\/tr>\n<tr>\n<td>Edificaci\u00f3 i obra civil<\/td>\n<td>Projectes d&#8217;edificaci\u00f3<\/td>\n<td><\/td>\n<td>X<\/td>\n<\/tr>\n<tr>\n<td>Electricitat i electr\u00f2nica<\/td>\n<td>Instal\u00b7lacions electriques i autom\u00e0tiques<\/td>\n<td><\/td>\n<td><\/td>\n<\/tr>\n<tr>\n<td>Electricitat i electr\u00f2nica<\/td>\n<td>Sistemes electrot\u00e8cnics i automatitzats<\/td>\n<td><\/td>\n<td>X<\/td>\n<\/tr>\n<tr>\n<td>Fabricaci\u00f3 mec\u00e0nica<\/td>\n<td>Mecanitzaci\u00f3<\/td>\n<td>X<\/td>\n<td><\/td>\n<\/tr>\n<tr>\n<td>Formaci\u00f3 i orientaci\u00f3 laboral<\/td>\n<td>Prevenci\u00f3 de riscos laborals<\/td>\n<td><\/td>\n<td>X<\/td>\n<\/tr>\n<\/tbody>\n<\/table>\n","protected":false},"excerpt":{"rendered":"<p>La Formaci\u00f3 Professional Inicial preveu un conjunt de mesures flexibilitzadores per facilitar l&#8217;acc\u00e9s als cicles formatius de grau mitj\u00e0 i de grau superior a totes aquelles persones amb dificultats per cursar de forma presencial aquests estudis, i una d&#8217;aquestes mesures \u00e9s la matr\u00edcula semipresencial.<br \/>\nEl proper&hellip;  <a href=\"https:\/\/agora.xtec.cat\/iessantaeugenia\/serveis\/matricula-semipresencial\/\" title=\"Read Matr\u00edcula semipresencial\">Llegeix m\u00e9s\u00bb<\/a><\/p>\n","protected":false},"author":1,"featured_media":0,"parent":63,"menu_order":0,"comment_status":"closed","ping_status":"closed","template":"page-templates\/side-menu.php","meta":{"_bbp_topic_count":0,"_bbp_reply_count":0,"_bbp_total_topic_count":0,"_bbp_total_reply_count":0,"_bbp_voice_count":0,"_bbp_anonymous_reply_count":0,"_bbp_topic_count_hidden":0,"_bbp_reply_count_hidden":0,"_bbp_forum_subforum_count":0,"footnotes":""},"class_list":["post-761","page","type-page","status-publish","hentry"],"post_mailing_queue_ids":[],"_links":{"self":[{"href":"https:\/\/agora.xtec.cat\/iessantaeugenia\/wp-json\/wp\/v2\/pages\/761","targetHints":{"allow":["GET"]}}],"collection":[{"href":"https:\/\/agora.xtec.cat\/iessantaeugenia\/wp-json\/wp\/v2\/pages"}],"about":[{"href":"https:\/\/agora.xtec.cat\/iessantaeugenia\/wp-json\/wp\/v2\/types\/page"}],"author":[{"embeddable":true,"href":"https:\/\/agora.xtec.cat\/iessantaeugenia\/wp-json\/wp\/v2\/users\/1"}],"replies":[{"embeddable":true,"href":"https:\/\/agora.xtec.cat\/iessantaeugenia\/wp-json\/wp\/v2\/comments?post=761"}],"version-history":[{"count":4,"href":"https:\/\/agora.xtec.cat\/iessantaeugenia\/wp-json\/wp\/v2\/pages\/761\/revisions"}],"predecessor-version":[{"id":2295,"href":"https:\/\/agora.xtec.cat\/iessantaeugenia\/wp-json\/wp\/v2\/pages\/761\/revisions\/2295"}],"up":[{"embeddable":true,"href":"https:\/\/agora.xtec.cat\/iessantaeugenia\/wp-json\/wp\/v2\/pages\/63"}],"wp:attachment":[{"href":"https:\/\/agora.xtec.cat\/iessantaeugenia\/wp-json\/wp\/v2\/media?parent=761"}],"curies":[{"name":"wp","href":"https:\/\/api.w.org\/{rel}","templated":true}]}}