{"id":716,"date":"2020-06-10T13:52:43","date_gmt":"2020-06-10T11:52:43","guid":{"rendered":"http:\/\/agora.xtec.cat\/iessantaeugenia\/?page_id=716"},"modified":"2026-04-09T13:01:42","modified_gmt":"2026-04-09T11:01:42","slug":"comerc-i-marqueting","status":"publish","type":"page","link":"https:\/\/agora.xtec.cat\/iessantaeugenia\/cicles-formatius\/comerc-i-marqueting\/","title":{"rendered":"Comer\u00e7 i m\u00e0rqueting"},"content":{"rendered":"<p><!--no borrar mai!--><\/p>\n<ul class=\"blocgeneric\">\n<li><a href=\"https:\/\/triaeducativa.gencat.cat\/ca\/estudis\/?auxiliar-comerc-atencio-public&amp;p_id=2772\">PFI Auxiliar de Comer\u00e7 i Atenci\u00f3 al P\u00fablic<\/a><\/li>\n<li><a href=\"http:\/\/agora.xtec.cat\/iessantaeugenia\/estudis\/cicles-formatius\/comerc-i-marqueting\/cfgm-activitats-comercials\/\">CFGM Activitats Comercials<\/a><\/li>\n<li><a href=\"http:\/\/agora.xtec.cat\/iessantaeugenia\/estudis\/cicles-formatius\/comerc-i-marqueting\/cfgs-gestio-de-vendes-i-espais-comercials\/\">CFGS Gesti\u00f3 de Vendes i Espais Comercials<\/a><\/li>\n<li><a href=\"http:\/\/agora.xtec.cat\/iessantaeugenia\/estudis\/cicles-formatius\/comerc-i-marqueting\/cfgs-comerc-marqueting-i-publicitat\/\">CFGS M\u00e0rqueting i Publicitat<\/a><\/li>\n<\/ul>\n<h5><\/h5>\n<p><span style=\"color: #ffffff;\">.<\/span><\/p>\n<p><a href=\"https:\/\/agora.xtec.cat\/iessantaeugenia\/wp-content\/uploads\/usu1801\/2023\/04\/COMERC_MARQUETING_.jpg\"><img loading=\"lazy\" decoding=\"async\" class=\"alignnone wp-image-8682\" src=\"https:\/\/agora.xtec.cat\/iessantaeugenia\/wp-content\/uploads\/usu1801\/2023\/04\/COMERC_MARQUETING_-300x300.jpg\" alt=\"\" width=\"402\" height=\"402\" srcset=\"https:\/\/agora.xtec.cat\/iessantaeugenia\/wp-content\/uploads\/usu1801\/2023\/04\/COMERC_MARQUETING_-300x300.jpg 300w, https:\/\/agora.xtec.cat\/iessantaeugenia\/wp-content\/uploads\/usu1801\/2023\/04\/COMERC_MARQUETING_-1024x1024.jpg 1024w, https:\/\/agora.xtec.cat\/iessantaeugenia\/wp-content\/uploads\/usu1801\/2023\/04\/COMERC_MARQUETING_-150x150.jpg 150w, https:\/\/agora.xtec.cat\/iessantaeugenia\/wp-content\/uploads\/usu1801\/2023\/04\/COMERC_MARQUETING_-768x768.jpg 768w, https:\/\/agora.xtec.cat\/iessantaeugenia\/wp-content\/uploads\/usu1801\/2023\/04\/COMERC_MARQUETING_.jpg 1080w\" sizes=\"auto, (max-width: 402px) 100vw, 402px\" \/><\/a><\/p>\n<h5><\/h5>\n<p>&nbsp;<\/p>\n<h5><strong>DESCARREGA\u2019T ELS NOSTRES CAT\u00c0LEGS<\/strong><\/h5>\n<p><a href=\"https:\/\/agora.xtec.cat\/iessantaeugenia\/wp-content\/uploads\/usu1801\/2021\/10\/GRAU-MITJA-DACTIVITATS-COMERCIALS.pdf\" target=\"_blank\" rel=\"noopener\">GRAU MITJ\u00c0 D&#8217;ACTIVITATS COMERCIALS<\/a><\/p>\n<p><a href=\"https:\/\/agora.xtec.cat\/iessantaeugenia\/wp-content\/uploads\/usu1801\/2021\/10\/GRAU-SUPERIOR-DE-GESTIO-DE-VENDES-I-ESPAIS-COMERCIALS-1.pdf\" target=\"_blank\" rel=\"noopener\">GRAU SUPERIOR DE GESTI\u00d3 DE VENDES I ESPAIS COMERCIALS<\/a><\/p>\n<p><a href=\"https:\/\/agora.xtec.cat\/iessantaeugenia\/wp-content\/uploads\/usu1801\/2021\/10\/GRAU-SUPERIOR-DE-MARQUETING-I-PUBLICITAT.pdf\" target=\"_blank\" rel=\"noopener\">GRAU SUPERIOR DE M\u00c0RQUETING I PUBLICITAT<\/a><\/p>\n<p><a href=\"https:\/\/agora.xtec.cat\/iessantaeugenia\/wp-content\/uploads\/usu1801\/2022\/04\/Perfil_vendes.pdf\" target=\"_blank\" rel=\"noopener\">AUXILIAR DE VENDES, OFICINA I ATENCI\u00d3 AL P\u00daBLIC\u00a0<\/a><\/p>\n<p>&nbsp;<\/p>\n<div style=\"width: 608px;\" class=\"wp-video\"><!--[if lt IE 9]><script>document.createElement('video');<\/script><![endif]-->\n<video class=\"wp-video-shortcode\" id=\"video-716-1\" width=\"608\" height=\"1080\" preload=\"metadata\" controls=\"controls\"><source type=\"video\/mp4\" src=\"https:\/\/agora.xtec.cat\/iessantaeugenia\/wp-content\/uploads\/usu1801\/2023\/04\/COMERC_MARQUETING-2.mp4?_=1\" \/><a href=\"https:\/\/agora.xtec.cat\/iessantaeugenia\/wp-content\/uploads\/usu1801\/2023\/04\/COMERC_MARQUETING-2.mp4\">https:\/\/agora.xtec.cat\/iessantaeugenia\/wp-content\/uploads\/usu1801\/2023\/04\/COMERC_MARQUETING-2.mp4<\/a><\/video><\/div>\n<p><!--no borrar mai!--><\/p>\n<ul style=\"display: none;\">\n<li><a href=\"http:\/\/agora.xtec.cat\/iessantaeugenia\/estudis\/cicles-formatius\/comerc-i-marqueting\/cfgm-activitats-comercials\/\">CFGM Activitats Comercials<\/a><\/li>\n<li><a href=\"http:\/\/agora.xtec.cat\/iessantaeugenia\/estudis\/cicles-formatius\/comerc-i-marqueting\/cfgs-gestio-de-vendes-i-espais-comercials\/\">CFGS Gesti\u00f3 de Vendes i Espais Comercials<\/a><\/li>\n<li><a href=\"http:\/\/agora.xtec.cat\/iessantaeugenia\/estudis\/cicles-formatius\/comerc-i-marqueting\/cfgs-comerc-marqueting-i-publicitat\/\">CFGS M\u00e0rqueting i Publicitat<\/a><\/li>\n<\/ul>\n","protected":false},"excerpt":{"rendered":"<ul class=\"blocgeneric\">\n<li><a href=\"https:\/\/triaeducativa.gencat.cat\/ca\/estudis\/?auxiliar-comerc-atencio-public&amp;p_id=2772\">PFI Auxiliar de Comer\u00e7 i Atenci\u00f3 al P\u00fablic<\/a><\/li>\n<li><a href=\"http:\/\/agora.xtec.cat\/iessantaeugenia\/estudis\/cicles-formatius\/comerc-i-marqueting\/cfgm-activitats-comercials\/\">CFGM Activitats Comercials<\/a><\/li>\n<li><a href=\"http:\/\/agora.xtec.cat\/iessantaeugenia\/estudis\/cicles-formatius\/comerc-i-marqueting\/cfgs-gestio-de-vendes-i-espais-comercials\/\">CFGS Gesti\u00f3 de Vendes i Espais Comercials<\/a><\/li>\n<li><a href=\"http:\/\/agora.xtec.cat\/iessantaeugenia\/estudis\/cicles-formatius\/comerc-i-marqueting\/cfgs-comerc-marqueting-i-publicitat\/\">CFGS M\u00e0rqueting i Publicitat<\/a><\/li>\n<\/ul>\n<p>.<br \/>\n<a href=\"https:\/\/agora.xtec.cat\/iessantaeugenia\/wp-content\/uploads\/usu1801\/2023\/04\/COMERC_MARQUETING_.jpg\"><\/a><\/p>\n<p>&nbsp;<br \/>\nDESCARREGA\u2019T ELS NOSTRES CAT\u00c0LEGS<br \/>\n<a href=\"https:\/\/agora.xtec.cat\/iessantaeugenia\/wp-content\/uploads\/usu1801\/2021\/10\/GRAU-MITJA-DACTIVITATS-COMERCIALS.pdf\" target=\"_blank\" rel=\"noopener\">GRAU MITJ\u00c0 D&#8217;ACTIVITATS COMERCIALS<\/a><br \/>\n<a href=\"https:\/\/agora.xtec.cat\/iessantaeugenia\/wp-content\/uploads\/usu1801\/2021\/10\/GRAU-SUPERIOR-DE-GESTIO-DE-VENDES-I-ESPAIS-COMERCIALS-1.pdf\" target=\"_blank\" rel=\"noopener\">GRAU SUPERIOR DE GESTI\u00d3 DE VENDES I ESPAIS COMERCIALS<\/a><br \/>\n<a&hellip;  <a href=\"https:\/\/agora.xtec.cat\/iessantaeugenia\/cicles-formatius\/comerc-i-marqueting\/\" title=\"Read Comer\u00e7 i m\u00e0rqueting\">Llegeix m\u00e9s\u00bb<\/a><\/p>\n","protected":false},"author":1,"featured_media":0,"parent":712,"menu_order":2,"comment_status":"closed","ping_status":"closed","template":"page-templates\/side-menu.php","meta":{"_bbp_topic_count":0,"_bbp_reply_count":0,"_bbp_total_topic_count":0,"_bbp_total_reply_count":0,"_bbp_voice_count":0,"_bbp_anonymous_reply_count":0,"_bbp_topic_count_hidden":0,"_bbp_reply_count_hidden":0,"_bbp_forum_subforum_count":0,"footnotes":""},"class_list":["post-716","page","type-page","status-publish","hentry"],"post_mailing_queue_ids":[],"_links":{"self":[{"href":"https:\/\/agora.xtec.cat\/iessantaeugenia\/wp-json\/wp\/v2\/pages\/716","targetHints":{"allow":["GET"]}}],"collection":[{"href":"https:\/\/agora.xtec.cat\/iessantaeugenia\/wp-json\/wp\/v2\/pages"}],"about":[{"href":"https:\/\/agora.xtec.cat\/iessantaeugenia\/wp-json\/wp\/v2\/types\/page"}],"author":[{"embeddable":true,"href":"https:\/\/agora.xtec.cat\/iessantaeugenia\/wp-json\/wp\/v2\/users\/1"}],"replies":[{"embeddable":true,"href":"https:\/\/agora.xtec.cat\/iessantaeugenia\/wp-json\/wp\/v2\/comments?post=716"}],"version-history":[{"count":6,"href":"https:\/\/agora.xtec.cat\/iessantaeugenia\/wp-json\/wp\/v2\/pages\/716\/revisions"}],"predecessor-version":[{"id":14010,"href":"https:\/\/agora.xtec.cat\/iessantaeugenia\/wp-json\/wp\/v2\/pages\/716\/revisions\/14010"}],"up":[{"embeddable":true,"href":"https:\/\/agora.xtec.cat\/iessantaeugenia\/wp-json\/wp\/v2\/pages\/712"}],"wp:attachment":[{"href":"https:\/\/agora.xtec.cat\/iessantaeugenia\/wp-json\/wp\/v2\/media?parent=716"}],"curies":[{"name":"wp","href":"https:\/\/api.w.org\/{rel}","templated":true}]}}