{"id":712,"date":"2020-06-10T13:50:49","date_gmt":"2020-06-10T11:50:49","guid":{"rendered":"http:\/\/agora.xtec.cat\/iessantaeugenia\/?page_id=712"},"modified":"2026-03-27T14:11:12","modified_gmt":"2026-03-27T13:11:12","slug":"cicles-formatius","status":"publish","type":"page","link":"https:\/\/agora.xtec.cat\/iessantaeugenia\/cicles-formatius\/","title":{"rendered":"PRESENTACI\u00d3 DE LA FORMACI\u00d3 PROFESSIONAL (FP)"},"content":{"rendered":"<h4><strong><a href=\"https:\/\/docs.google.com\/document\/d\/1o0LqSP5c6cru1mF3T3RG7syVsxUbBBMg\/edit?usp=sharing&amp;ouid=112088197383943414889&amp;rtpof=true&amp;sd=true\">\u27a1 INVITACI\u00d3 A LA JORNADA DE PORTES OBERTES D&#8217;FP 2026<\/a><\/strong><\/h4>\n<p>La <strong>Formaci\u00f3 Professional<\/strong> (FP) capacita per exercir de manera qualificada diverses professions i proporciona la formaci\u00f3 necess\u00e0ria per adquirir la compet\u00e8ncia professional i el coneixement propis de cada sector. <span style=\"font-family: inherit; font-size: 1em;\">L&#8217;FP s&#8217;organitza per <\/span><strong style=\"font-family: inherit; font-size: 1em;\">fam\u00edlies\u00a0professionals<\/strong><span style=\"font-family: inherit; font-size: 1em;\"> que ordenen els ensenyaments en cicles de <\/span><strong style=\"font-family: inherit; font-size: 1em;\">grau mitj\u00e0<\/strong><span style=\"font-family: inherit; font-size: 1em;\"> o de<\/span><strong style=\"font-family: inherit; font-size: 1em;\"> grau superior<\/strong><span style=\"font-family: inherit; font-size: 1em;\">; amb la superaci\u00f3 dels primers s&#8217;obt\u00e9 el t\u00edtol de t\u00e8cnic i amb la superaci\u00f3 dels segons el de t\u00e8cnic superior.<\/span><\/p>\n<p>Els cicles que ofereix l&#8217;Institut Santa Eug\u00e8nia de Girona s&#8217;imparteixen en la<strong> modalitat DUAL<\/strong>.<\/p>\n<p>L&#8217;<strong>FP dual<\/strong> \u00e9s la modalitat de formaci\u00f3 professional en la qual l\u2019estudiant esdev\u00e9 aprenent i combina la formaci\u00f3 en el centre educatiu amb l\u2019activitat a l\u2019empresa.<\/p>\n<div>\n<h2>\u25ba \u00a0 <strong>FAM\u00cdLIES PROFESSIONALS<\/strong><\/h2>\n<\/div>\n<div>\n<table style=\"height: 142px;\" width=\"1034\">\n<tbody>\n<tr>\n<td style=\"width: 512.6666870117188px; text-align: left;\">\n<h3 style=\"padding-left: 40px;\"><strong><a href=\"http:\/\/agora.xtec.cat\/iessantaeugenia\/estudis\/cicles-formatius\/arts-grafiques\/\">Arts gr\u00e0fiques<\/a><\/strong><\/h3>\n<\/td>\n<td style=\"width: 512.6666870117188px;\">\n<h3 style=\"padding-left: 40px;\"><strong><a href=\"http:\/\/agora.xtec.cat\/iessantaeugenia\/estudis\/cicles-formatius\/comerc-i-marqueting\/\">Comer\u00e7 i m\u00e0rqueting<\/a><\/strong><\/h3>\n<\/td>\n<\/tr>\n<tr>\n<td style=\"width: 512.6666870117188px;\">\n<h3 style=\"text-align: left; padding-left: 40px;\"><strong><a href=\"http:\/\/agora.xtec.cat\/iessantaeugenia\/estudis\/cicles-formatius\/edificacio-i-obra-civil\/\">Edificaci\u00f3 i obra civil<\/a><\/strong><\/h3>\n<\/td>\n<td style=\"width: 512.6666870117188px;\">\n<h3 style=\"padding-left: 40px;\"><strong><a href=\"http:\/\/agora.xtec.cat\/iessantaeugenia\/estudis\/cicles-formatius\/electricitat-i-electronica\/\">Electricitat i electr\u00f2nica<\/a><\/strong><\/h3>\n<\/td>\n<\/tr>\n<tr>\n<td style=\"width: 512.6666870117188px;\">\n<h3 style=\"padding-left: 40px;\"><strong><a href=\"http:\/\/agora.xtec.cat\/iessantaeugenia\/estudis\/cicles-formatius\/installacio-i-manteniment\/\">Instal\u00b7laci\u00f3 i manteniment \/ Energia i Aigua<\/a><\/strong><\/h3>\n<\/td>\n<td style=\"width: 512.6666870117188px;\">\n<h3 style=\"padding-left: 40px;\"><strong><a href=\"http:\/\/agora.xtec.cat\/iessantaeugenia\/estudis\/cicles-formatius\/fabricacio-mecanica\/\">Fabricaci\u00f3 mec\u00e0nica<\/a><\/strong><\/h3>\n<\/td>\n<\/tr>\n<tr>\n<td style=\"width: 512.6666870117188px;\">\n<h3 style=\"padding-left: 40px;\"><\/h3>\n<h3 style=\"padding-left: 40px;\"><\/h3>\n<\/td>\n<td style=\"width: 512.6666870117188px;\">\n<h3 style=\"padding-left: 40px;\"><strong><a href=\"http:\/\/agora.xtec.cat\/iessantaeugenia\/estudis\/cicles-formatius\/fol\/\" target=\"_blank\" rel=\"noopener\">Formaci\u00f3 i orientaci\u00f3 laboral<\/a><\/strong><\/h3>\n<\/td>\n<\/tr>\n<\/tbody>\n<\/table>\n<\/div>\n<h4><strong>ELS CICLES FORMATIUS DE GRAU MITJ\u00c0<\/strong><\/h4>\n<p><iframe loading=\"lazy\" title=\"Institut Santa Eug\u00e8nia Grau Mitj\u00e0\" width=\"500\" height=\"281\" src=\"https:\/\/www.youtube.com\/embed\/7xy31g34sIU?feature=oembed\" frameborder=\"0\" allow=\"accelerometer; autoplay; clipboard-write; encrypted-media; gyroscope; picture-in-picture; web-share\" referrerpolicy=\"strict-origin-when-cross-origin\" allowfullscreen><\/iframe><\/p>\n<h4><strong>ELS CICLES FORMATIUS DE GRAU SUPERIOR<\/strong><\/h4>\n<p><iframe loading=\"lazy\" title=\"Institut Santa Eug\u00e8nia Grau Superior\" width=\"500\" height=\"281\" src=\"https:\/\/www.youtube.com\/embed\/FAr_1ke7E84?feature=oembed\" frameborder=\"0\" allow=\"accelerometer; autoplay; clipboard-write; encrypted-media; gyroscope; picture-in-picture; web-share\" referrerpolicy=\"strict-origin-when-cross-origin\" allowfullscreen><\/iframe><\/p>\n<h5><strong>PRESENTACI\u00d3 DELS ESTUDIS DE BATXILLERAT I CICLES FORMATIUS PEL CURS 2024-25 <a href=\"https:\/\/docs.google.com\/presentation\/d\/1EoBZFnwpAbl5FX_MYjr8CaTAuIJ0V6J1\/edit?usp=sharing&amp;ouid=112088197383943414889&amp;rtpof=true&amp;sd=true\" target=\"_blank\" rel=\"noopener\">CLICAR<\/a><\/strong><\/h5>\n<h5><strong>DESCARREGA\u2019T ELS NOSTRES CAT\u00c0LEGS<\/strong><\/h5>\n<ul style=\"list-style-type: square;\">\n<li><a href=\"https:\/\/agora.xtec.cat\/iessantaeugenia\/wp-content\/uploads\/usu1801\/2021\/10\/CICLES-FORMATIUS-DE-GRAU-MIG.pdf\" target=\"_blank\" rel=\"noopener\">CICLES FORMATIUS DE GRAU MITJ\u00c0<\/a><\/li>\n<li><a href=\"https:\/\/agora.xtec.cat\/iessantaeugenia\/wp-content\/uploads\/usu1801\/2021\/10\/CICLES-FORMATIUS-DE-GRAU-SUPERIOR.pdf\" target=\"_blank\" rel=\"noopener\">CICLES FORMATIUS DE GRAU SUPERIOR<\/a><\/li>\n<\/ul>\n<h5><strong>SEGUEIX-NOS EN EL NOSTRE CANAL<\/strong><\/h5>\n<ul style=\"list-style-type: square;\">\n<li><a href=\"https:\/\/twitter.com\/fp_santaeugenia\" target=\"_blank\" rel=\"noopener\">TWITTER<\/a><\/li>\n<\/ul>\n<h5><strong>ENLLA\u00c7OS D&#8217;INTER\u00c8S<\/strong><\/h5>\n<ul style=\"list-style-type: square;\">\n<li><a href=\"https:\/\/diarifp.cat\/\" target=\"_blank\" rel=\"noopener\">EL DIARI DE L&#8217;FP<\/a><\/li>\n<\/ul>\n","protected":false},"excerpt":{"rendered":"<p><a href=\"https:\/\/docs.google.com\/document\/d\/1o0LqSP5c6cru1mF3T3RG7syVsxUbBBMg\/edit?usp=sharing&amp;ouid=112088197383943414889&amp;rtpof=true&amp;sd=true\">\u27a1 INVITACI\u00d3 A LA JORNADA DE PORTES OBERTES D&#8217;FP 2026<\/a><br \/>\nLa Formaci\u00f3 Professional (FP) capacita per exercir de manera qualificada diverses professions i proporciona la formaci\u00f3 necess\u00e0ria per adquirir la compet\u00e8ncia professional i el coneixement propis de cada sector. L&#8217;FP s&#8217;organitza per fam\u00edlies\u00a0professionals que ordenen&hellip;  <a href=\"https:\/\/agora.xtec.cat\/iessantaeugenia\/cicles-formatius\/\" title=\"Read PRESENTACI\u00d3 DE LA FORMACI\u00d3 PROFESSIONAL (FP)\">Llegeix m\u00e9s\u00bb<\/a><\/p>\n","protected":false},"author":1,"featured_media":0,"parent":0,"menu_order":0,"comment_status":"closed","ping_status":"closed","template":"page-templates\/side-menu.php","meta":{"_bbp_topic_count":0,"_bbp_reply_count":0,"_bbp_total_topic_count":0,"_bbp_total_reply_count":0,"_bbp_voice_count":0,"_bbp_anonymous_reply_count":0,"_bbp_topic_count_hidden":0,"_bbp_reply_count_hidden":0,"_bbp_forum_subforum_count":0,"footnotes":""},"class_list":["post-712","page","type-page","status-publish","hentry"],"post_mailing_queue_ids":[],"_links":{"self":[{"href":"https:\/\/agora.xtec.cat\/iessantaeugenia\/wp-json\/wp\/v2\/pages\/712","targetHints":{"allow":["GET"]}}],"collection":[{"href":"https:\/\/agora.xtec.cat\/iessantaeugenia\/wp-json\/wp\/v2\/pages"}],"about":[{"href":"https:\/\/agora.xtec.cat\/iessantaeugenia\/wp-json\/wp\/v2\/types\/page"}],"author":[{"embeddable":true,"href":"https:\/\/agora.xtec.cat\/iessantaeugenia\/wp-json\/wp\/v2\/users\/1"}],"replies":[{"embeddable":true,"href":"https:\/\/agora.xtec.cat\/iessantaeugenia\/wp-json\/wp\/v2\/comments?post=712"}],"version-history":[{"count":6,"href":"https:\/\/agora.xtec.cat\/iessantaeugenia\/wp-json\/wp\/v2\/pages\/712\/revisions"}],"predecessor-version":[{"id":13980,"href":"https:\/\/agora.xtec.cat\/iessantaeugenia\/wp-json\/wp\/v2\/pages\/712\/revisions\/13980"}],"wp:attachment":[{"href":"https:\/\/agora.xtec.cat\/iessantaeugenia\/wp-json\/wp\/v2\/media?parent=712"}],"curies":[{"name":"wp","href":"https:\/\/api.w.org\/{rel}","templated":true}]}}