{"id":4674,"date":"2022-05-05T22:24:59","date_gmt":"2022-05-05T20:24:59","guid":{"rendered":"https:\/\/agora.xtec.cat\/iessantaeugenia\/?page_id=4674"},"modified":"2026-04-09T13:28:47","modified_gmt":"2026-04-09T11:28:47","slug":"pfi","status":"publish","type":"page","link":"https:\/\/agora.xtec.cat\/iessantaeugenia\/estudis\/pfi\/","title":{"rendered":"PFI"},"content":{"rendered":"<h4><a href=\"https:\/\/agora.xtec.cat\/iessantaeugenia\/secretaria\/preinscripcions\/preinscripcio-programes-de-formacio-i-insercio\/\"><span style=\"text-decoration: underline; color: #ff0000;\">INFORMACI\u00d3 ADMINISTRATIVA PER FER LA PREINSCRIPCI\u00d3 I LA MATR\u00cdCULA 26-27<\/span><\/a><\/h4>\n<h4><strong>Programa de Formaci\u00f3 i Inserci\u00f3 (PFI)<\/strong><\/h4>\n<h4>Pla de Transici\u00f3 al Treball (PTT)<\/h4>\n<p>Els <strong>programes de formaci\u00f3 i inserci\u00f3<\/strong> (PFI) s\u00f3n el primer nivell de qualificaci\u00f3 dins dels estudis de <strong>formaci\u00f3 professional<\/strong> i s&#8217;adscriuen a <strong>diferents fam\u00edlies<\/strong> professionals.<\/p>\n<h5><strong>OBJECTIUS<\/strong><\/h5>\n<p>Proporcionar als joves les compet\u00e8ncies que els permetin la<strong> incorporaci\u00f3 al m\u00f3n laboral o la continuaci\u00f3 de la formaci\u00f3<\/strong>, a trav\u00e9s de cicles formatius de grau mitj\u00e0 o mitjan\u00e7ant els centres de formaci\u00f3 d\u2019adults.<\/p>\n<h5><strong>ACCIONS<\/strong><\/h5>\n<ul>\n<li><span style=\"font-family: inherit; font-size: 1em;\"><strong>Assessorament<\/strong> i <strong>pla d\u2019atenci\u00f3 personalitzat<\/strong> per a l&#8217;assoliment dels objectius del programa.<\/span><\/li>\n<li><span style=\"font-family: inherit; font-size: 1em;\">Formaci\u00f3 general i formaci\u00f3 professional (amb <strong>200\u00a0hores de pr\u00e0ctiques<\/strong> obligat\u00f2ries en empreses del sector) reconeguda mitjan\u00e7ant un <strong>certificat acad\u00e8mic<\/strong> (1.000 hores).<\/span><\/li>\n<\/ul>\n<p>Els <strong>aprenentatges s\u00f3n vivencials<\/strong> i vinculats amb l&#8217;entorn proper<strong>. <\/strong>D&#8217;aquesta manera,\u00a0s&#8217;apr\u00e8n fent, utilitzant <strong>metodologies actives i globals<\/strong>.<\/p>\n<p><a href=\"https:\/\/agora.xtec.cat\/iessantaeugenia\/wp-content\/uploads\/usu1801\/2023\/03\/03_2022_PROMO_PTT_7.jpg\"><img loading=\"lazy\" decoding=\"async\" class=\"alignnone wp-image-8368\" src=\"https:\/\/agora.xtec.cat\/iessantaeugenia\/wp-content\/uploads\/usu1801\/2023\/03\/03_2022_PROMO_PTT_7-300x225.jpg\" alt=\"\" width=\"439\" height=\"329\" srcset=\"https:\/\/agora.xtec.cat\/iessantaeugenia\/wp-content\/uploads\/usu1801\/2023\/03\/03_2022_PROMO_PTT_7-300x225.jpg 300w, https:\/\/agora.xtec.cat\/iessantaeugenia\/wp-content\/uploads\/usu1801\/2023\/03\/03_2022_PROMO_PTT_7-768x576.jpg 768w, https:\/\/agora.xtec.cat\/iessantaeugenia\/wp-content\/uploads\/usu1801\/2023\/03\/03_2022_PROMO_PTT_7-200x150.jpg 200w, https:\/\/agora.xtec.cat\/iessantaeugenia\/wp-content\/uploads\/usu1801\/2023\/03\/03_2022_PROMO_PTT_7.jpg 1024w\" sizes=\"auto, (max-width: 439px) 100vw, 439px\" \/><\/a><\/p>\n<p><a href=\"https:\/\/agora.xtec.cat\/iessantaeugenia\/wp-content\/uploads\/usu1801\/2023\/03\/03_2022_PROMO_PTT_1-min-scaled.jpg\"><img loading=\"lazy\" decoding=\"async\" class=\"alignnone wp-image-8374\" src=\"https:\/\/agora.xtec.cat\/iessantaeugenia\/wp-content\/uploads\/usu1801\/2023\/03\/03_2022_PROMO_PTT_1-min-300x225.jpg\" alt=\"\" width=\"440\" height=\"330\" srcset=\"https:\/\/agora.xtec.cat\/iessantaeugenia\/wp-content\/uploads\/usu1801\/2023\/03\/03_2022_PROMO_PTT_1-min-300x225.jpg 300w, https:\/\/agora.xtec.cat\/iessantaeugenia\/wp-content\/uploads\/usu1801\/2023\/03\/03_2022_PROMO_PTT_1-min-1024x768.jpg 1024w, https:\/\/agora.xtec.cat\/iessantaeugenia\/wp-content\/uploads\/usu1801\/2023\/03\/03_2022_PROMO_PTT_1-min-768x576.jpg 768w, https:\/\/agora.xtec.cat\/iessantaeugenia\/wp-content\/uploads\/usu1801\/2023\/03\/03_2022_PROMO_PTT_1-min-1536x1152.jpg 1536w, https:\/\/agora.xtec.cat\/iessantaeugenia\/wp-content\/uploads\/usu1801\/2023\/03\/03_2022_PROMO_PTT_1-min-2048x1536.jpg 2048w, https:\/\/agora.xtec.cat\/iessantaeugenia\/wp-content\/uploads\/usu1801\/2023\/03\/03_2022_PROMO_PTT_1-min-200x150.jpg 200w\" sizes=\"auto, (max-width: 440px) 100vw, 440px\" \/><\/a><\/p>\n<h3><a href=\"https:\/\/view.genial.ly\/604fcf1b773ce80da33e3e08\/presentation-info-pfi-ptt-girona-24-25\"><strong>Presentaci\u00f3 PFIs Girona<\/strong><\/a><\/h3>\n<p><a href=\"https:\/\/view.genially.com\/604fcf1b773ce80da33e3e08\/presentation-info-pfi-ptt-girona\"><img loading=\"lazy\" decoding=\"async\" class=\"alignnone size-large wp-image-10691\" src=\"https:\/\/agora.xtec.cat\/iessantaeugenia\/wp-content\/uploads\/usu1801\/2024\/04\/1-1024x511.png\" alt=\"\" width=\"1024\" height=\"511\" srcset=\"https:\/\/agora.xtec.cat\/iessantaeugenia\/wp-content\/uploads\/usu1801\/2024\/04\/1-1024x511.png 1024w, https:\/\/agora.xtec.cat\/iessantaeugenia\/wp-content\/uploads\/usu1801\/2024\/04\/1-300x150.png 300w, https:\/\/agora.xtec.cat\/iessantaeugenia\/wp-content\/uploads\/usu1801\/2024\/04\/1-768x383.png 768w, https:\/\/agora.xtec.cat\/iessantaeugenia\/wp-content\/uploads\/usu1801\/2024\/04\/1.png 1305w\" sizes=\"auto, (max-width: 1024px) 100vw, 1024px\" \/><\/a><\/p>\n<p>PERFILS PROFESSIONALS DE PFI QUE S\u2019IMPARTEIXEN DE L\u2019INS STA EUG\u00c8NIA:<br \/>\n1) Auxiliar de Comer\u00e7 i Atenci\u00f3 al P\u00fablic<br \/>\n2) Auxiliar de Construcci\u00f3<br \/>\n3) Auxiliar de Fabricaci\u00f3 Mec\u00e0nica<br \/>\n4) Auxiliar de Muntatges i Instal\u00b7lacions Electrot\u00e8cniques en Edificis<\/p>\n<h6><a style=\"font-size: 1.125em;\" href=\"https:\/\/triaeducativa.gencat.cat\/ca\/fp\/pfi\/families-professionals\/comerc-marqueting\/?p_id=2770&amp;estudi\">AUXILIAR DE COMER\u00c7 I ATENCI\u00d3 AL P\u00daBLIC\u00a0 \u00a0<\/a><\/h6>\n<ul style=\"list-style-type: disc;\">\n<li><iframe loading=\"lazy\" title=\"Multiplicant opcions. PTT Auxiliar de vendes, oficina i atenci\u00f3 al p\u00fablic\" width=\"500\" height=\"281\" src=\"https:\/\/www.youtube.com\/embed\/Ikfyy38ethA?feature=oembed\" frameborder=\"0\" allow=\"accelerometer; autoplay; clipboard-write; encrypted-media; gyroscope; picture-in-picture; web-share\" referrerpolicy=\"strict-origin-when-cross-origin\" allowfullscreen><\/iframe><br \/>\n<h5><\/h5>\n<\/li>\n<li>\n<h5><a href=\"https:\/\/triaeducativa.gencat.cat\/ca\/fp\/pfi\/families-professionals\/edificacio-obra-civil\/?p_id=4430&amp;estudi\" target=\"_blank\" rel=\"noopener\">AUXILIAR DE CONSTRUCCI\u00d3\u00a0\u00a0<\/a><\/h5>\n<p><iframe loading=\"lazy\" title=\"Construint futur. PTT Auxiliar de construcci\u00f3\" width=\"500\" height=\"281\" src=\"https:\/\/www.youtube.com\/embed\/dnWw_J29DOY?feature=oembed\" frameborder=\"0\" allow=\"accelerometer; autoplay; clipboard-write; encrypted-media; gyroscope; picture-in-picture; web-share\" referrerpolicy=\"strict-origin-when-cross-origin\" allowfullscreen><\/iframe><\/p>\n<h5><\/h5>\n<\/li>\n<li>\n<h5><a href=\"https:\/\/triaeducativa.gencat.cat\/ca\/fp\/pfi\/families-professionals\/electricitat-electronica\/?p_id=2774&amp;estudi\">AUXILIAR DE MUNTATGES D&#8217;INSTAL\u00b7LACIONS ELECTROT\u00c8CNIQUES EN EDIFICIS<\/a><\/h5>\n<\/li>\n<li>\n<h5><a href=\"https:\/\/triaeducativa.gencat.cat\/ca\/fp\/pfi\/families-professionals\/fabricacio-mecanica\/?p_id=2790&amp;estudi\">AUXILIAR DE FABRICACI\u00d3 MEC\u00c0NICA<\/a><\/h5>\n<p><iframe loading=\"lazy\" title=\"Fabricant opcions. PTT Auxiliar de fabricaci\u00f3 mec\u00e0nica i instal\u00b7lacions electrot\u00e8cniques\" width=\"500\" height=\"281\" src=\"https:\/\/www.youtube.com\/embed\/uogDWxe3ykM?start=1&#038;feature=oembed\" frameborder=\"0\" allow=\"accelerometer; autoplay; clipboard-write; encrypted-media; gyroscope; picture-in-picture; web-share\" referrerpolicy=\"strict-origin-when-cross-origin\" allowfullscreen><\/iframe><\/p>\n<p>&nbsp;<\/li>\n<\/ul>\n<h5><strong>DURADA DEL CURS<\/strong><\/h5>\n<p>De <strong>setembre<\/strong> a <strong>juny<\/strong><\/p>\n<h5><strong>PREINSCRIPCIONS<\/strong><\/h5>\n<p>Del<strong> 4 al 13 de maig<\/strong> de 2026 <strong>INFOGRAFIES\u00a0<\/strong>\u00a0<span style=\"color: #000000;\"><span style=\"color: #ff0000;\">\u21d2<\/span>\u00a0 <a href=\"https:\/\/view.genial.ly\/62386e003cfcce0011801d55\" target=\"_blank\" rel=\"noopener\">CALENDARI DE PREINSCRIPCI\u00d3 (curs 25-26)<\/a><\/span><\/p>\n<p>AQUEST ANY SEGUIM AMB LA PREINSCRIPCI\u00d3 <span style=\"color: #ff0000;\">TELEM\u00c0TICA<\/span> <span style=\"color: #000000;\"><span style=\"color: #ff0000;\">\u21d2 <span style=\"color: #000000;\"><a href=\"https:\/\/preinscripcio.gencat.cat\/ca\/estudis\/pfi\/preinscriute\/sollicitud\/\">Web gencat-PFI<\/a>\u00a0<\/span><\/span><\/span><\/p>\n<h5><\/h5>\n<h5><strong>DESCARREGA\u2019T ELS NOSTRES CAT\u00c0LEGS\u00a0<\/strong><\/h5>\n<p><a href=\"https:\/\/agora.xtec.cat\/iessantaeugenia\/wp-content\/uploads\/usu1801\/2022\/04\/Perfil_vendes.pdf\" target=\"_blank\" rel=\"noopener\">AUXILIAR DE COMER\u00c7 I ATENCI\u00d3 AL P\u00daBLIC\u00a0<\/a><\/p>\n<p><a href=\"https:\/\/agora.xtec.cat\/iessantaeugenia\/wp-content\/uploads\/usu1801\/2022\/04\/Perfil_Construccio.pdf\" target=\"_blank\" rel=\"noopener\">AUXILIAR DE CONSTRUCCI\u00d3 \u00a0 <\/a><\/p>\n<p><a href=\"https:\/\/agora.xtec.cat\/iessantaeugenia\/wp-content\/uploads\/usu1801\/2022\/04\/Perfil_Electricitat.pdf\" target=\"_blank\" rel=\"noopener\">AUXILIAR DE MUNTATGES D&#8217;INSTAL\u00b7LACIONS ELECTROT\u00c8CNIQUES EN EDIFICIS\u00a0\u00a0<\/a><\/p>\n<p><a href=\"https:\/\/agora.xtec.cat\/iessantaeugenia\/wp-content\/uploads\/usu1801\/2022\/04\/Perfil_fabricacio-mecanica.pdf\" target=\"_blank\" rel=\"noopener\">AUXILIAR DE FABRICACI\u00d3 MEC\u00c0NICA <\/a><\/p>\n<p><a href=\"https:\/\/agora.xtec.cat\/iessantaeugenia\/wp-content\/uploads\/usu1801\/2023\/03\/03_2022_PROMO_PTT_5-min-scaled.jpg\"><img loading=\"lazy\" decoding=\"async\" class=\"alignnone wp-image-8375\" src=\"https:\/\/agora.xtec.cat\/iessantaeugenia\/wp-content\/uploads\/usu1801\/2023\/03\/03_2022_PROMO_PTT_5-min-300x225.jpg\" alt=\"\" width=\"441\" height=\"331\" srcset=\"https:\/\/agora.xtec.cat\/iessantaeugenia\/wp-content\/uploads\/usu1801\/2023\/03\/03_2022_PROMO_PTT_5-min-300x225.jpg 300w, https:\/\/agora.xtec.cat\/iessantaeugenia\/wp-content\/uploads\/usu1801\/2023\/03\/03_2022_PROMO_PTT_5-min-1024x768.jpg 1024w, https:\/\/agora.xtec.cat\/iessantaeugenia\/wp-content\/uploads\/usu1801\/2023\/03\/03_2022_PROMO_PTT_5-min-768x576.jpg 768w, https:\/\/agora.xtec.cat\/iessantaeugenia\/wp-content\/uploads\/usu1801\/2023\/03\/03_2022_PROMO_PTT_5-min-1536x1152.jpg 1536w, https:\/\/agora.xtec.cat\/iessantaeugenia\/wp-content\/uploads\/usu1801\/2023\/03\/03_2022_PROMO_PTT_5-min-2048x1536.jpg 2048w, https:\/\/agora.xtec.cat\/iessantaeugenia\/wp-content\/uploads\/usu1801\/2023\/03\/03_2022_PROMO_PTT_5-min-200x150.jpg 200w\" sizes=\"auto, (max-width: 441px) 100vw, 441px\" \/><\/a><\/p>\n<p><a href=\"https:\/\/agora.xtec.cat\/iessantaeugenia\/wp-content\/uploads\/usu1801\/2022\/04\/04_2022_GRAFIC_PFI.png\"><img loading=\"lazy\" decoding=\"async\" class=\"alignnone wp-image-4571\" src=\"https:\/\/agora.xtec.cat\/iessantaeugenia\/wp-content\/uploads\/usu1801\/2022\/04\/04_2022_GRAFIC_PFI-300x300.png\" alt=\"\" width=\"323\" height=\"323\" srcset=\"https:\/\/agora.xtec.cat\/iessantaeugenia\/wp-content\/uploads\/usu1801\/2022\/04\/04_2022_GRAFIC_PFI-300x300.png 300w, https:\/\/agora.xtec.cat\/iessantaeugenia\/wp-content\/uploads\/usu1801\/2022\/04\/04_2022_GRAFIC_PFI-1024x1024.png 1024w, https:\/\/agora.xtec.cat\/iessantaeugenia\/wp-content\/uploads\/usu1801\/2022\/04\/04_2022_GRAFIC_PFI-150x150.png 150w, https:\/\/agora.xtec.cat\/iessantaeugenia\/wp-content\/uploads\/usu1801\/2022\/04\/04_2022_GRAFIC_PFI-768x768.png 768w, https:\/\/agora.xtec.cat\/iessantaeugenia\/wp-content\/uploads\/usu1801\/2022\/04\/04_2022_GRAFIC_PFI.png 1080w\" sizes=\"auto, (max-width: 323px) 100vw, 323px\" \/><\/a><\/p>\n<p>&nbsp;<\/p>\n<p>&nbsp;<\/p>\n","protected":false},"excerpt":{"rendered":"<p><a href=\"https:\/\/agora.xtec.cat\/iessantaeugenia\/secretaria\/preinscripcions\/preinscripcio-programes-de-formacio-i-insercio\/\">INFORMACI\u00d3 ADMINISTRATIVA PER FER LA PREINSCRIPCI\u00d3 I LA MATR\u00cdCULA 26-27<\/a><br \/>\nPrograma de Formaci\u00f3 i Inserci\u00f3 (PFI)<br \/>\nPla de Transici\u00f3 al Treball (PTT)<br \/>\nEls programes de formaci\u00f3 i inserci\u00f3 (PFI) s\u00f3n el primer nivell de qualificaci\u00f3 dins dels estudis de formaci\u00f3 professional i s&#8217;adscriuen a diferents fam\u00edlies professionals.<br \/>\nOBJECTIUS<br \/>\nProporcionar&hellip;  <a href=\"https:\/\/agora.xtec.cat\/iessantaeugenia\/estudis\/pfi\/\" title=\"Read PFI\">Llegeix m\u00e9s\u00bb<\/a><\/p>\n","protected":false},"author":1,"featured_media":0,"parent":195,"menu_order":3,"comment_status":"closed","ping_status":"closed","template":"page-templates\/side-menu.php","meta":{"_bbp_topic_count":0,"_bbp_reply_count":0,"_bbp_total_topic_count":0,"_bbp_total_reply_count":0,"_bbp_voice_count":0,"_bbp_anonymous_reply_count":0,"_bbp_topic_count_hidden":0,"_bbp_reply_count_hidden":0,"_bbp_forum_subforum_count":0,"footnotes":""},"class_list":["post-4674","page","type-page","status-publish","hentry"],"post_mailing_queue_ids":[],"_links":{"self":[{"href":"https:\/\/agora.xtec.cat\/iessantaeugenia\/wp-json\/wp\/v2\/pages\/4674","targetHints":{"allow":["GET"]}}],"collection":[{"href":"https:\/\/agora.xtec.cat\/iessantaeugenia\/wp-json\/wp\/v2\/pages"}],"about":[{"href":"https:\/\/agora.xtec.cat\/iessantaeugenia\/wp-json\/wp\/v2\/types\/page"}],"author":[{"embeddable":true,"href":"https:\/\/agora.xtec.cat\/iessantaeugenia\/wp-json\/wp\/v2\/users\/1"}],"replies":[{"embeddable":true,"href":"https:\/\/agora.xtec.cat\/iessantaeugenia\/wp-json\/wp\/v2\/comments?post=4674"}],"version-history":[{"count":6,"href":"https:\/\/agora.xtec.cat\/iessantaeugenia\/wp-json\/wp\/v2\/pages\/4674\/revisions"}],"predecessor-version":[{"id":5027,"href":"https:\/\/agora.xtec.cat\/iessantaeugenia\/wp-json\/wp\/v2\/pages\/4674\/revisions\/5027"}],"up":[{"embeddable":true,"href":"https:\/\/agora.xtec.cat\/iessantaeugenia\/wp-json\/wp\/v2\/pages\/195"}],"wp:attachment":[{"href":"https:\/\/agora.xtec.cat\/iessantaeugenia\/wp-json\/wp\/v2\/media?parent=4674"}],"curies":[{"name":"wp","href":"https:\/\/api.w.org\/{rel}","templated":true}]}}