{"id":2138,"date":"2021-11-20T18:15:06","date_gmt":"2021-11-20T17:15:06","guid":{"rendered":"https:\/\/agora.xtec.cat\/iessantaeugenia\/?page_id=2138"},"modified":"2025-02-23T22:48:26","modified_gmt":"2025-02-23T21:48:26","slug":"desenvolupament-de-projectes-dinstallacions-termiques-i-de-fluids","status":"publish","type":"page","link":"https:\/\/agora.xtec.cat\/iessantaeugenia\/cicles-formatius\/installacio-i-manteniment\/desenvolupament-de-projectes-dinstallacions-termiques-i-de-fluids\/","title":{"rendered":"CFGS Desenvolupament de Projectes d&#8217;Instal\u00b7lacions T\u00e8rmiques i de Fluids"},"content":{"rendered":"<h5><a href=\"https:\/\/triaeducativa.gencat.cat\/ca\/estudis\/?manteniment-installacions-termiques-fluids&amp;p_id=207\" target=\"_blank\" rel=\"noopener noreferrer\">P\u00c0GINA OFICIAL DELS ESTUDIS<\/a><\/h5>\n<h5><a href=\"https:\/\/www.gencat.cat\/ensenyament\/eac\/pdf\/CFPS____IMB0_CA.pdf\" target=\"_blank\" rel=\"noopener noreferrer\">FITXA OFICIAL DELS ESTUDIS<\/a><\/h5>\n<p><span style=\"color: #ffffff;\">.<\/span><\/p>\n<ul class=\"CEDU_nostyle\">\n<li><strong>Ensenyament:<\/strong>\u00a0Formaci\u00f3 professional<\/li>\n<li><strong>Grau:<\/strong> Grau superior<\/li>\n<li><strong>Titulaci\u00f3:<\/strong>\u00a0T\u00e8cnic\/a<\/li>\n<li><strong>Sistema:<\/strong>\u00a0LOE<\/li>\n<li><strong>Fam\u00edlia professional:<\/strong> <a href=\"https:\/\/agora.xtec.cat\/iessantaeugenia\/cicles-formatius\/installacio-i-manteniment\/\">Energia i aigua (Instal\u00b7laci\u00f3 i manteniment)<\/a><\/li>\n<li><strong>Entorn:<\/strong> Seguretat i serveis de protecci\u00f3<\/li>\n<\/ul>\n<h2><strong>T\u00e8cnic o t\u00e8cnica superior en Desenvolupament de Projectes d&#8217;Instal\u00b7lacions T\u00e8rmiques i de Fluids<\/strong><\/h2>\n<p><span style=\"text-decoration: underline;\">Codi: CFPS IMB0<\/span><\/p>\n<div class=\"estudi\">\n<div>\n<div class=\"row\">\n<div class=\"basic_text_peq col-xs-12\">\n<div class=\"pd-15x\">\n<p>Aquests estudis postobligatoris capaciten per desenvolupar projectes i planificar el muntatge de les instal\u00b7lacions t\u00e8rmiques i de fluids en edificis i processos industrials.<\/p>\n<p>La durada \u00e9s de <strong>2.000 hores<\/strong> distribu\u00efdes en <strong>dos cursos acad\u00e8mics<\/strong> (1.485 en un centre educatiu i 515 (hores d&#8217;estada a l&#8217;empresa) en un centre de treball).<\/p>\n<p>Aquest estudi <strong>substitueix<\/strong> el cicle Desenvolupament de Projectes d&#8217;Instal\u00b7lacions de Fluids, T\u00e8rmiques i de Manutenci\u00f3 (LOGSE).<\/p>\n<\/div>\n<\/div>\n<\/div>\n<\/div>\n<\/div>\n<h3>Continguts<\/h3>\n<ul>\n<li>Sistemes el\u00e8ctrics i autom\u00e0tics<\/li>\n<li>Equips i instal\u00b7lacions t\u00e8rmiques<\/li>\n<li>Processos de muntatge d&#8217;instal\u00b7lacions<\/li>\n<li>Processos de muntatge d&#8217;instal\u00b7lacions<\/li>\n<li>Representaci\u00f3 gr\u00e0fica d&#8217;instal\u00b7lacions<\/li>\n<li>Energies renovables i efici\u00e8ncia energ\u00e8tica<\/li>\n<li>Configuraci\u00f3 d&#8217;instal\u00b7lacions de climatitzaci\u00f3, calefacci\u00f3 i ACS<\/li>\n<li>Configuraci\u00f3 d&#8217;instal\u00b7lacions frigor\u00edfiques<\/li>\n<li>Configuraci\u00f3 d&#8217;instal\u00b7lacions de fluids<\/li>\n<li>Planificaci\u00f3 del muntatge d&#8217;instal\u00b7lacions<\/li>\n<li>Angl\u00e8s professional<\/li>\n<li>Digitalitzaci\u00f3 aplicada als sectors productius<\/li>\n<li>Sostenibilitat aplicada al sistema productiu<\/li>\n<li>Itinerari personal per a l&#8217;ocupabilitat I<\/li>\n<li>Itinerari personal per a l&#8217;ocupabilitat II<\/li>\n<li>Projecte intermodular<\/li>\n<li>M\u00f2dul professional optatiu<\/li>\n<\/ul>\n<p>M\u00e9s informaci\u00f3 del <strong><a title=\"V\u00e9s al DOGC\" href=\"https:\/\/dogc.gencat.cat\/ca\/document-del-dogc\/?documentId=618210\" target=\"_blank\" rel=\"noopener noreferrer\">CURRICULUM<\/a><\/strong><\/p>\n<h3>Acc\u00e9s<\/h3>\n<p>Tenen\u00a0<strong>acc\u00e9s directe<\/strong>\u00a0al cicle les persones que compleixen algun dels requisits seg\u00fcents:<\/p>\n<ul>\n<li>tenir el t\u00edtol de batxillerat,<\/li>\n<li>tenir el t\u00edtol de t\u00e8cnic de formaci\u00f3 professional o d\u2019arts pl\u00e0stiques i disseny, t\u00e8cnic superior de formaci\u00f3 professional o d&#8217;arts pl\u00e0stiques i disseny o t\u00e8cnic especialista,<\/li>\n<li>haver superat el segon curs de batxillerat de qualsevol modalitat de batxillerat experimental,<\/li>\n<li>haver superat el curs d&#8217;orientaci\u00f3 universit\u00e0ria (COU) o el preuniversitari,<\/li>\n<li>tenir el t\u00edtol de batxillerat per haver cursat el batxillerat unificat polivalent (BUP),<\/li>\n<li>tenir qualsevol titulaci\u00f3 universit\u00e0ria o una d&#8217;equivalent, o<\/li>\n<li>haver superat la prova d&#8217;acc\u00e9s a la universitat per a m\u00e9s grans de 25 anys o de 45 anys, o haver accedit a la universitat per haver acreditat experi\u00e8ncia laboral o professional tenint complerts 40 anys d&#8217;edat.<\/li>\n<\/ul>\n<p>Les persones que no compleixen cap dels requisits esmentats han de superar una<strong>\u00a0<a href=\"https:\/\/educacio.gencat.cat\/ca\/serveis-tramits\/proves\/proves-acces\/gs-fp\/\" target=\"_blank\" rel=\"noopener\">PROVA D&#8217;ACC\u00c9S<\/a><\/strong>. Per presentar-s&#8217;hi cal tenir complerts 19 anys o b\u00e9 complir-los durant l&#8217;any natural en qu\u00e8 es realitza la prova.<\/p>\n","protected":false},"excerpt":{"rendered":"<p><a href=\"https:\/\/triaeducativa.gencat.cat\/ca\/estudis\/?manteniment-installacions-termiques-fluids&amp;p_id=207\" target=\"_blank\" rel=\"noopener noreferrer\">P\u00c0GINA OFICIAL DELS ESTUDIS<\/a><br \/>\n<a href=\"https:\/\/www.gencat.cat\/ensenyament\/eac\/pdf\/CFPS____IMB0_CA.pdf\" target=\"_blank\" rel=\"noopener noreferrer\">FITXA OFICIAL DELS ESTUDIS<\/a><br \/>\n.<\/p>\n<ul class=\"CEDU_nostyle\">\n<li>Ensenyament:\u00a0Formaci\u00f3 professional<\/li>\n<li>Grau: Grau superior<\/li>\n<li>Titulaci\u00f3:\u00a0T\u00e8cnic\/a<\/li>\n<li>Sistema:\u00a0LOE<\/li>\n<li>Fam\u00edlia professional: <a href=\"https:\/\/agora.xtec.cat\/iessantaeugenia\/cicles-formatius\/installacio-i-manteniment\/\">Energia i aigua (Instal\u00b7laci\u00f3 i manteniment)<\/a><\/li>\n<li>Entorn: Seguretat i serveis de protecci\u00f3<\/li>\n<\/ul>\n<p>T\u00e8cnic o t\u00e8cnica superior en Desenvolupament de Projectes d&#8217;Instal\u00b7lacions T\u00e8rmiques i de Fluids<br \/>\nCodi: CFPS&hellip;  <a href=\"https:\/\/agora.xtec.cat\/iessantaeugenia\/cicles-formatius\/installacio-i-manteniment\/desenvolupament-de-projectes-dinstallacions-termiques-i-de-fluids\/\" title=\"Read CFGS Desenvolupament de Projectes d&#8217;Instal\u00b7lacions T\u00e8rmiques i de Fluids\">Llegeix m\u00e9s\u00bb<\/a><\/p>\n","protected":false},"author":1,"featured_media":0,"parent":722,"menu_order":4,"comment_status":"closed","ping_status":"closed","template":"page-templates\/side-menu.php","meta":{"_bbp_topic_count":0,"_bbp_reply_count":0,"_bbp_total_topic_count":0,"_bbp_total_reply_count":0,"_bbp_voice_count":0,"_bbp_anonymous_reply_count":0,"_bbp_topic_count_hidden":0,"_bbp_reply_count_hidden":0,"_bbp_forum_subforum_count":0,"footnotes":""},"class_list":["post-2138","page","type-page","status-publish","hentry"],"post_mailing_queue_ids":[],"_links":{"self":[{"href":"https:\/\/agora.xtec.cat\/iessantaeugenia\/wp-json\/wp\/v2\/pages\/2138","targetHints":{"allow":["GET"]}}],"collection":[{"href":"https:\/\/agora.xtec.cat\/iessantaeugenia\/wp-json\/wp\/v2\/pages"}],"about":[{"href":"https:\/\/agora.xtec.cat\/iessantaeugenia\/wp-json\/wp\/v2\/types\/page"}],"author":[{"embeddable":true,"href":"https:\/\/agora.xtec.cat\/iessantaeugenia\/wp-json\/wp\/v2\/users\/1"}],"replies":[{"embeddable":true,"href":"https:\/\/agora.xtec.cat\/iessantaeugenia\/wp-json\/wp\/v2\/comments?post=2138"}],"version-history":[{"count":6,"href":"https:\/\/agora.xtec.cat\/iessantaeugenia\/wp-json\/wp\/v2\/pages\/2138\/revisions"}],"predecessor-version":[{"id":2160,"href":"https:\/\/agora.xtec.cat\/iessantaeugenia\/wp-json\/wp\/v2\/pages\/2138\/revisions\/2160"}],"up":[{"embeddable":true,"href":"https:\/\/agora.xtec.cat\/iessantaeugenia\/wp-json\/wp\/v2\/pages\/722"}],"wp:attachment":[{"href":"https:\/\/agora.xtec.cat\/iessantaeugenia\/wp-json\/wp\/v2\/media?parent=2138"}],"curies":[{"name":"wp","href":"https:\/\/api.w.org\/{rel}","templated":true}]}}