{"id":19,"date":"2014-09-17T14:56:56","date_gmt":"2014-09-17T14:56:56","guid":{"rendered":"http:\/\/agora.xtec.cat\/iessantaeugenia\/?page_id=19"},"modified":"2022-01-22T17:06:07","modified_gmt":"2022-01-22T16:06:07","slug":"linstitut","status":"publish","type":"page","link":"https:\/\/agora.xtec.cat\/iessantaeugenia\/linstitut\/","title":{"rendered":"L&#8217;Institut"},"content":{"rendered":"<p>L\u2019<strong>Institut Santa Eug\u00e8nia de Girona<\/strong> \u00e9s un centre p\u00fablic de secund\u00e0ria que dep\u00e8n del <strong><a href=\"https:\/\/educacio.gencat.cat\/ca\/inici\/\" target=\"_blank\" rel=\"noopener\">Departament d\u2019Ensenyament de la Generalitat de Catalunya<\/a><\/strong>. Es troba ubicat en el barri de Santa Eug\u00e8nia de la ciutat de Girona, dins la zona d\u2019escolaritzaci\u00f3 Oest de la ciutat. Per proximitat li correspon donar servei, pels estudis obligatoris i batxillerat, a m\u00e9s del barri de Santa Eug\u00e8nia, als sectors de Sant Narc\u00eds i Eixample Nord del barri de l\u2019Eixample. Per la Formaci\u00f3 Professional, l\u2019\u00e0mbit geogr\u00e0fic d\u2019influ\u00e8ncia \u00e9s molt m\u00e9s ampli i, en alguns casos, per la singularitat dels estudis, abasta totes les comarques gironines.<\/p>\n<h5 style=\"color: #444444;\"><strong>Identitat i car\u00e0cter propi\u00a0<\/strong><\/h5>\n<p style=\"text-align: justify;\">La zona d\u2019influ\u00e8ncia de l\u2019ESO i el batxillerat, segons dades de l\u2019Ajuntament de Girona, presenta uns percentatges de poblaci\u00f3 de fora de Catalunya i de fora de l\u2019Estat semblants a la mitjana de la ciutat, tamb\u00e9 proper a la mitjana de la ciutat es troba el nivell d\u2019instrucci\u00f3 de les fam\u00edlies. Per tant, a l\u2019ESO i el Batxillerat, el centre gaudeix de riquesa d\u2019or\u00edgens de l\u2019alumnat i tenim diversitat de nivells instructius de les fam\u00edlies. Aix\u00f2 fa que l\u2019Institut estigui especialment preparat en el vessant d\u2019orientaci\u00f3, per cobrir adequadament les necessitats que puguin tenir les fam\u00edlies i els alumnes en aquest terreny. Igualment el centre disposa d\u2019un ampli ventall de recursos per cobrir tan els d\u00e8ficits formatius que puguin tenir alguns alumnes, com les necessitats d\u2019atenci\u00f3 de l\u2019alumnat m\u00e9s excel\u2022lent i capa\u00e7.<\/p>\n<p style=\"text-align: justify;\">La proced\u00e8ncia dels alumnes de cicles formatius pot anar m\u00e9s enll\u00e0 de la zona d\u2019influ\u00e8ncia esmentada, en bona mesura perqu\u00e8, en la majoria dels estudis de formaci\u00f3 professional, l\u2019Institut Santa Eug\u00e8nia \u00e9s l\u2019\u00fanic centre, d\u2019una \u00e0mplia zona geogr\u00e0fica supramunicipal, que els ofereix.<\/p>\n<h6 style=\"color: #444444;\"><strong>Missi\u00f3<\/strong><\/h6>\n<p style=\"color: #444444; text-align: justify;\">Acollir, incloure, orientar i formar a tot l\u2019alumnat.<\/p>\n<p style=\"color: #444444; text-align: justify;\">A l\u2019ESO, per garantir l\u2019assoliment de les compet\u00e8ncies clau per un desenvolupament personal i social s\u00f2lid que, a m\u00e9s, asseguri la preparaci\u00f3 suficient per seguir formant-se.<\/p>\n<p style=\"color: #444444; text-align: justify;\">Al Batxillerat, per garantir l\u2019aprofundiment suficient en l\u2019estudi per accedir amb plenes garanties als estudis superiors (universitat o cicles formatius de grau superior).<\/p>\n<p style=\"color: #444444; text-align: justify;\">Als Cicles Formatius, per garantir una inserci\u00f3 laboral molt elevada en els diferents sectors industrials i de serveis associats a tots els cicles formatius del nostre institut, aix\u00ed com per garantir una formaci\u00f3 professional s\u00f2lida, adaptada a les necessitats del moment, que doni resposta a les necessitats de personal qualificat de les empreses.<\/p>\n<p style=\"color: #444444; text-align: justify;\">I tot aix\u00f2, des d\u2019un posicionament de centre obert, tolerant, respectu\u00f3s i inclusiu que vetlla per oferir igualtat d\u2019oportunitats a tots els alumnes i per la seva formaci\u00f3 integral. Contribuint aix\u00ed a que esdevinguin bones persones, responsables, amb sentit cr\u00edtic i preparades per participar activament en la nostra realitat social i contribuir a la millora de la societat.<\/p>\n<h6 style=\"color: #444444;\"><strong>Visi\u00f3<\/strong><\/h6>\n<p style=\"color: #444444; text-align: justify;\">\u00c9sser reconegut com un Institut de refer\u00e8ncia pels seus resultats en inclusi\u00f3, orientaci\u00f3 i formaci\u00f3, que fa de la diversitat un valor afegit, que potencia el desenvolupament personal i la compet\u00e8ncia dels seus alumnes, afavorint llur incorporaci\u00f3 a la vida activa mitjan\u00e7ant la inserci\u00f3 laboral i\/o la progressi\u00f3 acad\u00e8mica, i per ser una comunitat educativa cohesionada i acollidora mitjan\u00e7ant l\u2019aprenentatge globalitzat, la innovaci\u00f3 i la inclusi\u00f3.<\/p>\n<h6 style=\"color: #444444;\"><strong>Valors<\/strong><\/h6>\n<p style=\"color: #444444;\">Els principals valors que guien l\u2019actuaci\u00f3 del centre per tal de poder assolir la nostra missi\u00f3 s\u00f3n:<\/p>\n<ul>\n<li style=\"color: #444444;\">Obertura, toler\u00e0ncia, respecte i inclusi\u00f3<\/li>\n<li style=\"color: #444444;\">Sostenibilitat ambiental<\/li>\n<li style=\"color: #444444;\">Equitat i igualtat d\u2019oportunitats<\/li>\n<li style=\"color: #444444;\">Generositat i cohesi\u00f3 social<\/li>\n<li style=\"color: #444444;\">Acceptaci\u00f3, empatia i assertivitat<\/li>\n<li style=\"color: #444444;\">Curiositat, intu\u00efci\u00f3, esfor\u00e7 i disciplina<\/li>\n<li style=\"color: #444444;\">Qualitat, professionalitat i satisfacci\u00f3<\/li>\n<li style=\"color: #444444;\">Confian\u00e7a i comprom\u00eds<\/li>\n<li style=\"color: #444444;\">Creativitat, cooperaci\u00f3, innovaci\u00f3 i emprenedoria<\/li>\n<li style=\"color: #444444;\">Treball en equip, efic\u00e0cia i efici\u00e8ncia<\/li>\n<li style=\"color: #444444;\">Bon humor<\/li>\n<li style=\"color: #444444;\">Llibertat<\/li>\n<\/ul>\n","protected":false},"excerpt":{"rendered":"<p>L\u2019Institut Santa Eug\u00e8nia de Girona \u00e9s un centre p\u00fablic de secund\u00e0ria que dep\u00e8n del <a href=\"https:\/\/educacio.gencat.cat\/ca\/inici\/\" target=\"_blank\" rel=\"noopener\">Departament d\u2019Ensenyament de la Generalitat de Catalunya<\/a>. Es troba ubicat en el barri de Santa Eug\u00e8nia de la ciutat de Girona, dins la zona d\u2019escolaritzaci\u00f3 Oest de la&hellip;  <a href=\"https:\/\/agora.xtec.cat\/iessantaeugenia\/linstitut\/\" title=\"Read L&#8217;Institut\">Llegeix m\u00e9s\u00bb<\/a><\/p>\n","protected":false},"author":1,"featured_media":0,"parent":0,"menu_order":2,"comment_status":"closed","ping_status":"closed","template":"page-templates\/side-menu.php","meta":{"_bbp_topic_count":0,"_bbp_reply_count":0,"_bbp_total_topic_count":0,"_bbp_total_reply_count":0,"_bbp_voice_count":0,"_bbp_anonymous_reply_count":0,"_bbp_topic_count_hidden":0,"_bbp_reply_count_hidden":0,"_bbp_forum_subforum_count":0,"footnotes":""},"class_list":["post-19","page","type-page","status-publish","hentry"],"post_mailing_queue_ids":[],"_links":{"self":[{"href":"https:\/\/agora.xtec.cat\/iessantaeugenia\/wp-json\/wp\/v2\/pages\/19","targetHints":{"allow":["GET"]}}],"collection":[{"href":"https:\/\/agora.xtec.cat\/iessantaeugenia\/wp-json\/wp\/v2\/pages"}],"about":[{"href":"https:\/\/agora.xtec.cat\/iessantaeugenia\/wp-json\/wp\/v2\/types\/page"}],"author":[{"embeddable":true,"href":"https:\/\/agora.xtec.cat\/iessantaeugenia\/wp-json\/wp\/v2\/users\/1"}],"replies":[{"embeddable":true,"href":"https:\/\/agora.xtec.cat\/iessantaeugenia\/wp-json\/wp\/v2\/comments?post=19"}],"version-history":[{"count":4,"href":"https:\/\/agora.xtec.cat\/iessantaeugenia\/wp-json\/wp\/v2\/pages\/19\/revisions"}],"predecessor-version":[{"id":2666,"href":"https:\/\/agora.xtec.cat\/iessantaeugenia\/wp-json\/wp\/v2\/pages\/19\/revisions\/2666"}],"wp:attachment":[{"href":"https:\/\/agora.xtec.cat\/iessantaeugenia\/wp-json\/wp\/v2\/media?parent=19"}],"curies":[{"name":"wp","href":"https:\/\/api.w.org\/{rel}","templated":true}]}}