{"id":14670,"date":"2026-07-09T09:42:48","date_gmt":"2026-07-09T07:42:48","guid":{"rendered":"https:\/\/agora.xtec.cat\/iessantaeugenia\/?page_id=14670"},"modified":"2026-07-29T11:20:56","modified_gmt":"2026-07-29T09:20:56","slug":"matriculacio-cicles-formatius-grau-superior","status":"publish","type":"page","link":"https:\/\/agora.xtec.cat\/iessantaeugenia\/secretaria\/preinscripcions\/preinscripcio-cicles-formatius-grau-superior-cfgs\/matriculacio-cicles-formatius-grau-superior\/","title":{"rendered":"MATRICULA CICLES FORMATIUS GRAU SUPERIOR"},"content":{"rendered":"<h5>0. <img loading=\"lazy\" decoding=\"async\" class=\"\" src=\"https:\/\/i.pinimg.com\/originals\/59\/da\/a2\/59daa276d3660755666af8d1599bebc6.gif\" alt=\"Animated Exclamation | Funny Emoji Faces | Signos de exclamacion, Signo de exclamaci\u00f3n, Y emojis\" width=\"44\" height=\"44\" \/><span style=\"color: #ff0000;\"><span style=\"color: #000000;\"><strong>Confirmeu la pla\u00e7a assignada a l\u2019espai de gencat de la vostra preinscripci\u00f3, <\/strong>a l\u2019enlla\u00e7 que us ha enviat el departament d\u2019educaci\u00f3, a l\u2019apartat d\u2019assignaci\u00f3 -gestionar matr\u00edcula i desar,\u00a0 <\/span><\/span><span style=\"color: #ff0000;\"><strong>del 24 al 28 de juliol <\/strong>(SI NO HO FEU EN TERMINI PERDEU LA PLA\u00c7A )<\/span><\/h5>\n<h3 style=\"text-align: center;\"><span style=\"color: #ff0000;\"><strong>MATRICULACI\u00d3\u00a0<\/strong> DEL<strong> 24 al 29 DE JULIOL \u00a0\u00a0 \u00a0 <\/strong><\/span><a style=\"font-size: 1.6875em;\" href=\"https:\/\/aplicacions.gestioeducativa.gencat.cat\/ords\/pls\/apex\/f?p=CITA_PREVIA:4::::4:P4_TIPUS_CALENDARI,P4_DOMINI:03_CGS,17006939\"><span style=\"text-decoration: underline;\">SOL\u00b7LICITEU CITA PR\u00c8VIA\u00a0<\/span><\/a><\/h3>\n<p><span style=\"color: #ff0000;\">*<\/span> L&#8217;aplicatiu de cita pr\u00e8via \u00e9s el mateix que el de grau mitj\u00e0, \u00e9s \u00fanic ja que el per\u00edode de matr\u00edula \u00e9s simultani<\/p>\n<ol>\n<li>EMPLENEU AQUEST <a href=\"https:\/\/docs.google.com\/forms\/d\/e\/1FAIpQLSc_-rO44QNLczvcFOeBM6kjID0I2suVPspE7MYJlEO8d0oEwQ\/viewform?usp=publish-editor\"><span style=\"text-decoration: underline;\"><strong>FORMULARI<\/strong><\/span> <\/a>PER ORIENTACI\u00d3 ACADEMICA<\/li>\n<li>Descarregueu, ompliu,\u00a0 imprimiu i signeu els<strong><a href=\"https:\/\/drive.google.com\/file\/d\/12VeXnXWiNPTyvQoov_xKZlblCbEryc4R\/view?usp=sharing\"> <span style=\"text-decoration: underline;\">IMPRESOS DE MATR\u00cdCULA\u00a0<\/span><\/a>\u00a0<sup>*<\/sup>\u00a0\u00a0<\/strong><\/li>\n<li>Descarregueu el<span style=\"color: #0000ff;\"><strong style=\"font-family: inherit; font-size: 1em;\"><span style=\"text-decoration: underline;\"> FULL DE PAGAMENT<\/span>\u00a0<\/strong><\/span><span style=\"font-family: inherit; font-size: 1em;\"> corresponent al cicle al que us matriculeu, feu el pagament i tindreu el <span style=\"color: #333333;\">comprovant de pagament.<\/span>\u00a0<sup>**<\/sup><\/span><\/li>\n<li><strong><span style=\"color: #ff0000;\"><span style=\"color: #000000;\">SI \u00c9S EL CAS\u00a0 <\/span><\/span>SOL\u00b7LICITEU EN AQUEST ENLLA\u00c7 LES<\/strong> <a href=\"https:\/\/docs.google.com\/forms\/d\/e\/1FAIpQLSe-qWV1omH0Iq5hX0d--FXIbkBOzPE1ZaKRO-3bNH9Pd31qLA\/viewform?usp=header\"><strong><span style=\"text-decoration: underline;\">CONVALIDACIONS DE M\u00d2DULS PROFESSIONALS\u00a0<\/span><\/strong><\/a>\u00a0 (Si heu de convalidar m\u00f2duls formatius dels dos cursos, feu una sol\u00b7licitud pels de primer i una\u00a0 altra pels de per segon)<\/li>\n<li>Presenteu a secretaria la documentaci\u00f3: <span style=\"color: #000000;\">Impresos de matr\u00edcula degudament emplenats i signats <sup>*<\/sup>,\u00a0 Comprovant de pagament **\u00a0 i Original i Fotoc\u00f2pia dels seg\u00fcents documents<\/span><strong>:<\/strong>\n<ul>\n<li><strong>DNI ALUMNE\/A, <\/strong><\/li>\n<li><strong>DNI PARE o MARE o TUTOR\/A LEGAL (menors d&#8217;edat)<\/strong><\/li>\n<li><strong>LLIBRE DE FAMILIA O CERTIFICAT DE NAIXEMENT (menors d&#8217;edat)<\/strong><\/li>\n<li><strong>TARJETA SANIT\u00c0RIA INDIVIDUAL DE\u00a0 L\u2019ALUMNE\/A<\/strong><\/li>\n<li><strong>DOCUMENTACI\u00d3 ACREDITATIVA D&#8217;ACC\u00c9S: RESGUARD DEL T\u00cdTOL DE BATXILLERAT O DE CICLE FORMATIU DE GRAU MITJ\u00c0 O EL CERTIFICAT DE LES PROVESD&#8217;ACC\u00c9S A GRAU SUPERIOR<\/strong><\/li>\n<\/ul>\n<\/li>\n<\/ol>\n<p><span style=\"color: #0000ff;\"><strong style=\"font-family: inherit; font-size: 1em;\"><span style=\"text-decoration: underline;\"> FULL DE PAGAMENT<\/span>\u00a0<\/strong><\/span><\/p>\n<ul>\n<li><span style=\"text-decoration: underline;\"><a href=\"https:\/\/docs.google.com\/document\/d\/1Wc7IIEf5P6dEPZZKxh_DhMEEaCVupuSW\/edit?usp=sharing&amp;ouid=115481289488684989047&amp;rtpof=true&amp;sd=true\">FULL DE PAGAMENT MATR\u00cdCULA\u00a0 INSTAL\u00b7LACIONS T\u00c8RMIQUES I FLUIDS \/ EFICI\u00c8NCIA ENERG\u00c8TICA<\/a><\/span><\/li>\n<li><span style=\"text-decoration: underline;\"><a href=\"https:\/\/docs.google.com\/document\/d\/1ERyE60GaWCLHzbYSL7cljkIsiDGJ55D3\/edit?usp=sharing&amp;ouid=115481289488684989047&amp;rtpof=true&amp;sd=true\">FULL DE PAGAMENT MATR\u00cdCULA\u00a0 GESTI\u00d3 DE VENDES I ESPAIS COMERCIALS<\/a><\/span><\/li>\n<li><span style=\"text-decoration: underline;\"><a href=\"https:\/\/docs.google.com\/document\/d\/1A-Ok66REg6avgk-JAzsX2ZhBgzSyFHpO\/edit?usp=sharing&amp;ouid=115481289488684989047&amp;rtpof=true&amp;sd=true\">FULL DE PAGAMENT MATR\u00cdCULA\u00a0 M\u00c0RQUETING I PUBLICITAT<\/a><\/span><\/li>\n<li><span style=\"text-decoration: underline;\"><a href=\"https:\/\/docs.google.com\/document\/d\/1rjJE1kQrvapt2cPAdgLrntDtauefBHmY\/edit?usp=sharing&amp;ouid=115481289488684989047&amp;rtpof=true&amp;sd=true\">FULL DE PAGAMENT MATR\u00cdCULA\u00a0 PREVENCI\u00d3 DE RISCOS PROFESSIONALS<\/a><\/span><\/li>\n<li><span style=\"text-decoration: underline;\"><a href=\"https:\/\/docs.google.com\/document\/d\/1v6EVBgAtrTgUFo7y9DETAI8j1nTE0RAa\/edit?usp=sharing&amp;ouid=115481289488684989047&amp;rtpof=true&amp;sd=true\">FULL DE PAGAMENT MATR\u00cdCULA\u00a0 PROJECTES D\u2019EDIFICACI\u00d3<\/a><\/span><\/li>\n<li><span style=\"text-decoration: underline;\"><a href=\"https:\/\/docs.google.com\/document\/d\/1MzF0s7sbbXqEBYm6ggLptExHLXOtcswj\/edit?usp=sharing&amp;ouid=115481289488684989047&amp;rtpof=true&amp;sd=true\">FULL DE PAGAMENT MATR\u00cdCULA\u00a0 SISTEMES ELECTROT\u00c8CNICS I AUTOMATITZATS<\/a><\/span><\/li>\n<\/ul>\n<p>&nbsp;<\/p>\n<h3><span style=\"color: #ffffff;\">.<\/span><\/h3>\n","protected":false},"excerpt":{"rendered":"<p>0. Confirmeu la pla\u00e7a assignada a l\u2019espai de gencat de la vostra preinscripci\u00f3, a l\u2019enlla\u00e7 que us ha enviat el departament d\u2019educaci\u00f3, a l\u2019apartat d\u2019assignaci\u00f3 -gestionar matr\u00edcula i desar,\u00a0 del 24 al 28 de juliol (SI NO HO FEU EN TERMINI PERDEU LA PLA\u00c7A )<br \/>\nMATRICULACI\u00d3\u00a0&hellip;  <a href=\"https:\/\/agora.xtec.cat\/iessantaeugenia\/secretaria\/preinscripcions\/preinscripcio-cicles-formatius-grau-superior-cfgs\/matriculacio-cicles-formatius-grau-superior\/\" title=\"Read MATRICULA CICLES FORMATIUS GRAU SUPERIOR\">Llegeix m\u00e9s\u00bb<\/a><\/p>\n","protected":false},"author":1,"featured_media":0,"parent":1998,"menu_order":0,"comment_status":"closed","ping_status":"closed","template":"","meta":{"_bbp_topic_count":0,"_bbp_reply_count":0,"_bbp_total_topic_count":0,"_bbp_total_reply_count":0,"_bbp_voice_count":0,"_bbp_anonymous_reply_count":0,"_bbp_topic_count_hidden":0,"_bbp_reply_count_hidden":0,"_bbp_forum_subforum_count":0,"footnotes":""},"class_list":["post-14670","page","type-page","status-publish","hentry"],"post_mailing_queue_ids":[],"_links":{"self":[{"href":"https:\/\/agora.xtec.cat\/iessantaeugenia\/wp-json\/wp\/v2\/pages\/14670","targetHints":{"allow":["GET"]}}],"collection":[{"href":"https:\/\/agora.xtec.cat\/iessantaeugenia\/wp-json\/wp\/v2\/pages"}],"about":[{"href":"https:\/\/agora.xtec.cat\/iessantaeugenia\/wp-json\/wp\/v2\/types\/page"}],"author":[{"embeddable":true,"href":"https:\/\/agora.xtec.cat\/iessantaeugenia\/wp-json\/wp\/v2\/users\/1"}],"replies":[{"embeddable":true,"href":"https:\/\/agora.xtec.cat\/iessantaeugenia\/wp-json\/wp\/v2\/comments?post=14670"}],"version-history":[{"count":6,"href":"https:\/\/agora.xtec.cat\/iessantaeugenia\/wp-json\/wp\/v2\/pages\/14670\/revisions"}],"predecessor-version":[{"id":14779,"href":"https:\/\/agora.xtec.cat\/iessantaeugenia\/wp-json\/wp\/v2\/pages\/14670\/revisions\/14779"}],"up":[{"embeddable":true,"href":"https:\/\/agora.xtec.cat\/iessantaeugenia\/wp-json\/wp\/v2\/pages\/1998"}],"wp:attachment":[{"href":"https:\/\/agora.xtec.cat\/iessantaeugenia\/wp-json\/wp\/v2\/media?parent=14670"}],"curies":[{"name":"wp","href":"https:\/\/api.w.org\/{rel}","templated":true}]}}