{"id":1179,"date":"2020-06-17T17:07:22","date_gmt":"2020-06-17T15:07:22","guid":{"rendered":"http:\/\/agora.xtec.cat\/iessantaeugenia\/?page_id=1179"},"modified":"2025-02-23T22:55:07","modified_gmt":"2025-02-23T21:55:07","slug":"cfgs-prevencio-de-riscos-professionals","status":"publish","type":"page","link":"https:\/\/agora.xtec.cat\/iessantaeugenia\/cicles-formatius\/fol\/cfgs-prevencio-de-riscos-professionals\/","title":{"rendered":"CFGS Prevenci\u00f3 de Riscos Professionals"},"content":{"rendered":"<h5><a href=\"https:\/\/triaeducativa.gencat.cat\/ca\/estudis\/?prevencio-riscos-professionals&amp;p_id=212\" target=\"_blank\" rel=\"noopener noreferrer\">P\u00c0GINA OFICIAL DELS ESTUDIS<\/a><\/h5>\n<h5><a href=\"https:\/\/agora.xtec.cat\/iessantaeugenia\/wp-content\/uploads\/usu1801\/2021\/11\/PREVENCIO_RISCOS_PROFESSIONALS.pdf\" target=\"_blank\" rel=\"noopener noreferrer\">FITXA OFICIAL DELS ESTUDIS<\/a><\/h5>\n<p><span style=\"color: #ffffff;\">.<\/span><\/p>\n<ul class=\"CEDU_nostyle\">\n<li><strong>Ensenyament:<\/strong>\u00a0Formaci\u00f3 professional<\/li>\n<li><strong>Grau:<\/strong>\u00a0Grau superior<\/li>\n<li><strong>Titulaci\u00f3:<\/strong>\u00a0T\u00e8cnic\/a superior<\/li>\n<li><strong>Sistema:<\/strong>\u00a0LOGSE<\/li>\n<li><strong>Fam\u00edlia professional:<\/strong> <a href=\"https:\/\/agora.xtec.cat\/iessantaeugenia\/cicles-formatius\/fol\/\">Formaci\u00f3 i Orientaci\u00f3 Laboral<\/a><\/li>\n<li><strong>Entorn:<\/strong>\u00a0Seguretat i serveis de protecci\u00f3<\/li>\n<\/ul>\n<h2><strong>T\u00e8cnic o t\u00e8cnica superior en Prevenci\u00f3 de Riscos Professionals<\/strong><\/h2>\n<p><span style=\"text-decoration: underline;\">Codi: CFPS 1954<\/span><\/p>\n<p>Aquests estudis postobligatoris capaciten per portar a terme la planificaci\u00f3 d&#8217;activitats que puguin comportar danys per als treballadors o les treballadores, les instal\u00b7lacions o l&#8217;entorn; promoure, amb car\u00e0cter general, la prevenci\u00f3 a l&#8217;empresa; vigilar el compliment de les normes de seguretat, higiene i ambientals, supervisant l&#8217;adequaci\u00f3 dels equips i dels mitjans de prevenci\u00f3 als riscos associats a les m\u00e0quines, instal\u00b7lacions, processos, subst\u00e0ncies i preparats.<\/p>\n<p>La durada \u00e9s de <strong>2.000 hores<\/strong> distribu\u00efdes en\u00a0<strong>dos cursos\u00a0acad\u00e8mics<\/strong>.<\/p>\n<h3>Continguts<\/h3>\n<ul>\n<li>Gesti\u00f3 de la Prevenci\u00f3<\/li>\n<li>Riscos Derivats de les Condicions de Seguretat<\/li>\n<li>Riscos F\u00edsics Ambientals<\/li>\n<li>Riscos Qu\u00edmics i Biol\u00f2gics Ambientals<\/li>\n<li>Prevenci\u00f3 de Riscos Derivats de l&#8217;Organitzaci\u00f3 i la C\u00e0rrega de Treball<\/li>\n<li>Emerg\u00e8ncies<\/li>\n<li>Relacions en l&#8217;Equip de Treball<\/li>\n<li>Formaci\u00f3 i Orientaci\u00f3 Laboral<\/li>\n<li>Formaci\u00f3 en Centres de Treball<\/li>\n<li>S\u00edntesi<\/li>\n<\/ul>\n<p>M\u00e9s informaci\u00f3 del\u00a0<strong><a title=\"V\u00e9s al DOGC\" href=\"http:\/\/www20.gencat.cat\/portal\/site\/portaldogc\/menuitem.c973d2fc58aa0083e4492d92b0c0e1a0\/?action=fitxa&amp;documentId=367174&amp;languageFitxa=ca_ES&amp;newLang=ca_ES\" target=\"_blank\" rel=\"noopener noreferrer\">CURRICULUM<\/a><\/strong><\/p>\n<h3>Acc\u00e9s<\/h3>\n<p>Tenen\u00a0<strong>acc\u00e9s directe<\/strong>\u00a0al cicle les persones que compleixen algun dels requisits seg\u00fcents:<\/p>\n<ul>\n<li>\u00a0tenir el t\u00edtol de batxillerat,<\/li>\n<li>\u00a0tenir el t\u00edtol de t\u00e8cnic de formaci\u00f3 professional o t\u00e8cnic superior de formaci\u00f3 professional o t\u00e8cnic especialista,<\/li>\n<li>\u00a0haver superat el segon curs de batxillerat de qualsevol modalitat de batxillerat experimental,<\/li>\n<li>\u00a0haver superat el curs d&#8217;orientaci\u00f3 universit\u00e0ria (COU) o el preuniversitari,<\/li>\n<li>\u00a0tenir el t\u00edtol de batxillerat per haver cursat el batxillerat unificat polivalent (BUP),<\/li>\n<li>\u00a0tenir qualsevol titulaci\u00f3 universit\u00e0ria o una d&#8217;equivalent, o<\/li>\n<li>\u00a0haver superat la prova d&#8217;acc\u00e9s a la universitat per a m\u00e9s grans de 25 anys.<\/li>\n<\/ul>\n<p>Les persones que no compleixen cap dels requisits esmentats han de superar una\u00a0<strong><a href=\"http:\/\/ensenyament.gencat.cat\/ca\/serveis-tramits\/proves\/proves-acces\/gm-fp\/\" target=\"_blank\" rel=\"noopener noreferrer\">PROVA D&#8217;ACC\u00c9S<\/a><\/strong>. Per presentar-s&#8217;hi cal tenir complerts 19 anys o b\u00e9 complir-los durant l&#8217;any natural en qu\u00e8 es realitza la prova.<\/p>\n","protected":false},"excerpt":{"rendered":"<p><a href=\"https:\/\/triaeducativa.gencat.cat\/ca\/estudis\/?prevencio-riscos-professionals&amp;p_id=212\" target=\"_blank\" rel=\"noopener noreferrer\">P\u00c0GINA OFICIAL DELS ESTUDIS<\/a><br \/>\n<a href=\"https:\/\/agora.xtec.cat\/iessantaeugenia\/wp-content\/uploads\/usu1801\/2021\/11\/PREVENCIO_RISCOS_PROFESSIONALS.pdf\" target=\"_blank\" rel=\"noopener noreferrer\">FITXA OFICIAL DELS ESTUDIS<\/a><br \/>\n.<\/p>\n<ul class=\"CEDU_nostyle\">\n<li>Ensenyament:\u00a0Formaci\u00f3 professional<\/li>\n<li>Grau:\u00a0Grau superior<\/li>\n<li>Titulaci\u00f3:\u00a0T\u00e8cnic\/a superior<\/li>\n<li>Sistema:\u00a0LOGSE<\/li>\n<li>Fam\u00edlia professional: <a href=\"https:\/\/agora.xtec.cat\/iessantaeugenia\/cicles-formatius\/fol\/\">Formaci\u00f3 i Orientaci\u00f3 Laboral<\/a><\/li>\n<li>Entorn:\u00a0Seguretat i serveis de protecci\u00f3<\/li>\n<\/ul>\n<p>T\u00e8cnic o t\u00e8cnica superior en Prevenci\u00f3 de Riscos Professionals<br \/>\nCodi: CFPS 1954<br \/>\nAquests estudis postobligatoris capaciten per portar a&hellip;  <a href=\"https:\/\/agora.xtec.cat\/iessantaeugenia\/cicles-formatius\/fol\/cfgs-prevencio-de-riscos-professionals\/\" title=\"Read CFGS Prevenci\u00f3 de Riscos Professionals\">Llegeix m\u00e9s\u00bb<\/a><\/p>\n","protected":false},"author":1,"featured_media":0,"parent":726,"menu_order":6,"comment_status":"closed","ping_status":"closed","template":"page-templates\/side-menu.php","meta":{"_bbp_topic_count":0,"_bbp_reply_count":0,"_bbp_total_topic_count":0,"_bbp_total_reply_count":0,"_bbp_voice_count":0,"_bbp_anonymous_reply_count":0,"_bbp_topic_count_hidden":0,"_bbp_reply_count_hidden":0,"_bbp_forum_subforum_count":0,"footnotes":""},"class_list":["post-1179","page","type-page","status-publish","hentry"],"post_mailing_queue_ids":[],"_links":{"self":[{"href":"https:\/\/agora.xtec.cat\/iessantaeugenia\/wp-json\/wp\/v2\/pages\/1179","targetHints":{"allow":["GET"]}}],"collection":[{"href":"https:\/\/agora.xtec.cat\/iessantaeugenia\/wp-json\/wp\/v2\/pages"}],"about":[{"href":"https:\/\/agora.xtec.cat\/iessantaeugenia\/wp-json\/wp\/v2\/types\/page"}],"author":[{"embeddable":true,"href":"https:\/\/agora.xtec.cat\/iessantaeugenia\/wp-json\/wp\/v2\/users\/1"}],"replies":[{"embeddable":true,"href":"https:\/\/agora.xtec.cat\/iessantaeugenia\/wp-json\/wp\/v2\/comments?post=1179"}],"version-history":[{"count":6,"href":"https:\/\/agora.xtec.cat\/iessantaeugenia\/wp-json\/wp\/v2\/pages\/1179\/revisions"}],"predecessor-version":[{"id":12150,"href":"https:\/\/agora.xtec.cat\/iessantaeugenia\/wp-json\/wp\/v2\/pages\/1179\/revisions\/12150"}],"up":[{"embeddable":true,"href":"https:\/\/agora.xtec.cat\/iessantaeugenia\/wp-json\/wp\/v2\/pages\/726"}],"wp:attachment":[{"href":"https:\/\/agora.xtec.cat\/iessantaeugenia\/wp-json\/wp\/v2\/media?parent=1179"}],"curies":[{"name":"wp","href":"https:\/\/api.w.org\/{rel}","templated":true}]}}