{"id":1175,"date":"2020-06-17T17:04:58","date_gmt":"2020-06-17T15:04:58","guid":{"rendered":"http:\/\/agora.xtec.cat\/iessantaeugenia\/?page_id=1175"},"modified":"2025-02-23T22:59:42","modified_gmt":"2025-02-23T21:59:42","slug":"cfgs-installacions-de-produccio-de-calor","status":"publish","type":"page","link":"https:\/\/agora.xtec.cat\/iessantaeugenia\/cicles-formatius\/installacio-i-manteniment\/cfgs-installacions-de-produccio-de-calor\/","title":{"rendered":"CFGM Instal\u00b7lacions de Producci\u00f3 de Calor"},"content":{"rendered":"<h5><a href=\"https:\/\/triaeducativa.gencat.cat\/ca\/estudis\/?installacions-produccio-calor&amp;p_id=870\" target=\"_blank\" rel=\"noopener noreferrer\">P\u00c0GINA OFICIAL DELS ESTUDIS<\/a><\/h5>\n<h5><a href=\"http:\/\/www.gencat.cat\/ensenyament\/eac\/pdf\/CFPM____IM20_CA.pdf\" target=\"_blank\" rel=\"noopener noreferrer\">FITXA OFICIAL DELS ESTUDIS<\/a><\/h5>\n<p><span style=\"color: #ffffff;\">.<\/span><\/p>\n<ul>\n<li><strong>Ensenyament:<\/strong> Formaci\u00f3 professional<\/li>\n<li><strong>Grau:<\/strong> Grau mitj\u00e0<\/li>\n<li><strong>Titulaci\u00f3:<\/strong> T\u00e8cnic\/a<\/li>\n<li><strong>Sistema:<\/strong> LOE<\/li>\n<li><strong>Fam\u00edlia professional:<\/strong> <a href=\"https:\/\/agora.xtec.cat\/iessantaeugenia\/cicles-formatius\/installacio-i-manteniment\/\">Instal\u00b7laci\u00f3 i manteniment<\/a><\/li>\n<li><strong>Entorn:<\/strong> Seguretat i serveis de protecci\u00f3<\/li>\n<\/ul>\n<h2><strong>T\u00e8cnic o t\u00e8cnica en Instal\u00b7lacions de Producci\u00f3 de Calor<\/strong><\/h2>\n<p><span style=\"text-decoration: underline;\">Codi:\u00a0CFPM IM20<\/span><\/p>\n<p>Aquests estudis postobligatoris capaciten per muntar i mantenir instal\u00b7lacions calor\u00edfiques, solars t\u00e8rmiques i de fluids aplicant la normativa vigent, protocols de qualitat, de seguretat i prevenci\u00f3 de riscs laborals establerts, assegurant la seva funcionalitat i respecte al medi ambient.<\/p>\n<p>Tenen una durada de <strong>2.000 hores<\/strong> (1.485\u00a0 lectives en un centre educatiu i 515 de pr\u00e0ctiques en un centre de treball) distribu\u00efdes en <strong>dos cursos\u00a0acad\u00e8mics<\/strong>.<\/p>\n<p>Aquest estudi\u00a0<strong>substitueix<\/strong>\u00a0el cicle Muntatge i Manteniment d&#8217;Instal\u00b7lacions de Fred, Climatitzaci\u00f3 i Producci\u00f3 de Calor (LOGSE).<\/p>\n<h3>Continguts<\/h3>\n<ul>\n<li>M\u00e0quines i equips t\u00e8rmics<\/li>\n<li>T\u00e8cniques de muntatge d&#8217;instal\u00b7lacions<\/li>\n<li>Instal\u00b7lacions el\u00e8ctriques i automatismes<\/li>\n<li>Configuraci\u00f3 d&#8217;instal\u00b7lacions calor\u00edfiques<\/li>\n<li>Muntatge i manteniment d&#8217;instal\u00b7lacions calor\u00edfiques<\/li>\n<li>Muntatge i manteniment d&#8217;instal\u00b7lacions d&#8217;aigua<\/li>\n<li>Muntatge i manteniment d&#8217;instal\u00b7lacions d&#8217;energia solar t\u00e8rmica<\/li>\n<li>Muntatge i manteniment d&#8217;instal\u00b7lacions de gas i combustibles l\u00edquids<\/li>\n<li>Angl\u00e8s professional<\/li>\n<li>Digitalitzaci\u00f3 aplicada als sectors productius<\/li>\n<li>Sostenibilitat aplicada al sistema productiu<\/li>\n<li>Itinerari personal per a l&#8217;ocupabilitat I<\/li>\n<li>Itinerari personal per a l&#8217;ocupabilitat II<\/li>\n<li>Projecte intermodular<\/li>\n<li>M\u00f2dul professional optatiu<\/li>\n<\/ul>\n<p>M\u00e9s informaci\u00f3 del\u00a0<strong><a title=\"V\u00e9s al DOGC\" href=\"http:\/\/dogc.gencat.cat\/ca\/pdogc_canals_interns\/pdogc_resultats_fitxa\/index.html?action=fitxa&amp;documentId=721362&amp;language=ca_ES&amp;newLang=ca_ES\" target=\"_blank\" rel=\"noopener noreferrer\">CURR\u00cdCULUM<\/a><\/strong><\/p>\n<h3>Acc\u00e9s<\/h3>\n<p>Tenen\u00a0<strong>acc\u00e9s directe<\/strong>\u00a0al cicle les persones que compleixen algun dels requisits seg\u00fcents:<\/p>\n<ul>\n<li>\u00a0tenir el t\u00edtol de graduat en educaci\u00f3 secund\u00e0ria obligat\u00f2ria,<\/li>\n<li>\u00a0haver superat el\u00a0<strong><a href=\"http:\/\/queestudiar.gencat.cat\/ca\/estudis\/acces-cicles\/gm\" target=\"_blank\" rel=\"noopener\">CURS ESPEC\u00cdFIC PER A L&#8217;ACC\u00c9S ALS CICLES DE GRAU MITJ\u00c0<\/a><\/strong>,<\/li>\n<li>\u00a0tenir el t\u00edtol de t\u00e8cnic o de t\u00e8cnic auxiliar,<\/li>\n<li>\u00a0haver superat el segon curs del batxillerat unificat i polivalent (BUP),<\/li>\n<li>\u00a0tenir altres estudis equivalents a efectes acad\u00e8mics,<\/li>\n<li>\u00a0haver superat la prova d&#8217;acc\u00e9s a la universitat per a m\u00e9s grans de 25 anys,<\/li>\n<li>\u00a0haver superat els m\u00f2duls obligatoris d&#8217;un programa de qualificaci\u00f3 professional inicial (PQPI),<\/li>\n<li>\u00a0tenir un t\u00edtol per accedir a un cicle formatiu de grau superior.<\/li>\n<\/ul>\n<p>Les persones que no compleixen cap dels requisits esmentats han de superar una\u00a0<strong><a href=\"http:\/\/ensenyament.gencat.cat\/ca\/serveis-tramits\/proves\/proves-acces\/gm-fp\/\" target=\"_blank\" rel=\"noopener noreferrer\">PROVA D&#8217;ACC\u00c9S<\/a><\/strong>. Per presentar-s&#8217;hi cal tenir com a m\u00ednim 17 anys l&#8217;any en qu\u00e8 es fa la prova.<\/p>\n","protected":false},"excerpt":{"rendered":"<p><a href=\"https:\/\/triaeducativa.gencat.cat\/ca\/estudis\/?installacions-produccio-calor&amp;p_id=870\" target=\"_blank\" rel=\"noopener noreferrer\">P\u00c0GINA OFICIAL DELS ESTUDIS<\/a><br \/>\n<a href=\"http:\/\/www.gencat.cat\/ensenyament\/eac\/pdf\/CFPM____IM20_CA.pdf\" target=\"_blank\" rel=\"noopener noreferrer\">FITXA OFICIAL DELS ESTUDIS<\/a><br \/>\n.<\/p>\n<ul>\n<li>Ensenyament: Formaci\u00f3 professional<\/li>\n<li>Grau: Grau mitj\u00e0<\/li>\n<li>Titulaci\u00f3: T\u00e8cnic\/a<\/li>\n<li>Sistema: LOE<\/li>\n<li>Fam\u00edlia professional: <a href=\"https:\/\/agora.xtec.cat\/iessantaeugenia\/cicles-formatius\/installacio-i-manteniment\/\">Instal\u00b7laci\u00f3 i manteniment<\/a><\/li>\n<li>Entorn: Seguretat i serveis de protecci\u00f3<\/li>\n<\/ul>\n<p>T\u00e8cnic o t\u00e8cnica en Instal\u00b7lacions de Producci\u00f3 de Calor<br \/>\nCodi:\u00a0CFPM IM20<br \/>\nAquests estudis postobligatoris capaciten per muntar&hellip;  <a href=\"https:\/\/agora.xtec.cat\/iessantaeugenia\/cicles-formatius\/installacio-i-manteniment\/cfgs-installacions-de-produccio-de-calor\/\" title=\"Read CFGM Instal\u00b7lacions de Producci\u00f3 de Calor\">Llegeix m\u00e9s\u00bb<\/a><\/p>\n","protected":false},"author":1,"featured_media":0,"parent":722,"menu_order":0,"comment_status":"closed","ping_status":"closed","template":"page-templates\/side-menu.php","meta":{"_bbp_topic_count":0,"_bbp_reply_count":0,"_bbp_total_topic_count":0,"_bbp_total_reply_count":0,"_bbp_voice_count":0,"_bbp_anonymous_reply_count":0,"_bbp_topic_count_hidden":0,"_bbp_reply_count_hidden":0,"_bbp_forum_subforum_count":0,"footnotes":""},"class_list":["post-1175","page","type-page","status-publish","hentry"],"post_mailing_queue_ids":[],"_links":{"self":[{"href":"https:\/\/agora.xtec.cat\/iessantaeugenia\/wp-json\/wp\/v2\/pages\/1175","targetHints":{"allow":["GET"]}}],"collection":[{"href":"https:\/\/agora.xtec.cat\/iessantaeugenia\/wp-json\/wp\/v2\/pages"}],"about":[{"href":"https:\/\/agora.xtec.cat\/iessantaeugenia\/wp-json\/wp\/v2\/types\/page"}],"author":[{"embeddable":true,"href":"https:\/\/agora.xtec.cat\/iessantaeugenia\/wp-json\/wp\/v2\/users\/1"}],"replies":[{"embeddable":true,"href":"https:\/\/agora.xtec.cat\/iessantaeugenia\/wp-json\/wp\/v2\/comments?post=1175"}],"version-history":[{"count":6,"href":"https:\/\/agora.xtec.cat\/iessantaeugenia\/wp-json\/wp\/v2\/pages\/1175\/revisions"}],"predecessor-version":[{"id":12132,"href":"https:\/\/agora.xtec.cat\/iessantaeugenia\/wp-json\/wp\/v2\/pages\/1175\/revisions\/12132"}],"up":[{"embeddable":true,"href":"https:\/\/agora.xtec.cat\/iessantaeugenia\/wp-json\/wp\/v2\/pages\/722"}],"wp:attachment":[{"href":"https:\/\/agora.xtec.cat\/iessantaeugenia\/wp-json\/wp\/v2\/media?parent=1175"}],"curies":[{"name":"wp","href":"https:\/\/api.w.org\/{rel}","templated":true}]}}