{"id":1171,"date":"2020-06-17T17:02:55","date_gmt":"2020-06-17T15:02:55","guid":{"rendered":"http:\/\/agora.xtec.cat\/iessantaeugenia\/?page_id=1171"},"modified":"2025-02-23T22:58:17","modified_gmt":"2025-02-23T21:58:17","slug":"cfgs-sistemes-electrotecnics-i-automatitzats","status":"publish","type":"page","link":"https:\/\/agora.xtec.cat\/iessantaeugenia\/cicles-formatius\/electricitat-i-electronica\/cfgs-sistemes-electrotecnics-i-automatitzats\/","title":{"rendered":"CFGS Sistemes Electrot\u00e8cnics i Automatitzats"},"content":{"rendered":"<h5><a href=\"https:\/\/triaeducativa.gencat.cat\/ca\/estudis\/?sistemes-electrotecnics-automatitzats&amp;p_id=670\" target=\"_blank\" rel=\"noopener noreferrer\">P\u00c0GINA OFICIAL DELS ESTUDIS<\/a><\/h5>\n<h5><a href=\"http:\/\/www.gencat.cat\/ensenyament\/eac\/pdf\/CFPS____EEA0_CA.pdf\" target=\"_blank\" rel=\"noopener noreferrer\">FITXA OFICIAL DELS ESTUDIS<\/a><\/h5>\n<p><span style=\"color: #ffffff;\">.<\/span><\/p>\n<ul class=\"CEDU_nostyle\">\n<li><strong>Ensenyament:<\/strong>\u00a0Formaci\u00f3 professional<\/li>\n<li><strong>Grau:<\/strong>\u00a0Grau superior<\/li>\n<li><strong>Titulaci\u00f3:<\/strong>\u00a0T\u00e8cnic\/a superior<\/li>\n<li><strong>Sistema:<\/strong>\u00a0LOE<\/li>\n<li><strong>Fam\u00edlia professional:<\/strong>\u00a0<a href=\"https:\/\/agora.xtec.cat\/iessantaeugenia\/cicles-formatius\/electricitat-i-electronica\/\">Electricitat i electr\u00f2nica<\/a><\/li>\n<li><strong>Entorn:<\/strong>\u00a0T\u00e8cnic i tecnol\u00f2gic<\/li>\n<\/ul>\n<h2>T\u00e8cnic o t\u00e8cnica superior en Sistemes Electrot\u00e8cnics i Automatitzats<\/h2>\n<p><span style=\"text-decoration: underline;\">Codi:\u00a0CFPS EEA0<\/span><\/p>\n<p>Aquests estudis postobligatoris capaciten per desenvolupar projectes, gestionar i supervisar el muntatge i manteniment d&#8217;instal\u00b7lacions electrot\u00e8cniques en l&#8217;\u00e0mbit del reglament electrot\u00e8cnic per a baixa tensi\u00f3 (REBT). Tamb\u00e9 consisteix a supervisar el manteniment d&#8217;instal\u00b7lacions d&#8217;infraestructures comunes de telecomunicacions, a partir de la documentaci\u00f3 t\u00e8cnica, especificacions, normativa i procediments establerts, assegurant el funcionament, la qualitat, la seguretat, i la conservaci\u00f3 del medi ambient.<\/p>\n<p>Tenen una durada de <strong>2.000 hores<\/strong> (1.485\u00a0 lectives en un centre educatiu i 515 de pr\u00e0ctiques en un centre de treball) distribu\u00efdes en <strong>dos cursos\u00a0acad\u00e8mics<\/strong>.<\/p>\n<p>Aquest estudi\u00a0<strong>substitueix<\/strong>\u00a0el cicle Instal\u00b7lacions Electrot\u00e8cniques (LOGSE).<\/p>\n<h3>Continguts<\/h3>\n<div class=\"CS_fFons_DestaquemB CS_fFons_DestaquemB2\">\n<div id=\"div_02\" class=\"CS_paddingTop10 nomargeleft display\">\n<div class=\"FW_bColCos dotted\">\n<ul>\n<li>Processos en instal\u00b7lacions d&#8217;infraestructures comunes de telecomunicacions<\/li>\n<li>T\u00e8cniques i processos en instal\u00b7lacions el\u00e8ctriques<\/li>\n<li>Documentaci\u00f3 t\u00e8cnica en instal\u00b7lacions el\u00e8ctriques<\/li>\n<li>Sistemes i circuits el\u00e8ctrics<\/li>\n<li>T\u00e8cniques i processos en instal\u00b7lacions dom\u00f2tiques i autom\u00e0tiques<\/li>\n<li>Desenvolupament de xarxes el\u00e8ctriques i centres de transformaci\u00f3<\/li>\n<li>Configuraci\u00f3 d&#8217;instal\u00b7lacions dom\u00f2tiques i autom\u00e0tiques<\/li>\n<li>Configuraci\u00f3 d&#8217;instal\u00b7lacions el\u00e8ctriques<\/li>\n<li>Gesti\u00f3 del muntatge i del manteniment d&#8217;instal\u00b7lacions el\u00e8ctriques<\/li>\n<li>Angl\u00e8s professional<\/li>\n<li>Digitalitzaci\u00f3 aplicada als sectors productius<\/li>\n<li>Sostenibilitat aplicada al sistema productiu<\/li>\n<li>Itinerari personal per a l&#8217;ocupabilitat I<\/li>\n<li>Itinerari personal per a l&#8217;ocupabilitat II<\/li>\n<li>Projecte intermodular de sistemes electrot\u00e8cnics i automatitzats<\/li>\n<li>M\u00f2dul professional optatiu<\/li>\n<\/ul>\n<p>M\u00e9s informaci\u00f3 del\u00a0<strong><a title=\"V\u00e9s al DOGC\" href=\"http:\/\/www20.gencat.cat\/portal\/site\/portaldogc\/menuitem.c973d2fc58aa0083e4492d92b0c0e1a0\/?action=fitxa&amp;documentId=656059&amp;languageFitxa=ca_ES&amp;newLang=ca_ES\" target=\"_blank\" rel=\"noopener noreferrer\">CURR\u00cdCULUM<\/a><\/strong><\/p>\n<\/div>\n<\/div>\n<\/div>\n<div class=\"CS_fFons_DestaquemPeu CS_fFons_DestaquemPeu2\"><\/div>\n<h3>Acc\u00e9s<\/h3>\n<p>Tenen\u00a0<strong>acc\u00e9s directe<\/strong>\u00a0al cicle les persones que compleixen algun dels requisits seg\u00fcents:<\/p>\n<ul>\n<li>\u00a0tenir el t\u00edtol de batxillerat,<\/li>\n<li>\u00a0tenir el t\u00edtol de t\u00e8cnic de formaci\u00f3 professional o t\u00e8cnic superior de formaci\u00f3 professional o t\u00e8cnic especialista,<\/li>\n<li>\u00a0haver superat el segon curs de batxillerat de qualsevol modalitat de batxillerat experimental,<\/li>\n<li>\u00a0haver superat el curs d&#8217;orientaci\u00f3 universit\u00e0ria (COU) o el preuniversitari,<\/li>\n<li>\u00a0tenir el t\u00edtol de batxillerat per haver cursat el batxillerat unificat polivalent (BUP),<\/li>\n<li>\u00a0tenir qualsevol titulaci\u00f3 universit\u00e0ria o una d&#8217;equivalent, o<\/li>\n<li>\u00a0haver superat la prova d&#8217;acc\u00e9s a la universitat per a m\u00e9s grans de 25 anys.<\/li>\n<\/ul>\n<p>Les persones que no compleixen cap dels requisits esmentats han de superar una\u00a0<strong><a href=\"http:\/\/ensenyament.gencat.cat\/ca\/serveis-tramits\/proves\/proves-acces\/gs-fp\/\" target=\"_blank\" rel=\"noopener noreferrer\">PROVA D&#8217;ACC\u00c9S<\/a><\/strong>. Per presentar-s&#8217;hi cal tenir complerts 19 anys o b\u00e9 complir-los durant l&#8217;any natural en qu\u00e8 es realitza la prova.<\/p>\n","protected":false},"excerpt":{"rendered":"<p><a href=\"https:\/\/triaeducativa.gencat.cat\/ca\/estudis\/?sistemes-electrotecnics-automatitzats&amp;p_id=670\" target=\"_blank\" rel=\"noopener noreferrer\">P\u00c0GINA OFICIAL DELS ESTUDIS<\/a><br \/>\n<a href=\"http:\/\/www.gencat.cat\/ensenyament\/eac\/pdf\/CFPS____EEA0_CA.pdf\" target=\"_blank\" rel=\"noopener noreferrer\">FITXA OFICIAL DELS ESTUDIS<\/a><br \/>\n.<\/p>\n<ul class=\"CEDU_nostyle\">\n<li>Ensenyament:\u00a0Formaci\u00f3 professional<\/li>\n<li>Grau:\u00a0Grau superior<\/li>\n<li>Titulaci\u00f3:\u00a0T\u00e8cnic\/a superior<\/li>\n<li>Sistema:\u00a0LOE<\/li>\n<li>Fam\u00edlia professional:\u00a0<a href=\"https:\/\/agora.xtec.cat\/iessantaeugenia\/cicles-formatius\/electricitat-i-electronica\/\">Electricitat i electr\u00f2nica<\/a><\/li>\n<li>Entorn:\u00a0T\u00e8cnic i tecnol\u00f2gic<\/li>\n<\/ul>\n<p>T\u00e8cnic o t\u00e8cnica superior en Sistemes Electrot\u00e8cnics i Automatitzats<br \/>\nCodi:\u00a0CFPS EEA0<br \/>\nAquests estudis postobligatoris capaciten per desenvolupar projectes, gestionar i supervisar el muntatge&hellip;  <a href=\"https:\/\/agora.xtec.cat\/iessantaeugenia\/cicles-formatius\/electricitat-i-electronica\/cfgs-sistemes-electrotecnics-i-automatitzats\/\" title=\"Read CFGS Sistemes Electrot\u00e8cnics i Automatitzats\">Llegeix m\u00e9s\u00bb<\/a><\/p>\n","protected":false},"author":1,"featured_media":0,"parent":720,"menu_order":0,"comment_status":"closed","ping_status":"closed","template":"page-templates\/side-menu.php","meta":{"_bbp_topic_count":0,"_bbp_reply_count":0,"_bbp_total_topic_count":0,"_bbp_total_reply_count":0,"_bbp_voice_count":0,"_bbp_anonymous_reply_count":0,"_bbp_topic_count_hidden":0,"_bbp_reply_count_hidden":0,"_bbp_forum_subforum_count":0,"footnotes":""},"class_list":["post-1171","page","type-page","status-publish","hentry"],"post_mailing_queue_ids":[],"_links":{"self":[{"href":"https:\/\/agora.xtec.cat\/iessantaeugenia\/wp-json\/wp\/v2\/pages\/1171","targetHints":{"allow":["GET"]}}],"collection":[{"href":"https:\/\/agora.xtec.cat\/iessantaeugenia\/wp-json\/wp\/v2\/pages"}],"about":[{"href":"https:\/\/agora.xtec.cat\/iessantaeugenia\/wp-json\/wp\/v2\/types\/page"}],"author":[{"embeddable":true,"href":"https:\/\/agora.xtec.cat\/iessantaeugenia\/wp-json\/wp\/v2\/users\/1"}],"replies":[{"embeddable":true,"href":"https:\/\/agora.xtec.cat\/iessantaeugenia\/wp-json\/wp\/v2\/comments?post=1171"}],"version-history":[{"count":6,"href":"https:\/\/agora.xtec.cat\/iessantaeugenia\/wp-json\/wp\/v2\/pages\/1171\/revisions"}],"predecessor-version":[{"id":12145,"href":"https:\/\/agora.xtec.cat\/iessantaeugenia\/wp-json\/wp\/v2\/pages\/1171\/revisions\/12145"}],"up":[{"embeddable":true,"href":"https:\/\/agora.xtec.cat\/iessantaeugenia\/wp-json\/wp\/v2\/pages\/720"}],"wp:attachment":[{"href":"https:\/\/agora.xtec.cat\/iessantaeugenia\/wp-json\/wp\/v2\/media?parent=1171"}],"curies":[{"name":"wp","href":"https:\/\/api.w.org\/{rel}","templated":true}]}}