{"id":1167,"date":"2020-06-17T17:01:37","date_gmt":"2020-06-17T15:01:37","guid":{"rendered":"http:\/\/agora.xtec.cat\/iessantaeugenia\/?page_id=1167"},"modified":"2025-02-23T22:58:03","modified_gmt":"2025-02-23T21:58:03","slug":"cfgs-projectes-dedificacio","status":"publish","type":"page","link":"https:\/\/agora.xtec.cat\/iessantaeugenia\/cicles-formatius\/edificacio-i-obra-civil\/cfgs-projectes-dedificacio\/","title":{"rendered":"CFGS Projectes d&#8217;Edificaci\u00f3"},"content":{"rendered":"<h5><a href=\"https:\/\/triaeducativa.gencat.cat\/ca\/estudis\/?projectes-edificacio&amp;p_id=650\" target=\"_blank\" rel=\"noopener noreferrer\">P\u00c0GINA OFICIAL DELS ESTUDIS<\/a><\/h5>\n<h5><a href=\"http:\/\/www.gencat.cat\/ensenyament\/eac\/pdf\/CFPS____EOB0_CA.pdf\" target=\"_blank\" rel=\"noopener noreferrer\">FITXA OFICIAL DELS ESTUDIS<\/a><\/h5>\n<p><span style=\"color: #ffffff;\">.<\/span><\/p>\n<ul class=\"CEDU_nostyle\">\n<li><strong>Ensenyament:<\/strong>\u00a0Formaci\u00f3 professional<\/li>\n<li><strong>Grau:<\/strong>\u00a0Grau superior<\/li>\n<li><strong>Titulaci\u00f3:<\/strong>\u00a0T\u00e8cnic\/a superior<\/li>\n<li><strong>Sistema:<\/strong>\u00a0LOE<\/li>\n<li><strong>Fam\u00edlia professional:<\/strong>\u00a0<a href=\"https:\/\/agora.xtec.cat\/iessantaeugenia\/cicles-formatius\/edificacio-i-obra-civil\/\">Edificaci\u00f3 i obra civil<\/a><\/li>\n<li><strong>Entorn:<\/strong>\u00a0T\u00e8cnic i tecnol\u00f2gic<\/li>\n<\/ul>\n<h2><strong>T\u00e8cnic o t\u00e8cnica superior en Projectes d&#8217;Edificaci\u00f3<\/strong><\/h2>\n<p><span style=\"text-decoration: underline;\">Codi:\u00a0CFPS EOB0<\/span><\/p>\n<p>Aquests estudis postobligatoris capaciten per elaborar la documentaci\u00f3 t\u00e8cnica de projectes d&#8217;edificaci\u00f3, realitzar replantejaments d&#8217;obra i gestionar el control documental per a la seva execuci\u00f3, respectant\u00a0 la\u00a0 normativa\u00a0 vigent i les\u00a0 condicions establertes de<br \/>\nqualitat, seguretat i medi ambient.<\/p>\n<p>Tenen una durada de <strong>2.000 hores<\/strong> (1.485\u00a0 lectives en un centre educatiu i 515 de pr\u00e0ctiques en un centre de treball) distribu\u00efdes en <strong>dos cursos\u00a0acad\u00e8mics<\/strong>.<\/p>\n<p>Aquest estudi\u00a0substitueix\u00a0el cicle Desenvolupament i Aplicaci\u00f3 de Projectes de Construcci\u00f3 (LOGSE).<\/p>\n<h3>Continguts<\/h3>\n<ul>\n<li>Estructures de construcci\u00f3<\/li>\n<li>Representacions de construcci\u00f3<\/li>\n<li>Amidaments i valoracions de construcci\u00f3<\/li>\n<li>Replanteig de construcci\u00f3<\/li>\n<li>Planificaci\u00f3 de construcci\u00f3<\/li>\n<li>Disseny i construcci\u00f3 d&#8217;edificis<\/li>\n<li>Instal\u00b7lacions en edificaci\u00f3<\/li>\n<li>Efici\u00e8ncia energ\u00e8tica en edificaci\u00f3<\/li>\n<li>Desenvolupament de projectes d&#8217;edificaci\u00f3 residencial<\/li>\n<li>Desenvolupament de projectes d&#8217;edificaci\u00f3 no residencial<\/li>\n<li>Angl\u00e8s professional<\/li>\n<li>Digitalitzaci\u00f3 aplicada als sectors productius<\/li>\n<li>Sostenibilitat aplicada al sistema productiu<\/li>\n<li>Itinerari personal per a l&#8217;ocupabilitat I<\/li>\n<li>Itinerari personal per a l&#8217;ocupabilitat II<\/li>\n<li>Projecte intermodular en edificaci\u00f3<\/li>\n<li>M\u00f2dul professional optatiu<\/li>\n<\/ul>\n<div><\/div>\n<div>M\u00e9s informaci\u00f3 del\u00a0<strong><a title=\"V\u00e9s al DOGC\" href=\"http:\/\/www20.gencat.cat\/portal\/site\/portaldogc\/menuitem.c973d2fc58aa0083e4492d92b0c0e1a0\/?action=fitxa&amp;documentId=637158&amp;languageFitxa=ca_ES&amp;newLang=ca_ES\" target=\"_blank\" rel=\"noopener noreferrer\">CURR\u00cdCULUM<\/a><\/strong><\/div>\n<div><\/div>\n<h3>Acc\u00e9s<\/h3>\n<p>Tenen\u00a0<strong>acc\u00e9s directe<\/strong>\u00a0al cicle les persones que compleixen algun dels requisits seg\u00fcents:<\/p>\n<ul>\n<li>\u00a0tenir el t\u00edtol de batxillerat,<\/li>\n<li>\u00a0tenir el t\u00edtol de t\u00e8cnic de formaci\u00f3 professional o t\u00e8cnic superior de formaci\u00f3 professional o t\u00e8cnic especialista,<\/li>\n<li>\u00a0haver superat el segon curs de batxillerat de qualsevol modalitat de batxillerat experimental,<\/li>\n<li>\u00a0haver superat el curs d&#8217;orientaci\u00f3 universit\u00e0ria (COU) o el preuniversitari,<\/li>\n<li>\u00a0tenir el t\u00edtol de batxillerat per haver cursat el batxillerat unificat polivalent (BUP),<\/li>\n<li>\u00a0tenir qualsevol titulaci\u00f3 universit\u00e0ria o una d&#8217;equivalent, o<\/li>\n<li>\u00a0haver superat la prova d&#8217;acc\u00e9s a la universitat per a m\u00e9s grans de 25 anys.<\/li>\n<\/ul>\n<p>Les persones que no compleixen cap dels requisits esmentats han de superar una\u00a0<strong><a href=\"http:\/\/ensenyament.gencat.cat\/ca\/serveis-tramits\/proves\/proves-acces\/gs-fp\/\" target=\"_blank\" rel=\"noopener noreferrer\">PROVA D&#8217;ACC\u00c9S<\/a><\/strong>. Per presentar-s&#8217;hi cal tenir complerts 19 anys o b\u00e9 complir-los durant l&#8217;any natural en qu\u00e8 es realitza la prova.<\/p>\n","protected":false},"excerpt":{"rendered":"<p><a href=\"https:\/\/triaeducativa.gencat.cat\/ca\/estudis\/?projectes-edificacio&amp;p_id=650\" target=\"_blank\" rel=\"noopener noreferrer\">P\u00c0GINA OFICIAL DELS ESTUDIS<\/a><br \/>\n<a href=\"http:\/\/www.gencat.cat\/ensenyament\/eac\/pdf\/CFPS____EOB0_CA.pdf\" target=\"_blank\" rel=\"noopener noreferrer\">FITXA OFICIAL DELS ESTUDIS<\/a><br \/>\n.<\/p>\n<ul class=\"CEDU_nostyle\">\n<li>Ensenyament:\u00a0Formaci\u00f3 professional<\/li>\n<li>Grau:\u00a0Grau superior<\/li>\n<li>Titulaci\u00f3:\u00a0T\u00e8cnic\/a superior<\/li>\n<li>Sistema:\u00a0LOE<\/li>\n<li>Fam\u00edlia professional:\u00a0<a href=\"https:\/\/agora.xtec.cat\/iessantaeugenia\/cicles-formatius\/edificacio-i-obra-civil\/\">Edificaci\u00f3 i obra civil<\/a><\/li>\n<li>Entorn:\u00a0T\u00e8cnic i tecnol\u00f2gic<\/li>\n<\/ul>\n<p>T\u00e8cnic o t\u00e8cnica superior en Projectes d&#8217;Edificaci\u00f3<br \/>\nCodi:\u00a0CFPS EOB0<br \/>\nAquests estudis postobligatoris capaciten per elaborar la documentaci\u00f3 t\u00e8cnica de projectes d&#8217;edificaci\u00f3, realitzar&hellip;  <a href=\"https:\/\/agora.xtec.cat\/iessantaeugenia\/cicles-formatius\/edificacio-i-obra-civil\/cfgs-projectes-dedificacio\/\" title=\"Read CFGS Projectes d&#8217;Edificaci\u00f3\">Llegeix m\u00e9s\u00bb<\/a><\/p>\n","protected":false},"author":1,"featured_media":0,"parent":718,"menu_order":0,"comment_status":"closed","ping_status":"closed","template":"page-templates\/side-menu.php","meta":{"_bbp_topic_count":0,"_bbp_reply_count":0,"_bbp_total_topic_count":0,"_bbp_total_reply_count":0,"_bbp_voice_count":0,"_bbp_anonymous_reply_count":0,"_bbp_topic_count_hidden":0,"_bbp_reply_count_hidden":0,"_bbp_forum_subforum_count":0,"footnotes":""},"class_list":["post-1167","page","type-page","status-publish","hentry"],"post_mailing_queue_ids":[],"_links":{"self":[{"href":"https:\/\/agora.xtec.cat\/iessantaeugenia\/wp-json\/wp\/v2\/pages\/1167","targetHints":{"allow":["GET"]}}],"collection":[{"href":"https:\/\/agora.xtec.cat\/iessantaeugenia\/wp-json\/wp\/v2\/pages"}],"about":[{"href":"https:\/\/agora.xtec.cat\/iessantaeugenia\/wp-json\/wp\/v2\/types\/page"}],"author":[{"embeddable":true,"href":"https:\/\/agora.xtec.cat\/iessantaeugenia\/wp-json\/wp\/v2\/users\/1"}],"replies":[{"embeddable":true,"href":"https:\/\/agora.xtec.cat\/iessantaeugenia\/wp-json\/wp\/v2\/comments?post=1167"}],"version-history":[{"count":6,"href":"https:\/\/agora.xtec.cat\/iessantaeugenia\/wp-json\/wp\/v2\/pages\/1167\/revisions"}],"predecessor-version":[{"id":12142,"href":"https:\/\/agora.xtec.cat\/iessantaeugenia\/wp-json\/wp\/v2\/pages\/1167\/revisions\/12142"}],"up":[{"embeddable":true,"href":"https:\/\/agora.xtec.cat\/iessantaeugenia\/wp-json\/wp\/v2\/pages\/718"}],"wp:attachment":[{"href":"https:\/\/agora.xtec.cat\/iessantaeugenia\/wp-json\/wp\/v2\/media?parent=1167"}],"curies":[{"name":"wp","href":"https:\/\/api.w.org\/{rel}","templated":true}]}}