{"id":1151,"date":"2020-06-17T16:43:21","date_gmt":"2020-06-17T14:43:21","guid":{"rendered":"http:\/\/agora.xtec.cat\/iessantaeugenia\/?page_id=1151"},"modified":"2025-02-23T22:57:18","modified_gmt":"2025-02-23T21:57:18","slug":"cfgs-comerc-marqueting-i-publicitat","status":"publish","type":"page","link":"https:\/\/agora.xtec.cat\/iessantaeugenia\/cicles-formatius\/comerc-i-marqueting\/cfgs-comerc-marqueting-i-publicitat\/","title":{"rendered":"CFGS M\u00e0rqueting i Publicitat"},"content":{"rendered":"<h5><a href=\"https:\/\/triaeducativa.gencat.cat\/ca\/estudis\/?marqueting-publicitat&amp;p_id=1730\" target=\"_blank\" rel=\"noopener noreferrer\">P\u00c0GINA OFICIAL DELS ESTUDIS<\/a><\/h5>\n<h5><a href=\"http:\/\/www.gencat.cat\/ensenyament\/eac\/pdf\/CFPS____CMD0_CA.pdf\" target=\"_blank\" rel=\"noopener noreferrer\">FITXA OFICIAL DELS ESTUDIS<\/a><\/h5>\n<p><span style=\"color: #ffffff;\">.<\/span><\/p>\n<ul class=\"CEDU_nostyle\">\n<li><strong>Ensenyament:<\/strong>\u00a0Formaci\u00f3 professional<\/li>\n<li><strong>Grau:<\/strong>\u00a0Grau superior<\/li>\n<li><strong>Titulaci\u00f3:<\/strong>\u00a0T\u00e8cnic\/a superior<\/li>\n<li><strong>Sistema:<\/strong>\u00a0LOE<\/li>\n<li><strong>Fam\u00edlia professional:<\/strong>\u00a0<a href=\"https:\/\/agora.xtec.cat\/iessantaeugenia\/cicles-formatius\/comerc-i-marqueting\/\">Comer\u00e7 i m\u00e0rqueting<\/a><\/li>\n<\/ul>\n<h2>T\u00e8cnic o t\u00e8cnica superior en M\u00e0rqueting i Publicitat<\/h2>\n<p><span style=\"text-decoration: underline;\">Codi:\u00a0CFPS CMD0<\/span><\/p>\n<p>Aquests estudis capaciten per definir i efectuar el seguiment de les pol\u00edtiques de m\u00e0rqueting basades en estudis comercials i a promocionar i fer publicitat dels productes i\/o serveis en els mitjans i suports de comunicaci\u00f3 adequats, elaborant els materials publicitaris i promocionals i necessaris.<\/p>\n<p>La durada \u00e9s de <strong>2.000 hores<\/strong> (1.485 en un centre educatiu i 515 en un centre de treball) distribu\u00efdes en <strong>dos cursos\u00a0acad\u00e8mics<\/strong>.<\/p>\n<h3>Continguts<\/h3>\n<ul>\n<li>Gesti\u00f3 econ\u00f2mica i financera de l&#8217;empresa<\/li>\n<li>Pol\u00edtiques de m\u00e0rqueting<\/li>\n<li>M\u00e0rqueting digital<\/li>\n<li>Disseny i elaboraci\u00f3 de material de comunicaci\u00f3<\/li>\n<li>Mitjans i suports de comunicaci\u00f3<\/li>\n<li>Relacions p\u00fabliques i organitzaci\u00f3 d&#8217;esdeveniments de m\u00e0rqueting<\/li>\n<li>Investigaci\u00f3 comercial<\/li>\n<li>Treball de camp en la investigaci\u00f3 comercial<\/li>\n<li>Llan\u00e7ament de productes i serveis<\/li>\n<li>Atenci\u00f3 al client, consumidor i usuari<\/li>\n<li>Catal\u00e0\/Aran\u00e8s professional<\/li>\n<li>Angl\u00e8s professional<\/li>\n<li>Digitalitzaci\u00f3 aplicada als sectors productius<\/li>\n<li>Sostenibilitat aplicada al sistema productiu<\/li>\n<li>Itinerari personal per a l&#8217;ocupabilitat I<\/li>\n<li>Itinerari personal per a l&#8217;ocupabilitat II<\/li>\n<li>Projecte intermodular<\/li>\n<li>M\u00f2dul professional optatiu<\/li>\n<\/ul>\n<p>M\u00e9s informaci\u00f3 del\u00a0<strong><a title=\"Ves al DOGC\" href=\"http:\/\/dogc.gencat.cat\/ca\/pdogc_canals_interns\/pdogc_resultats_fitxa\/?action=fitxa&amp;mode=single&amp;documentId=822050&amp;language=ca_ES\" target=\"_blank\" rel=\"noopener noreferrer\">CURR\u00cdCULUM<\/a><\/strong><\/p>\n<h3>Acc\u00e9s<\/h3>\n<p>Tenen\u00a0<strong>acc\u00e9s directe<\/strong>\u00a0al cicle les persones que compleixen algun dels requisits seg\u00fcents:<\/p>\n<ul>\n<li>\u00a0tenir el t\u00edtol de batxillerat,<\/li>\n<li>\u00a0tenir el t\u00edtol de t\u00e8cnic de formaci\u00f3 professional o t\u00e8cnic superior de formaci\u00f3 professional o t\u00e8cnic especialista,<\/li>\n<li>\u00a0haver superat el segon curs de batxillerat de qualsevol modalitat de batxillerat experimental,<\/li>\n<li>\u00a0haver superat el curs d&#8217;orientaci\u00f3 universit\u00e0ria (COU) o el preuniversitari,<\/li>\n<li>\u00a0tenir el t\u00edtol de batxillerat per haver cursat el batxillerat unificat polivalent (BUP),<\/li>\n<li>\u00a0tenir qualsevol titulaci\u00f3 universit\u00e0ria o una d&#8217;equivalent, o<\/li>\n<li>\u00a0haver superat la prova d&#8217;acc\u00e9s a la universitat per a m\u00e9s grans de 25 anys.<\/li>\n<\/ul>\n<p>Les persones que no compleixen cap dels requisits esmentats han de superar una\u00a0<strong><a href=\"http:\/\/ensenyament.gencat.cat\/ca\/serveis-tramits\/proves\/proves-acces\/gs-fp\/\" target=\"_blank\" rel=\"noopener noreferrer\">PROVA D&#8217;ACC\u00c9S<\/a><\/strong>. Per presentar-s&#8217;hi cal tenir complerts 19 anys o b\u00e9 complir-los durant l&#8217;any natural en qu\u00e8 es realitza la prova.<\/p>\n","protected":false},"excerpt":{"rendered":"<p><a href=\"https:\/\/triaeducativa.gencat.cat\/ca\/estudis\/?marqueting-publicitat&amp;p_id=1730\" target=\"_blank\" rel=\"noopener noreferrer\">P\u00c0GINA OFICIAL DELS ESTUDIS<\/a><br \/>\n<a href=\"http:\/\/www.gencat.cat\/ensenyament\/eac\/pdf\/CFPS____CMD0_CA.pdf\" target=\"_blank\" rel=\"noopener noreferrer\">FITXA OFICIAL DELS ESTUDIS<\/a><br \/>\n.<\/p>\n<ul class=\"CEDU_nostyle\">\n<li>Ensenyament:\u00a0Formaci\u00f3 professional<\/li>\n<li>Grau:\u00a0Grau superior<\/li>\n<li>Titulaci\u00f3:\u00a0T\u00e8cnic\/a superior<\/li>\n<li>Sistema:\u00a0LOE<\/li>\n<li>Fam\u00edlia professional:\u00a0<a href=\"https:\/\/agora.xtec.cat\/iessantaeugenia\/cicles-formatius\/comerc-i-marqueting\/\">Comer\u00e7 i m\u00e0rqueting<\/a><\/li>\n<\/ul>\n<p>T\u00e8cnic o t\u00e8cnica superior en M\u00e0rqueting i Publicitat<br \/>\nCodi:\u00a0CFPS CMD0<br \/>\nAquests estudis capaciten per definir i efectuar el seguiment de les pol\u00edtiques de m\u00e0rqueting basades&hellip;  <a href=\"https:\/\/agora.xtec.cat\/iessantaeugenia\/cicles-formatius\/comerc-i-marqueting\/cfgs-comerc-marqueting-i-publicitat\/\" title=\"Read CFGS M\u00e0rqueting i Publicitat\">Llegeix m\u00e9s\u00bb<\/a><\/p>\n","protected":false},"author":1,"featured_media":0,"parent":716,"menu_order":0,"comment_status":"closed","ping_status":"closed","template":"page-templates\/side-menu.php","meta":{"_bbp_topic_count":0,"_bbp_reply_count":0,"_bbp_total_topic_count":0,"_bbp_total_reply_count":0,"_bbp_voice_count":0,"_bbp_anonymous_reply_count":0,"_bbp_topic_count_hidden":0,"_bbp_reply_count_hidden":0,"_bbp_forum_subforum_count":0,"footnotes":""},"class_list":["post-1151","page","type-page","status-publish","hentry"],"post_mailing_queue_ids":[],"_links":{"self":[{"href":"https:\/\/agora.xtec.cat\/iessantaeugenia\/wp-json\/wp\/v2\/pages\/1151","targetHints":{"allow":["GET"]}}],"collection":[{"href":"https:\/\/agora.xtec.cat\/iessantaeugenia\/wp-json\/wp\/v2\/pages"}],"about":[{"href":"https:\/\/agora.xtec.cat\/iessantaeugenia\/wp-json\/wp\/v2\/types\/page"}],"author":[{"embeddable":true,"href":"https:\/\/agora.xtec.cat\/iessantaeugenia\/wp-json\/wp\/v2\/users\/1"}],"replies":[{"embeddable":true,"href":"https:\/\/agora.xtec.cat\/iessantaeugenia\/wp-json\/wp\/v2\/comments?post=1151"}],"version-history":[{"count":6,"href":"https:\/\/agora.xtec.cat\/iessantaeugenia\/wp-json\/wp\/v2\/pages\/1151\/revisions"}],"predecessor-version":[{"id":12143,"href":"https:\/\/agora.xtec.cat\/iessantaeugenia\/wp-json\/wp\/v2\/pages\/1151\/revisions\/12143"}],"up":[{"embeddable":true,"href":"https:\/\/agora.xtec.cat\/iessantaeugenia\/wp-json\/wp\/v2\/pages\/716"}],"wp:attachment":[{"href":"https:\/\/agora.xtec.cat\/iessantaeugenia\/wp-json\/wp\/v2\/media?parent=1151"}],"curies":[{"name":"wp","href":"https:\/\/api.w.org\/{rel}","templated":true}]}}