{"id":1147,"date":"2020-06-17T16:42:22","date_gmt":"2020-06-17T14:42:22","guid":{"rendered":"http:\/\/agora.xtec.cat\/iessantaeugenia\/?page_id=1147"},"modified":"2025-02-23T22:57:41","modified_gmt":"2025-02-23T21:57:41","slug":"cfgm-activitats-comercials","status":"publish","type":"page","link":"https:\/\/agora.xtec.cat\/iessantaeugenia\/cicles-formatius\/comerc-i-marqueting\/cfgm-activitats-comercials\/","title":{"rendered":"CFGM Activitats Comercials"},"content":{"rendered":"<h5><a href=\"https:\/\/triaeducativa.gencat.cat\/ca\/estudis\/?activitats-comercials&amp;p_id=1370\" target=\"_blank\" rel=\"noopener noreferrer\">P\u00c0GINA OFICIAL DELS ESTUDIS<\/a><\/h5>\n<h5><a href=\"http:\/\/www.gencat.cat\/ensenyament\/eac\/pdf\/CFPM____CM10_CA.pdf\" target=\"_blank\" rel=\"noopener noreferrer\">FITXA OFICIAL DELS ESTUDIS<\/a><\/h5>\n<p><span style=\"color: #ffffff;\">.<\/span><\/p>\n<ul class=\"CEDU_nostyle\">\n<li><strong>Ensenyament:<\/strong>\u00a0Formaci\u00f3 professional<\/li>\n<li><strong>Grau:<\/strong>\u00a0Grau mitj\u00e0<\/li>\n<li><strong>Titulaci\u00f3:<\/strong>\u00a0T\u00e8cnic\/a<\/li>\n<li><strong>Sistema:<\/strong>\u00a0LOE<\/li>\n<li><strong>Fam\u00edlia professional:<\/strong>\u00a0<a href=\"https:\/\/agora.xtec.cat\/iessantaeugenia\/cicles-formatius\/comerc-i-marqueting\/\">Comer\u00e7 i m\u00e0rqueting<\/a><\/li>\n<li><strong>Entorn:<\/strong>\u00a0Econ\u00f2mic i empresarial<\/li>\n<\/ul>\n<h2><strong>T\u00e8cnic o t\u00e8cnica en Activitats Comercials<\/strong><\/h2>\n<p><span style=\"text-decoration: underline;\">Codi:\u00a0CFPM CM10<\/span><\/p>\n<p>Aquests estudis capaciten per desenvolupar activitats de distribuci\u00f3 i comercialitzaci\u00f3 de b\u00e9ns i\/o serveis i gestionar un petit establiment comercial, aplicant les normes de qualitat i seguretat establertes i respectant la legislaci\u00f3 vigent.<\/p>\n<p>La durada \u00e9s de <strong>2.000 hores<\/strong> (1.485 en un centre educatiu i 515 en un centre de treball) distribu\u00efdes en <strong>dos cursos\u00a0acad\u00e8mics<\/strong>.<\/p>\n<p>Aquest estudi\u00a0<strong>substitueix<\/strong>\u00a0el cicle Comer\u00e7 (LOGSE).<\/p>\n<h3>Continguts<\/h3>\n<ul>\n<li>M\u00e0rqueting en l&#8217;activitat comercial<\/li>\n<li>Gesti\u00f3 d&#8217;un petit comer\u00e7<\/li>\n<li>T\u00e8cniques de magatzem<\/li>\n<li>Gesti\u00f3 de compres<\/li>\n<li>Venda t\u00e8cnica<\/li>\n<li>Dinamitzaci\u00f3 del punt de venda<\/li>\n<li>Processos de venda<\/li>\n<li>Aplicacions inform\u00e0tiques per al comer\u00e7<\/li>\n<li>Serveis d&#8217;atenci\u00f3 comercial<\/li>\n<li>Comer\u00e7 electr\u00f2nic<\/li>\n<li>Catal\u00e0 \/ Aran\u00e8s professional<\/li>\n<li>Angl\u00e8s professional<\/li>\n<li>Digitalitzaci\u00f3 aplicada als sectors productius<\/li>\n<li>Sostenibilitat aplicada al sistema productiu<\/li>\n<li>Itinerari personal per a l&#8217;ocupabilitat I<\/li>\n<li>Itinerari personal per a l&#8217;ocupabilitat II<\/li>\n<li>Projecte intermodular<\/li>\n<li>M\u00f2dul professional optatiu<\/li>\n<\/ul>\n<p>M\u00e9s informaci\u00f3 del\u00a0<strong><a title=\"V\u00e9s al DOGC\" href=\"http:\/\/dogc.gencat.cat\/ca\/pdogc_canals_interns\/pdogc_resultats_fitxa\/?action=fitxa&amp;documentId=793736&amp;language=ca_ES\" target=\"_blank\" rel=\"noopener noreferrer\">CURR\u00cdCULUM<\/a><\/strong><\/p>\n<h3>Acc\u00e9s<\/h3>\n<p>Tenen\u00a0<strong>acc\u00e9s directe<\/strong>\u00a0al cicle les persones que compleixen algun dels requisits seg\u00fcents:<\/p>\n<ul>\n<li>\u00a0tenir el t\u00edtol de graduat en educaci\u00f3 secund\u00e0ria obligat\u00f2ria,<\/li>\n<li>\u00a0haver superat el\u00a0<strong><a href=\"http:\/\/queestudiar.gencat.cat\/ca\/estudis\/acces-cicles\/gm\" target=\"_blank\" rel=\"noopener\">CURS ESPEC\u00cdFIC PER A L&#8217;ACC\u00c9S ALS CICLES DE GRAU MITJ\u00c0<\/a><\/strong>,<\/li>\n<li>\u00a0tenir el t\u00edtol de t\u00e8cnic o de t\u00e8cnic auxiliar,<\/li>\n<li>\u00a0haver superat el segon curs del batxillerat unificat i polivalent (BUP),<\/li>\n<li>\u00a0tenir altres estudis equivalents a efectes acad\u00e8mics,<\/li>\n<li>\u00a0haver superat la prova d&#8217;acc\u00e9s a la universitat per a m\u00e9s grans de 25 anys,<\/li>\n<li>\u00a0haver superat els m\u00f2duls obligatoris d&#8217;un programa de qualificaci\u00f3 professional inicial (PQPI),<\/li>\n<li>\u00a0tenir un t\u00edtol per accedir a un cicle formatiu de grau superior.<\/li>\n<\/ul>\n<p>Les persones que no compleixen cap dels requisits esmentats han de superar una\u00a0<strong><a href=\"http:\/\/ensenyament.gencat.cat\/ca\/serveis-tramits\/proves\/proves-acces\/gm-fp\/\" target=\"_blank\" rel=\"noopener noreferrer\">PROVA D&#8217;ACC\u00c9S<\/a><\/strong>. Per presentar-s&#8217;hi cal tenir com a m\u00ednim 17 anys l&#8217;any en qu\u00e8 es fa la prova.<\/p>\n","protected":false},"excerpt":{"rendered":"<p><a href=\"https:\/\/triaeducativa.gencat.cat\/ca\/estudis\/?activitats-comercials&amp;p_id=1370\" target=\"_blank\" rel=\"noopener noreferrer\">P\u00c0GINA OFICIAL DELS ESTUDIS<\/a><br \/>\n<a href=\"http:\/\/www.gencat.cat\/ensenyament\/eac\/pdf\/CFPM____CM10_CA.pdf\" target=\"_blank\" rel=\"noopener noreferrer\">FITXA OFICIAL DELS ESTUDIS<\/a><br \/>\n.<\/p>\n<ul class=\"CEDU_nostyle\">\n<li>Ensenyament:\u00a0Formaci\u00f3 professional<\/li>\n<li>Grau:\u00a0Grau mitj\u00e0<\/li>\n<li>Titulaci\u00f3:\u00a0T\u00e8cnic\/a<\/li>\n<li>Sistema:\u00a0LOE<\/li>\n<li>Fam\u00edlia professional:\u00a0<a href=\"https:\/\/agora.xtec.cat\/iessantaeugenia\/cicles-formatius\/comerc-i-marqueting\/\">Comer\u00e7 i m\u00e0rqueting<\/a><\/li>\n<li>Entorn:\u00a0Econ\u00f2mic i empresarial<\/li>\n<\/ul>\n<p>T\u00e8cnic o t\u00e8cnica en Activitats Comercials<br \/>\nCodi:\u00a0CFPM CM10<br \/>\nAquests estudis capaciten per desenvolupar activitats de distribuci\u00f3 i comercialitzaci\u00f3 de b\u00e9ns i\/o serveis i gestionar&hellip;  <a href=\"https:\/\/agora.xtec.cat\/iessantaeugenia\/cicles-formatius\/comerc-i-marqueting\/cfgm-activitats-comercials\/\" title=\"Read CFGM Activitats Comercials\">Llegeix m\u00e9s\u00bb<\/a><\/p>\n","protected":false},"author":1,"featured_media":0,"parent":716,"menu_order":0,"comment_status":"closed","ping_status":"closed","template":"page-templates\/side-menu.php","meta":{"_bbp_topic_count":0,"_bbp_reply_count":0,"_bbp_total_topic_count":0,"_bbp_total_reply_count":0,"_bbp_voice_count":0,"_bbp_anonymous_reply_count":0,"_bbp_topic_count_hidden":0,"_bbp_reply_count_hidden":0,"_bbp_forum_subforum_count":0,"footnotes":""},"class_list":["post-1147","page","type-page","status-publish","hentry"],"post_mailing_queue_ids":[],"_links":{"self":[{"href":"https:\/\/agora.xtec.cat\/iessantaeugenia\/wp-json\/wp\/v2\/pages\/1147","targetHints":{"allow":["GET"]}}],"collection":[{"href":"https:\/\/agora.xtec.cat\/iessantaeugenia\/wp-json\/wp\/v2\/pages"}],"about":[{"href":"https:\/\/agora.xtec.cat\/iessantaeugenia\/wp-json\/wp\/v2\/types\/page"}],"author":[{"embeddable":true,"href":"https:\/\/agora.xtec.cat\/iessantaeugenia\/wp-json\/wp\/v2\/users\/1"}],"replies":[{"embeddable":true,"href":"https:\/\/agora.xtec.cat\/iessantaeugenia\/wp-json\/wp\/v2\/comments?post=1147"}],"version-history":[{"count":5,"href":"https:\/\/agora.xtec.cat\/iessantaeugenia\/wp-json\/wp\/v2\/pages\/1147\/revisions"}],"predecessor-version":[{"id":12128,"href":"https:\/\/agora.xtec.cat\/iessantaeugenia\/wp-json\/wp\/v2\/pages\/1147\/revisions\/12128"}],"up":[{"embeddable":true,"href":"https:\/\/agora.xtec.cat\/iessantaeugenia\/wp-json\/wp\/v2\/pages\/716"}],"wp:attachment":[{"href":"https:\/\/agora.xtec.cat\/iessantaeugenia\/wp-json\/wp\/v2\/media?parent=1147"}],"curies":[{"name":"wp","href":"https:\/\/api.w.org\/{rel}","templated":true}]}}