{"id":1085,"date":"2020-06-17T13:28:02","date_gmt":"2020-06-17T11:28:02","guid":{"rendered":"http:\/\/agora.xtec.cat\/iessantaeugenia\/?page_id=1085"},"modified":"2025-02-06T11:48:57","modified_gmt":"2025-02-06T10:48:57","slug":"innova-fp-2","status":"publish","type":"page","link":"https:\/\/agora.xtec.cat\/iessantaeugenia\/serveis\/innova-fp-2\/","title":{"rendered":"Innova FP"},"content":{"rendered":"<p><a href=\"https:\/\/agora.xtec.cat\/iessantaeugenia\/wp-content\/uploads\/usu1801\/2021\/10\/InnovaFPmenu\u0301.png\"><img loading=\"lazy\" decoding=\"async\" class=\"alignnone wp-image-1746\" src=\"https:\/\/agora.xtec.cat\/iessantaeugenia\/wp-content\/uploads\/usu1801\/2021\/10\/InnovaFPmenu\u0301.png\" alt=\"\" width=\"81\" height=\"86\" srcset=\"https:\/\/agora.xtec.cat\/iessantaeugenia\/wp-content\/uploads\/usu1801\/2021\/10\/InnovaFPmenu\u0301.png 648w, https:\/\/agora.xtec.cat\/iessantaeugenia\/wp-content\/uploads\/usu1801\/2021\/10\/InnovaFPmenu\u0301-286x300.png 286w\" sizes=\"auto, (max-width: 81px) 100vw, 81px\" \/><\/a><\/p>\n<p>InnovaFP\u00a0\u00e9s el programa de la Direcci\u00f3 General de Formaci\u00f3 Professional i Ensenyaments de R\u00e8gim Especial del Departament d\u2019Ensenyament de la Generalitat de Catalunya que promou la col\u00b7laboraci\u00f3 d\u2019empreses i centres de formaci\u00f3 professional per treballar en projectes d\u2019innovaci\u00f3 i transfer\u00e8ncia de coneixement.<\/p>\n<p><a href=\"https:\/\/projectes.xtec.cat\/impulsfp\/innovafp\/\" target=\"_blank\" rel=\"noopener noreferrer\">P\u00e0gina oficial Innova FP<\/a><\/p>\n<h2>Objectius<\/h2>\n<p>En un mercat global, on la compet\u00e8ncia arriba des de qualsevol part del m\u00f3n i per a qualsevol tipus d\u2019empresa o entitat, la innovaci\u00f3 \u00e9s una pe\u00e7a clau de l\u2019estrat\u00e8gia de les organitzacions. A l\u2019hora de potenciar la innovaci\u00f3 dins d\u2019una organitzaci\u00f3, el nivell de formaci\u00f3 dels treballadors \u00e9s absolutament determinant.<br \/>\nAmb la intenci\u00f3 de donar una nova resposta a aquesta situaci\u00f3, neix el programa d\u2019innovaci\u00f3 i transfer\u00e8ncia de coneixement \u201cInnovaFP\u201d. La finalitat del programa \u00e9s col\u00b7laborar amb les empreses i entitats, de l\u2019entorn d\u2019influ\u00e8ncia del centre, per desenvolupar projectes d\u2019innovaci\u00f3 i transfer\u00e8ncia de coneixement, que incentivin l\u2019actualitzaci\u00f3 dels coneixements del professorat, la millora de la capacitaci\u00f3 dels alumnes dels cicles formatius i augmenti els vincles CENTRE FORMATIU \u2013 EMPRESA, tot contribuint a la millora de la competitivitat de les organitzacions que participen en el programa. Els objectius clau del programa s\u00f3n:<\/p>\n<p>\u2022\u00a0<strong>Esdevenir un pol de coneixement.<\/strong>\u00a0Aix\u00f2 implica que el centre acumula coneixement que despr\u00e9s ha de revertir en el territori esdevenint un referent en aquesta mat\u00e8ria.<br \/>\n\u2022\u00a0<strong>Millora les compet\u00e8ncies<\/strong>\u00a0clau per\u00a0<strong>dels alumnes<\/strong>\u00a0que participen en aquest tipus de projectes.<br \/>\n\u2022\u00a0<strong>Actualitzar<\/strong>\u00a0permanentment\u00a0<strong>els coneixements del professora<\/strong>t de formaci\u00f3 professional, per tal contribueixi a l\u2019augment de la motivaci\u00f3 i la millora de la formaci\u00f3 de l\u2019alumnat.<br \/>\n\u2022\u00a0<strong>Contribuir a la millora de la competitivitat de les organitzacions<\/strong>. L\u2019augment de la competitivitat de les organitzacions porta associat, en la majoria de casos, la necessitat de comptar amb t\u00e8cnics qualificats, la qual,cosa ha de revertir en una millor inserci\u00f3 de l\u2019alumnat. Aquest fet ha de fer m\u00e9s atractiva la formaci\u00f3 professional, i atraure m\u00e9s persones als centres educatius, sobretot als cicles de caire industrial que s\u00f3n els que tenen nivells de matriculaci\u00f3 mes baixos.<br \/>\n\u2022<strong>\u00a0Millorar les relacions Centre formatiu \u2013 Empresa.<\/strong>\u00a0Aquesta millora de les relacions, s\u2019espera que contribueixi a millorar els curr\u00edculums dels diferents cicles formatius, millorar la inserci\u00f3 dels alumnes a les empreses, aix\u00ed com millorar l\u2019equipament i\/o instal\u00b7lacions dels centres participants, ja sigui a trav\u00e9s de donacions de les empreses, o b\u00e9 com a inversi\u00f3 de les quantitats aportades per les empreses per la prestaci\u00f3 dels serveis.<br \/>\n\u2022\u00a0<strong>Rendibilitzar les instal\u00b7lacions i l\u2019equipament del centre formatiu.<\/strong><\/p>\n<h2>Qui hi t\u00e9 acc\u00e9s?<\/h2>\n<p>El programa est\u00e0 obert a organitzacions de tot tipus, empreses privades, empreses p\u00fabliques, Organitzacions No Governamentals, administraci\u00f3 p\u00fablica, aut\u00f2noms, fundacions, associacions, i fins i tot emprenedors.<\/p>\n<p>Pel fet de tractar-se de projectes innovadors, sempre que s\u2019escau es garanteix la confidencialitat de les tasques dutes a terme i dels resultats obtinguts, durant el per\u00edode que s\u2019estimi oport\u00fa en cada cas. Aquesta confidencialitat afecta tant a professorat, com a alumnes.<\/p>\n<h2>Per quins motius t&#8217;interessa?<\/h2>\n<p>Participa en projectes altament interessants i engrescadors per a la teva formaci\u00f3, alhora que exploren una via d\u2019inserci\u00f3 laboral.<\/p>\n","protected":false},"excerpt":{"rendered":"<p><a href=\"https:\/\/agora.xtec.cat\/iessantaeugenia\/wp-content\/uploads\/usu1801\/2021\/10\/InnovaFPmenu\u0301.png\"><\/a><br \/>\nInnovaFP\u00a0\u00e9s el programa de la Direcci\u00f3 General de Formaci\u00f3 Professional i Ensenyaments de R\u00e8gim Especial del Departament d\u2019Ensenyament de la Generalitat de Catalunya que promou la col\u00b7laboraci\u00f3 d\u2019empreses i centres de formaci\u00f3 professional per treballar en projectes d\u2019innovaci\u00f3 i transfer\u00e8ncia de coneixement.<br \/>\n<a href=\"https:\/\/projectes.xtec.cat\/impulsfp\/innovafp\/\" target=\"_blank\"&hellip;  <a href=\"https:\/\/agora.xtec.cat\/iessantaeugenia\/serveis\/innova-fp-2\/\" title=\"Read Innova FP\">Llegeix m\u00e9s\u00bb<\/a><\/p>\n","protected":false},"author":1,"featured_media":0,"parent":63,"menu_order":0,"comment_status":"closed","ping_status":"closed","template":"page-templates\/side-menu.php","meta":{"_bbp_topic_count":0,"_bbp_reply_count":0,"_bbp_total_topic_count":0,"_bbp_total_reply_count":0,"_bbp_voice_count":0,"_bbp_anonymous_reply_count":0,"_bbp_topic_count_hidden":0,"_bbp_reply_count_hidden":0,"_bbp_forum_subforum_count":0,"footnotes":""},"class_list":["post-1085","page","type-page","status-publish","hentry"],"post_mailing_queue_ids":[],"_links":{"self":[{"href":"https:\/\/agora.xtec.cat\/iessantaeugenia\/wp-json\/wp\/v2\/pages\/1085","targetHints":{"allow":["GET"]}}],"collection":[{"href":"https:\/\/agora.xtec.cat\/iessantaeugenia\/wp-json\/wp\/v2\/pages"}],"about":[{"href":"https:\/\/agora.xtec.cat\/iessantaeugenia\/wp-json\/wp\/v2\/types\/page"}],"author":[{"embeddable":true,"href":"https:\/\/agora.xtec.cat\/iessantaeugenia\/wp-json\/wp\/v2\/users\/1"}],"replies":[{"embeddable":true,"href":"https:\/\/agora.xtec.cat\/iessantaeugenia\/wp-json\/wp\/v2\/comments?post=1085"}],"version-history":[{"count":6,"href":"https:\/\/agora.xtec.cat\/iessantaeugenia\/wp-json\/wp\/v2\/pages\/1085\/revisions"}],"predecessor-version":[{"id":11949,"href":"https:\/\/agora.xtec.cat\/iessantaeugenia\/wp-json\/wp\/v2\/pages\/1085\/revisions\/11949"}],"up":[{"embeddable":true,"href":"https:\/\/agora.xtec.cat\/iessantaeugenia\/wp-json\/wp\/v2\/pages\/63"}],"wp:attachment":[{"href":"https:\/\/agora.xtec.cat\/iessantaeugenia\/wp-json\/wp\/v2\/media?parent=1085"}],"curies":[{"name":"wp","href":"https:\/\/api.w.org\/{rel}","templated":true}]}}