{"id":10467,"date":"2024-03-02T10:28:31","date_gmt":"2024-03-02T09:28:31","guid":{"rendered":"https:\/\/agora.xtec.cat\/iessantaeugenia\/?page_id=10467"},"modified":"2025-10-16T19:09:16","modified_gmt":"2025-10-16T17:09:16","slug":"formacio-professional-cicles-formatius","status":"publish","type":"page","link":"https:\/\/agora.xtec.cat\/iessantaeugenia\/estudis\/formacio-professional-cicles-formatius\/","title":{"rendered":"FORMACI\u00d3 PROFESSIONAL\/CICLES FORMATIUS"},"content":{"rendered":"<h4><a href=\"https:\/\/agora.xtec.cat\/iessantaeugenia\/estudis\/cicles-formatius\/\"><span style=\"text-decoration: underline;\">Presentaci\u00f3 de la Formaci\u00f3 Professional (FP)<\/span><\/a><\/h4>\n<p>Aquests s\u00f3n els cicles formatius que ofereix l&#8217;Institut Santa Eug\u00e8nia:<\/p>\n<table style=\"border-collapse: collapse; width: 101.202%; height: 544px;\">\n<tbody>\n<tr style=\"height: 32px;\">\n<td style=\"width: 50%; height: 32px;\">\n<h4><strong>GRAU MITJ\u00c0<\/strong><\/h4>\n<\/td>\n<td style=\"width: 50%; height: 32px;\">\n<h4><strong>GRAU SUPERIOR<\/strong><\/h4>\n<\/td>\n<\/tr>\n<tr style=\"height: 32px;\">\n<td style=\"width: 50%; height: 32px;\">\n<h5><a href=\"http:\/\/agora.xtec.cat\/iessantaeugenia\/estudis\/cicles-formatius\/arts-grafiques\/\"><strong>Arts gr\u00e0fiques<\/strong><\/a><\/h5>\n<\/td>\n<td style=\"width: 50%; height: 32px;\">\n<h5><a href=\"http:\/\/agora.xtec.cat\/iessantaeugenia\/estudis\/cicles-formatius\/comerc-i-marqueting\/\"><strong>Comer\u00e7 i m\u00e0rqueting<\/strong><\/a><\/h5>\n<\/td>\n<\/tr>\n<tr style=\"height: 32px;\">\n<td style=\"width: 50%; height: 32px;\">\u00b7 <a href=\"https:\/\/agora.xtec.cat\/iessantaeugenia\/estudis\/cicles-formatius\/arts-grafiques\/impressio-grafica-en-converting\/\">IMPRESSI\u00d3 GR\u00c0FICA I CONVERTING<\/a><\/td>\n<td style=\"width: 50%; height: 32px;\">\u00b7 <a href=\"https:\/\/agora.xtec.cat\/iessantaeugenia\/estudis\/cicles-formatius\/comerc-i-marqueting\/cfgs-gestio-de-vendes-i-espais-comercials\/\">GESTI\u00d3 DE VENDES I ESPAIS COMERCIALS<\/a><\/td>\n<\/tr>\n<tr style=\"height: 32px;\">\n<td style=\"width: 50%; height: 32px;\">\u00b7 <a href=\"https:\/\/agora.xtec.cat\/iessantaeugenia\/estudis\/cicles-formatius\/arts-grafiques\/preimpressio-digital-dual\/\">PREIMPRESSI\u00d3 DIGITAL<\/a><\/td>\n<td style=\"width: 50%; height: 32px;\">\u00b7 <a href=\"https:\/\/agora.xtec.cat\/iessantaeugenia\/estudis\/cicles-formatius\/comerc-i-marqueting\/cfgs-comerc-marqueting-i-publicitat\/\">M\u00c0RQUETING I PUBLICITAT<\/a><\/td>\n<\/tr>\n<tr style=\"height: 32px;\">\n<td style=\"width: 50%; height: 32px;\">\n<h5><a href=\"http:\/\/agora.xtec.cat\/iessantaeugenia\/estudis\/cicles-formatius\/comerc-i-marqueting\/\"><strong>Comer\u00e7 i m\u00e0rqueting<\/strong><\/a><\/h5>\n<\/td>\n<td style=\"width: 50%; height: 32px;\">\n<h5><a href=\"http:\/\/agora.xtec.cat\/iessantaeugenia\/estudis\/cicles-formatius\/edificacio-i-obra-civil\/\"><strong>Edificaci\u00f3 i obra civil<\/strong><\/a><\/h5>\n<\/td>\n<\/tr>\n<tr style=\"height: 32px;\">\n<td style=\"width: 50%; height: 32px;\">\u00b7 <a href=\"https:\/\/agora.xtec.cat\/iessantaeugenia\/estudis\/cicles-formatius\/comerc-i-marqueting\/cfgm-activitats-comercials\/\">ACTIVITATS COMERCIALS<\/a><\/td>\n<td style=\"width: 50%; height: 32px;\">\u00b7 <a href=\"https:\/\/agora.xtec.cat\/iessantaeugenia\/estudis\/cicles-formatius\/edificacio-i-obra-civil\/cfgs-projectes-dedificacio\/\">PROJECTES D&#8217;EDIFICACI\u00d3<\/a><\/td>\n<\/tr>\n<tr style=\"height: 32px;\">\n<td style=\"width: 50%; height: 32px;\">\n<h5><a href=\"http:\/\/agora.xtec.cat\/iessantaeugenia\/estudis\/cicles-formatius\/edificacio-i-obra-civil\/\"><strong>Edificaci\u00f3 i obra civil<\/strong><\/a><\/h5>\n<\/td>\n<td style=\"width: 50%; height: 32px;\">\n<h5><a href=\"http:\/\/agora.xtec.cat\/iessantaeugenia\/estudis\/cicles-formatius\/electricitat-i-electronica\/\"><strong>Electricitat i electr\u00f2nica<\/strong><\/a><\/h5>\n<\/td>\n<\/tr>\n<tr style=\"height: 32px;\">\n<td style=\"width: 50%; height: 32px;\">\u00b7 <a href=\"https:\/\/agora.xtec.cat\/iessantaeugenia\/estudis\/cicles-formatius\/edificacio-i-obra-civil\/cfgm-obres-dinterior-decoracio-i-rehabilitacio\/\">OBRES D&#8217;INTERIOR, DECORACI\u00d3 I REHABILITACI\u00d3<\/a><\/td>\n<td style=\"width: 50%; height: 32px;\">\u00b7 <a href=\"https:\/\/agora.xtec.cat\/iessantaeugenia\/estudis\/cicles-formatius\/electricitat-i-electronica\/cfgs-sistemes-electrotecnics-i-automatitzats\/\">SISTEMES ELECTROT\u00c8CNICS I AUTOMATITZATS<\/a><\/td>\n<\/tr>\n<tr style=\"height: 32px;\">\n<td style=\"width: 50%; height: 32px;\">\n<h5><a href=\"http:\/\/agora.xtec.cat\/iessantaeugenia\/estudis\/cicles-formatius\/electricitat-i-electronica\/\"><strong>Electricitat i electr\u00f2nica<\/strong><\/a><\/h5>\n<\/td>\n<td style=\"width: 50%; height: 32px;\">\n<h5><a href=\"http:\/\/agora.xtec.cat\/iessantaeugenia\/estudis\/cicles-formatius\/installacio-i-manteniment\/\"><strong>Instal\u00b7laci\u00f3 i manteniment \/ Energia i Aigua<\/strong><\/a><\/h5>\n<\/td>\n<\/tr>\n<tr style=\"height: 32px;\">\n<td style=\"width: 50%; height: 32px;\">\u00b7 <a href=\"https:\/\/agora.xtec.cat\/iessantaeugenia\/estudis\/cicles-formatius\/electricitat-i-electronica\/cfgm-instalacions-electriques-i-automatiques\/\">INSTAL\u00b7LACIONS EL\u00c8CTRIQUES I AUTOM\u00c0TIQUES<\/a><\/td>\n<td style=\"width: 50%; height: 32px;\">\u00b7 <a href=\"https:\/\/agora.xtec.cat\/iessantaeugenia\/cicles-formatius\/installacio-i-manteniment\/eficiencia-energetica-i-energia-solar-termica\/\">EFIC\u00c8NCIA ENERG\u00c8TICA I ENERGIA SOLAR T\u00c8RMICA<\/a><\/td>\n<\/tr>\n<tr style=\"height: 32px;\">\n<td style=\"width: 50%; height: 32px;\">\n<h5><a href=\"http:\/\/agora.xtec.cat\/iessantaeugenia\/estudis\/cicles-formatius\/installacio-i-manteniment\/\"><strong>Instal\u00b7laci\u00f3 i manteniment \/ Energia i Aigua<\/strong><\/a><\/h5>\n<\/td>\n<td style=\"width: 50%; height: 32px;\">\u00b7 <a href=\"https:\/\/agora.xtec.cat\/iessantaeugenia\/cicles-formatius\/installacio-i-manteniment\/desenvolupament-de-projectes-dinstallacions-termiques-i-de-fluids\/\">DESENVOLUPAMENT DE PROJECTES D&#8217;INSTAL\u00b7LACIONS T\u00c8RMIQUES I DE FLUIDS<\/a><\/td>\n<\/tr>\n<tr style=\"height: 32px;\">\n<td style=\"width: 50%; height: 32px;\">\u00b7 <a href=\"https:\/\/agora.xtec.cat\/iessantaeugenia\/estudis\/cicles-formatius\/installacio-i-manteniment\/cfgs-installacions-de-produccio-de-calor\/\">INSTAL\u00b7LACIONS DE PRODUCCI\u00d3 DE CALOR<\/a><\/td>\n<td style=\"width: 50%; height: 32px;\">\n<h5><a href=\"http:\/\/agora.xtec.cat\/iessantaeugenia\/estudis\/cicles-formatius\/fol\/\"><strong>Formaci\u00f3 i orientaci\u00f3 laboral<\/strong><\/a><\/h5>\n<\/td>\n<\/tr>\n<tr style=\"height: 32px;\">\n<td style=\"width: 50%; height: 32px;\">\u00b7 <a href=\"https:\/\/agora.xtec.cat\/iessantaeugenia\/estudis\/cicles-formatius\/installacio-i-manteniment\/cfgm-instal-lacions-frigorifiques-i-de-climatitzacio\/\">INSTAL\u00b7LACIONS FRIGOR\u00cdFIQUES I DE CLIMATITZACI\u00d3<\/a><\/td>\n<td style=\"width: 50%; height: 32px;\">\u00b7 <a href=\"https:\/\/agora.xtec.cat\/iessantaeugenia\/estudis\/cicles-formatius\/fol\/cfgs-prevencio-de-riscos-professionals\/\">PREVENCI\u00d3 DE RISCOS PROFESSIONALS<\/a><\/td>\n<\/tr>\n<tr style=\"height: 32px;\">\n<td style=\"width: 50%; height: 32px;\">\n<h5><a href=\"http:\/\/agora.xtec.cat\/iessantaeugenia\/estudis\/cicles-formatius\/fabricacio-mecanica\/\"><strong>Fabricaci\u00f3 mec\u00e0nica<\/strong><\/a><\/h5>\n<\/td>\n<td style=\"width: 50%; height: 32px;\"><\/td>\n<\/tr>\n<tr style=\"height: 32px;\">\n<td style=\"width: 50%; height: 32px;\">\u00b7 <a href=\"https:\/\/agora.xtec.cat\/iessantaeugenia\/cicles-formatius\/fabricacio-mecanica\/cfgm-mecanitzacio\/\">MECANITZACI\u00d3<\/a><\/td>\n<td style=\"width: 50%; height: 32px;\">\n<h4><strong>CURS D&#8217;ESPECIALITZACI\u00d3<\/strong><\/h4>\n<\/td>\n<\/tr>\n<tr style=\"height: 32px;\">\n<td style=\"width: 50%; height: 32px;\"><\/td>\n<td style=\"width: 50%; height: 32px;\">\n<h5><a href=\"http:\/\/agora.xtec.cat\/iessantaeugenia\/estudis\/cicles-formatius\/installacio-i-manteniment\/\"><strong>Instal\u00b7laci\u00f3 i manteniment \/ Energia i Aigua<\/strong><\/a><\/h5>\n<\/td>\n<\/tr>\n<tr style=\"height: 32px;\">\n<td style=\"width: 50%; height: 32px;\"><\/td>\n<td style=\"width: 50%; height: 32px;\">\u00b7 <a href=\"https:\/\/agora.xtec.cat\/iessantaeugenia\/cicles-formatius\/installacio-i-manteniment\/modelatge-de-la-informacio-de-la-construccio-bim\/\">MODELATGE DE LA INFORMACI\u00d3 DE LA CONSTRUCCI\u00d3<\/a><\/td>\n<\/tr>\n<\/tbody>\n<\/table>\n<h4><span style=\"text-decoration: underline;\"><a href=\"https:\/\/agora.xtec.cat\/iessantaeugenia\/serveis-de-la-fp\/\">Serveis i programes de l&#8217;FP<\/a><\/span><\/h4>\n<h4 style=\"text-align: left;\"><a href=\"https:\/\/agora.xtec.cat\/iessantaeugenia\/secretaria\/preinscripcions\/preinscripcio-cicles-formatius\/\"><span style=\"text-decoration: underline; color: #ff0000;\">Preinscripci\u00f3 i Matr\u00edcula de Grau Mitj\u00e0<\/span><\/a><\/h4>\n<h4 style=\"text-align: left;\"><a href=\"https:\/\/agora.xtec.cat\/iessantaeugenia\/secretaria\/preinscripcions\/preinscripcio-cicles-formatius-grau-superior-cfgs\/\"><span style=\"text-decoration: underline; color: #ff0000;\">Preinscripci\u00f3 i Matr\u00edcula de Grau Superior<\/span><\/a><\/h4>\n<h4 style=\"text-align: left;\"><span style=\"color: #3366ff;\"><span style=\"text-decoration: underline;\"><a style=\"text-decoration: underline; color: #3366ff;\" href=\"https:\/\/agora.xtec.cat\/iessantaeugenia\/secretaria\/llibres-de-text\/\">Llibres de text i material escolar<\/a><\/span><\/span><\/h4>\n","protected":false},"excerpt":{"rendered":"<p><a href=\"https:\/\/agora.xtec.cat\/iessantaeugenia\/estudis\/cicles-formatius\/\">Presentaci\u00f3 de la Formaci\u00f3 Professional (FP)<\/a><br \/>\nAquests s\u00f3n els cicles formatius que ofereix l&#8217;Institut Santa Eug\u00e8nia:<\/p>\n<p>GRAU MITJ\u00c0<\/p>\n<p>GRAU SUPERIOR<\/p>\n<p><a href=\"http:\/\/agora.xtec.cat\/iessantaeugenia\/estudis\/cicles-formatius\/arts-grafiques\/\">Arts gr\u00e0fiques<\/a><\/p>\n<p><a href=\"http:\/\/agora.xtec.cat\/iessantaeugenia\/estudis\/cicles-formatius\/comerc-i-marqueting\/\">Comer\u00e7 i m\u00e0rqueting<\/a><\/p>\n<p>\u00b7 <a href=\"https:\/\/agora.xtec.cat\/iessantaeugenia\/estudis\/cicles-formatius\/arts-grafiques\/impressio-grafica-en-converting\/\">IMPRESSI\u00d3 GR\u00c0FICA I CONVERTING<\/a><br \/>\n\u00b7 <a href=\"https:\/\/agora.xtec.cat\/iessantaeugenia\/estudis\/cicles-formatius\/comerc-i-marqueting\/cfgs-gestio-de-vendes-i-espais-comercials\/\">GESTI\u00d3 DE VENDES I ESPAIS COMERCIALS<\/a><\/p>\n<p>\u00b7 <a href=\"https:\/\/agora.xtec.cat\/iessantaeugenia\/estudis\/cicles-formatius\/arts-grafiques\/preimpressio-digital-dual\/\">PREIMPRESSI\u00d3 DIGITAL<\/a><br \/>\n\u00b7 <a href=\"https:\/\/agora.xtec.cat\/iessantaeugenia\/estudis\/cicles-formatius\/comerc-i-marqueting\/cfgs-comerc-marqueting-i-publicitat\/\">M\u00c0RQUETING I PUBLICITAT<\/a><\/p>\n<p><a href=\"http:\/\/agora.xtec.cat\/iessantaeugenia\/estudis\/cicles-formatius\/comerc-i-marqueting\/\">Comer\u00e7 i m\u00e0rqueting<\/a><\/p>\n<p><a&hellip;  <a href=\"https:\/\/agora.xtec.cat\/iessantaeugenia\/estudis\/formacio-professional-cicles-formatius\/\" title=\"Read FORMACI\u00d3 PROFESSIONAL\/CICLES FORMATIUS\">Llegeix m\u00e9s\u00bb<\/a><\/p>\n","protected":false},"author":1,"featured_media":0,"parent":195,"menu_order":0,"comment_status":"closed","ping_status":"closed","template":"","meta":{"_bbp_topic_count":0,"_bbp_reply_count":0,"_bbp_total_topic_count":0,"_bbp_total_reply_count":0,"_bbp_voice_count":0,"_bbp_anonymous_reply_count":0,"_bbp_topic_count_hidden":0,"_bbp_reply_count_hidden":0,"_bbp_forum_subforum_count":0,"footnotes":""},"class_list":["post-10467","page","type-page","status-publish","hentry"],"post_mailing_queue_ids":[],"_links":{"self":[{"href":"https:\/\/agora.xtec.cat\/iessantaeugenia\/wp-json\/wp\/v2\/pages\/10467","targetHints":{"allow":["GET"]}}],"collection":[{"href":"https:\/\/agora.xtec.cat\/iessantaeugenia\/wp-json\/wp\/v2\/pages"}],"about":[{"href":"https:\/\/agora.xtec.cat\/iessantaeugenia\/wp-json\/wp\/v2\/types\/page"}],"author":[{"embeddable":true,"href":"https:\/\/agora.xtec.cat\/iessantaeugenia\/wp-json\/wp\/v2\/users\/1"}],"replies":[{"embeddable":true,"href":"https:\/\/agora.xtec.cat\/iessantaeugenia\/wp-json\/wp\/v2\/comments?post=10467"}],"version-history":[{"count":6,"href":"https:\/\/agora.xtec.cat\/iessantaeugenia\/wp-json\/wp\/v2\/pages\/10467\/revisions"}],"predecessor-version":[{"id":13289,"href":"https:\/\/agora.xtec.cat\/iessantaeugenia\/wp-json\/wp\/v2\/pages\/10467\/revisions\/13289"}],"up":[{"embeddable":true,"href":"https:\/\/agora.xtec.cat\/iessantaeugenia\/wp-json\/wp\/v2\/pages\/195"}],"wp:attachment":[{"href":"https:\/\/agora.xtec.cat\/iessantaeugenia\/wp-json\/wp\/v2\/media?parent=10467"}],"curies":[{"name":"wp","href":"https:\/\/api.w.org\/{rel}","templated":true}]}}