{"id":1008,"date":"2020-06-15T18:05:51","date_gmt":"2020-06-15T16:05:51","guid":{"rendered":"http:\/\/agora.xtec.cat\/iessantaeugenia\/?page_id=1008"},"modified":"2025-10-16T19:10:54","modified_gmt":"2025-10-16T17:10:54","slug":"impressio-grafica-en-converting","status":"publish","type":"page","link":"https:\/\/agora.xtec.cat\/iessantaeugenia\/cicles-formatius\/arts-grafiques\/impressio-grafica-en-converting\/","title":{"rendered":"CFGM Impressi\u00f3 Gr\u00e0fica, perfil professional en &#8216;Converting&#8217;"},"content":{"rendered":"<h5><a href=\"https:\/\/triaeducativa.gencat.cat\/ca\/estudis\/?impressio-grafica-perfil-professional-converting&amp;p_id=2310\" target=\"_blank\" rel=\"noopener noreferrer\">P\u00c0GINA OFICIAL DEL CICLE FORMATIU<\/a><\/h5>\n<h5><strong><a style=\"color: #2795b6;\" href=\"http:\/\/www.gencat.cat\/ensenyament\/eac\/pdf\/CFPM____AF21_CA.pdf\" target=\"_blank\" rel=\"noopener noreferrer\">FITXA OFICIAL DELS ESTUDIS<\/a><\/strong><\/h5>\n<p><span style=\"color: #ffffff;\">.<\/span><\/p>\n<ul class=\"CEDU_nostyle\">\n<li><strong>Ensenyament:<\/strong>\u00a0Formaci\u00f3 professional<\/li>\n<li><strong>Grau:<\/strong>\u00a0Grau mitj\u00e0<\/li>\n<li><strong>Titulaci\u00f3:<\/strong>\u00a0T\u00e8cnic\/a<\/li>\n<li><strong>Sistema:<\/strong>\u00a0LOE<\/li>\n<li><strong>Fam\u00edlia professional:<\/strong>\u00a0<a href=\"https:\/\/agora.xtec.cat\/iessantaeugenia\/cicles-formatius\/arts-grafiques\/\">Arts gr\u00e0fiques<\/a><\/li>\n<\/ul>\n<h2>T\u00e8cnic o t\u00e8cnica en Impressi\u00f3 Gr\u00e0fica, perfil professional en &#8216;Converting&#8217;<\/h2>\n<p><span style=\"text-decoration: underline;\">Codi:\u00a0CFPM AF21<\/span><\/p>\n<p>Aquests estudis capaciten per fer les activitats d\u2019ajustaments mec\u00e0nics, entonaci\u00f3 i registre de la imatge, per a la producci\u00f3 d\u2019impresos per sistemes convencionals (\u00f2fset, flexografia, rotogravat, serigrafia i tampografia) o per mitjans digitals, controlant i mantenint les m\u00e0quines i equips auxiliars per obtenir la producci\u00f3 amb la qualitat i en els temps establerts, complint les normes de prevenci\u00f3 de riscos laborals i de protecci\u00f3 ambiental.<\/p>\n<p>La durada \u00e9s de <strong>2.000 hores<\/strong> (1.485 en un centre educatiu i 515 en un centre de treball), distribu\u00efdes en <strong>dos cursos\u00a0acad\u00e8mics<\/strong>.<\/p>\n<h3>Continguts<\/h3>\n<ul>\n<li>Impressi\u00f3 digital<\/li>\n<li>Preparaci\u00f3 i regulaci\u00f3 de m\u00e0quines \u00f2fset<\/li>\n<li>Desenvolupament de la tirada \u00f2fset<\/li>\n<li>Impressi\u00f3 en flexografia<\/li>\n<li>Impressi\u00f3 en serigrafia<\/li>\n<li>Preparaci\u00f3 de materials per impressi\u00f3<\/li>\n<li>Impressi\u00f3 en baix relleu<\/li>\n<li>Angl\u00e8s professional<\/li>\n<li>Digitalitzaci\u00f3 aplicada als sectors productius<\/li>\n<li>Sostenibilitat aplicada al sistema productiu<\/li>\n<li>Itinerari personal per a l&#8217;ocupabilitat I<\/li>\n<li>Itinerari personal per a l&#8217;ocupabilitat II<\/li>\n<li>Projecte intermodular<\/li>\n<li>Processos de laminat i conversi\u00f3<\/li>\n<\/ul>\n<h3>Acc\u00e9s<\/h3>\n<p>Tenen\u00a0<strong>acc\u00e9s directe<\/strong>\u00a0al cicle les persones que compleixen algun dels requisits seg\u00fcents:<\/p>\n<ul>\n<li>\u00a0tenir el t\u00edtol de graduat en educaci\u00f3 secund\u00e0ria obligat\u00f2ria<\/li>\n<li>\u00a0haver superat el\u00a0<strong><a href=\"http:\/\/queestudiar.gencat.cat\/ca\/estudis\/acces-cicles\/gm\">CURS ESPEC\u00cdFIC PER A L&#8217;ACC\u00c9S ALS CICLES DE GRAU MITJA<\/a><\/strong><\/li>\n<li>\u00a0tenir el t\u00edtol de t\u00e8cnic o de t\u00e8cnic auxiliar<\/li>\n<li>\u00a0haver superat el segon curs del batxillerat unificat i polivalent (BUP)<\/li>\n<li>\u00a0tenir altres estudis equivalents a efectes acad\u00e8mics<\/li>\n<li>\u00a0haver superat la prova d&#8217;acc\u00e9s a la universitat per a m\u00e9s grans de 25 anys<\/li>\n<li>\u00a0haver superat els m\u00f2duls obligatoris d&#8217;un programa de qualificaci\u00f3 professional inicial (PQPI)<\/li>\n<li>\u00a0tenir un t\u00edtol per accedir a un cicle formatiu de grau superior<\/li>\n<\/ul>\n<p>Les persones que no compleixen cap dels requisits esmentats han de superar una\u00a0<strong><a href=\"http:\/\/ensenyament.gencat.cat\/ca\/serveis-tramits\/proves\/proves-acces\/gm-fp\/\" target=\"_blank\" rel=\"noopener noreferrer\">PROVA D&#8217;ACC\u00c9S<\/a><\/strong>. Per presentar-s&#8217;hi cal tenir com a m\u00ednim 17 anys l&#8217;any en qu\u00e8 es fa la prova.<\/p>\n","protected":false},"excerpt":{"rendered":"<p><a href=\"https:\/\/triaeducativa.gencat.cat\/ca\/estudis\/?impressio-grafica-perfil-professional-converting&amp;p_id=2310\" target=\"_blank\" rel=\"noopener noreferrer\">P\u00c0GINA OFICIAL DEL CICLE FORMATIU<\/a><br \/>\n<a style=\"color: #2795b6;\" href=\"http:\/\/www.gencat.cat\/ensenyament\/eac\/pdf\/CFPM____AF21_CA.pdf\" target=\"_blank\" rel=\"noopener noreferrer\">FITXA OFICIAL DELS ESTUDIS<\/a><br \/>\n.<\/p>\n<ul class=\"CEDU_nostyle\">\n<li>Ensenyament:\u00a0Formaci\u00f3 professional<\/li>\n<li>Grau:\u00a0Grau mitj\u00e0<\/li>\n<li>Titulaci\u00f3:\u00a0T\u00e8cnic\/a<\/li>\n<li>Sistema:\u00a0LOE<\/li>\n<li>Fam\u00edlia professional:\u00a0<a href=\"https:\/\/agora.xtec.cat\/iessantaeugenia\/cicles-formatius\/arts-grafiques\/\">Arts gr\u00e0fiques<\/a><\/li>\n<\/ul>\n<p>T\u00e8cnic o t\u00e8cnica en Impressi\u00f3 Gr\u00e0fica, perfil professional en &#8216;Converting&#8217;<br \/>\nCodi:\u00a0CFPM AF21<br \/>\nAquests estudis capaciten per fer les activitats d\u2019ajustaments mec\u00e0nics, entonaci\u00f3 i registre&hellip;  <a href=\"https:\/\/agora.xtec.cat\/iessantaeugenia\/cicles-formatius\/arts-grafiques\/impressio-grafica-en-converting\/\" title=\"Read CFGM Impressi\u00f3 Gr\u00e0fica, perfil professional en &#8216;Converting&#8217;\">Llegeix m\u00e9s\u00bb<\/a><\/p>\n","protected":false},"author":1,"featured_media":0,"parent":714,"menu_order":0,"comment_status":"closed","ping_status":"closed","template":"page-templates\/side-menu.php","meta":{"_bbp_topic_count":0,"_bbp_reply_count":0,"_bbp_total_topic_count":0,"_bbp_total_reply_count":0,"_bbp_voice_count":0,"_bbp_anonymous_reply_count":0,"_bbp_topic_count_hidden":0,"_bbp_reply_count_hidden":0,"_bbp_forum_subforum_count":0,"footnotes":""},"class_list":["post-1008","page","type-page","status-publish","hentry"],"post_mailing_queue_ids":[],"_links":{"self":[{"href":"https:\/\/agora.xtec.cat\/iessantaeugenia\/wp-json\/wp\/v2\/pages\/1008","targetHints":{"allow":["GET"]}}],"collection":[{"href":"https:\/\/agora.xtec.cat\/iessantaeugenia\/wp-json\/wp\/v2\/pages"}],"about":[{"href":"https:\/\/agora.xtec.cat\/iessantaeugenia\/wp-json\/wp\/v2\/types\/page"}],"author":[{"embeddable":true,"href":"https:\/\/agora.xtec.cat\/iessantaeugenia\/wp-json\/wp\/v2\/users\/1"}],"replies":[{"embeddable":true,"href":"https:\/\/agora.xtec.cat\/iessantaeugenia\/wp-json\/wp\/v2\/comments?post=1008"}],"version-history":[{"count":6,"href":"https:\/\/agora.xtec.cat\/iessantaeugenia\/wp-json\/wp\/v2\/pages\/1008\/revisions"}],"predecessor-version":[{"id":13290,"href":"https:\/\/agora.xtec.cat\/iessantaeugenia\/wp-json\/wp\/v2\/pages\/1008\/revisions\/13290"}],"up":[{"embeddable":true,"href":"https:\/\/agora.xtec.cat\/iessantaeugenia\/wp-json\/wp\/v2\/pages\/714"}],"wp:attachment":[{"href":"https:\/\/agora.xtec.cat\/iessantaeugenia\/wp-json\/wp\/v2\/media?parent=1008"}],"curies":[{"name":"wp","href":"https:\/\/api.w.org\/{rel}","templated":true}]}}