{"id":570,"date":"2016-07-22T10:08:04","date_gmt":"2016-07-22T09:08:04","guid":{"rendered":"http:\/\/agora.xtec.cat\/iessalvadorvilaseca\/?page_id=570"},"modified":"2016-07-22T10:10:08","modified_gmt":"2016-07-22T09:10:08","slug":"salvador-vilaseca","status":"publish","type":"page","link":"https:\/\/agora.xtec.cat\/iessalvadorvilaseca\/linstitut\/historia\/salvador-vilaseca\/","title":{"rendered":"Salvador Vilaseca"},"content":{"rendered":"<h4><b>Biografia<\/b><\/h4>\n<p>Salvador Vilaseca i Anguera va n\u00e9ixer a Reus el 17 d&#8217;abril de 1896. Estudi\u00e0 a Reus, i mes tard a les universitats de Madrid i Barcelona. De jove fou membre destacat de l&#8217;Agrupaci\u00f3 Excursionista de Reus i s\u2019interessa molt especialment per la geologia i per les ci\u00e8ncies naturals, carrera que va comen\u00e7ar a estudiar, a Madrid, per\u00f2 que finalment va canviar per la de metge.<\/p>\n<p>Va militar a la Joventut Nacionalista de Reus. Al acabar la carrera de metge es va casar amb Llu\u00efsa, filla del metge reusenc Eduard Borr\u00e0s, enlla\u00e7 del que va n\u00e9ixer Llu\u00efsa Vilaseca, arque\u00f2loga (i mare de Llu\u00efsa Palleja, tamb\u00e9 arque\u00f2loga). Va exercir a Montbri\u00f3 del Camp per uns mesos i despr\u00e9s a Reus, i el 1923 fou nomenat forense substitut del Jutjat de primera inst\u00e0ncia local, passant m\u00e9s tard a altres jutjats.<\/p>\n<p>Va ser membre -entre d\u2019altres\u2013 de l&#8217; Associaci\u00f3 Catalana d&#8217;Antropologia, Etnologia i Prehist\u00f2ria, de la Reial Acad\u00e8mia de Bones Lletres de Barcelona, de la Sociedad Espa\u00f1ola de Antropolog\u00eda, Etnograf\u00eda y Prehistoria, de Madrid, i, a nivell internacional, de l&#8217;Institut International d&#8217;Anthropologie, de Par\u00eds. Tamb\u00e9 va ser vocal del Patronat del Museu d&#8217;Arqueologia de Barcelona.<\/p>\n<p>Fou redactor en cap de la Revista del Centre de Lectura (des de 1926 a 1929). Les seves recerques per la Catalunya meridional li van donar un gran prestigi cient\u00edfic, alhora que li van permetre la formaci\u00f3 d\u2019una important col\u00b7lecci\u00f3 arqueol\u00f2gica, exposada el 1932 al Centre de Lectura i visitada pel president Francesc Maci\u00e0 i pel conseller Ventura i Gassol, i que mes tard va incrementar, per acabar constituint a la seva mort el &#8221;&#8217;Museu Comarcal Salvador Vilaseca de Reus&#8221;&#8217;.<\/p>\n<p>El 1933 va fundar junt amb altres el Museu de Reus, que es va anomenar Prim-Rull, inaugurat el 14 d&#8217;abril de 1934, del que va ser el primer director, c\u00e0rrec que va exercir fins a la mort. Va cofundar el 1936 el Col\u00b7legi de metges forenses de l\u2019Audiencia de Barcelona. El 1938 fou metge de la pres\u00f3 preventiva de Reus, c\u00e0rrec en el que va continuar despr\u00e8s de la guerra per\u00f2 va haver de fer front a un expedient de depuraci\u00f3 pol\u00edtic, que va ser sobresegut el 1941, i aquest mateix any Mart\u00ednez Santa Olalla el va nomenar Comisario Provincial de Excavaciones, posici\u00f3 que va mantenir fins el gener del 1970, c\u00e0rrec honorari per\u00f2 efectiu per a la investigaci\u00f3.<\/p>\n<table>\n<tbody>\n<tr>\n<td style=\"border-color: #ffffff; width: 400px; background-color: #ffffff;\"><a href=\"http:\/\/agora.xtec.cat\/iessalvadorvilaseca\/wp-content\/uploads\/usu1231\/2016\/07\/svilaseca.gif\"><img loading=\"lazy\" decoding=\"async\" class=\"aligncenter wp-image-571\" src=\"http:\/\/agora.xtec.cat\/iessalvadorvilaseca\/wp-content\/uploads\/usu1231\/2016\/07\/svilaseca.gif\" alt=\"svilaseca\" width=\"350\" height=\"261\" \/><\/a><\/td>\n<td style=\"border-color: #ffffff; width: 400px; background-color: #ffffff;\"><a href=\"http:\/\/agora.xtec.cat\/iessalvadorvilaseca\/wp-content\/uploads\/usu1231\/2016\/07\/svilaseca2.jpg\"><img loading=\"lazy\" decoding=\"async\" class=\"aligncenter wp-image-572\" src=\"http:\/\/agora.xtec.cat\/iessalvadorvilaseca\/wp-content\/uploads\/usu1231\/2016\/07\/svilaseca2.jpg\" alt=\"svilaseca2\" width=\"350\" height=\"459\" srcset=\"https:\/\/agora.xtec.cat\/iessalvadorvilaseca\/wp-content\/uploads\/usu1231\/2016\/07\/svilaseca2.jpg 259w, https:\/\/agora.xtec.cat\/iessalvadorvilaseca\/wp-content\/uploads\/usu1231\/2016\/07\/svilaseca2-229x300.jpg 229w\" sizes=\"auto, (max-width: 350px) 100vw, 350px\" \/><\/a><\/td>\n<\/tr>\n<tr>\n<td style=\"border-color: #ffffff; text-align: center; background-color: #ffffff;\"><i>Imatge del Doctor Vilaseca en una de les seves sortides.<\/i><\/td>\n<td style=\"border-color: #ffffff; text-align: center; background-color: #ffffff;\"><i id=\"yui_3_13_0_3_1469177693779_218\"><span id=\"yui_3_13_0_3_1469177693779_217\">Imatge del Doctor Vilaseca al seu despatx.<\/span><\/i><\/td>\n<\/tr>\n<\/tbody>\n<\/table>\n<p>El 1939, per l\u2019exili del Dr. Francesc Abell\u00f3, va assumir la direcci\u00f3 de l&#8217; Institut Pere Mata, manicomi local, c\u00e0rrec pel que fou nomenat en ferm l\u2019any seg\u00fcent. El 1942 va guanyar pla\u00e7a com a forense titular a Reus. Es va jubilar a l&#8217;Institut Pere Mata el 1960 i al Jutjat al 1968.<\/p>\n<p>El 1971 es va encarregar del trasllat de les restes de Joan Prim a Reus. Fou membre de dotzenes d\u2019entitats culturals i reconegut per universitats i Acad\u00e8mies. Va rebre tanmateix molts premis. Va publicar tres centenars de llibres, monografies, articles i opuscles. P\u00f2stumament va rebre la medalla d\u2019or de la ciutat (1975) i el seu retrat va ser incl\u00f2s a la Galeria de fills Il\u00b7lustres de Reus. Va morir el 13 d&#8217;abril de 1975. A m\u00e9s del Museu i de l&#8217;IES que avui porten el seu nom, t\u00e9 tamb\u00e9 dedicat un carrer, l&#8217;Avinguda del Dr. Vilaseca.<\/p>\n<p>Font: Viquip\u00e8dia, l&#8217;enciclop\u00e8dia lliure<\/p>\n<p><a href=\"http:\/\/ca.wikipedia.org\/wiki\/Portada\" target=\"_blank\">http:\/\/ca.wikipedia.org\/wiki\/Portada<\/a><\/p>\n<p>M\u00e9s informaci\u00f3 a:<\/p>\n<p><a href=\"http:\/\/museus.reus.net\/msv\/\" target=\"_blank\">http:\/\/museus.reus.net\/msv\/<\/a><\/p>\n<h4><b>Imposici\u00f3 del nom a l&#8217;Institut<\/b><\/h4>\n<p>El curs 1974-75 el Centre comen\u00e7a a funcionar com a Instituto Mixto n\u00famero 2.<\/p>\n<p>El claustre de professors va decidir imposar el nom de Salvador Vilaseca a l&#8217;Institut Mixte n\u00famero 2. El juliol del 1975 el Ministerio de Educaci\u00f3n y Ciencia va concedir oficialment el nom, per\u00f2 l&#8217;abril del mateix any el Doctor Vilaseca va morir.<\/p>\n<p>El 25 d&#8217;octubre d&#8217;aquell any en l&#8217;acte acad\u00e8mic presidit per Francisco Sanz, director de l&#8217;Institut es va celebrar la imposici\u00f3 del nom.<\/p>\n<p>Al febrer de 1981 es produeix el trasp\u00e0s a la Generalitat de Catalunya amb la conseq\u00fcent catalanitzaci\u00f3 del nom. L&#8217;any 1996 es converteix en Institut d&#8217;Educaci\u00f3 Secundaria Salvador Vilaseca.<\/p>\n","protected":false},"excerpt":{"rendered":"<p>Biografia<br \/>\nSalvador Vilaseca i Anguera va n\u00e9ixer a Reus el 17 d&#8217;abril de 1896. Estudi\u00e0 a Reus, i mes tard a les universitats de Madrid i Barcelona. De jove fou membre destacat de l&#8217;Agrupaci\u00f3 Excursionista de Reus i s\u2019interessa molt especialment per la geologia i per&hellip;  <a href=\"https:\/\/agora.xtec.cat\/iessalvadorvilaseca\/linstitut\/historia\/salvador-vilaseca\/\" title=\"Read Salvador Vilaseca\">Llegeix m\u00e9s\u00bb<\/a><\/p>\n","protected":false},"author":3,"featured_media":0,"parent":27,"menu_order":0,"comment_status":"closed","ping_status":"closed","template":"","meta":{"_bbp_topic_count":0,"_bbp_reply_count":0,"_bbp_total_topic_count":0,"_bbp_total_reply_count":0,"_bbp_voice_count":0,"_bbp_anonymous_reply_count":0,"_bbp_topic_count_hidden":0,"_bbp_reply_count_hidden":0,"_bbp_forum_subforum_count":0,"footnotes":""},"class_list":["post-570","page","type-page","status-publish","hentry"],"post_mailing_queue_ids":[],"_links":{"self":[{"href":"https:\/\/agora.xtec.cat\/iessalvadorvilaseca\/wp-json\/wp\/v2\/pages\/570","targetHints":{"allow":["GET"]}}],"collection":[{"href":"https:\/\/agora.xtec.cat\/iessalvadorvilaseca\/wp-json\/wp\/v2\/pages"}],"about":[{"href":"https:\/\/agora.xtec.cat\/iessalvadorvilaseca\/wp-json\/wp\/v2\/types\/page"}],"author":[{"embeddable":true,"href":"https:\/\/agora.xtec.cat\/iessalvadorvilaseca\/wp-json\/wp\/v2\/users\/3"}],"replies":[{"embeddable":true,"href":"https:\/\/agora.xtec.cat\/iessalvadorvilaseca\/wp-json\/wp\/v2\/comments?post=570"}],"version-history":[{"count":2,"href":"https:\/\/agora.xtec.cat\/iessalvadorvilaseca\/wp-json\/wp\/v2\/pages\/570\/revisions"}],"predecessor-version":[{"id":574,"href":"https:\/\/agora.xtec.cat\/iessalvadorvilaseca\/wp-json\/wp\/v2\/pages\/570\/revisions\/574"}],"up":[{"embeddable":true,"href":"https:\/\/agora.xtec.cat\/iessalvadorvilaseca\/wp-json\/wp\/v2\/pages\/27"}],"wp:attachment":[{"href":"https:\/\/agora.xtec.cat\/iessalvadorvilaseca\/wp-json\/wp\/v2\/media?parent=570"}],"curies":[{"name":"wp","href":"https:\/\/api.w.org\/{rel}","templated":true}]}}