{"id":3938,"date":"2021-02-09T14:16:42","date_gmt":"2021-02-09T13:16:42","guid":{"rendered":"https:\/\/agora.xtec.cat\/iessalvadorsegui\/?page_id=3938"},"modified":"2026-04-20T20:39:26","modified_gmt":"2026-04-20T18:39:26","slug":"fp-dual-al-cfgs-protesis-dentals","status":"publish","type":"page","link":"https:\/\/agora.xtec.cat\/iessalvadorsegui\/estudis\/cfgs-protesis-dentals\/fp-dual-al-cfgs-protesis-dentals\/","title":{"rendered":"FP Dual intensiva al CFGS Pr\u00f2tesis dentals"},"content":{"rendered":"<style>\n    \/* Estilo general para todas las tablas *\/<br \/>\n    table {<br \/>\n      border-collapse: collapse; \/* Une los bordes *\/<br \/>\n      width: 100%; \/* Ocupa todo el ancho disponible *\/<br \/>\n      border: 1px solid #000; \/* Borde externo *\/<br \/>\n    }<\/p>\n<p>    table th,<br \/>\n    table td {<br \/>\n      border: 1px solid #000; \/* Bordes internos *\/<br \/>\n      padding: 8px; \/* Espaciado interno *\/<br \/>\n      text-align: left; \/* Alineaci\u00f3n del texto *\/<br \/>\n    }<\/p>\n<p>    \/* Opcional: estilo del encabezado *\/<br \/>\n    table th {<br \/>\n      background-color: #f5f5f5; \/* Color de fondo para encabezados *\/<br \/>\n      font-weight: bold;<br \/>\n    }<br \/>\n  <\/style>\n<table style=\"border-collapse: collapse; width: 100%;\">\n<tbody>\n<tr>\n<td style=\"width: 100%; text-align: justify; background-color: #dae9eb;\">Un cop matriculat i cursant el primer curs del cicle formatiu, l\u2019alumnat rebr\u00e0 tota la informaci\u00f3 de les places duals remunerades disponibles en aquest cicle i aquest podr\u00e0 decidir de forma volunt\u00e0ria si vol participar en el proc\u00e9s de selecci\u00f3 que es portar\u00e0 a terme en aquest mateix 1r curs del cicle formatiu. No m\u00e9s tard de la segona quinzena d\u2019octubre us presentarem la informaci\u00f3 relativa a l\u2019organitzaci\u00f3 i opcions de l\u2019estada a l\u2019empresa. Al llarg del segon trimestre del 1r curs, es definiran les empreses amb oferta de places dual intensiva, calendari de la difusi\u00f3 de les places i\u00a0 proc\u00e9s de selecci\u00f3, entre d\u2019altres informacions.<\/td>\n<\/tr>\n<\/tbody>\n<\/table>\n<p style=\"text-align: center;\"><iframe loading=\"lazy\" title=\"YouTube video player\" src=\"\/\/www.youtube.com\/embed\/ITSy-m_ftzg?si=_9ouwOQG-trU953C\" width=\"560\" height=\"315\" frameborder=\"0\" allowfullscreen=\"allowfullscreen\"><\/iframe><\/p>\n<p style=\"text-align: justify;\">L\u2019<strong>FP dual<\/strong>\u00a0<strong>en r\u00e8gim intensiu<\/strong>, proporciona una major vinculaci\u00f3 amb l\u2019entorn laboral, augmentant les hores de formaci\u00f3 en entorns reals de treball. L\u2019alumnat cursa tots els m\u00f2duls del cicle formatiu, a excepci\u00f3 de les pr\u00e0ctiques no remunerades en r\u00e8gim general (515 h) i el m\u00f2dul de projecte intermodular (198 h) a 2n curs, que queden substitu\u00efts per unes 900 hores d\u2019estada a l\u2019empresa a trav\u00e9s d\u2019una beca formativa remunerada o contracte de treball formatiu (segons determini l\u2019empresa). La nota obtinguda de l\u2019estada dual intensiva, es traspassa al m\u00f2dul de projecte intermodular i als m\u00f2duls que tenen associada la formaci\u00f3 en empresa.\u00a0 Els instruments d\u2019avaluaci\u00f3 qu\u00e8 intervenen en la nota final s\u00f3n:<\/p>\n<div>1. EL SEGUIMENT I VALORACIONS AL LLARG DE L\u2019ESTADA A L\u2019EMPRESA<br \/>\n2. EL DESENVOLUPAMENT, PRESENTACI\u00d3 I DEFENSA DE LA MEM\u00d2RIA DUAL<\/div>\n<div><\/div>\n<div><strong>Aquesta nota ser\u00e0 \u00fanica, consensuada entre la tutora dual intensiva de l\u2019institut i el\/la tutor\/a dual de l\u2019empresa i validada per l\u2019equip docent.\u00a0<\/strong><\/div>\n<div>Consultar a la tutora dual intensiva la ponderaci\u00f3 de cada instrument d\u2019avaluaci\u00f3.<\/div>\n<p style=\"text-align: justify;\">\n<table>\n<tbody>\n<tr>\n<td style=\"background-color: #dde9eb;\"><b><i>INFORMACI\u00d3 IMPORTANT: L\u2019alumnat abans de presentar candidatura en un proc\u00e9s de selecci\u00f3, ha de saber:\u00a0<\/i><\/b><\/td>\n<\/tr>\n<tr>\n<td>\n<ul>\n<li style=\"text-align: justify;\" aria-checked=\"false\" aria-level=\"1\">Ha de disposar del DNI o NIE vigent i del document acreditatiu del n\u00famero de la SS per iniciar l\u2019estada dual remunerada.<\/li>\n<li style=\"text-align: justify;\" aria-checked=\"false\" aria-level=\"1\">No es pot cursar la modalitat dual intensiva en cas de tenir una exempci\u00f3 de les pr\u00e0ctiques no remunerades, o tamb\u00e9 en cas que hagi superat tots els m\u00f2duls professionals que incloguin formaci\u00f3 en empreses.<\/li>\n<li style=\"text-align: justify;\" aria-checked=\"false\" aria-level=\"1\">\u00c9s aconsellable passar a 2n curs, sense cap m\u00f2dul susp\u00e8s o pendent de cursar de 1r curs en cicles LOE. Tanmateix, cal saber que la normativa obliga a tenir assolides les compet\u00e8ncies necess\u00e0ries per a l\u2019obtenci\u00f3 del t\u00edtol de t\u00e8cnic b\u00e0sic o t\u00e8cnica b\u00e0sica en prevenci\u00f3 de riscos laborals recollides per l\u2019RA 2 del m\u00f2dul professional d\u2019Itinerari Personal per a l\u2019Ocupabilitat 1 i tinguin una qualificaci\u00f3 positiva (5 punts o m\u00e9s). L\u2019equip docent de cada cicle formatiu, pot acordar i concretar altres requisits que consideri importants, sempre informant d\u2019aquests a l\u2019alumnat.<\/li>\n<li style=\"text-align: justify;\" aria-checked=\"false\" aria-level=\"1\">L\u2019alumnat ha de rebre una petita formaci\u00f3 en protecci\u00f3 de dades personals des de tutoria de grup classe.<\/li>\n<li style=\"text-align: justify;\" aria-checked=\"false\" aria-level=\"1\">En cas que l\u2019alumne\/a rebi alguna prestaci\u00f3 econ\u00f2mica o ajut d\u2019alguna administraci\u00f3, cal que aquest\/a faci la consulta a l\u2019administraci\u00f3 pagadora, de si \u00e9s o no compatible amb una beca formativa o un contracte de treball, segons correspongui. En cap cas l\u2019institut donar\u00e0 resposta a aquestes q\u00fcestions, ni es far\u00e0 responsable.<\/li>\n<li style=\"text-align: justify;\" aria-checked=\"false\" aria-level=\"1\">Cal estar en tot moment matriculat a l\u2019institut per poder dur a terme les pr\u00e0ctiques remunerades i no remunerades, sobretot haver-ho fet dins el termini oficial de matr\u00edcula de segon curs del cicle i de forma adequada, en cas contrari, quedar\u00e0 sense efecte l\u2019acord formatiu beca o contracte, sense poder assistir a les pr\u00e0ctiques i tots els drets i deures que comporta l\u2019estada en r\u00e8gim general i intensiu.<\/li>\n<li style=\"text-align: justify;\" aria-checked=\"false\" aria-level=\"1\">En cas de beca formativa, l\u2019empresa paga una remuneraci\u00f3 econ\u00f2mica mensual i dona d\u2019alta a la Seguretat Social, com a treballador\/a assimilats\/ada a l\u2019alumne\/a, no acumulant dret a la prestaci\u00f3 d\u2019atur, per\u00f2 s\u00ed per la jubilaci\u00f3.<\/li>\n<li style=\"text-align: justify;\" aria-checked=\"false\" aria-level=\"1\">En cas de contracte de treball formatiu, s\u2019aplica la legislaci\u00f3 laboral vigent i el conveni col\u00b7lectiu del sector, \u00e0rea geogr\u00e0fica\u00a0 i empresa.<\/li>\n<\/ul>\n<\/td>\n<\/tr>\n<\/tbody>\n<\/table>\n<p><strong>CALENDARI promoci\u00f3 25-27 CFGS PRO (cursant 1r curs):<\/strong><\/p>\n<p><strong>Calendari i organitzaci\u00f3 de les xerrades de difusi\u00f3 de les places dual intensives i processos de selecci\u00f3:<\/strong><\/p>\n<p>L\u2019alumnat decideix volunt\u00e0riament, si vol o no participar en el proc\u00e9s de selecci\u00f3 de les places disponibles.<\/p>\n<table style=\"border-style: solid; border-color: #000000;\">\n<tbody>\n<tr>\n<td style=\"border-style: solid; border-color: #000000; background-color: #dae9eb;\"><strong>1r curs<\/strong><\/td>\n<td style=\"border-style: solid; border-color: #000000;\">\n<table>\n<tbody style=\"border-style: solid; border-color: #000000;\">\n<tr style=\"border-style: solid; border-color: #000000;\">\n<td style=\"border-style: solid; border-color: #000000; background-color: #dae5e8;\"><strong>Sessi\u00f3 informativa<\/strong> sobre les places Dual adre\u00e7ades a l\u2019alumnat de 1r curs.<\/td>\n<td style=\"border-style: solid; border-color: #000000; background-color: #dae5e8;\"><strong>20\/02\/26\u00a0 \u00a013:30 h\u00a0 Aula 5.6<\/strong><\/td>\n<\/tr>\n<tr>\n<td style=\"border-style: solid; border-color: #000000;\" data-sheets-value=\"{&quot;1&quot;:2,&quot;2&quot;:&quot;Termini per presentar la carta de motivaci\u00f3 o google form per participar en el proc\u00e9s de selecci\u00f3 de places dual&quot;}\">\n<div>Termini per enviar\u00a0<strong>carta de motivaci\u00f3<\/strong> a la tutora al Moodle de tutoria<\/div>\n<\/td>\n<td style=\"border-style: solid; border-color: #000000; text-align: justify;\"><strong>06\/03\/26 <\/strong>La carta \u00e9s obligat\u00f2ria i forma part dels aspectes que es valoren en el proc\u00e9s de selecci\u00f3\u00a0 de places dual. L\u2019alumnat expressa i argumenta la seva motivaci\u00f3 i inter\u00e9s en participar en el proc\u00e9s de selecci\u00f3 dual i deixa clar la o les places dual que s\u00f3n del seu inter\u00e9s, indicant l\u2019ordre de prefer\u00e8ncia.<\/td>\n<\/tr>\n<tr>\n<td style=\"border-style: solid; border-color: #000000; background-color: #dfeced;\" data-sheets-value=\"{&quot;1&quot;:2,&quot;2&quot;:&quot;L'alumnat que opta per no participar en la selecci\u00f3 dual ha de lliurar la seva REN\u00daNCIA a el\/la tutor\/a&quot;}\" data-sheets-textstyleruns=\"{&quot;1&quot;:0}\uee10{&quot;1&quot;:79,&quot;2&quot;:{&quot;2&quot;:{&quot;1&quot;:2,&quot;2&quot;:1136076},&quot;9&quot;:1}}\uee10{&quot;1&quot;:87}\" data-sheets-hyperlinkruns=\"{&quot;1&quot;:79,&quot;2&quot;:&quot;https:\/\/drive.google.com\/file\/d\/1mBBoKJNo2rAX5WnSEeZsVBjlfR2Mxy8v\/view?usp=sharing&quot;}\uee10{&quot;1&quot;:87}\">\n<div>L\u2019alumnat que opta per no participar en la selecci\u00f3 dual ha de lliurar la seva\u00a0<a class=\"in-cell-link\" href=\"https:\/\/drive.google.com\/file\/d\/1mBBoKJNo2rAX5WnSEeZsVBjlfR2Mxy8v\/view?usp=sharing\" target=\"_blank\" rel=\"noopener\">REN\u00daNCIA<\/a> a la tutora<\/div>\n<\/td>\n<td style=\"border-style: solid; border-color: #000000; background-color: #dfeced;\"><strong>06\/03\/26<\/strong><\/td>\n<\/tr>\n<tr>\n<td style=\"border-style: solid; border-color: #000000;\" data-sheets-value=\"{&quot;1&quot;:2,&quot;2&quot;:&quot;Reuni\u00f3 equip docent de 1r curs o representaci\u00f3. Proc\u00e9s de selecci\u00f3 FASE INSTITUT&quot;}\">\n<div>Reuni\u00f3 equip docent de 1r curs o representaci\u00f3.\u00a0<strong>Proc\u00e9s de selecci\u00f3 FASE INSTITUT<\/strong><\/div>\n<\/td>\n<td style=\"border-style: solid; border-color: #000000;\"><strong>11\/03\/26\u00a0 \u00a013:30 h Taller Pr\u00f2tesis dentals. <\/strong>Aspectes que es valoraran:<\/p>\n<ul>\n<li>Rendiment acad\u00e8mic, que tamb\u00e9 inclou l\u2019assist\u00e8ncia i puntualitat.<\/li>\n<li>Compet\u00e8ncies, com poden ser la responsabilitat, l\u2019autonomia, la capacitat de treballar en equip, entre d\u2019altres.<\/li>\n<li>La carta de motivaci\u00f3.<\/li>\n<\/ul>\n<\/td>\n<\/tr>\n<tr>\n<td style=\"border-style: solid; border-color: #000000; background-color: #dde9eb;\" data-sheets-value=\"{&quot;1&quot;:2,&quot;2&quot;:&quot;Comunicaci\u00f3 a l\u2019alumnat de la resoluci\u00f3 del proc\u00e9s de selecci\u00f3 FASE institut&quot;}\">\n<div>La tutora comunica a l\u2019alumnat participant, la <strong>resoluci\u00f3 del proc\u00e9s de selecci\u00f3 FASE institut\u00a0 <\/strong>(Per protecci\u00f3 de dades s\u2019utilitzar\u00e0 l\u2019IDALU en aquesta comunicaci\u00f3)<\/div>\n<\/td>\n<td style=\"border-style: solid; border-color: #000000; background-color: #dde9eb;\"><strong>20\/03\/26\u00a0 \u00a0<\/strong><\/td>\n<\/tr>\n<tr>\n<td style=\"border-style: solid; border-color: #000000;\" data-sheets-value=\"{&quot;1&quot;:2,&quot;2&quot;:&quot;Per\u00edode de 48 hores per presentar al\u00b7legacions per escrit des de la data i hora de la comunicaci\u00f3 enviada a l'alumnat &quot;}\">\n<div>Per\u00edode de 48 hores\u00a0<strong>per presentar al\u00b7legacions<\/strong>\u00a0per escrit a el\/la tutor\/a del grup classe, des de la data i hora de la comunicaci\u00f3 a l\u2019alumnat<\/div>\n<\/td>\n<td style=\"border-style: solid; border-color: #000000;\"><strong>22\/03\/26 <\/strong>Resoluci\u00f3 en 48 hores de les al\u00b7legacions o reclamacions.<\/td>\n<\/tr>\n<tr>\n<td style=\"border-style: solid; border-color: #000000; background-color: #d8e6e8;\" data-sheets-value=\"{&quot;1&quot;:2,&quot;2&quot;:&quot;Selecci\u00f3 FASE EMPRESA&quot;}\">\n<div><strong>Selecci\u00f3 FASE EMPRESA<\/strong><\/div>\n<\/td>\n<td style=\"border-style: solid; border-color: #000000; background-color: #d8e6e8; text-align: justify;\">Un cop resolt el proc\u00e9s de selecci\u00f3 FASE institut, s&#8217;inicia el proc\u00e9s de selecci\u00f3 FASE empresa, iniciant les entrevistes de selecci\u00f3 en els centres de treball. La tutora dual proposa les candidatures a l\u2019empresa. L\u2019empresa decideix com dur a terme el seu proc\u00e9s de selecci\u00f3, tot i que normalment consisteix en una entrevista on s\u2019ha de portar el CV. Ser\u00e0 l\u2019empresa qui decideixi finalment l\u2019alumnat seleccionat.<\/td>\n<\/tr>\n<\/tbody>\n<\/table>\n<\/td>\n<\/tr>\n<tr>\n<td style=\"border-style: solid; border-color: #000000;\"><strong>2n curs<\/strong><\/td>\n<td style=\"border-style: solid; border-color: #000000; text-align: justify;\">El calendari que a continuaci\u00f3 es detalla, pot veure&#8217;s modificat en funci\u00f3 de les necessitats dels laboratoris: A partir d&#8217;inicis del mes de setembre,\u00a0 l\u2019alumne\/a, inicia les pr\u00e0ctiques remunerades, un cop comencin les classes de 2n curs del cicle, s&#8217;alterna l\u2019assist\u00e8ncia a l\u2019institut i a l\u2019empresa fins assolir un m\u00ednim de 900 hores, sempre assegurant que l\u2019alumne\/a es gradui com la resta del grup i essent compatible amb els terminis per presentar-se a les PAU. L\u2019alumne a 2n curs no assistir\u00e0 a les classes del m\u00f2dul de PROJECTE INTERMODULAR (6 hores setmanals)<\/p>\n<table style=\"width: 99.9251%;\">\n<tbody>\n<tr>\n<td style=\"width: 19.0601%; background-color: #97edf0;\"><strong>RELACI\u00d3<\/strong><\/td>\n<td style=\"width: 11.7493%; background-color: #97edf0;\"><strong>DURADA<\/strong><\/td>\n<td style=\"width: 29.5039%; background-color: #97edf0;\"><strong>COMPENSACI\u00d3 ECON\u00d2MICA\u00a0<\/strong><\/td>\n<td style=\"width: 25.4134%; background-color: #97edf0;\"><strong>SEGURETAT\u00a0<\/strong><strong>SOCIAL<\/strong><\/td>\n<\/tr>\n<tr>\n<td style=\"width: 19.0601%; background-color: #dfeaed;\"><strong>Beca Formativa\u00a0\u00a0<\/strong><strong>(<\/strong>Signatura d\u2019un acord formatiu entre empresa, institut i aprenent)<\/td>\n<td style=\"width: 11.7493%;\">Des d&#8217;inicis de setembre, fins\u00a0 assolir unes 900 hores per certificar en FP dual.<\/td>\n<td style=\"width: 29.5039%; background-color: #dfeaeb;\"><strong>65% del SMI mensual del 2026 en proporci\u00f3 a la jornada realitzada<\/strong>. Normalment es fa una jornada de 25 h setmanals que correspon a una compensaci\u00f3 econ\u00f2mica bruta proporcional\u00a0 (2% IRPF+ SS a c\u00e0rrec becari)<sub>*La SS a c\u00e0rrec de el\/la becari\/\u00e0ria \u00e9s poc m\u00e9s de mig euro mensual.<\/sub><\/td>\n<td style=\"width: 25.4134%;\"><b>Alta a la SS com a becari:<\/b><strong>TRL: 986 <\/strong><strong>Valor: 9939 al camp RLCE<\/strong><br \/>\nReducci\u00f3 95% de les quotes SS establertes. Cost total mensual SS a c\u00e0rrec empresa no arriba a 12 \u20ac mensuals<\/td>\n<\/tr>\n<\/tbody>\n<\/table>\n<pre>SMI: Salari M\u00ednim Interprofessional \u00a0 \u00a0 \u00a0 SS: Seguretat Social<\/pre>\n<\/td>\n<\/tr>\n<\/tbody>\n<\/table>\n<p>L&#8217;alumnat seleccionat i que obtingui pla\u00e7a dual intensiva, ha de disposar d&#8217;una documentaci\u00f3, que haureu de facilitar a la vostra tutora dual, a trav\u00e9s d&#8217;un @, adjuntant la documentaci\u00f3 en un \u00fanic PDF que contingui tots els documents i que el nomeneu amb el vostre nom i cognom:<\/p>\n<ul>\n<li style=\"font-weight: 400;\" aria-level=\"1\">DNI o NIE (vigent)<\/li>\n<li aria-level=\"1\">Document acreditatiu N\u00famero Seguretat Social<\/li>\n<li style=\"font-weight: 400;\" aria-level=\"1\">Document expedit per l\u2019entitat banc\u00e0ria del n\u00famero de compte (IBAN) i conforme sou titulars.<\/li>\n<\/ul>\n<p>Aquesta documentaci\u00f3 tamb\u00e9 l&#8217;haureu de facilitar a l&#8217;empresa.<\/p>\n<h4><strong><span style=\"color: #33cccc;\">PLACES DUALS EN R\u00c8GIM INTENSIU PROMOCI\u00d3 25-27<\/span><\/strong><\/h4>\n<p>Podeu clicar a sobre del nom de cada un dels laboratoris, per accedir a les seves webs si en disposen. S\u00f3n empreses unides pel comprom\u00eds i generositat d\u2019una bona formaci\u00f3 dirigida al nostre alumnat, la majoria cerquen futurs professionals per integrar a les seves plantilles.<\/p>\n<p>Tots els laboratoris es comprometen:<\/p>\n<ul>\n<li><span data-sheets-formula-bar-text-style=\"font-size:13px;color:#000000;font-weight:normal;text-decoration:none;font-family:'Arial';font-style:normal;text-decoration-skip-ink:none;\">A fer passar a l&#8217;alumnat dual per tots els processos, incl\u00f2s el CAD-CAM. <\/span><\/li>\n<li><span data-sheets-formula-bar-text-style=\"font-size:13px;color:#000000;font-weight:normal;text-decoration:none;font-family:'Arial';font-style:normal;text-decoration-skip-ink:none;\">Compensaci\u00f3 econ\u00f2mica m\u00ednima del 65% de l&#8217;SMI mensual brut 2026 a ra\u00f3 de 25 hores setmanals. En cas que la jornada sigui inferior, es calcular\u00e0 en proporci\u00f3.<\/span><\/li>\n<li><span data-sheets-formula-bar-text-style=\"font-size:13px;color:#000000;font-weight:normal;text-decoration:none;font-family:'Arial';font-style:normal;text-decoration-skip-ink:none;\">Alta i cotitzaci\u00f3 a la SS com a treballadors\/es assimilats\/ades (becaris\/\u00e0ries).<\/span><\/li>\n<\/ul>\n<p><strong>PLACES PROMOCI\u00d3 25-27: <\/strong>El calendari \u00e9s laboral i no escolar.<\/p>\n<table>\n<tbody>\n<tr>\n<td style=\"background-color: #daeaeb;\"><a href=\"https:\/\/novasthetiklab.com\/\"><strong>Novasthetiklab SL \u00a0<\/strong><\/a>Plantilla:\u00a0 11 treballadors. Ubicaci\u00f3: <strong>Molins de Rei<\/strong>, molt ben comunicats amb Barcelona.<\/td>\n<td style=\"background-color: #daeaeb;\"><strong>1 pla\u00e7a dual<\/strong> (beca formativa), en horari compatible amb l&#8217;horari lectiu (entre 3 i 8 hores di\u00e0ries), de dilluns a divendres, 25 hores setmanals. Inici juny 2026.<\/td>\n<\/tr>\n<tr>\n<td style=\"background-color: #daeaeb;\" colspan=\"2\"><span data-sheets-formula-bar-text-style=\"font-size:13px;color:#0000ff;font-weight:normal;text-decoration:none;font-family:''Arial'';font-style:normal;text-decoration-skip-ink:none;\"> Treballem amb les \u00faltimes tecnologies, la qual cosa ens permet oferir als nostres clients les millors solucions amb una gran varietat de materials d&#8217;\u00faltima generaci\u00f3. Destaquem que, entre els nostres materials, comptem amb el prestigi\u00f3s metall de AmannGirbach, Sintron. Dir tamb\u00e9 que tenim un servei de cirurgia guiada digital (LimaGuide). Comptem amb una \u00e0mplia infraestructura per a poder desenvolupar c\u00f2modament el nostre treball, aix\u00ed com m\u00e0quines i softwares d&#8217;avantguarda, que ens permeten elaborar cada treball amb les seves exig\u00e8ncies i necessitats.\u00a0 \u00a0 \u00a0 \u00a0 \u00a0 \u00a0 \u00a0 \u00a0 \u00a0 \u00a0 \u00a0 \u00a0 \u00a0 \u00a0 \u00a0 \u00a0 \u00a0 \u00a0 \u00a0 \u00a0 \u00a0 \u00a0 \u00a0 \u00a0 \u00a0 \u00a0 \u00a0 \u00a0 \u00a0 \u00a0 \u00a0 \u00a0 \u00a0 \u00a0 \u00a0 \u00a0\u00a0<\/span><\/td>\n<\/tr>\n<\/tbody>\n<\/table>\n<table style=\"width: 100%; height: 194px;\">\n<tbody>\n<tr style=\"height: 182px;\">\n<td style=\"height: 98px; width: 41.3333%;\"><strong><a href=\"https:\/\/rockteeth.com\/\">LABORATORIO DIGITAL HIGH TEETH<\/a> (ROCK DENTAL) <\/strong>Plantilla: 90 treballadors. Ubicaci\u00f3: <b>Sant Cugat del Vall\u00e8s.<\/b><\/td>\n<td style=\"height: 98px; width: 58.0834%;\"><strong>3 places duals<\/strong> (beca formativa), en horari compatible amb l&#8217;horari lectiu (entre 3 i 8 hores di\u00e0ries) de dilluns a divendres, 25 hores setmanals. Inici setembre 2026.<\/td>\n<\/tr>\n<tr style=\"height: 96px;\">\n<td style=\"height: 96px; width: 99.4167%;\" colspan=\"2\"><span data-sheets-formula-bar-text-style=\"font-size:13px;color:#0000ff;font-weight:normal;text-decoration:none;font-family:''Arial'';font-style:normal;text-decoration-skip-ink:none;\">Rock, \u00e9s una empresa del sector dental, que es dedica a la fabricaci\u00f3 de pr\u00f2tesis dental de forma anal\u00f2gica i digital, tant en fixa, com removible.<\/span> <span data-sheets-formula-bar-text-style=\"font-size:13px;color:#0000ff;font-weight:normal;text-decoration:none;font-family:''Arial'';font-style:normal;text-decoration-skip-ink:none;\">Est\u00e0 formada per persones amb experi\u00e8ncia, talent i actitud en\u00e8rgica, els nostres valors s\u00f3n la innovaci\u00f3, la capacitat t\u00e8cnica, el talent, la passi\u00f3 i l&#8217;equip. Si ets una persona que desitja viure una experi\u00e8ncia diferent estaran encantats que puguis formar-hi part, per aix\u00f2 necessiten que tinguis les seg\u00fcents <strong>compet\u00e8ncies: iniciativa, dinamisme, const\u00e0ncia i implicaci\u00f3.\u00a0<\/strong><\/span><\/td>\n<\/tr>\n<\/tbody>\n<\/table>\n<table style=\"width: 100%;\">\n<tbody>\n<tr>\n<td style=\"background-color: #ddeaeb; width: 39.75%;\"><strong><a href=\"http:\/\/valldauradent.es\/\">Valldauradent \u00a0<\/a><\/strong>Plantilla:\u00a0 22 treballadors. Ubicaci\u00f3: <strong>Sabadell<\/strong> (a 5 minuts dels Ferrocarrils)<\/td>\n<td style=\"background-color: #ddeaeb; width: 59.6666%;\"><strong>1 pla\u00e7a dual<\/strong> (beca formativa), en horari compatible amb l&#8217;horari lectiu (entre 3 i 8 hores di\u00e0ries) de dilluns a divendres, 25 hores setmanals. Inici setembre 2026.<\/td>\n<\/tr>\n<tr>\n<td style=\"background-color: #ddeaeb; width: 99.4166%;\" colspan=\"2\">Des de 1998 som un laboratori de pr\u00f2tesi dental que treballa amb el prop\u00f2sit d&#8217;oferir als nostres clients els m\u00e9s avan\u00e7ats tractaments en rehabilitaci\u00f3, en est\u00e8tica i funcionalitat en el camp de la pr\u00f2tesi dental, fabriquem tota classe de pr\u00f2tesi, excepte ortod\u00f2ncia: pr\u00f2tesi removible i fix, implantologia diversa, f\u00e8rules de desc\u00e0rrega 3D, impressi\u00f3 3D dental, pr\u00f2tesi dental 3D, centre de fresat de zirconi. Ens agrada acollir i formar a futurs professionals, el 37% de la nostra plantilla est\u00e0 formada per t\u00e8cnics que van portar a terme les seves pr\u00e0ctiques a Valldauradent i s&#8217;han quedat amb nosaltres. <a href=\"https:\/\/drive.google.com\/file\/d\/1USjCqf9JHoDI0ud-QDO2upFqkOICZoQx\/view?usp=share_link\">Clica per veure un v\u00eddeo del laboratori.<\/a><\/td>\n<\/tr>\n<\/tbody>\n<\/table>\n<table>\n<tbody>\n<tr>\n<td style=\"width: 39.6755%;\"><strong><a href=\"https:\/\/zirconart.dental\/\">ZIRCONART \u00a0<\/a><\/strong>Plantilla:\u00a0 m\u00ednim 10 treballadors. Ubicaci\u00f3: Carrer de Moss\u00e8n Jacint Verdaguer, 60, <strong>Cornell\u00e0 de Llobregat<\/strong>, Barcelona<\/td>\n<td style=\"width: 59.292%;\"><strong>1 pla\u00e7a dual<\/strong> (beca formativa), en horari compatible amb l&#8217;horari lectiu (entre 3 i 8 hores di\u00e0ries) de dilluns a divendres, 25 hores setmanals. Inici setembre 2026.<\/td>\n<\/tr>\n<tr>\n<td style=\"width: 98.9676%;\" colspan=\"2\">Som un laboratori prot\u00e8tic dental totalment digitalitzat, amb la darrera tecnologia digital i amb els millors protocols de seguretat i higiene. Cerquem una <strong>persona amb coneixements ofim\u00e0tics, amb actitud, implicaci\u00f3, constant, amb ganes d&#8217;aprendre, millorar i evolucionar.<\/strong><\/td>\n<\/tr>\n<\/tbody>\n<\/table>\n<table style=\"width: 100%; height: 139px;\">\n<tbody>\n<tr style=\"height: 46px;\">\n<td style=\"width: 39.6755%; background-color: #ddeaeb; height: 46px;\"><strong><a href=\"https:\/\/share.google\/Y9HVEpl5VxaGyXyqx\">GRACE ARTESANIA ORAL\u00a0 \u00a0<\/a><\/strong>Ubicaci\u00f3: A prop de la Sagrera. <strong>Barcelona<\/strong>.<\/td>\n<td style=\"width: 59.292%; background-color: #ddeaeb; height: 46px;\"><strong>1 pla\u00e7a dual<\/strong> (beca formativa), en horari compatible amb l&#8217;horari lectiu (entre 3 i 8 hores di\u00e0ries) de dilluns a divendres, 25 hores setmanals. Inici maig 2026.<\/td>\n<\/tr>\n<tr style=\"height: 93px;\">\n<td style=\"width: 98.9676%; background-color: #ddeaeb; height: 93px;\" colspan=\"2\">El Laboratori \u00e9s un centre especialitzat en est\u00e8tica dental que combina artesania, precisi\u00f3 i excel\u00b7l\u00e8ncia professional. Actualment, el laboratori est\u00e0 interessat a incorporar en un futur una persona seriosa, responsable i compromesa, amb motivaci\u00f3 per cr\u00e9ixer i formar part d\u2019un projecte s\u00f2lid i en evoluci\u00f3 constant. <strong>Volen una alumna per tasques administratives, organitzaci\u00f3 dels treballs i preparaci\u00f3 de models.<\/strong> <strong>Amb possibilitat real d&#8217;incorporar-se a l&#8217;empresa un cop finalitzades les pr\u00e0ctiques.\u00a0<\/strong><\/td>\n<\/tr>\n<\/tbody>\n<\/table>\n<table>\n<tbody>\n<tr>\n<td style=\"width: 39.6755%;\"><strong><a href=\"https:\/\/g.co\/kgs\/mA9wsQw\">MAXIDENT \u00a0<\/a><\/strong>Plantilla:\u00a0 10 treballadors. Ubicaci\u00f3: Carrer de Terra baixa, 42 &#8211; baixos, l&#8217;<strong>Hospitalet de Llobregat<\/strong>, Barcelona<\/td>\n<td style=\"width: 59.292%;\"><strong>1 pla\u00e7a dual<\/strong> (beca formativa), en horari compatible amb l&#8217;horari lectiu (entre 3 i 8 hores di\u00e0ries) de dilluns a divendres, 25 hores setmanals. Inici setembre 2026.<\/td>\n<\/tr>\n<tr>\n<td style=\"width: 98.9676%;\" colspan=\"2\">Laboratori dental amb m\u00e9s de 20 anys sempre amb la visi\u00f3 de realitzar pr\u00f2tesis d&#8217;alta qualitat tant en les t\u00e8cniques utilitzades per la seva elaboraci\u00f3 com en els materials emprats amb un gran comprom\u00eds i qualitat, amb pr\u00f2tesis est\u00e8tiques i funcionals, puntualitat i seriositat, ofereix solucions i garanties.<\/td>\n<\/tr>\n<\/tbody>\n<\/table>\n<table>\n<tbody>\n<tr>\n<td style=\"width: 39.6755%; background-color: #dde9eb;\"><strong><a href=\"https:\/\/www.ortodonciabcn.com\/ca\/\">X&amp;M<\/a><\/strong> (Ortod\u00f2ncia BCN) Xavier Vericat. Plantilla:\u00a0 3 treballadors. Ubicaci\u00f3: Carrer Joan Blanques, 5, local 1, 08012 <strong>Barcelona<\/strong><\/td>\n<td style=\"width: 59.292%; background-color: #dde9eb;\"><strong>1 pla\u00e7a dual<\/strong> (beca formativa), en horari compatible amb l&#8217;horari lectiu (entre 3 i 8 hores di\u00e0ries) de dilluns a divendres, 25 hores setmanals. Inici setembre 2026.<\/td>\n<\/tr>\n<tr>\n<td style=\"width: 98.9676%; background-color: #dde9eb;\" colspan=\"2\">Petit laboratori dedicat a Ortod\u00f2ncia, ubicat al barri de Gr\u00e0cia de Barcelona amb 3 treballadors. Es valora per sobre de tot la qualitat i el servei, ja que oferim atenci\u00f3 personalitzada als nostres clients.<\/td>\n<\/tr>\n<\/tbody>\n<\/table>\n<table style=\"width: 1184px;\">\n<tbody>\n<tr>\n<td style=\"width: 476px;\"><a href=\"https:\/\/www.bassets3dlab.com\/\"><strong>BASSETS 3D LAB SL<\/strong>\u00a0<\/a> \u00a0\u00a0\u00a0Ubicaci\u00f3: Carrer de Saragossa, 95-97, 08006<strong> Barcelona<\/strong><\/td>\n<td style=\"width: 708px;\"><strong>1 pla\u00e7a dual<\/strong> (beca formativa), en horari compatible amb l&#8217;horari lectiu (entre 3 i 8 hores di\u00e0ries) de dilluns a divendres, 25 hores setmanals. Inici setembre 2026.<\/td>\n<\/tr>\n<tr>\n<td style=\"width: 476px;\" colspan=\"2\">Bassets3dlab \u00e9s un laboratori amb 30 anys d experi\u00e8ncia per la qual cosa hem apr\u00e8s durant molts anys el que ens pot oferir la vesant anal\u00f2gica del nostre ofici. El present per\u00f2, ens fa estar molt atents a totes les innovacions en el terreny digital actual, i \u00e9s per aix\u00f2 que el personal que estem buscant per la nostra empresa ara mateix, sigui gent apassionada per les noves tecnologies que ens ofereix el mercat.<\/p>\n<div dir=\"auto\">Les tasques que haur\u00e0 de realitzar l&#8217;alumne\/a en pr\u00e0ctiques duals intensives seran enfocades al m\u00f3n de la pr\u00f2tesi digital, com per exemple:<\/div>\n<div dir=\"auto\">. Desc\u00e0rrega i classificaci\u00f3 dels casos que ens arriben via plataformes digitals.<\/div>\n<div dir=\"auto\">.Realitzar les tasques que\u00a0 requereix la utilitzaci\u00f3 de la impressi\u00f3 digital.<\/div>\n<div dir=\"auto\">.Dominar el funcionament de les fresadores aix\u00ed com el seu manteniment.<\/div>\n<div dir=\"auto\">.Control d estocks de diversos materials, tant els d impressi\u00f3 i fresats com tamb\u00e9 els d implantologia (interfases)<\/div>\n<div dir=\"auto\">.Introducci\u00f3 al disseny digital mitjan\u00e7ant els diversos softwars que disposem.<\/div>\n<div dir=\"auto\">El que m\u00e9s valorem per\u00f2 per poder colaborar amb nosaltres \u00e9s la serietat i rigorositat amb el treball, la puntualitat, el respecte pels companys.<\/div>\n<div dir=\"auto\">A bassets3dlab no ens preocupa el que ja sabeu, sin\u00f3 les ganes, la disponibilitat, l&#8217;actitud i l&#8217;habilitat que tingueu d&#8217;aprendre all\u00f2 que us ensenyarem.<\/div>\n<\/td>\n<\/tr>\n<tr>\n<td style=\"width: 476px; background-color: #dfede8;\"><a href=\"https:\/\/www.laboratoriojamboree.com\/\"><strong>LABORATORI JAMBOREE<\/strong><\/a> Plantilla:\u00a0 14 t\u00e8cnics prot\u00e8tics. Ubicaci\u00f3: Carrer de Lepanto, 264, <strong>Barcelona<\/strong> 08013<\/td>\n<td style=\"width: 708px; background-color: #dfede8;\"><strong>2 places duals<\/strong> (beca formativa), en horari compatible amb l&#8217;horari lectiu (entre 3 i 8 hores di\u00e0ries) de dilluns a divendres, 25 hores setmanals. Inici setembre 2026.<\/td>\n<\/tr>\n<tr>\n<td style=\"width: 1184px; background-color: #dfede8;\" colspan=\"2\">El Laboratori Jamboree \u00e9s un laboratori de pr\u00f2tesis dentals especialitzat en est\u00e8tica, implantologia i tractaments d\u2019alta complexitat, que combina precisi\u00f3 t\u00e8cnica, innovaci\u00f3 i excel\u00b7l\u00e8ncia per oferir solucions personalitzades de m\u00e0xima qualitat. Compta amb m\u00e9s de 30 anys d&#8217;experi\u00e8ncia i est\u00e0 situat a Barcelona, a prop de la Sagrada Fam\u00edlia. <strong>Davant una futura ampliaci\u00f3 de plantilla, el laboratori est\u00e0 interessat a incorporar professionals de la pr\u00f2tesi amb inter\u00e8s i vocaci\u00f3.<\/strong><\/td>\n<\/tr>\n<\/tbody>\n<\/table>\n<p>Fins aqu\u00ed les places disponibles per la promoci\u00f3 25-27.<\/p>\n<p><strong>Altres empreses que han ofert places duals en anteriors promocions:\u00a0<\/strong><\/p>\n<table style=\"border-collapse: collapse; width: 100%;\">\n<tbody>\n<tr>\n<td style=\"width: 37.9167%;\"><a href=\"https:\/\/ideasms.es\/empresa\/quienesomos\"><strong>Ideas Medical Solutions <\/strong><\/a>Plantilla:\u00a0 m\u00e9s de 30 treballadors. Ubicaci\u00f3: Carrer de Ramon Llull, 6, 08750 <strong>Molins de Rei<\/strong>, Barcelona<\/td>\n<td style=\"width: 62.0833%; background-color: #dfede8;\">Centre de fretat dental. Fabriquen productes intermedis per a la fabricaci\u00f3 de pr\u00f2tesis dentals. Treballen exclusivament per a laboratoris de pr\u00f2tesis dentals. A la web es pot consultar entre altres informacions, els equips i les tecnologies emprades.<\/td>\n<\/tr>\n<\/tbody>\n<\/table>\n<table style=\"border-collapse: collapse; width: 100%;\">\n<tbody>\n<tr>\n<td style=\"width: 28.8421%; background-color: #fafcfb;\"><strong><a href=\"https:\/\/es.linkedin.com\/company\/rucalme-protesis-dental-sl\">RUCALME \u00a0<\/a><\/strong>Plantilla:\u00a0 20 treballadors. Ubicaci\u00f3: Carrer del Mol\u00ed, 1, <strong>Hospitalet de Llobregat<\/strong>, Barcelona<\/td>\n<td style=\"width: 60.8334%; background-color: #dfede8;\">Laboratori ubicat a l&#8217;Hospitalet de Llobregat, amb m\u00e9s de 20 treballadors, que es dedica a l&#8217;elaboraci\u00f3 de tota classe de pr\u00f2tesis dentals, i que disposem de la tecnologia Cad-cam per al disseny de molts productes.<\/td>\n<\/tr>\n<\/tbody>\n<\/table>\n<table style=\"width: 100%;\">\n<tbody>\n<tr>\n<td style=\"width: 34.7588%;\"><a href=\"https:\/\/goo.gl\/maps\/bGJVFVBDwALBCB2A7\"><strong>Laboratorio Dental Hospitalet, SL <\/strong><\/a>Plantilla:\u00a0 25 treballadors. Ubicaci\u00f3: Trav. Industrial, 149, 08907 <strong>L&#8217;Hospitalet de Llobregat<\/strong>, Barcelona<\/td>\n<td style=\"width: 64.2087%; background-color: #d8e9eb; text-align: justify;\">Laboratori dental Hospitalet \u00e9s una empresa que porta en actiu m\u00e9s de vint anys, situada a l&#8217;Hospitalet de Llobregat. S\u00f3n un equip de 25 persones repartides en diferents seccions, amb un ambient agradable i gran companyia. Fan jornada laboral intensiva de mat\u00ed. Realitzen tota mena de pr\u00f2tesis fixes, removibles, cad-cam, zirconi i models 3D (intraoral).<br \/>\nEn els futurs candidats\/es a treballar busquen persones puntuals, agradables i amb moltes ganes de treballar.<\/td>\n<\/tr>\n<\/tbody>\n<\/table>\n<table style=\"width: 100%;\">\n<tbody>\n<tr>\n<td style=\"width: 31.6667%;\"><a href=\"https:\/\/dacostalaboratori.com\/\"><strong>D&#8217;Acosta Laboratorio Dental <\/strong><\/a>Plantilla: 8 treballadors. Ubicaci\u00f3: <strong>Barri de les Corts de Barcelona<\/strong> (al costat de l&#8217;Illa Diagonal)<\/td>\n<td style=\"width: 68.0833%; background-color: #daeaeb; text-align: justify;\">Laboratori, en el barri de les Corts de Barcelona, dirigit per Germ\u00e1n D&#8217;Acosta, amb el suport d&#8217;un petit equip de t\u00e8cnics i treballadors talentosos i experimentats amb especialitats en implantologia i odontologia digital. Tenim un enfocament proactiu per a nodrir el potencial en tots els nivells i estem incre\u00efblement orgullosos del nostre equip. Les nostres relacions entre l&#8217;odont\u00f2leg i el laboratori s\u00f3n primordials per a nosaltres, i ens esforcem per mantenir un molt bon ambient de treball, on tot l&#8217;equip est\u00e0 constantment aprenent noves t\u00e8cniques amb nous materials i impulsant el laboratori cap al canvi. La situaci\u00f3 actual en la qual ens trobem \u00e9s la d&#8217;un constant creixement, la qual ens obliga a anar buscant nous membres per a incorporar al nostre equip, persones que tinguin moltes ganes de treballar en equip, d&#8217;aprendre i amb implicaci\u00f3 en el treball.<\/td>\n<\/tr>\n<\/tbody>\n<\/table>\n<p>Tant si sou una empresa, com si sou un\/a alumne\/a, podeu mirar el seg\u00fcent v\u00eddeo:<\/p>\n<p style=\"text-align: center;\"><iframe loading=\"lazy\" title=\"YouTube video player\" src=\"\/\/www.youtube.com\/embed\/S_WYPgfpwDk?si=i3_dOtFeM_U82Wne\" width=\"560\" height=\"315\" frameborder=\"0\" allowfullscreen=\"allowfullscreen\"><\/iframe><\/p>\n<p><strong>DOCUMENT DE SUPORT PER A USUARIS DEL SERVEI:<\/strong><br \/>\n<em>Si ets usuari del servei dual (empresa o alumne\/a) pots demanar a el\/la tutor\/a dual del cicle, el document de suport: <strong>GESTI\u00d3 DE L\u2019ESTADA A L\u2019EMPRESA EN ALTERNAN\u00c7A DUAL A L\u2019INSTITUT SALVADOR SEGU\u00cd. <\/strong><\/em>En aquest material expliquem com s&#8217;organitza l&#8217;FP dual, calendari i condicions econ\u00f2miques, responsables del servei, tasques, enlla\u00e7os a manuals i videos, entre d&#8217;altres informacions importants.<\/p>\n<p><strong>En cas de ser una empresa interessada en rebre informaci\u00f3 sobre l&#8217;FP dual (pr\u00e0ctiques remunerades), pots demanar informaci\u00f3 a la coordinaci\u00f3 d&#8217;FP dual, a trav\u00e9s del correu electr\u00f2nic:\u00a0<\/strong> coordinaciofpdual@salvadorsegui.net<\/p>\n","protected":false},"excerpt":{"rendered":"<p>Un cop matriculat i cursant el primer curs del cicle formatiu, l\u2019alumnat rebr\u00e0 tota la informaci\u00f3 de les places duals remunerades disponibles en aquest cicle i aquest podr\u00e0 decidir de forma volunt\u00e0ria si vol participar en el proc\u00e9s de selecci\u00f3 que es portar\u00e0 a terme en aquest mateix 1r curs del cicle formatiu. No m\u00e9s [&hellip;]<\/p>\n","protected":false},"author":57,"featured_media":0,"parent":1379,"menu_order":0,"comment_status":"closed","ping_status":"closed","template":"","meta":{"_bbp_topic_count":0,"_bbp_reply_count":0,"_bbp_total_topic_count":0,"_bbp_total_reply_count":0,"_bbp_voice_count":0,"_bbp_anonymous_reply_count":0,"_bbp_topic_count_hidden":0,"_bbp_reply_count_hidden":0,"_bbp_forum_subforum_count":0,"site-sidebar-layout":"default","site-content-layout":"","ast-site-content-layout":"default","site-content-style":"default","site-sidebar-style":"default","ast-global-header-display":"","ast-banner-title-visibility":"","ast-main-header-display":"","ast-hfb-above-header-display":"","ast-hfb-below-header-display":"","ast-hfb-mobile-header-display":"","site-post-title":"","ast-breadcrumbs-content":"","ast-featured-img":"","footer-sml-layout":"","theme-transparent-header-meta":"","adv-header-id-meta":"","stick-header-meta":"","header-above-stick-meta":"","header-main-stick-meta":"","header-below-stick-meta":"","astra-migrate-meta-layouts":"set","ast-page-background-enabled":"default","ast-page-background-meta":{"desktop":{"background-color":"var(--ast-global-color-4)","background-image":"","background-repeat":"repeat","background-position":"center center","background-size":"auto","background-attachment":"scroll","background-type":"","background-media":"","overlay-type":"","overlay-color":"","overlay-opacity":"","overlay-gradient":""},"tablet":{"background-color":"","background-image":"","background-repeat":"repeat","background-position":"center center","background-size":"auto","background-attachment":"scroll","background-type":"","background-media":"","overlay-type":"","overlay-color":"","overlay-opacity":"","overlay-gradient":""},"mobile":{"background-color":"","background-image":"","background-repeat":"repeat","background-position":"center center","background-size":"auto","background-attachment":"scroll","background-type":"","background-media":"","overlay-type":"","overlay-color":"","overlay-opacity":"","overlay-gradient":""}},"ast-content-background-meta":{"desktop":{"background-color":"var(--ast-global-color-5)","background-image":"","background-repeat":"repeat","background-position":"center center","background-size":"auto","background-attachment":"scroll","background-type":"","background-media":"","overlay-type":"","overlay-color":"","overlay-opacity":"","overlay-gradient":""},"tablet":{"background-color":"var(--ast-global-color-5)","background-image":"","background-repeat":"repeat","background-position":"center center","background-size":"auto","background-attachment":"scroll","background-type":"","background-media":"","overlay-type":"","overlay-color":"","overlay-opacity":"","overlay-gradient":""},"mobile":{"background-color":"var(--ast-global-color-5)","background-image":"","background-repeat":"repeat","background-position":"center center","background-size":"auto","background-attachment":"scroll","background-type":"","background-media":"","overlay-type":"","overlay-color":"","overlay-opacity":"","overlay-gradient":""}},"footnotes":""},"class_list":["post-3938","page","type-page","status-publish","hentry"],"post_mailing_queue_ids":[],"_links":{"self":[{"href":"https:\/\/agora.xtec.cat\/iessalvadorsegui\/wp-json\/wp\/v2\/pages\/3938","targetHints":{"allow":["GET"]}}],"collection":[{"href":"https:\/\/agora.xtec.cat\/iessalvadorsegui\/wp-json\/wp\/v2\/pages"}],"about":[{"href":"https:\/\/agora.xtec.cat\/iessalvadorsegui\/wp-json\/wp\/v2\/types\/page"}],"author":[{"embeddable":true,"href":"https:\/\/agora.xtec.cat\/iessalvadorsegui\/wp-json\/wp\/v2\/users\/57"}],"replies":[{"embeddable":true,"href":"https:\/\/agora.xtec.cat\/iessalvadorsegui\/wp-json\/wp\/v2\/comments?post=3938"}],"version-history":[{"count":6,"href":"https:\/\/agora.xtec.cat\/iessalvadorsegui\/wp-json\/wp\/v2\/pages\/3938\/revisions"}],"predecessor-version":[{"id":11134,"href":"https:\/\/agora.xtec.cat\/iessalvadorsegui\/wp-json\/wp\/v2\/pages\/3938\/revisions\/11134"}],"up":[{"embeddable":true,"href":"https:\/\/agora.xtec.cat\/iessalvadorsegui\/wp-json\/wp\/v2\/pages\/1379"}],"wp:attachment":[{"href":"https:\/\/agora.xtec.cat\/iessalvadorsegui\/wp-json\/wp\/v2\/media?parent=3938"}],"curies":[{"name":"wp","href":"https:\/\/api.w.org\/{rel}","templated":true}]}}