{"id":1401,"date":"2020-04-08T15:52:40","date_gmt":"2020-04-08T13:52:40","guid":{"rendered":"https:\/\/agora.xtec.cat\/iessalvadorsegui\/?page_id=1401"},"modified":"2026-01-31T17:51:03","modified_gmt":"2026-01-31T16:51:03","slug":"formacio-en-centres-de-treball-i-formacio-dual-fct","status":"publish","type":"page","link":"https:\/\/agora.xtec.cat\/iessalvadorsegui\/estudis\/formacio-en-centres-de-treball-i-formacio-dual-fct\/","title":{"rendered":"FP en alternan\u00e7a dual o en r\u00e8gim intensiu"},"content":{"rendered":"<p style=\"text-align: center;\"><span style=\"font-family: inherit; font-size: 1em; text-align: justify;\">\u00a0<iframe loading=\"lazy\" title=\"YouTube video player\" src=\"\/\/www.youtube.com\/embed\/ITSy-m_ftzg?si=_9ouwOQG-trU953C\" width=\"560\" height=\"315\" frameborder=\"0\" allowfullscreen=\"allowfullscreen\"><\/iframe><\/span><\/p>\n<table style=\"width: 100%; border-collapse: collapse; border-style: double;\">\n<tbody>\n<tr>\n<td style=\"width: 100%; border-style: solid; border-color: #000000;\"><strong>En cas de ser una empresa interessada a rebre informaci\u00f3 sobre l&#8217;FP en alternan\u00e7a dual o en r\u00e8gim intensiu (pr\u00e0ctiques remunerades), pots demanar informaci\u00f3 a la coordinaci\u00f3 d&#8217;FP dual, a trav\u00e9s del correu electr\u00f2nic:\u00a0<\/strong> coordinaciofpdual@salvadorsegui.net<\/td>\n<\/tr>\n<\/tbody>\n<\/table>\n<p><span style=\"font-family: inherit; font-size: 1em; text-align: justify;\"><strong>L&#8217;FP en alternan\u00e7a dual o en r\u00e8gim intensiu<\/strong>, utilitza una nova metodologia on l&#8217;empresa t\u00e9 un grau m\u00e9s gran de coparticipaci\u00f3 en l&#8217;aprenentatge de l&#8217;alumne\/a, aix\u00f2 l\u2019ajuda a desenvolupar el seu potencial professional, aprenent en situacions reals de treball, adquirint m\u00e9s experi\u00e8ncia professional i millorant la seva ocupabilitat.<\/span><\/p>\n<p style=\"text-align: justify;\">L&#8217;FP dual intensiva combina el temps de formaci\u00f3 en el centre educatiu i a l&#8217;empresa, comportant el reconeixement acad\u00e8mic dels aprenentatges assolits a l&#8217;empresa. A escala pr\u00e0ctica, vol dir que a segon curs l\u2019alumnat dual deixar\u00e0 d&#8217;assistir al m\u00f2dul de projecte intermodular de 198\u202fh (LOE), o b\u00e9, al cr\u00e8dit dual (LOGSE) traspassant la nota obtinguda de les pr\u00e0ctiques remunerades en aquest m\u00f2dul o cr\u00e8dit, segons si \u00e9s un cicle LOE o LOGSE.\u00a0 Cal dir que el temps a l&#8217;empresa \u00e9s major, i el seu aprenentatge pr\u00e0ctic equival o substitueix a alguns dels aprenentatges que fins ara es feien a l&#8217;Institut.<\/p>\n<p style=\"text-align: center;\"><strong>L&#8217;FP dual al Salvador Segu\u00ed: 3 EXPERI\u00c8NCIES D&#8217;\u00c8XIT<\/strong><\/p>\n<p style=\"text-align: center;\"><iframe loading=\"lazy\" title=\"YouTube video player\" src=\"\/\/www.youtube.com\/embed\/EOLUmZayCTc?si=UWDR2tady2KWGgfG\" width=\"560\" height=\"315\" frameborder=\"0\" allowfullscreen=\"allowfullscreen\"><\/iframe><\/p>\n<p style=\"text-align: justify;\"><strong>Al llarg del primer curs del cicle formatiu, no m\u00e9s tard de la primera meitat del mes d&#8217;octubre, l&#8217;alumnat que cursa un cicle amb places duals en r\u00e8gim intensiu o en alternan\u00e7a dual, rebr\u00e0 una sessi\u00f3 informativa sobre les pr\u00e0ctiques remunerades. M\u00e9s endavant, entre els mesos de febrer o mar\u00e7, es fa una segona sessi\u00f3 informativa on es donen informacions m\u00e9s concretes de les places remunerades que ofereixen les empreses\/entitats.<\/strong><\/p>\n<p style=\"text-align: justify;\"><strong>En aquests moments podeu consultar informacions generals de les pr\u00e0ctiques remunerades corresponents a la nova promoci\u00f3 25-27: Per una banda, hi ha informaci\u00f3 relativa als processos de difusi\u00f3 i selecci\u00f3, i, per una altra banda, hi ha informaci\u00f3 relativa a l&#8217;oferta de places, on s&#8217;indiquen les condicions econ\u00f2miques, el calendari i horari, entre altres informacions destacables. Pot ser que mentre no es disposa de la confirmaci\u00f3 d&#8217;algunes de les places remunerades de la nova promoci\u00f3, deixem la informaci\u00f3 de la promoci\u00f3 anterior, com a informaci\u00f3 orientativa. <\/strong><\/p>\n<p style=\"text-align: justify;\"><strong>En tot cas, de cada un dels cicles formatius amb places duals intensives i en alternan\u00e7a dual, es disposa d&#8217;una tutora dual de refer\u00e8ncia, que us acompanyar\u00e0 i assessorar\u00e0, aix\u00ed com d&#8217;aquest espai d&#8217;informaci\u00f3, <\/strong><strong>on podeu clicar per accedir a la informaci\u00f3 disponible de cada cicle.\u00a0\u00a0<\/strong><\/p>\n<p>FAM\u00cdLIA PROFESSIONAL DE FABRICACI\u00d3 MEC\u00c0NICA:<\/p>\n<ul>\n<li><a href=\"https:\/\/agora.xtec.cat\/iessalvadorsegui\/estudis\/cfgs-optica-dullera\/fp-dual-al-cfgs-optica-dullera\/\">FP en alternan\u00e7a dual al CFGS \u00d2ptica d&#8217;ullera<\/a><\/li>\n<\/ul>\n<p>FAM\u00cdLIA PROFESSIONAL D&#8217;IMATGE PERSONAL:<\/p>\n<ul>\n<li><a href=\"https:\/\/agora.xtec.cat\/iessalvadorsegui\/estudis\/cfgs-estetica-integral-i-benestar\/fp-dual-al-cfgs-estetica-integral-i-benestar\/\">FP dual en r\u00e8gim intensiu al CFGS Est\u00e8tica integral i benestar<\/a><\/li>\n<li><a href=\"https:\/\/agora.xtec.cat\/iessalvadorsegui\/estudis\/cfgs-estilisme-i-direccio-de-perruqueria\/fp-dual-al-cfgs-estilisme-i-direccio-de-perruqueria\/\">FP dual en r\u00e8gim intensiu al CFGS Estilisme i direcci\u00f3 de perruqueria<\/a><\/li>\n<li><a href=\"https:\/\/agora.xtec.cat\/iessalvadorsegui\/estudis\/cfgs-termalisme-i-benestar\/fp-dual-al-cfgs-termalisme-i-benestar\/\">FP dual en r\u00e8gim intensiu al CFGS Termalisme i Benestar<\/a><\/li>\n<li><a href=\"https:\/\/agora.xtec.cat\/iessalvadorsegui\/estudis\/cfgm-estetica-i-bellesa\/fp-dual-al-cfgm-estetica-i-bellesa\/\">FP dual en r\u00e8gim intensiu al CFGM Est\u00e8tica i bellesa<\/a><\/li>\n<\/ul>\n<p>FAM\u00cdLIA PROFESSIONAL DE SANITAT:<\/p>\n<ul>\n<li><a href=\"https:\/\/agora.xtec.cat\/iessalvadorsegui\/estudis\/cfgs-higiene-bucodental\/fp-dual-al-cfgs-higiene-bucodental\/\">FP dual en r\u00e8gim intensiu al CFGS Higiene bucodental<\/a><\/li>\n<li><a href=\"https:\/\/agora.xtec.cat\/iessalvadorsegui\/estudis\/cfgs-protesis-dentals\/fp-dual-al-cfgs-protesis-dentals\/\">FP dual en r\u00e8gim intensiu al CFGS Pr\u00f2tesis dentals<\/a><\/li>\n<li><a href=\"https:\/\/agora.xtec.cat\/iessalvadorsegui\/estudis\/cfgs-ortoprotesi-i-productes-de-suport\/fp-dual-al-cfgs-ortoprotesi-i-productes-de-suport\/\">FP dual en r\u00e8gim intensiu al CFGS Ortopr\u00f2tesi i productes de suport<\/a><\/li>\n<li><a href=\"https:\/\/agora.xtec.cat\/iessalvadorsegui\/estudis\/cfgs-audiologia-protetica\/fp-dual-al-cfgs-audiologia-protetica\/\">FP dual en r\u00e8gim intensiu al CFGS Audiologia prot\u00e8tica<\/a><\/li>\n<\/ul>\n<p>FAM\u00cdLIA PROFESSIONAL DE SERVEIS SOCIOCULTURALS I A LA COMUNITAT:<\/p>\n<ul>\n<li><a href=\"https:\/\/agora.xtec.cat\/iessalvadorsegui\/estudis\/cfgm-atencio-a-persones-en-situacio-de-dependencia\/fp-dual-al-cfgm-atencio-a-persones-en-situacio-de-dependencia\/\">FP Dual en r\u00e8gim intensiu al CFGM Atenci\u00f3 a persones en situaci\u00f3 de depend\u00e8ncia<\/a><\/li>\n<li><a href=\"https:\/\/agora.xtec.cat\/iessalvadorsegui\/estudis\/cfgs-animacio-sociocultural-i-turistica\/fp-dual-al-cfgs-animacio-sociocultural-i-turistica\/\">FP Dual en r\u00e8gim intensiu al CFGS Animaci\u00f3 sociocultural i tur\u00edstica<\/a><\/li>\n<li><a href=\"https:\/\/agora.xtec.cat\/iessalvadorsegui\/estudis\/cfgs-educacio-infantil\/fp-dual-al-cfgs-educacio-infantil\/\">FP Dual en r\u00e8gim intensiu al CFGS Educaci\u00f3 infantil<\/a><\/li>\n<li><a href=\"https:\/\/agora.xtec.cat\/iessalvadorsegui\/estudis\/cfgs-integracio-social\/fp-dual-al-cfgs-integracio-social\/\">FP Dual en r\u00e8gim intensiu al CFGS Integraci\u00f3 social<\/a><\/li>\n<\/ul>\n<p style=\"text-align: justify;\"><strong>Com participar en una pla\u00e7a de pr\u00e0ctiques remunerades:<\/strong> Com s&#8217;ha informat abans, al llarg del 2n trimestre del primer curs del cicle formatiu, l&#8217;institut informa de les places oferides per les empreses o entitats, l&#8217;alumnat seguint un calendari i instruccions pot participar de forma volunt\u00e0ria en el corresponent proc\u00e9s de selecci\u00f3.<\/p>\n<p style=\"text-align: justify;\">Les empreses o entitats, decidiran com formalitzar la pla\u00e7a dual remunerada, si ho fan a trav\u00e9s d\u2019una beca formativa o d&#8217;un contracte de treball, tai i com hem dit abans, us anirem informant en cada enlla\u00e7 de cada CF. Normalment, es pacten 25 hores setmanals amb la corresponent compensaci\u00f3 econ\u00f2mica. L&#8217;estada a l&#8217;empresa es combina amb l&#8217;assist\u00e8ncia al centre docent: Si l&#8217;estada a l&#8217;empresa \u00e9s al mat\u00ed, l&#8217;assist\u00e8ncia a classe es far\u00e0 en horari de tarda, o b\u00e9, si l&#8217;estada a l&#8217;empresa \u00e9s a la tarda, l&#8217;assist\u00e8ncia a classe es far\u00e0 en horari de mat\u00ed. En cas que algun dia o dies de la setmana quedin lliures de classes, s&#8217;aprofita per posar m\u00e9s hores al centre de treball sense poder excedir les 8 hores en un mateix dia. Per l&#8217;alumnat en alternan\u00e7a dual o r\u00e8gim intensiu, ser\u00e0 necessari a segon curs una disponibilitat hor\u00e0ria a temps complet.<\/p>\n<p>Informaci\u00f3 d&#8217;inter\u00e8s <a href=\"https:\/\/sede.seg-social.gob.es\/wps\/wcm\/connect\/sede\/3491178d-532a-433e-9d52-a8dc8db088fe\/Tr%C3%ADptico+Alumnos+Digital+-+Castellano.pdf?MOD=AJPERES\">N\u00famero Seguretat Social\u00a0<\/a><\/p>\n<p><strong>DOCUMENT DE SUPORT PER A USUARIS DEL SERVEI:<\/strong><br \/>\n<em>Si ets usuari del servei dual (empresa o alumne\/a) pots demanar al\/la tutor\/a dual del cicle, el document de suport: <strong>GESTI\u00d3 DE L\u2019ESTADA A L\u2019EMPRESA EN ALTERNAN\u00c7A DUAL A L\u2019INSTITUT SALVADOR SEGU\u00cd. <\/strong><\/em>En aquest material expliquem com s&#8217;organitza l&#8217;FP dual, calendari i condicions econ\u00f2miques, responsables del servei, tasques, enlla\u00e7os a manuals i v\u00eddeos, entre altres informacions importants.<\/p>\n<p style=\"text-align: justify;\">Per informaci\u00f3 gen\u00e8rica sobre l&#8217;FP dual en r\u00e8gim intensiu (pr\u00e0ctiques remunerades) pots consultar: www.fpdual.cat\/<\/p>\n<p style=\"text-align: center;\"><iframe loading=\"lazy\" src=\"\/\/www.youtube.com\/embed\/wBccGch5zS4\" width=\"560\" height=\"314\"><\/iframe><\/p>\n","protected":false},"excerpt":{"rendered":"<p>\u00a0 En cas de ser una empresa interessada a rebre informaci\u00f3 sobre l&#8217;FP en alternan\u00e7a dual o en r\u00e8gim intensiu (pr\u00e0ctiques remunerades), pots demanar informaci\u00f3 a la coordinaci\u00f3 d&#8217;FP dual, a trav\u00e9s del correu electr\u00f2nic:\u00a0 coordinaciofpdual@salvadorsegui.net L&#8217;FP en alternan\u00e7a dual o en r\u00e8gim intensiu, utilitza una nova metodologia on l&#8217;empresa t\u00e9 un grau m\u00e9s gran [&hellip;]<\/p>\n","protected":false},"author":57,"featured_media":0,"parent":1060,"menu_order":0,"comment_status":"closed","ping_status":"closed","template":"","meta":{"_bbp_topic_count":0,"_bbp_reply_count":0,"_bbp_total_topic_count":0,"_bbp_total_reply_count":0,"_bbp_voice_count":0,"_bbp_anonymous_reply_count":0,"_bbp_topic_count_hidden":0,"_bbp_reply_count_hidden":0,"_bbp_forum_subforum_count":0,"site-sidebar-layout":"default","site-content-layout":"","ast-site-content-layout":"default","site-content-style":"default","site-sidebar-style":"default","ast-global-header-display":"","ast-banner-title-visibility":"","ast-main-header-display":"","ast-hfb-above-header-display":"","ast-hfb-below-header-display":"","ast-hfb-mobile-header-display":"","site-post-title":"","ast-breadcrumbs-content":"","ast-featured-img":"","footer-sml-layout":"","theme-transparent-header-meta":"","adv-header-id-meta":"","stick-header-meta":"","header-above-stick-meta":"","header-main-stick-meta":"","header-below-stick-meta":"","astra-migrate-meta-layouts":"set","ast-page-background-enabled":"default","ast-page-background-meta":{"desktop":{"background-color":"var(--ast-global-color-4)","background-image":"","background-repeat":"repeat","background-position":"center center","background-size":"auto","background-attachment":"scroll","background-type":"","background-media":"","overlay-type":"","overlay-color":"","overlay-opacity":"","overlay-gradient":""},"tablet":{"background-color":"","background-image":"","background-repeat":"repeat","background-position":"center center","background-size":"auto","background-attachment":"scroll","background-type":"","background-media":"","overlay-type":"","overlay-color":"","overlay-opacity":"","overlay-gradient":""},"mobile":{"background-color":"","background-image":"","background-repeat":"repeat","background-position":"center center","background-size":"auto","background-attachment":"scroll","background-type":"","background-media":"","overlay-type":"","overlay-color":"","overlay-opacity":"","overlay-gradient":""}},"ast-content-background-meta":{"desktop":{"background-color":"var(--ast-global-color-5)","background-image":"","background-repeat":"repeat","background-position":"center center","background-size":"auto","background-attachment":"scroll","background-type":"","background-media":"","overlay-type":"","overlay-color":"","overlay-opacity":"","overlay-gradient":""},"tablet":{"background-color":"var(--ast-global-color-5)","background-image":"","background-repeat":"repeat","background-position":"center center","background-size":"auto","background-attachment":"scroll","background-type":"","background-media":"","overlay-type":"","overlay-color":"","overlay-opacity":"","overlay-gradient":""},"mobile":{"background-color":"var(--ast-global-color-5)","background-image":"","background-repeat":"repeat","background-position":"center center","background-size":"auto","background-attachment":"scroll","background-type":"","background-media":"","overlay-type":"","overlay-color":"","overlay-opacity":"","overlay-gradient":""}},"footnotes":""},"class_list":["post-1401","page","type-page","status-publish","hentry"],"post_mailing_queue_ids":[],"_links":{"self":[{"href":"https:\/\/agora.xtec.cat\/iessalvadorsegui\/wp-json\/wp\/v2\/pages\/1401","targetHints":{"allow":["GET"]}}],"collection":[{"href":"https:\/\/agora.xtec.cat\/iessalvadorsegui\/wp-json\/wp\/v2\/pages"}],"about":[{"href":"https:\/\/agora.xtec.cat\/iessalvadorsegui\/wp-json\/wp\/v2\/types\/page"}],"author":[{"embeddable":true,"href":"https:\/\/agora.xtec.cat\/iessalvadorsegui\/wp-json\/wp\/v2\/users\/57"}],"replies":[{"embeddable":true,"href":"https:\/\/agora.xtec.cat\/iessalvadorsegui\/wp-json\/wp\/v2\/comments?post=1401"}],"version-history":[{"count":6,"href":"https:\/\/agora.xtec.cat\/iessalvadorsegui\/wp-json\/wp\/v2\/pages\/1401\/revisions"}],"predecessor-version":[{"id":10477,"href":"https:\/\/agora.xtec.cat\/iessalvadorsegui\/wp-json\/wp\/v2\/pages\/1401\/revisions\/10477"}],"up":[{"embeddable":true,"href":"https:\/\/agora.xtec.cat\/iessalvadorsegui\/wp-json\/wp\/v2\/pages\/1060"}],"wp:attachment":[{"href":"https:\/\/agora.xtec.cat\/iessalvadorsegui\/wp-json\/wp\/v2\/media?parent=1401"}],"curies":[{"name":"wp","href":"https:\/\/api.w.org\/{rel}","templated":true}]}}