{"id":1041,"date":"2020-03-31T13:52:24","date_gmt":"2020-03-31T11:52:24","guid":{"rendered":"https:\/\/agora.xtec.cat\/iessalvadorsegui\/?page_id=1041"},"modified":"2026-03-03T11:15:09","modified_gmt":"2026-03-03T10:15:09","slug":"cfgs-estilisme-i-direccio-de-perruqueria","status":"publish","type":"page","link":"https:\/\/agora.xtec.cat\/iessalvadorsegui\/estudis\/cfgs-estilisme-i-direccio-de-perruqueria\/","title":{"rendered":"CFGS Estilisme i direcci\u00f3 de perruqueria"},"content":{"rendered":"\n<h3 class=\"wp-block-heading\">Cicle Formatiu de Grau Superior en Perruqueria i Estilisme amb formaci\u00f3 dual<\/h3>\n\n\n\n<p>El <strong>Cicle Formatiu de Grau Superior en Estilisme i Direcci\u00f3 de Perruqueria<\/strong> \u00e9s una titulaci\u00f3 oficial de Formaci\u00f3 Professional de la fam\u00edlia d\u2019Imatge Personal que prepara professionals especialitzats en estilisme capil\u00b7lar, direcci\u00f3 t\u00e8cnica de perruqueria i gesti\u00f3 de serveis d\u2019imatge personal.<\/p>\n\n\n\n<p>Aquest <strong>CFGS en Estilisme i Direcci\u00f3 de Perruqueria<\/strong> proporciona una formaci\u00f3 avan\u00e7ada en processos t\u00e8cnics de perruqueria, tractaments capil\u00b7lars, canvis de forma i color, estilisme per a esdeveniments i produccions audiovisuals, aix\u00ed com en organitzaci\u00f3 i direcci\u00f3 de salons. El programa integra coneixements t\u00e8cnics, criteris est\u00e8tics i compet\u00e8ncies en gesti\u00f3 i atenci\u00f3 al client.<\/p>\n\n\n\n<p>La metodologia es basa en un <strong>aprenentatge pr\u00e0ctic i competencial<\/strong>, desenvolupat en tallers equipats amb material i tecnologia professional. El cicle incorpora la <strong>modalitat de formaci\u00f3 dual<\/strong> en r\u00e8gim general i <a href=\"https:\/\/agora.xtec.cat\/iessalvadorsegui\/estudis\/cfgs-estilisme-i-direccio-de-perruqueria\/fp-dual-al-cfgs-estilisme-i-direccio-de-perruqueria\/\">r\u00e8gim intensiu<\/a>, que permet combinar la formaci\u00f3 al centre educatiu amb l\u2019activitat professional en empreses del sector, afavorint l\u2019experi\u00e8ncia real i la connexi\u00f3 directa amb el m\u00f3n laboral.<\/p>\n\n\n\n<p>Aquests <strong>estudis de grau superior en perruqueria i estilisme<\/strong> estan orientats a persones amb inter\u00e8s per la creativitat, la imatge personal i la innovaci\u00f3 dins del sector de la bellesa, que vulguin obtenir una titulaci\u00f3 oficial amb projecci\u00f3 professional i continu\u00eftat acad\u00e8mica.<\/p>\n\n\n<table style=\"width: 100%; border-collapse: collapse; border-style: none;\">\n<tbody>\n<tr>\n<td style=\"border-style: none; width: 33%; text-align: center;\">Flyer (clicar a la imatge per visualitzar-ho)<\/td>\n<td style=\"border-style: none; width: 33%; text-align: center;\">Resum del CFGS Estilisme i direcci\u00f3 de perruqueria<\/td>\n<\/tr>\n<tr>\n<td style=\"border-style: none; width: 33%; text-align: center;\"><a href=\"https:\/\/agora.xtec.cat\/iessalvadorsegui\/wp-content\/uploads\/usu2033\/2025\/04\/Flyer-GFGS-Estilisme-i-direccio.pdf\"><img loading=\"lazy\" decoding=\"async\" class=\"aligncenter wp-image-9289 size-medium\" src=\"https:\/\/agora.xtec.cat\/iessalvadorsegui\/wp-content\/uploads\/usu2033\/2025\/04\/IconaPDF-EiD-212x300.jpg\" alt=\"\" width=\"212\" height=\"300\" srcset=\"https:\/\/agora.xtec.cat\/iessalvadorsegui\/wp-content\/uploads\/usu2033\/2025\/04\/IconaPDF-EiD-212x300.jpg 212w, https:\/\/agora.xtec.cat\/iessalvadorsegui\/wp-content\/uploads\/usu2033\/2025\/04\/IconaPDF-EiD-722x1024.jpg 722w, https:\/\/agora.xtec.cat\/iessalvadorsegui\/wp-content\/uploads\/usu2033\/2025\/04\/IconaPDF-EiD.jpg 746w\" sizes=\"auto, (max-width: 212px) 100vw, 212px\" \/><\/a><\/td>\n<td style=\"border-style: none; width: 33%;\"><iframe loading=\"lazy\" title=\"YouTube video player\" src=\"\/\/www.youtube.com\/embed\/l8aMGI84knc?si=OfREgRQYPRNsszRh\" width=\"560\" height=\"315\" frameborder=\"0\" allowfullscreen=\"allowfullscreen\"><\/iframe><\/td>\n<\/tr>\n<\/tbody>\n<\/table>","protected":false},"excerpt":{"rendered":"<p>Cicle Formatiu de Grau Superior en Perruqueria i Estilisme amb formaci\u00f3 dual El Cicle Formatiu de Grau Superior en Estilisme i Direcci\u00f3 de Perruqueria \u00e9s una titulaci\u00f3 oficial de Formaci\u00f3 Professional de la fam\u00edlia d\u2019Imatge Personal que prepara professionals especialitzats en estilisme capil\u00b7lar, direcci\u00f3 t\u00e8cnica de perruqueria i gesti\u00f3 de serveis d\u2019imatge personal. Aquest CFGS [&hellip;]<\/p>\n","protected":false},"author":1,"featured_media":0,"parent":1060,"menu_order":0,"comment_status":"closed","ping_status":"closed","template":"","meta":{"_bbp_topic_count":0,"_bbp_reply_count":0,"_bbp_total_topic_count":0,"_bbp_total_reply_count":0,"_bbp_voice_count":0,"_bbp_anonymous_reply_count":0,"_bbp_topic_count_hidden":0,"_bbp_reply_count_hidden":0,"_bbp_forum_subforum_count":0,"site-sidebar-layout":"default","site-content-layout":"","ast-site-content-layout":"default","site-content-style":"default","site-sidebar-style":"default","ast-global-header-display":"","ast-banner-title-visibility":"","ast-main-header-display":"","ast-hfb-above-header-display":"","ast-hfb-below-header-display":"","ast-hfb-mobile-header-display":"","site-post-title":"","ast-breadcrumbs-content":"","ast-featured-img":"","footer-sml-layout":"","theme-transparent-header-meta":"","adv-header-id-meta":"","stick-header-meta":"","header-above-stick-meta":"","header-main-stick-meta":"","header-below-stick-meta":"","astra-migrate-meta-layouts":"set","ast-page-background-enabled":"default","ast-page-background-meta":{"desktop":{"background-color":"var(--ast-global-color-4)","background-image":"","background-repeat":"repeat","background-position":"center center","background-size":"auto","background-attachment":"scroll","background-type":"","background-media":"","overlay-type":"","overlay-color":"","overlay-opacity":"","overlay-gradient":""},"tablet":{"background-color":"","background-image":"","background-repeat":"repeat","background-position":"center center","background-size":"auto","background-attachment":"scroll","background-type":"","background-media":"","overlay-type":"","overlay-color":"","overlay-opacity":"","overlay-gradient":""},"mobile":{"background-color":"","background-image":"","background-repeat":"repeat","background-position":"center center","background-size":"auto","background-attachment":"scroll","background-type":"","background-media":"","overlay-type":"","overlay-color":"","overlay-opacity":"","overlay-gradient":""}},"ast-content-background-meta":{"desktop":{"background-color":"var(--ast-global-color-5)","background-image":"","background-repeat":"repeat","background-position":"center center","background-size":"auto","background-attachment":"scroll","background-type":"","background-media":"","overlay-type":"","overlay-color":"","overlay-opacity":"","overlay-gradient":""},"tablet":{"background-color":"var(--ast-global-color-5)","background-image":"","background-repeat":"repeat","background-position":"center center","background-size":"auto","background-attachment":"scroll","background-type":"","background-media":"","overlay-type":"","overlay-color":"","overlay-opacity":"","overlay-gradient":""},"mobile":{"background-color":"var(--ast-global-color-5)","background-image":"","background-repeat":"repeat","background-position":"center center","background-size":"auto","background-attachment":"scroll","background-type":"","background-media":"","overlay-type":"","overlay-color":"","overlay-opacity":"","overlay-gradient":""}},"footnotes":""},"class_list":["post-1041","page","type-page","status-publish","hentry"],"post_mailing_queue_ids":[],"_links":{"self":[{"href":"https:\/\/agora.xtec.cat\/iessalvadorsegui\/wp-json\/wp\/v2\/pages\/1041","targetHints":{"allow":["GET"]}}],"collection":[{"href":"https:\/\/agora.xtec.cat\/iessalvadorsegui\/wp-json\/wp\/v2\/pages"}],"about":[{"href":"https:\/\/agora.xtec.cat\/iessalvadorsegui\/wp-json\/wp\/v2\/types\/page"}],"author":[{"embeddable":true,"href":"https:\/\/agora.xtec.cat\/iessalvadorsegui\/wp-json\/wp\/v2\/users\/1"}],"replies":[{"embeddable":true,"href":"https:\/\/agora.xtec.cat\/iessalvadorsegui\/wp-json\/wp\/v2\/comments?post=1041"}],"version-history":[{"count":6,"href":"https:\/\/agora.xtec.cat\/iessalvadorsegui\/wp-json\/wp\/v2\/pages\/1041\/revisions"}],"predecessor-version":[{"id":10906,"href":"https:\/\/agora.xtec.cat\/iessalvadorsegui\/wp-json\/wp\/v2\/pages\/1041\/revisions\/10906"}],"up":[{"embeddable":true,"href":"https:\/\/agora.xtec.cat\/iessalvadorsegui\/wp-json\/wp\/v2\/pages\/1060"}],"wp:attachment":[{"href":"https:\/\/agora.xtec.cat\/iessalvadorsegui\/wp-json\/wp\/v2\/media?parent=1041"}],"curies":[{"name":"wp","href":"https:\/\/api.w.org\/{rel}","templated":true}]}}