{"id":7574,"date":"2021-09-16T17:49:21","date_gmt":"2021-09-16T15:49:21","guid":{"rendered":"https:\/\/agora.xtec.cat\/iespviana\/?page_id=7574"},"modified":"2022-07-04T13:00:08","modified_gmt":"2022-07-04T11:00:08","slug":"videos-curs-2021-22","status":"publish","type":"page","link":"https:\/\/agora.xtec.cat\/iespviana\/mediateca\/videos-curs-2021-22\/","title":{"rendered":"V\u00eddeos curs 2021-22"},"content":{"rendered":"<p><strong>General<\/strong><\/p>\n<p>16\/12\/21 <a href=\"https:\/\/photos.app.goo.gl\/eP4xnZdCP3nj6q6n7\" target=\"_blank\" rel=\"noopener\">Concert de Percussi\u00f3 de Nadal (3r i 4t d\u2019ESO).<\/a><\/p>\n<p>21\/12\/21 <a href=\"https:\/\/photos.app.goo.gl\/ca9DPkMjXkT8DKQD7\" target=\"_blank\" rel=\"noopener\">Bon nadal.<\/a><\/p>\n<p>21\/04\/22 <a href=\"https:\/\/photos.app.goo.gl\/p1dZir8RvpB2hXJg9\" target=\"_blank\" rel=\"noopener\">Concert per a les fam\u00edlies de Sant Jordi<\/a><\/p>\n<p>22\/04\/22 <a href=\"https:\/\/agora.xtec.cat\/iespviana\/wp-admin\/post.php?post=8777&amp;action=edit\" target=\"_blank\" rel=\"noopener\">Diada de Sant Jordi i Jocs Florals 22.<\/a><\/p>\n<p>06\/05\/22 <a href=\"https:\/\/photos.app.goo.gl\/vAUQWHqLfgyLcuF97\" target=\"_blank\" rel=\"noopener\">Concert escoles Pegaso i Tur\u00f3 Blau<\/a><\/p>\n<p><strong>1r ESO<\/strong><\/p>\n<p>23\/11\/21 <a href=\"https:\/\/photos.app.goo.gl\/S4AHwaFrjNg3GzwK7\" target=\"_blank\" rel=\"noopener\">1r i 2n ESO. Sortida SAT. Transmissions, confer\u00e8ncia ballada sobre danses urbanes.<\/a><\/p>\n<p>17\/12\/21 <a href=\"https:\/\/photos.app.goo.gl\/6t8YueBHs3Vqkmzs6\" target=\"_blank\" rel=\"noopener\">\u00c8xit al Liceu de Barcelona.<\/a><\/p>\n<p>01\/10\/21 <a href=\"https:\/\/photos.app.goo.gl\/3N9SjaiUqcnyBdFQ6\" target=\"_blank\" rel=\"noopener\">Benvinguda AFA Inici de curs.<\/a><\/p>\n<p><strong>2n ESO<\/strong><\/p>\n<p>07\/03\/22 <a href=\"https:\/\/photos.app.goo.gl\/TezrnZAKjxuwwTDT7\" target=\"_blank\" rel=\"noopener\">Jocs de Taula a TG (PV2.2. Medietrivial). 2n A<\/a><\/p>\n<p>07\/03\/22 <a href=\"https:\/\/photos.app.goo.gl\/fTopouhMiDMoYm988\" target=\"_blank\" rel=\"noopener\">Jocs de Taula a TG (PV2.2. Medietrivial). 2n C<\/a><\/p>\n<p>21\/02\/22 <a href=\"https:\/\/photos.app.goo.gl\/BUhxBrkPcxri9VFs9\" target=\"_blank\" rel=\"noopener\">Camp aprenentatge: &#8220;Els Monestirs del Cister\u201d<\/a><\/p>\n<p>23\/11\/21 <a href=\"https:\/\/photos.app.goo.gl\/S4AHwaFrjNg3GzwK7\" target=\"_blank\" rel=\"noopener\">1r i 2n ESO. Sortida SAT. Transmissions, confer\u00e8ncia ballada sobre danses urbanes.<\/a><\/p>\n<p><strong>3r ESO<\/strong><\/p>\n<p>2\/11\/21 <a href=\"https:\/\/photos.app.goo.gl\/r5XNvNxpGJ4CyeP77\" target=\"_blank\" rel=\"noopener\">Conjunt instrumental Orff.<\/a><\/p>\n<p><strong>4t ESO<\/strong><\/p>\n<p>20\/06\/22 <a href=\"https:\/\/photos.app.goo.gl\/QKCqn8V31iFijdBS7\" target=\"_blank\" rel=\"noopener\">Festa graduaci\u00f3 4t d&#8217;ESO<\/a><\/p>\n<p><a href=\"https:\/\/photos.app.goo.gl\/zpgmCieo6YDVvGXFA\" target=\"_blank\" rel=\"noopener\">V\u00eddeo sobre la Segona Rep\u00fablica i la Guerra Civil espanyoles<\/a><\/p>\n<p><a href=\"https:\/\/photos.app.goo.gl\/iGf21WD2k3fQK3NC9\" target=\"_blank\" rel=\"noopener\">V\u00eddeo sobre la guerra entre Ucra\u00efna i R\u00fassia<\/a><\/p>\n<p>20\/05\/22 <a href=\"https:\/\/photos.app.goo.gl\/Jk6KpDYMQYdbGSMu5\" target=\"_blank\" rel=\"noopener\">Fisidabo<\/a><\/p>\n<p>05\/04\/22 <a href=\"https:\/\/photos.app.goo.gl\/rNR31SRv8Ehf7rsn9\" target=\"_blank\" rel=\"noopener\">Viatge a M\u00e0laga i Granada<\/a><\/p>\n<p>24\/03\/22 <a href=\"https:\/\/photos.app.goo.gl\/PDUthpU9QoS964Mq6\" target=\"_blank\" rel=\"noopener\">Sortida al Vel\u00f2drom d&#8217;horta<\/a>.<\/p>\n<p>18\/02\/22 <a href=\"https:\/\/photos.app.goo.gl\/y9tc9AQLoWQuQHP88\" target=\"_blank\" rel=\"noopener\">Hist\u00f2ria. La primera Guerra Mundial<\/a><\/p>\n<p><strong>1r Batxillerat<\/strong><\/p>\n<p>02-05-22 <a href=\"https:\/\/photos.app.goo.gl\/avhYx6evSFwEJ5XW6\" target=\"_blank\" rel=\"noopener\">Viatge de Batxillerat<\/a><\/p>\n<p><a href=\"https:\/\/vimeo.com\/417152242\" target=\"_blank\" rel=\"noopener\">Hist\u00f2ria del m\u00f3n contemporani<\/a><\/p>\n<p>23-03-22 <a href=\"https:\/\/photos.app.goo.gl\/UTvnmDNptASN5JkE6\" target=\"_blank\" rel=\"noopener\">Steam forum<\/a><\/p>\n<p>02-01-22 <a href=\"https:\/\/photos.app.goo.gl\/qs4K1XD825nGwpbi7\" target=\"_blank\" rel=\"noopener\">V\u00eddeos del Taller de microsc\u00f2pia electr\u00f2nica a la UAB.<\/a><\/p>\n<p><strong>2n Batxillerat<\/strong><\/p>\n<p>25-05-22 <a href=\"https:\/\/photos.app.goo.gl\/dYehpmnA25hsSUBz5\" target=\"_blank\" rel=\"noopener\">Graduaci\u00f3<\/a><\/p>\n<p>11-02-22 <a href=\"https:\/\/photos.app.goo.gl\/7BapWd3UattLgBXq8\" target=\"_blank\" rel=\"noopener\">V\u00eddeos taller l&#8217;equilibri qu\u00edmic dels oceans.<\/a><\/p>\n<p>02-01-22 <a href=\"https:\/\/photos.app.goo.gl\/qs4K1XD825nGwpbi7\" target=\"_blank\" rel=\"noopener\">V\u00eddeos del Taller de microsc\u00f2pia electr\u00f2nica a la UAB<\/a><\/p>\n<p>26\/10\/21 <a href=\"https:\/\/photos.app.goo.gl\/D1FPNJpRVSm836Zq5\" target=\"_blank\" rel=\"noopener\">Cultura audiovisual. Espot Tardor Solid\u00e0ria Sant Andreu<\/a><\/p>\n<p>13\/01\/22 <a href=\"https:\/\/photos.app.goo.gl\/Frifn4T8AQPu5F1fA\" target=\"_blank\" rel=\"noopener\">Cultura audiovisual. V\u00eddeo complert Tardor Solid\u00e0ria.<\/a><\/p>\n","protected":false},"excerpt":{"rendered":"<p>General 16\/12\/21 Concert de Percussi\u00f3 de Nadal (3r i 4t d\u2019ESO). 21\/12\/21 Bon nadal. 21\/04\/22 Concert per a les fam\u00edlies [&hellip;]<\/p>\n","protected":false},"author":1,"featured_media":0,"parent":373,"menu_order":0,"comment_status":"closed","ping_status":"closed","template":"","meta":{"_bbp_topic_count":0,"_bbp_reply_count":0,"_bbp_total_topic_count":0,"_bbp_total_reply_count":0,"_bbp_voice_count":0,"_bbp_anonymous_reply_count":0,"_bbp_topic_count_hidden":0,"_bbp_reply_count_hidden":0,"_bbp_forum_subforum_count":0,"site-sidebar-layout":"default","site-content-layout":"","ast-site-content-layout":"","site-content-style":"default","site-sidebar-style":"default","ast-global-header-display":"","ast-banner-title-visibility":"","ast-main-header-display":"","ast-hfb-above-header-display":"","ast-hfb-below-header-display":"","ast-hfb-mobile-header-display":"","site-post-title":"","ast-breadcrumbs-content":"","ast-featured-img":"","footer-sml-layout":"","theme-transparent-header-meta":"","adv-header-id-meta":"","stick-header-meta":"","header-above-stick-meta":"","header-main-stick-meta":"","header-below-stick-meta":"","astra-migrate-meta-layouts":"default","ast-page-background-enabled":"default","ast-page-background-meta":{"desktop":{"background-color":"var(--ast-global-color-4)","background-image":"","background-repeat":"repeat","background-position":"center center","background-size":"auto","background-attachment":"scroll","background-type":"","background-media":"","overlay-type":"","overlay-color":"","overlay-opacity":"","overlay-gradient":""},"tablet":{"background-color":"","background-image":"","background-repeat":"repeat","background-position":"center center","background-size":"auto","background-attachment":"scroll","background-type":"","background-media":"","overlay-type":"","overlay-color":"","overlay-opacity":"","overlay-gradient":""},"mobile":{"background-color":"","background-image":"","background-repeat":"repeat","background-position":"center center","background-size":"auto","background-attachment":"scroll","background-type":"","background-media":"","overlay-type":"","overlay-color":"","overlay-opacity":"","overlay-gradient":""}},"ast-content-background-meta":{"desktop":{"background-color":"var(--ast-global-color-5)","background-image":"","background-repeat":"repeat","background-position":"center center","background-size":"auto","background-attachment":"scroll","background-type":"","background-media":"","overlay-type":"","overlay-color":"","overlay-opacity":"","overlay-gradient":""},"tablet":{"background-color":"var(--ast-global-color-5)","background-image":"","background-repeat":"repeat","background-position":"center center","background-size":"auto","background-attachment":"scroll","background-type":"","background-media":"","overlay-type":"","overlay-color":"","overlay-opacity":"","overlay-gradient":""},"mobile":{"background-color":"var(--ast-global-color-5)","background-image":"","background-repeat":"repeat","background-position":"center center","background-size":"auto","background-attachment":"scroll","background-type":"","background-media":"","overlay-type":"","overlay-color":"","overlay-opacity":"","overlay-gradient":""}},"footnotes":""},"class_list":["post-7574","page","type-page","status-publish","hentry"],"post_mailing_queue_ids":[],"_links":{"self":[{"href":"https:\/\/agora.xtec.cat\/iespviana\/wp-json\/wp\/v2\/pages\/7574","targetHints":{"allow":["GET"]}}],"collection":[{"href":"https:\/\/agora.xtec.cat\/iespviana\/wp-json\/wp\/v2\/pages"}],"about":[{"href":"https:\/\/agora.xtec.cat\/iespviana\/wp-json\/wp\/v2\/types\/page"}],"author":[{"embeddable":true,"href":"https:\/\/agora.xtec.cat\/iespviana\/wp-json\/wp\/v2\/users\/1"}],"replies":[{"embeddable":true,"href":"https:\/\/agora.xtec.cat\/iespviana\/wp-json\/wp\/v2\/comments?post=7574"}],"version-history":[{"count":3,"href":"https:\/\/agora.xtec.cat\/iespviana\/wp-json\/wp\/v2\/pages\/7574\/revisions"}],"predecessor-version":[{"id":9028,"href":"https:\/\/agora.xtec.cat\/iespviana\/wp-json\/wp\/v2\/pages\/7574\/revisions\/9028"}],"up":[{"embeddable":true,"href":"https:\/\/agora.xtec.cat\/iespviana\/wp-json\/wp\/v2\/pages\/373"}],"wp:attachment":[{"href":"https:\/\/agora.xtec.cat\/iespviana\/wp-json\/wp\/v2\/media?parent=7574"}],"curies":[{"name":"wp","href":"https:\/\/api.w.org\/{rel}","templated":true}]}}