{"id":11905,"date":"2025-02-13T11:21:19","date_gmt":"2025-02-13T10:21:19","guid":{"rendered":"https:\/\/agora.xtec.cat\/iespviana\/?page_id=11905"},"modified":"2026-04-15T10:36:38","modified_gmt":"2026-04-15T08:36:38","slug":"batxillerat","status":"publish","type":"page","link":"https:\/\/agora.xtec.cat\/iespviana\/batxillerat\/","title":{"rendered":"BATXILLERAT"},"content":{"rendered":"\n<div class=\"wp-block-columns is-layout-flex wp-container-core-columns-is-layout-2 wp-block-columns-is-layout-flex\">\n<div class=\"wp-block-column is-layout-flow wp-block-column-is-layout-flow\" style=\"flex-basis:70%\">\n<p style=\"padding-top:var(--wp--preset--spacing--30);padding-right:var(--wp--preset--spacing--40);padding-bottom:var(--wp--preset--spacing--30);padding-left:var(--wp--preset--spacing--40);font-size:22px\">El batxillerat \u00e9s una etapa educativa de dos cursos que forma part de l&#8217;<strong>educaci\u00f3 secund\u00e0ria postobligat\u00f2ria<\/strong>, adre\u00e7ada a estudiants de 16 a 18 anys. <\/p>\n\n\n\n<p style=\"padding-top:var(--wp--preset--spacing--30);padding-right:var(--wp--preset--spacing--40);padding-bottom:var(--wp--preset--spacing--30);padding-left:var(--wp--preset--spacing--40);font-size:22px\">El batxillerat ofereix <strong>diverses modalitats i itineraris <\/strong>personalitzats per tal d&#8217;adaptar-se a les necessitats i interessos dels alumnes. L&#8217;objectiu principal \u00e9s preparar els estudiants per a la incorporaci\u00f3 a <strong>estudis superiors<\/strong>, <\/p>\n\n\n\n<p class=\"has-medium-font-size\" style=\"padding-top:var(--wp--preset--spacing--30);padding-right:var(--wp--preset--spacing--40);padding-bottom:var(--wp--preset--spacing--30);padding-left:var(--wp--preset--spacing--40)\"><a href=\"https:\/\/drive.google.com\/file\/d\/1JbiXVDeTcEIoT709l07hFu3XWWqenN8z\/view?usp=sharing\">Presentaci\u00f3 de les Portes Obertes<\/a><\/p>\n\n\n\n<div class=\"wp-block-columns is-layout-flex wp-container-core-columns-is-layout-1 wp-block-columns-is-layout-flex\">\n<div class=\"wp-block-column is-layout-flow wp-block-column-is-layout-flow\">\n<div class=\"wp-block-getwid-icon-box has-icon-left has-text-center\"><div class=\"wp-block-getwid-icon-box__icon-container is-position-top\"><div class=\"wp-block-getwid-icon-box__icon-wrapper has-text-color has-ast-global-color-0-color\"><i class=\"fas fa-book\"><\/i><\/div><\/div><div class=\"wp-block-getwid-icon-box__content\">\n<h4 class=\"wp-block-heading has-text-align-left has-ast-global-color-0-color has-text-color has-link-color has-medium-font-size wp-elements-a9dbd2ecb14ee717be3ad640d07f8b10\" style=\"font-style:normal;font-weight:400\"><a href=\"https:\/\/agora.xtec.cat\/iespviana\/material-didactic-curs-2025-26\/\" data-type=\"link\" data-id=\"https:\/\/drive.google.com\/file\/d\/1ZNDrmnAr3tkeP02e58ekL2hZg9k9VlrF\/view?usp=drive_link\" target=\"_blank\" rel=\"noreferrer noopener\">Material did\u00e0ctic 1r Batx<\/a><\/h4>\n\n\n\n<p class=\"has-text-align-left has-medium-font-size\"><a href=\"https:\/\/agora.xtec.cat\/iespviana\/material-didactic-curs-2025-26\/\" data-type=\"link\" data-id=\"https:\/\/drive.google.com\/file\/d\/1p7IQj-rvxoaRahri2InqzWS0-DnSZwMS\/view?usp=drive_link\" target=\"_blank\" rel=\"noreferrer noopener\"><strong>Material did\u00e0ctic 2n Batx<\/strong><\/a><\/p>\n\n\n\n<p class=\"has-text-align-left has-medium-font-size\"><strong><a href=\"https:\/\/drive.google.com\/file\/d\/1BNR4dowbj43f0OLM5c2oe2T_S6Cv21zA\/view?usp=sharing\" target=\"_blank\" rel=\"noreferrer noopener\">Criteris d&#8217;avaluaci\u00f3 1r BATX<\/a><\/strong><\/p>\n\n\n\n<p class=\"has-text-align-left has-medium-font-size\"><strong><a href=\"https:\/\/drive.google.com\/file\/d\/19ofpQiNebda5KnWOv_7AZeai-W-m_Ja9\/view?usp=sharing\" target=\"_blank\" rel=\"noreferrer noopener\">Criteris d&#8217;avaluaci\u00f3 2n BATX<\/a><\/strong><\/p>\n<\/div><\/div>\n<\/div>\n<\/div>\n<\/div>\n\n\n\n<div class=\"wp-block-column is-layout-flow wp-block-column-is-layout-flow\" style=\"flex-basis:30%\">\n<figure class=\"wp-block-image alignwide size-full\"><img loading=\"lazy\" decoding=\"async\" width=\"500\" height=\"500\" src=\"https:\/\/agora.xtec.cat\/iespviana\/wp-content\/uploads\/usu1199\/2025\/02\/Icones_batx.png\" alt=\"\" class=\"wp-image-12130\" srcset=\"https:\/\/agora.xtec.cat\/iespviana\/wp-content\/uploads\/usu1199\/2025\/02\/Icones_batx.png 500w, https:\/\/agora.xtec.cat\/iespviana\/wp-content\/uploads\/usu1199\/2025\/02\/Icones_batx-300x300.png 300w, https:\/\/agora.xtec.cat\/iespviana\/wp-content\/uploads\/usu1199\/2025\/02\/Icones_batx-150x150.png 150w\" sizes=\"auto, (max-width: 500px) 100vw, 500px\" \/><\/figure>\n<\/div>\n<\/div>\n\n\n\n<div class=\"wp-block-getwid-tabs has-layout-horizontal-center\" data-active-tab=\"0\"><ul class=\"wp-block-getwid-tabs__nav-links\"><\/ul>\n<div class=\"wp-block-getwid-tabs__nav-link\"><h6 class=\"wp-block-getwid-tabs__title-wrapper\"><a href=\"#\"><span class=\"wp-block-getwid-tabs__title\">Ci\u00e8ncies i tecnologia<\/span><\/a><\/h6><\/div><div class=\"wp-block-getwid-tabs__tab-content-wrapper\"><div class=\"wp-block-getwid-tabs__tab-content\">\n<p class=\"has-small-font-size\">En el batxillerat, els dos cursos s&#8217;organitzen en mat\u00e8ries <strong>comunes<\/strong>, mat\u00e8ria <strong>obligat\u00f2ria de modalitat<\/strong>, mat\u00e8ries <strong>de modalitat<\/strong> (dues com a m\u00ednim) i mat\u00e8ries <strong>optatives<\/strong> (una anual i sis trimestrals a  primer; una anual i tres trimestrals a segon). A segon curs tamb\u00e9 hi ha el t<strong>reball de recerca<\/strong>. A m\u00e9s, en cada curs, l&#8217;alumnat t\u00e9 assignada una hora setmanal de <strong>tutoria<\/strong>.<\/p>\n\n\n\n<p class=\"has-ast-global-color-1-color has-text-color has-link-color wp-elements-1f69cfad01461c49b7845b492b2bd632\" style=\"font-size:25px\"><strong>Organitzaci\u00f3 curricular del 1r Curs<\/strong><\/p>\n\n\n\n<figure class=\"wp-block-table is-style-stripes has-small-font-size\"><table><thead><tr><th class=\"has-text-align-center\" data-align=\"center\">Mat\u00e8ries comunes<\/th><th class=\"has-text-align-center\" data-align=\"center\">Mat\u00e8ria obligat\u00f2ria de modalitat (franja 1)<br>4h<\/th><th class=\"has-text-align-center\" data-align=\"center\">Optativa de modalitat (franja 2)<br>4h<\/th><th class=\"has-text-align-center\" data-align=\"center\">Optativa de modalitat (franja 3)<br>4h<\/th><\/tr><\/thead><tbody><tr><td class=\"has-text-align-center\" data-align=\"center\">Llengua Catalana i Literatura I (2h)<br>Llengua Castellana i Literatura I (2h)<br>Llengua Estrangera I (3h)<br>Educaci\u00f3 F\u00edsica (2h)<br>Filosofia (2h)<br>Tutoria (1h)<\/td><td class=\"has-text-align-center\" data-align=\"center\">Matem\u00e0tiques I<\/td><td class=\"has-text-align-center\" data-align=\"center\">Biologia, Geologia i Ci\u00e8ncies Ambientals I<br>Tecnologia i Enginyeria I<\/td><td class=\"has-text-align-center\" data-align=\"center\">F\u00edsica i Qu\u00edmica I<\/td><\/tr><tr><td class=\"has-text-align-center\" data-align=\"center\"><\/td><td class=\"has-text-align-center\" data-align=\"center\"><\/td><td class=\"has-text-align-center\" data-align=\"center\"><\/td><td class=\"has-text-align-center\" data-align=\"center\"><\/td><\/tr><\/tbody><\/table><\/figure>\n\n\n\n<p class=\"has-text-align-left has-medium-font-size\"><strong>Mat\u00e8ries optatives<\/strong> <strong>1r  Curs<\/strong><\/p>\n\n\n\n<figure class=\"wp-block-table is-style-stripes has-small-font-size\"><table><thead><tr><th class=\"has-text-align-center\" data-align=\"center\"><em><em>Optativa espec\u00edfica (franja 4)<\/em><\/em><br>2h<\/th><th class=\"has-text-align-center\" data-align=\"center\"><em>Optativa espec\u00edfica (franja 5)<\/em><br>2h<\/th><th class=\"has-text-align-center\" data-align=\"center\"> Optativa trimestral (franja 6)<br>2h<\/th><\/tr><\/thead><tbody><tr><td class=\"has-text-align-center\" data-align=\"center\">Narrativa audiovisual (2h)<br>Franc\u00e8s B1 EOI (2h)<br>Funcionament de l\u2019Empresa (2h)<br>Ampliaci\u00f3 Biologia (2h)<br><strong>Dibuix t\u00e8cnic (4h)<\/strong> *<\/td><td class=\"has-text-align-center\" data-align=\"center\">Ampliaci\u00f3 F\u00edsica i Qu\u00edmica<br>Programaci\u00f3<br>Psicologia<br>Condicionament f\u00edsic i  nutrici\u00f3<\/td><td class=\"has-text-align-center\" data-align=\"center\">Problem\u00e0tiques socials<br>Reptes cient\u00edfics<br>T\u00e8cniques d&#8217;an\u00e0lisi social<br>Disseny i m\u00e8todes de recerca cient\u00edfica<br>Tractament de dades<\/td><\/tr><tr><td class=\"has-text-align-center\" data-align=\"center\"><\/td><td class=\"has-text-align-center\" data-align=\"center\"><\/td><td class=\"has-text-align-center\" data-align=\"center\"><\/td><\/tr><\/tbody><\/table><\/figure>\n\n\n\n<p class=\"has-ast-global-color-1-color has-text-color has-link-color wp-elements-daf997a96f70d9b7b1d8eebd0de9f98b\" style=\"font-size:25px\"><strong><strong>Organitzaci\u00f3 curricular del 2n Curs<\/strong><\/strong><\/p>\n\n\n\n<figure class=\"wp-block-table is-style-stripes has-small-font-size\"><table><thead><tr><th class=\"has-text-align-center\" data-align=\"center\">Mat\u00e8ries comunes<\/th><th class=\"has-text-align-center\" data-align=\"center\">Mat\u00e8ria obligat\u00f2ria de modalitat (franja 1)<br>4h<\/th><th class=\"has-text-align-center\" data-align=\"center\">Optativa de modalitat (franja 2 i 3)<br>4h<\/th><th class=\"has-text-align-center\" data-align=\"center\">Optatives espec\u00edfiques (franja 4)<br>4h<\/th><\/tr><\/thead><tbody><tr><td class=\"has-text-align-center\" data-align=\"center\">Llengua Catalana i Literatura II (2h)<br>Llengua Castellana i Literatura II (2h)<br>Llengua Estrangera II (3h)<br>Hist\u00f2ria de la Filosofia (3h)<br>Hist\u00f2ria (3h)<br>Tutoria (1h)<\/td><td class=\"has-text-align-center\" data-align=\"center\">Matem\u00e0tiques II<br> Matem\u00e0tiques Aplicades a les Ci\u00e8ncies Socials II<\/td><td class=\"has-text-align-center\" data-align=\"center\">Biologia II<br>Tecnologia i enginyeria II<br>Dibuix T\u00e8cnic II<br>Qu\u00edmica II<\/td><td class=\"has-text-align-center\" data-align=\"center\">ODS<br>Teoria de l&#8217;ensenyament esportiu i aplicaci\u00f3 pr\u00e0ctica<br>F\u00edsica II<br>EOI<\/td><\/tr><tr><td class=\"has-text-align-center\" data-align=\"center\"><\/td><td class=\"has-text-align-center\" data-align=\"center\"><\/td><td class=\"has-text-align-center\" data-align=\"center\"><\/td><td class=\"has-text-align-center\" data-align=\"center\"><\/td><\/tr><\/tbody><\/table><\/figure>\n\n\n\n<p class=\"has-ast-global-color-1-color has-text-color has-link-color wp-elements-2601080a0af917bfdc6eed2eb262dcc2\" style=\"font-size:25px\"><strong><strong>Treball de recerca<\/strong><\/strong><\/p>\n\n\n\n<p class=\"has-small-font-size\">El Treball de Recerca \u00e9s una activitat d&#8217;investigaci\u00f3 que ha de fer tot l&#8217;alumnat de batxillerat. S&#8217;inicia durant el primer curs i espresenta obligat\u00f2riament durant el segon curs.<\/p>\n<\/div><\/div>\n\n\n\n<div class=\"wp-block-getwid-tabs__nav-link\"><h6 class=\"wp-block-getwid-tabs__title-wrapper\"><a href=\"#\"><span class=\"wp-block-getwid-tabs__title\">Humanitats i ci\u00e8ncies socials<\/span><\/a><\/h6><\/div><div class=\"wp-block-getwid-tabs__tab-content-wrapper\"><div class=\"wp-block-getwid-tabs__tab-content\">\n<p class=\"has-small-font-size\">En el batxillerat, els dos cursos s&#8217;organitzen en mat\u00e8ries <strong>comunes<\/strong>, mat\u00e8ria <strong>obligat\u00f2ria de modalitat<\/strong>, mat\u00e8ries <strong>de modalitat<\/strong> (dues com a m\u00ednim) i mat\u00e8ries <strong>optatives<\/strong> (una anual i sis trimestrals a  primer; una anual i tres trimestrals a segon). A segon curs tamb\u00e9 hi ha el t<strong>reball de recerca<\/strong>. A m\u00e9s, en cada curs, l&#8217;alumnat t\u00e9 assignada una hora setmanal de <strong>tutoria<\/strong>.<\/p>\n\n\n\n<p class=\"has-ast-global-color-1-color has-text-color has-link-color wp-elements-1f69cfad01461c49b7845b492b2bd632\" style=\"font-size:25px\"><strong>Organitzaci\u00f3 curricular del 1r Curs<\/strong><\/p>\n\n\n\n<figure class=\"wp-block-table is-style-stripes has-small-font-size\"><table><thead><tr><th class=\"has-text-align-center\" data-align=\"center\">Mat\u00e8ries comunes<\/th><th class=\"has-text-align-center\" data-align=\"center\">Mat\u00e8ria obligat\u00f2ria de modalitat (franja 1)<br>4h<\/th><th class=\"has-text-align-center\" data-align=\"center\">Optativa de modalitat (franja 2)<br>2h<\/th><th class=\"has-text-align-center\" data-align=\"center\">Optativa de modalitat (franja 3)<br>2h<\/th><\/tr><\/thead><tbody><tr><td class=\"has-text-align-center\" data-align=\"center\">Llengua Catalana i Literatura I (2h)<br>Llengua Castellana i Literatura I (2h)<br>Llengua Estrangera I (3h)<br>Educaci\u00f3 F\u00edsica (2h)<br>Filosofia (2h)<br>Tutoria (1h)<\/td><td class=\"has-text-align-center\" data-align=\"center\">Matem\u00e0tiques Aplicades a les Ci\u00e8ncies Socials I<br>Llat\u00ed I<\/td><td class=\"has-text-align-center\" data-align=\"center\">Literatura Universal<br>Economia<\/td><td class=\"has-text-align-center\" data-align=\"center\">Hist\u00f2ria del m\u00f3n contemporani<\/td><\/tr><tr><td class=\"has-text-align-center\" data-align=\"center\"><\/td><td class=\"has-text-align-center\" data-align=\"center\"><\/td><td class=\"has-text-align-center\" data-align=\"center\"><\/td><td class=\"has-text-align-center\" data-align=\"center\"><\/td><\/tr><\/tbody><\/table><\/figure>\n\n\n\n<p class=\"has-text-align-left has-medium-font-size\"><strong>Mat\u00e8ries optatives<\/strong> <strong>1r  Curs<\/strong><\/p>\n\n\n\n<figure class=\"wp-block-table is-style-stripes has-small-font-size\"><table><thead><tr><th class=\"has-text-align-center\" data-align=\"center\"><em><em><em>Optativa espec\u00edfica (franja 4)<\/em><\/em><\/em><br>2h<\/th><th class=\"has-text-align-center\" data-align=\"center\"><em><em><em>Optativa espec\u00edfica (franja 5)<\/em><\/em><\/em><br>2h<\/th><th class=\"has-text-align-center\" data-align=\"center\"><em><em>Optativa trimestral (franja 6)<\/em><\/em><br>2h<\/th><\/tr><\/thead><tbody><tr><td class=\"has-text-align-center\" data-align=\"center\">Narrativa audiovisual<br>Franc\u00e8s B1 EOI<br>Funcionament de l\u2019Empresa<br>Ampliaci\u00f3 Biologia<br><strong>Grec (4h)<\/strong><\/td><td class=\"has-text-align-center\" data-align=\"center\">Ampliaci\u00f3 F\u00edsica i Qu\u00edmica<br>Programaci\u00f3<br>Psicologia<br>Condicionament f\u00edsic i nutrici\u00f3<\/td><td class=\"has-text-align-center\" data-align=\"center\">Problem\u00e0tiques socials<br>Reptes cient\u00edfics<br>T\u00e8cniques d&#8217;an\u00e0lisi social<br>Disseny i m\u00e8todes de recerca cient\u00edfica<br>Tractament de dades<\/td><\/tr><tr><td class=\"has-text-align-center\" data-align=\"center\"><\/td><td class=\"has-text-align-center\" data-align=\"center\"><\/td><td class=\"has-text-align-center\" data-align=\"center\"><\/td><\/tr><\/tbody><\/table><\/figure>\n\n\n\n<p><\/p>\n\n\n\n<p class=\"has-ast-global-color-1-color has-text-color has-link-color wp-elements-b36503f06b14b76858579a843ff6c6c7\" style=\"font-size:25px\"><strong><strong>Organitzaci\u00f3 curricular del 2r Curs<\/strong><\/strong><\/p>\n\n\n\n<figure class=\"wp-block-table is-style-stripes has-small-font-size\"><table><thead><tr><th class=\"has-text-align-center\" data-align=\"center\">Mat\u00e8ries comunes<\/th><th class=\"has-text-align-center\" data-align=\"center\">Mat\u00e8ria obligat\u00f2ria de modalitat (franja 1)<br>4h<\/th><th class=\"has-text-align-center\" data-align=\"center\">Optativa de modalitat (franja 2 i 3)<br>4h<\/th><th class=\"has-text-align-center\" data-align=\"center\">Optatives espec\u00edfiques (franja 4)<br>4h<\/th><\/tr><\/thead><tbody><tr><td class=\"has-text-align-center\" data-align=\"center\">Llengua Catalana i Literatura II (2h)<br>Llengua Castellana i Literatura II (2h)<br>Llengua Estrangera II (3h)<br>Hist\u00f2ria de la Filosofia (3h)<br>Hist\u00f2ria (3h)<br>Tutoria (1h)<\/td><td class=\"has-text-align-center\" data-align=\"center\"> Matem\u00e0tiques Aplicades a les Ci\u00e8ncies Socials II<br>Llat\u00ed II<\/td><td class=\"has-text-align-center\" data-align=\"center\">Geografia<br>Literatura Castellana<br>Funcionament de l&#8217;Empresa i Disseny <br>de Models de Negoci<\/td><td class=\"has-text-align-center\" data-align=\"center\">ODS<br>Teoria de l&#8217;ensenyament esportiu i aplicaci\u00f3 pr\u00e0ctica<br>F\u00edsica II<br>EOI<\/td><\/tr><tr><td class=\"has-text-align-center\" data-align=\"center\"><\/td><td class=\"has-text-align-center\" data-align=\"center\"><\/td><td class=\"has-text-align-center\" data-align=\"center\"><\/td><td class=\"has-text-align-center\" data-align=\"center\"><\/td><\/tr><\/tbody><\/table><\/figure>\n\n\n\n<p class=\"has-ast-global-color-1-color has-text-color has-link-color wp-elements-2601080a0af917bfdc6eed2eb262dcc2\" style=\"font-size:25px\"><strong><strong>Treball de recerca<\/strong><\/strong><\/p>\n\n\n\n<p class=\"has-small-font-size\">El Treball de Recerca \u00e9s una activitat d&#8217;investigaci\u00f3 que ha de fer tot l&#8217;alumnat de batxillerat. S&#8221;inicia  durant el primer curs i espresenta obligat\u00f2riament durant el segon curs.<\/p>\n<\/div><\/div>\n\n\n\n<div class=\"wp-block-getwid-tabs__nav-link\"><span class=\"wp-block-getwid-tabs__title-wrapper\"><a href=\"#\"><span class=\"wp-block-getwid-tabs__title\">Treball recerca<\/span><\/a><\/span><\/div><div class=\"wp-block-getwid-tabs__tab-content-wrapper\"><div class=\"wp-block-getwid-tabs__tab-content\">\n<p class=\"has-small-font-size\">El treball de recerca \u00e9s una etapa crucial en el batxillerat, on l&#8217;alumnat t\u00e9 l&#8217;oportunitat d&#8217;aprofundir en un tema d&#8217;inter\u00e8s i desenvolupar habilitats de recerca i pensament cr\u00edtic o t\u00e9 un pes del 10% en la nota final del Batxillerat.<\/p>\n\n\n\n<p class=\"has-small-font-size\">Aquest proc\u00e9s inclou diverses fases, des de l&#8217;elecci\u00f3 del tema i el plantejament d&#8217;hip\u00f2tesis fins a la cerca d&#8217;informaci\u00f3, la seva an\u00e0lisi, l&#8217;elaboraci\u00f3 de conclusions i la presentaci\u00f3 de l&#8217;informe<sup><\/sup>. &nbsp;<\/p>\n\n\n\n<p class=\"has-small-font-size\">A l&#8217;institut, donem suport a l&#8217;alumnat i al professorat en aquest proc\u00e9s. Per a l&#8217;alumnat, s&#8217;ofereixen tallers de recerca per comprendre els m\u00e8todes i criteris del coneixement cient\u00edfic, aix\u00ed com assessorament personalitzat per enfocar els treballs des d&#8217;una perspectiva de drets humans i desenvolupament sostenible<sup><\/sup>. El professorat tamb\u00e9 compta amb trobades formatives per proporcionar recursos pr\u00e0ctics per a la tutoria i avaluaci\u00f3 dels treballs de recerca<sup><\/sup>. &nbsp;<\/p>\n\n\n\n<p class=\"has-small-font-size\">En nostre enfocament t\u00e9 com a objectiu educar en drets humans i ciutadania global a trav\u00e9s del treball de recerca. Comptem amb la col\u00b7laboraci\u00f3 de la Fundaci\u00f3 Solidaritat i la Universitat de Barcelona per enriquir aquesta experi\u00e8ncia educativa. &nbsp;<\/p>\n\n\n\n<p><strong>Al Viana<\/strong> <strong>impulsem  el Treball de Recerca a trav\u00e9s de les mat\u00e8ries optatives<\/strong><\/p>\n\n\n\n<p class=\"has-small-font-size\"><strong>Optatives 1r trimestre<\/strong><\/p>\n\n\n\n<ul class=\"wp-block-list\">\n<li class=\"has-small-font-size\">Elecci\u00f3 del tema i la q\u00fcesti\u00f3 a investigar<\/li>\n\n\n\n<li class=\"has-small-font-size\">Plantejament d\u2019hip\u00f2tesis o objectius inicials<\/li>\n<\/ul>\n\n\n\n<p class=\"has-small-font-size\"><strong>Optatives 2n trimestre<\/strong><\/p>\n\n\n\n<ul class=\"wp-block-list\">\n<li class=\"has-small-font-size\">Cerca d\u2019informaci\u00f3&nbsp;<\/li>\n\n\n\n<li class=\"has-small-font-size\">Processament de la informaci\u00f3<\/li>\n<\/ul>\n\n\n\n<p class=\"has-small-font-size\"><strong>Optatives  3r  trimestre<\/strong><\/p>\n\n\n\n<ul class=\"wp-block-list\">\n<li class=\"has-small-font-size\">Planificaci\u00f3 de la recerca&nbsp;<\/li>\n<\/ul>\n\n\n\n<p class=\"has-small-font-size\"><strong><strong>1r trimestre 2n de batxillerat<\/strong><\/strong><\/p>\n\n\n\n<ul class=\"wp-block-list\">\n<li class=\"has-small-font-size\">S\u00edntesi dels resultats de la investigaci\u00f3&nbsp;<\/li>\n\n\n\n<li class=\"has-small-font-size\">Elaboraci\u00f3 de conclusions&nbsp;<\/li>\n\n\n\n<li class=\"has-small-font-size\">Revisi\u00f3 de la feina feta&nbsp;<\/li>\n\n\n\n<li class=\"has-small-font-size\">Presentaci\u00f3 de l\u2019informe&nbsp;(redacci\u00f3 del treball i exposici\u00f3 oral)<\/li>\n<\/ul>\n<\/div><\/div>\n\n\n\n<div class=\"wp-block-getwid-tabs__nav-link\"><span class=\"wp-block-getwid-tabs__title-wrapper\"><a href=\"#\"><span class=\"wp-block-getwid-tabs__title\">Preinscripci\u00f3 i matr\u00edcula<\/span><\/a><\/span><\/div><div class=\"wp-block-getwid-tabs__tab-content-wrapper\"><div class=\"wp-block-getwid-tabs__tab-content\">\n<p><a href=\"https:\/\/drive.google.com\/file\/d\/1U3s2zbJcd26u3zviVff6r7Hi4xM1YShr\/view?usp=sharing\">Presentaci\u00f3 de la jornada de Portes Obertes<\/a><\/p>\n\n\n\n<p><a href=\"https:\/\/agora.xtec.cat\/iespviana\/administracio-i-serveis-2\/secretaria-nova\/informacio-inscripcio-de-batxillerat-al-pdv\/\">Preinscripci\u00f3 i matr\u00edcula BATXILLERAT<\/a><\/p>\n\n\n\n<p><a href=\"https:\/\/agora.xtec.cat\/iespviana\/administracio-i-serveis-2\/secretaria-nova\/\">Secretaria. Horaris i tr\u00e0mits<\/a><\/p>\n<\/div><\/div>\n<\/div>\n","protected":false},"excerpt":{"rendered":"<p>El batxillerat \u00e9s una etapa educativa de dos cursos que forma part de l&#8217;educaci\u00f3 secund\u00e0ria postobligat\u00f2ria, adre\u00e7ada a estudiants de [&hellip;]<\/p>\n","protected":false},"author":1,"featured_media":0,"parent":0,"menu_order":0,"comment_status":"closed","ping_status":"close","template":"","meta":{"_bbp_topic_count":0,"_bbp_reply_count":0,"_bbp_total_topic_count":0,"_bbp_total_reply_count":0,"_bbp_voice_count":0,"_bbp_anonymous_reply_count":0,"_bbp_topic_count_hidden":0,"_bbp_reply_count_hidden":0,"_bbp_forum_subforum_count":0,"site-sidebar-layout":"default","site-content-layout":"","ast-site-content-layout":"default","site-content-style":"default","site-sidebar-style":"default","ast-global-header-display":"","ast-banner-title-visibility":"","ast-main-header-display":"","ast-hfb-above-header-display":"","ast-hfb-below-header-display":"","ast-hfb-mobile-header-display":"","site-post-title":"","ast-breadcrumbs-content":"","ast-featured-img":"","footer-sml-layout":"","theme-transparent-header-meta":"","adv-header-id-meta":"","stick-header-meta":"","header-above-stick-meta":"","header-main-stick-meta":"","header-below-stick-meta":"","astra-migrate-meta-layouts":"set","ast-page-background-enabled":"default","ast-page-background-meta":{"desktop":{"background-color":"var(--ast-global-color-4)","background-image":"","background-repeat":"repeat","background-position":"center center","background-size":"auto","background-attachment":"scroll","background-type":"","background-media":"","overlay-type":"","overlay-color":"","overlay-opacity":"","overlay-gradient":""},"tablet":{"background-color":"","background-image":"","background-repeat":"repeat","background-position":"center center","background-size":"auto","background-attachment":"scroll","background-type":"","background-media":"","overlay-type":"","overlay-color":"","overlay-opacity":"","overlay-gradient":""},"mobile":{"background-color":"","background-image":"","background-repeat":"repeat","background-position":"center center","background-size":"auto","background-attachment":"scroll","background-type":"","background-media":"","overlay-type":"","overlay-color":"","overlay-opacity":"","overlay-gradient":""}},"ast-content-background-meta":{"desktop":{"background-color":"var(--ast-global-color-5)","background-image":"","background-repeat":"repeat","background-position":"center center","background-size":"auto","background-attachment":"scroll","background-type":"","background-media":"","overlay-type":"","overlay-color":"","overlay-opacity":"","overlay-gradient":""},"tablet":{"background-color":"var(--ast-global-color-5)","background-image":"","background-repeat":"repeat","background-position":"center center","background-size":"auto","background-attachment":"scroll","background-type":"","background-media":"","overlay-type":"","overlay-color":"","overlay-opacity":"","overlay-gradient":""},"mobile":{"background-color":"var(--ast-global-color-5)","background-image":"","background-repeat":"repeat","background-position":"center center","background-size":"auto","background-attachment":"scroll","background-type":"","background-media":"","overlay-type":"","overlay-color":"","overlay-opacity":"","overlay-gradient":""}},"footnotes":""},"class_list":["post-11905","page","type-page","status-publish","hentry"],"post_mailing_queue_ids":[],"_links":{"self":[{"href":"https:\/\/agora.xtec.cat\/iespviana\/wp-json\/wp\/v2\/pages\/11905","targetHints":{"allow":["GET"]}}],"collection":[{"href":"https:\/\/agora.xtec.cat\/iespviana\/wp-json\/wp\/v2\/pages"}],"about":[{"href":"https:\/\/agora.xtec.cat\/iespviana\/wp-json\/wp\/v2\/types\/page"}],"author":[{"embeddable":true,"href":"https:\/\/agora.xtec.cat\/iespviana\/wp-json\/wp\/v2\/users\/1"}],"replies":[{"embeddable":true,"href":"https:\/\/agora.xtec.cat\/iespviana\/wp-json\/wp\/v2\/comments?post=11905"}],"version-history":[{"count":6,"href":"https:\/\/agora.xtec.cat\/iespviana\/wp-json\/wp\/v2\/pages\/11905\/revisions"}],"predecessor-version":[{"id":13908,"href":"https:\/\/agora.xtec.cat\/iespviana\/wp-json\/wp\/v2\/pages\/11905\/revisions\/13908"}],"wp:attachment":[{"href":"https:\/\/agora.xtec.cat\/iespviana\/wp-json\/wp\/v2\/media?parent=11905"}],"curies":[{"name":"wp","href":"https:\/\/api.w.org\/{rel}","templated":true}]}}