{"id":2362,"date":"2023-04-24T13:13:58","date_gmt":"2023-04-24T11:13:58","guid":{"rendered":"https:\/\/agora.xtec.cat\/iespriorat\/?page_id=2362"},"modified":"2025-02-24T13:15:33","modified_gmt":"2025-02-24T12:15:33","slug":"pfi-cuina-i-serveis-de-restauracio","status":"publish","type":"page","link":"https:\/\/agora.xtec.cat\/iespriorat\/pfi-cuina-i-serveis-de-restauracio\/","title":{"rendered":"PFI Cuina i serveis de restauraci\u00f3"},"content":{"rendered":"<p><a href=\"#1\">D\u00edptic<\/a><br \/>\n<a href=\"#2\">Hist\u00f2ria<\/a><br \/>\n<a href=\"#3\">Estudis<\/a><br \/>\n<a href=\"#4\">Com ho fem?<\/a><br \/>\n<a href=\"#5\">Continu\u00eftat<\/a><br \/>\n<a href=\"#6\">Marc horari<\/a><br \/>\n<a href=\"#7\">Instal\u00b7lacions<\/a><br \/>\n<a href=\"#8\">Requisits d&#8217;acc\u00e9s<\/a><br \/>\n<a href=\"#9\">Preinscripci\u00f3 i matr\u00edcula<\/a><\/p>\n<p>>center><iframe loading=\"lazy\" src=\"https:\/\/drive.google.com\/file\/d\/1qwKSReHMc_VxGoHZaItmyBZVu3j9zQpQ\/preview\" width=\"640\" height=\"480\" allow=\"autoplay\"><\/iframe><\/center><\/p>\n<p><a name=\"2\"><\/a><\/p>\n<ol>\n<li><strong>Hist\u00f2ria<\/strong>\n<p style=\"font-family: 'Helvetica Neue', Helvetica, Helvetica, Arial, sans-serif; font-size: 16px;\"><strong><img loading=\"lazy\" decoding=\"async\" class=\" wp-image-2374 alignright\" style=\"font-weight: 400;\" src=\"https:\/\/agora.xtec.cat\/iespriorat\/wp-content\/uploads\/usu502\/2023\/05\/1-300x300.jpg\" alt=\"\" width=\"260\" height=\"260\" srcset=\"https:\/\/agora.xtec.cat\/iespriorat\/wp-content\/uploads\/usu502\/2023\/05\/1-300x300.jpg 300w, https:\/\/agora.xtec.cat\/iespriorat\/wp-content\/uploads\/usu502\/2023\/05\/1.jpg 1024w, https:\/\/agora.xtec.cat\/iespriorat\/wp-content\/uploads\/usu502\/2023\/05\/1-150x150.jpg 150w, https:\/\/agora.xtec.cat\/iespriorat\/wp-content\/uploads\/usu502\/2023\/05\/1-768x768.jpg 768w\" sizes=\"auto, (max-width: 260px) 100vw, 260px\" \/><\/strong><\/p>\n<\/li>\n<\/ol>\n<p>L\u2019inici del PFI de Cuina i serveis de Restauraci\u00f3 es remunta al setembre de l\u2019any 2021, aportant aix\u00ed una\u00a0 innovaci\u00f3 en l\u2019oferta formativa de l\u2019Institut Priorat. Oferint l\u2019oportunitat de formar els alumnes i realitzar una inserci\u00f3 al m\u00f3n laboral. Es tracta doncs, d<span style=\"font-family: inherit; font-size: 1em;\">\u2019uns estudis enfocats en preparar als alumnes a nivell professional, formant-los en el m\u00f3n de l\u2019hostaleria.<\/span><\/p>\n<p><a name=\"3\"><\/a><\/p>\n<ol start=\"2\">\n<li><strong>Estudis<\/strong><\/li>\n<\/ol>\n<p>Quan parlem de PFI en referim a uns Programes de Formaci\u00f3 i Inserci\u00f3 laboral per a tots aquells alumnes que no han acabat l\u2019ESO, per\u00f2 que volen seguir formant-se a nivell professional.<\/p>\n<p><img loading=\"lazy\" decoding=\"async\" class=\"size-medium wp-image-2375 alignleft\" src=\"https:\/\/agora.xtec.cat\/iespriorat\/wp-content\/uploads\/usu502\/2023\/05\/2-225x300.jpg\" alt=\"\" width=\"225\" height=\"300\" srcset=\"https:\/\/agora.xtec.cat\/iespriorat\/wp-content\/uploads\/usu502\/2023\/05\/2-225x300.jpg 225w, https:\/\/agora.xtec.cat\/iespriorat\/wp-content\/uploads\/usu502\/2023\/05\/2-769x1024.jpg 769w, https:\/\/agora.xtec.cat\/iespriorat\/wp-content\/uploads\/usu502\/2023\/05\/2-768x1023.jpg 768w, https:\/\/agora.xtec.cat\/iespriorat\/wp-content\/uploads\/usu502\/2023\/05\/2-1153x1536.jpg 1153w, https:\/\/agora.xtec.cat\/iespriorat\/wp-content\/uploads\/usu502\/2023\/05\/2.jpg 1201w\" sizes=\"auto, (max-width: 225px) 100vw, 225px\" \/><\/p>\n<p>Realitzant un PFI tindr\u00e0s l\u2019opci\u00f3 de reincorporar-te als Ensenyaments reglats, adquirir\u00e0s compet\u00e8ncies necess\u00e0ries per a accedir al m\u00f3n laboral i obtindr\u00e0s coneixements b\u00e0sics per a poder realitzar una inserci\u00f3 laboral amb \u00e8xit.<\/p>\n<p>El PFI de Cuina i Serveis de Restauraci\u00f3 et forma en la preparaci\u00f3 i la conservaci\u00f3 d\u2019elaboracions culin\u00e0ries senzilles, en la preparaci\u00f3 i presentaci\u00f3 d\u2019aliments i begudes en establiments de restauracions i en l\u2019assist\u00e8ncia als processos de servei i atenci\u00f3 al client.<\/p>\n<p>El PFI t\u00e9 una durada de 1000 hores, un curs acad\u00e8mic. Aquest s\u2019estructura en:<\/p>\n<ul>\n<li style=\"list-style-type: none;\">\n<ul>\n<li style=\"list-style-type: none;\">\n<ul>\n<li><strong>M\u00f2duls de Formaci\u00f3 Professional: <\/strong>Associats a l\u2019assoliment de compet\u00e8ncies professionals (entre 450 i 500 hores).<\/li>\n<li><strong>M\u00f2duls de Formaci\u00f3 General: <\/strong>Faciliten l\u2019adquisici\u00f3 de compet\u00e8ncies b\u00e0siques i instrumentals que han de facilitar l\u2019assoliment de les compet\u00e8ncies professionals (295 hores).<\/li>\n<li><strong>Tutoria: <\/strong>Inclouen accions de seguiment i orientaci\u00f3 (40 hores).<\/li>\n<li><strong>Pr\u00e0ctiques en empreses <\/strong>(FCT 180 hores)<\/li>\n<li><\/li>\n<\/ul>\n<\/li>\n<\/ul>\n<\/li>\n<\/ul>\n<p><a name=\"4\"><\/a><\/p>\n<p><img loading=\"lazy\" decoding=\"async\" class=\"wp-image-2376 alignleft\" src=\"https:\/\/agora.xtec.cat\/iespriorat\/wp-content\/uploads\/usu502\/2023\/05\/3-225x300.jpg\" alt=\"\" width=\"179\" height=\"239\" srcset=\"https:\/\/agora.xtec.cat\/iespriorat\/wp-content\/uploads\/usu502\/2023\/05\/3-225x300.jpg 225w, https:\/\/agora.xtec.cat\/iespriorat\/wp-content\/uploads\/usu502\/2023\/05\/3-769x1024.jpg 769w, https:\/\/agora.xtec.cat\/iespriorat\/wp-content\/uploads\/usu502\/2023\/05\/3-768x1023.jpg 768w, https:\/\/agora.xtec.cat\/iespriorat\/wp-content\/uploads\/usu502\/2023\/05\/3-1153x1536.jpg 1153w, https:\/\/agora.xtec.cat\/iespriorat\/wp-content\/uploads\/usu502\/2023\/05\/3.jpg 1201w\" sizes=\"auto, (max-width: 179px) 100vw, 179px\" \/><\/p>\n<p><strong>Com ho fem?<\/strong><\/p>\n<ul>\n<li>Seguiment i orientaci\u00f3 personalitzada.<\/li>\n<li>Grups redu\u00efts.<\/li>\n<li>Projectes amb l\u2019entorn.<\/li>\n<li>Formaci\u00f3 en empreses.<\/li>\n<li>Sortides professionalitzadores.<\/li>\n<li>Sessions formatives amb professionals del sector.<\/li>\n<\/ul>\n<p><a name=\"5\"><\/a><\/p>\n<ol start=\"3\">\n<li><strong>Al finalitzar:<\/strong><\/li>\n<\/ol>\n<ul>\n<li>Incorporaci\u00f3 al m\u00f3n laboral com a auxiliar amb un Certificat de Nivell 1.<\/li>\n<li>Realitzaci\u00f3 d\u2019 Estudis de Cicle Formatiu de Grau Mig (CFGM).<\/li>\n<li>Cursar el GESO a les Escoles d\u2019Adults.<\/li>\n<\/ul>\n<p><a name=\"6\"><\/a><img loading=\"lazy\" decoding=\"async\" class=\"aligncenter  wp-image-2377\" src=\"https:\/\/agora.xtec.cat\/iespriorat\/wp-content\/uploads\/usu502\/2023\/05\/4-300x225.jpg\" alt=\"\" width=\"421\" height=\"316\" srcset=\"https:\/\/agora.xtec.cat\/iespriorat\/wp-content\/uploads\/usu502\/2023\/05\/4-300x225.jpg 300w, https:\/\/agora.xtec.cat\/iespriorat\/wp-content\/uploads\/usu502\/2023\/05\/4-768x577.jpg 768w, https:\/\/agora.xtec.cat\/iespriorat\/wp-content\/uploads\/usu502\/2023\/05\/4-200x150.jpg 200w, https:\/\/agora.xtec.cat\/iespriorat\/wp-content\/uploads\/usu502\/2023\/05\/4.jpg 803w\" sizes=\"auto, (max-width: 421px) 100vw, 421px\" \/><\/p>\n<ol start=\"4\">\n<li><strong>Marc horari:<\/strong><\/li>\n<\/ol>\n<p>Les classes es realitzen de dilluns a divendres en horari de matins. Inicien a les\u00a0 8:50 h i finalitzen a les 13:50 o a les 14:45 depenent del dia de la setmana.<\/p>\n<p><a name=\"7\"><\/a><\/p>\n<ol start=\"5\">\n<li><strong>Instal\u00b7lacions<\/strong><\/li>\n<\/ol>\n<p>Les classes del PFI es realitzen a l\u2019edifici central de l\u2019Institut Priorat, a les instal\u00b7lacions de la cuina i el menjador del centre.<\/p>\n<ul>\n<li><strong>Cuina<\/strong>: En aquestes instal\u00b7lacions es duen a terme les classes pr\u00e0ctiques relacionades amb la preparaci\u00f3 i les elaboracions culin\u00e0ries.<\/li>\n<li><strong>Menjador: <\/strong>Es duen a terme les pr\u00e0ctiques relacionades amb la sala i l\u2019atenci\u00f3 al client.<\/li>\n<li><strong>Aula: <\/strong>Aula ordin\u00e0ria on es realitzen les classes te\u00f2riques del PFI tant dels m\u00f2duls generals com dels m\u00f2duls professionals. Aquesta est\u00e0 equipada amb ordinador central i projector, a m\u00e9s, disposa d\u2019ordinadors per a tots els\/les alumnes.<\/li>\n<\/ul>\n<p><a name=\"8\"><\/a><\/p>\n<ol start=\"6\">\n<li><strong>Requisits d\u2019acc\u00e9s<\/strong><\/li>\n<\/ol>\n<p>El Departament d\u2019Educaci\u00f3 t\u00e9 fixat els criteris per a poder accedir als PFI, aquests s\u00f3n:<\/p>\n<ul>\n<li>No tenir el t\u00edtol de l\u2019ESO.<\/li>\n<li>Tenir entre 16 i 21 anys.<\/li>\n<li>No estar cursant altres estudis reglats dins dels sistema educatiu.<\/li>\n<li>No estar treballant en el moment de l\u2019inici del PFI.<\/li>\n<\/ul>\n<p><a name=\"9\"><\/a><\/p>\n<ol start=\"7\">\n<li><strong>Preinscripci\u00f3 i matr\u00edcula<\/strong><\/li>\n<\/ol>\n<p>El Departament d\u2019Ensenyament anualment fixa les dates de preinscripci\u00f3 i de matr\u00edcula dels PFI en la seva p\u00e0gina web.<\/p>\n","protected":false},"excerpt":{"rendered":"<p>D\u00edptic Hist\u00f2ria Estudis Com ho fem? Continu\u00eftat Marc horari Instal\u00b7lacions Requisits d&#8217;acc\u00e9s Preinscripci\u00f3 i matr\u00edcula >center> Hist\u00f2ria L\u2019inici del PFI de Cuina i serveis de Restauraci\u00f3 es remunta al setembre de l\u2019any 2021, aportant aix\u00ed una\u00a0 innovaci\u00f3 en l\u2019oferta formativa de l\u2019Institut Priorat. Oferint l\u2019oportunitat de formar els alumnes i realitzar una inserci\u00f3 al m\u00f3n [&hellip;]<\/p>\n","protected":false},"author":1,"featured_media":0,"parent":0,"menu_order":0,"comment_status":"closed","ping_status":"closed","template":"","meta":{"_bbp_topic_count":0,"_bbp_reply_count":0,"_bbp_total_topic_count":0,"_bbp_total_reply_count":0,"_bbp_voice_count":0,"_bbp_anonymous_reply_count":0,"_bbp_topic_count_hidden":0,"_bbp_reply_count_hidden":0,"_bbp_forum_subforum_count":0,"site-sidebar-layout":"default","site-content-layout":"","ast-site-content-layout":"","site-content-style":"default","site-sidebar-style":"default","ast-global-header-display":"","ast-banner-title-visibility":"","ast-main-header-display":"","ast-hfb-above-header-display":"","ast-hfb-below-header-display":"","ast-hfb-mobile-header-display":"","site-post-title":"","ast-breadcrumbs-content":"","ast-featured-img":"","footer-sml-layout":"","theme-transparent-header-meta":"","adv-header-id-meta":"","stick-header-meta":"","header-above-stick-meta":"","header-main-stick-meta":"","header-below-stick-meta":"","astra-migrate-meta-layouts":"default","ast-page-background-enabled":"default","ast-page-background-meta":{"desktop":{"background-color":"var(--ast-global-color-4)","background-image":"","background-repeat":"repeat","background-position":"center center","background-size":"auto","background-attachment":"scroll","background-type":"","background-media":"","overlay-type":"","overlay-color":"","overlay-opacity":"","overlay-gradient":""},"tablet":{"background-color":"","background-image":"","background-repeat":"repeat","background-position":"center center","background-size":"auto","background-attachment":"scroll","background-type":"","background-media":"","overlay-type":"","overlay-color":"","overlay-opacity":"","overlay-gradient":""},"mobile":{"background-color":"","background-image":"","background-repeat":"repeat","background-position":"center center","background-size":"auto","background-attachment":"scroll","background-type":"","background-media":"","overlay-type":"","overlay-color":"","overlay-opacity":"","overlay-gradient":""}},"ast-content-background-meta":{"desktop":{"background-color":"var(--ast-global-color-5)","background-image":"","background-repeat":"repeat","background-position":"center center","background-size":"auto","background-attachment":"scroll","background-type":"","background-media":"","overlay-type":"","overlay-color":"","overlay-opacity":"","overlay-gradient":""},"tablet":{"background-color":"var(--ast-global-color-5)","background-image":"","background-repeat":"repeat","background-position":"center center","background-size":"auto","background-attachment":"scroll","background-type":"","background-media":"","overlay-type":"","overlay-color":"","overlay-opacity":"","overlay-gradient":""},"mobile":{"background-color":"var(--ast-global-color-5)","background-image":"","background-repeat":"repeat","background-position":"center center","background-size":"auto","background-attachment":"scroll","background-type":"","background-media":"","overlay-type":"","overlay-color":"","overlay-opacity":"","overlay-gradient":""}},"footnotes":""},"class_list":["post-2362","page","type-page","status-publish","hentry"],"post_mailing_queue_ids":[],"_links":{"self":[{"href":"https:\/\/agora.xtec.cat\/iespriorat\/wp-json\/wp\/v2\/pages\/2362","targetHints":{"allow":["GET"]}}],"collection":[{"href":"https:\/\/agora.xtec.cat\/iespriorat\/wp-json\/wp\/v2\/pages"}],"about":[{"href":"https:\/\/agora.xtec.cat\/iespriorat\/wp-json\/wp\/v2\/types\/page"}],"author":[{"embeddable":true,"href":"https:\/\/agora.xtec.cat\/iespriorat\/wp-json\/wp\/v2\/users\/1"}],"replies":[{"embeddable":true,"href":"https:\/\/agora.xtec.cat\/iespriorat\/wp-json\/wp\/v2\/comments?post=2362"}],"version-history":[{"count":6,"href":"https:\/\/agora.xtec.cat\/iespriorat\/wp-json\/wp\/v2\/pages\/2362\/revisions"}],"predecessor-version":[{"id":2499,"href":"https:\/\/agora.xtec.cat\/iespriorat\/wp-json\/wp\/v2\/pages\/2362\/revisions\/2499"}],"wp:attachment":[{"href":"https:\/\/agora.xtec.cat\/iespriorat\/wp-json\/wp\/v2\/media?parent=2362"}],"curies":[{"name":"wp","href":"https:\/\/api.w.org\/{rel}","templated":true}]}}