{"id":1787,"date":"2019-07-02T12:08:04","date_gmt":"2019-07-02T10:08:04","guid":{"rendered":"http:\/\/agora.xtec.cat\/iespriorat\/?page_id=1787"},"modified":"2019-07-02T12:08:04","modified_gmt":"2019-07-02T10:08:04","slug":"informacio-sobre-ieduca","status":"publish","type":"page","link":"https:\/\/agora.xtec.cat\/iespriorat\/families\/informacio-sobre-ieduca\/","title":{"rendered":"Informaci\u00f3 sobre iEduca"},"content":{"rendered":"<p style=\"text-align: justify;\"><strong>iEduca<\/strong> \u00e9s l&#8217;eina de comunicaci\u00f3 que fem servir en el nostre centre per tal que les fam\u00edlies pugueu tenir a disposici\u00f3 i en tot moment l\u2019evoluci\u00f3 del vostre fill\/a i fer-vos part\u00edcips del seu dia a dia. Un cop tingueu l&#8217;acc\u00e9s a iEduca podreu consultar en qualsevol moment el calendari de curs i l&#8217;horari del vostre\/a fill\/a, el registre de faltes d&#8217;assist\u00e8ncia, retards, observacions i incid\u00e8ncies, aix\u00ed com utilitzar la missatgeria interna. <b>En cas que no disposeu d&#8217;usuari i contrasenya us heu de posar en contacte amb el centre. <\/b><\/p>\n<p style=\"text-align: justify;\">Per accedir teniu un enlla\u00e7 d&#8217;acc\u00e9s a la part superior dreta del men\u00fa principal de la p\u00e0gina web. Per a m\u00e9s informaci\u00f3:<\/p>\n<div style=\"text-align: center;\">\n<p><a href=\"https:\/\/inspriorat.ieduca.com\/scripts\/download_guies.php?dw=20088458808-508\" target=\"\u201c_blank\u201d\" rel=\"noopener noreferrer\"> Tutorial iEduca per a les fam\u00edlies<\/a><\/p>\n<p><a style=\"text-align: center;\" href=\"https:\/\/www.youtube.com\/watch?v=4HrDLPGWT2U\" target=\"\u201c_blank\u201d\" rel=\"noopener noreferrer\">Tutorial iEduca per a les fam\u00edlies (v\u00eddeo)<\/a><\/p>\n<\/div>\n","protected":false},"excerpt":{"rendered":"<p>iEduca \u00e9s l&#8217;eina de comunicaci\u00f3 que fem servir en el nostre centre per tal que les fam\u00edlies pugueu tenir a disposici\u00f3 i en tot moment l\u2019evoluci\u00f3 del vostre fill\/a i fer-vos part\u00edcips del seu dia a dia. Un cop tingueu l&#8217;acc\u00e9s a iEduca podreu consultar en qualsevol moment el calendari de curs i l&#8217;horari del [&hellip;]<\/p>\n","protected":false},"author":1,"featured_media":0,"parent":1777,"menu_order":0,"comment_status":"closed","ping_status":"closed","template":"","meta":{"_bbp_topic_count":0,"_bbp_reply_count":0,"_bbp_total_topic_count":0,"_bbp_total_reply_count":0,"_bbp_voice_count":0,"_bbp_anonymous_reply_count":0,"_bbp_topic_count_hidden":0,"_bbp_reply_count_hidden":0,"_bbp_forum_subforum_count":0,"site-sidebar-layout":"default","site-content-layout":"","ast-site-content-layout":"","site-content-style":"default","site-sidebar-style":"default","ast-global-header-display":"","ast-banner-title-visibility":"","ast-main-header-display":"","ast-hfb-above-header-display":"","ast-hfb-below-header-display":"","ast-hfb-mobile-header-display":"","site-post-title":"","ast-breadcrumbs-content":"","ast-featured-img":"","footer-sml-layout":"","theme-transparent-header-meta":"","adv-header-id-meta":"","stick-header-meta":"","header-above-stick-meta":"","header-main-stick-meta":"","header-below-stick-meta":"","astra-migrate-meta-layouts":"default","ast-page-background-enabled":"default","ast-page-background-meta":{"desktop":{"background-color":"var(--ast-global-color-4)","background-image":"","background-repeat":"repeat","background-position":"center center","background-size":"auto","background-attachment":"scroll","background-type":"","background-media":"","overlay-type":"","overlay-color":"","overlay-opacity":"","overlay-gradient":""},"tablet":{"background-color":"","background-image":"","background-repeat":"repeat","background-position":"center center","background-size":"auto","background-attachment":"scroll","background-type":"","background-media":"","overlay-type":"","overlay-color":"","overlay-opacity":"","overlay-gradient":""},"mobile":{"background-color":"","background-image":"","background-repeat":"repeat","background-position":"center center","background-size":"auto","background-attachment":"scroll","background-type":"","background-media":"","overlay-type":"","overlay-color":"","overlay-opacity":"","overlay-gradient":""}},"ast-content-background-meta":{"desktop":{"background-color":"var(--ast-global-color-5)","background-image":"","background-repeat":"repeat","background-position":"center center","background-size":"auto","background-attachment":"scroll","background-type":"","background-media":"","overlay-type":"","overlay-color":"","overlay-opacity":"","overlay-gradient":""},"tablet":{"background-color":"var(--ast-global-color-5)","background-image":"","background-repeat":"repeat","background-position":"center center","background-size":"auto","background-attachment":"scroll","background-type":"","background-media":"","overlay-type":"","overlay-color":"","overlay-opacity":"","overlay-gradient":""},"mobile":{"background-color":"var(--ast-global-color-5)","background-image":"","background-repeat":"repeat","background-position":"center center","background-size":"auto","background-attachment":"scroll","background-type":"","background-media":"","overlay-type":"","overlay-color":"","overlay-opacity":"","overlay-gradient":""}},"footnotes":""},"class_list":["post-1787","page","type-page","status-publish","hentry"],"post_mailing_queue_ids":[],"_links":{"self":[{"href":"https:\/\/agora.xtec.cat\/iespriorat\/wp-json\/wp\/v2\/pages\/1787","targetHints":{"allow":["GET"]}}],"collection":[{"href":"https:\/\/agora.xtec.cat\/iespriorat\/wp-json\/wp\/v2\/pages"}],"about":[{"href":"https:\/\/agora.xtec.cat\/iespriorat\/wp-json\/wp\/v2\/types\/page"}],"author":[{"embeddable":true,"href":"https:\/\/agora.xtec.cat\/iespriorat\/wp-json\/wp\/v2\/users\/1"}],"replies":[{"embeddable":true,"href":"https:\/\/agora.xtec.cat\/iespriorat\/wp-json\/wp\/v2\/comments?post=1787"}],"version-history":[{"count":1,"href":"https:\/\/agora.xtec.cat\/iespriorat\/wp-json\/wp\/v2\/pages\/1787\/revisions"}],"predecessor-version":[{"id":1788,"href":"https:\/\/agora.xtec.cat\/iespriorat\/wp-json\/wp\/v2\/pages\/1787\/revisions\/1788"}],"up":[{"embeddable":true,"href":"https:\/\/agora.xtec.cat\/iespriorat\/wp-json\/wp\/v2\/pages\/1777"}],"wp:attachment":[{"href":"https:\/\/agora.xtec.cat\/iespriorat\/wp-json\/wp\/v2\/media?parent=1787"}],"curies":[{"name":"wp","href":"https:\/\/api.w.org\/{rel}","templated":true}]}}