{"id":3481,"date":"2026-03-05T10:22:37","date_gmt":"2026-03-05T09:22:37","guid":{"rendered":"https:\/\/agora.xtec.cat\/iespompeufabra-bdn\/?page_id=3481"},"modified":"2026-04-23T10:58:43","modified_gmt":"2026-04-23T08:58:43","slug":"preinscripcio-i-matriculacio-eso-i-bat","status":"publish","type":"page","link":"https:\/\/agora.xtec.cat\/iespompeufabra-bdn\/preinscripcio-i-matriculacio-eso-i-bat\/","title":{"rendered":"Preinscripci\u00f3 i Matr\u00edcula Curs 2026\u20132027"},"content":{"rendered":"\n<p><strong>ESO i Batxillerat <\/strong><\/p>\n\n\n\n<p>Informaci\u00f3 sobre les <strong>preinscripcions i matriculacions per al curs 2026\u201327 per al nou alumnat<\/strong>.<\/p>\n\n\n\n<p>Aqu\u00ed trobareu informacions importants sobre el proc\u00e9s de <strong>preinscripci\u00f3 i matr\u00edcula<\/strong>.<br>Si teniu dubtes podeu adre\u00e7ar-vos a la secretaria del centre:<\/p>\n\n\n\n<p><a href=\"mailto:secretaria@ipompeufabra.com\">secretaria@ipompeufabra.com<\/a><\/p>\n\n\n\n<h1 class=\"wp-block-heading\">Educaci\u00f3 Secund\u00e0ria Obligat\u00f2ria (ESO)<\/h1>\n\n\n\n<p><strong>Preinscripci\u00f3:<\/strong> del <strong>6 al 18 de mar\u00e7 de 2026<\/strong><br><strong>Matr\u00edcula:<\/strong> del <strong>22 al 30 de juny<\/strong><\/p>\n\n\n\n<h3 class=\"wp-block-heading\">Calendari del proc\u00e9s<\/h3>\n\n\n\n<ul class=\"wp-block-list\">\n<li><strong>03\/03\/26<\/strong> \u2014 <a href=\"https:\/\/agora.xtec.cat\/iespompeufabra-bdn\/wp-content\/uploads\/usu2935\/2026\/03\/INFORME_OFERTA_OME_INFORME_OFERTA.pdf\">Oferta inicial de places ESO al centre<\/a><\/li>\n\n\n\n<li><strong>06\/03\/26 \u2013 18\/03\/26<\/strong> \u2014 Per\u00edode de <a href=\"https:\/\/preinscripcio.gencat.cat\/ca\/estudis\/eso\/inici\/\">preinscripci\u00f3<\/a><\/li>\n\n\n\n<li><strong>15\/04\/26<\/strong> \u2014 <strong><a href=\"https:\/\/agora.xtec.cat\/iespompeufabra-bdn\/wp-content\/uploads\/usu2935\/2026\/04\/INFORME_BAREM_PROVISIONAL_BAREM-1.pdf\">Publicaci\u00f3 de la llista de sol\u00b7licituds amb la puntuaci\u00f3 provisional<\/a><\/strong><\/li>\n\n\n\n<li><strong>23\/04\/26<\/strong> \u2014 <a href=\"https:\/\/agora.xtec.cat\/iespompeufabra-bdn\/wp-content\/uploads\/usu2935\/2026\/04\/INFORME_BAREM_RESOLTES_BAREM-1.pdf\"><strong>Publicaci\u00f3 de la llista amb la puntuaci\u00f3 un cop resoltes les reclamacions<\/strong><\/a><\/li>\n\n\n\n<li><strong>28\/04\/26<\/strong> \u2014 Sorteig del n\u00famero de desempat<\/li>\n\n\n\n<li><strong>29\/04\/26<\/strong> \u2014 Publicaci\u00f3 de la llista baremada i ordenada<\/li>\n\n\n\n<li><strong>10\/06\/26<\/strong> \u2014 Llista d\u2019alumnes assignats a l&#8217;Institut Pompeu Fabra<\/li>\n\n\n\n<li><strong>10\/06\/26<\/strong> \u2014 Llista d\u2019alumnes amb destinaci\u00f3 definitiva<\/li>\n\n\n\n<li><strong>10\/06\/26<\/strong> \u2014 Publicaci\u00f3 de la llista d\u2019espera<\/li>\n\n\n\n<li><strong>10\/06\/26<\/strong> \u2014 Oferta definitiva de places<\/li>\n\n\n\n<li><strong>22\/06\/26 \u2013 30\/06\/26<\/strong> \u2014 Per\u00edode de matr\u00edcula<\/li>\n<\/ul>\n\n\n\n<h1 class=\"wp-block-heading\">Batxillerat (BATX)<\/h1>\n\n\n\n<p><strong>Preinscripci\u00f3:<\/strong> del <strong>9 al 16 d\u2019abril de 2026<\/strong><br><strong>Matr\u00edcula:<\/strong> del <strong>18 al 30 de juny<\/strong><\/p>\n\n\n\n<h3 class=\"wp-block-heading\">Calendari del proc\u00e9s<\/h3>\n\n\n\n<ul class=\"wp-block-list\">\n<li><strong>08\/04\/26<\/strong> \u2014 <a href=\"https:\/\/agora.xtec.cat\/iespompeufabra-bdn\/wp-content\/uploads\/usu2935\/2026\/04\/INFORME_OFERTA_OME_INFORME_OFERTA.pdf\">Publicaci\u00f3 oferta inicial<\/a> de places de Batxillerat al centre<\/li>\n\n\n\n<li><strong>09\/04\/26 \u2013 16\/04\/26<\/strong> \u2014 Per\u00edode de <a href=\"https:\/\/preinscripcio.gencat.cat\/ca\/estudis\/batxillerat\/inici\/\">preinscripci\u00f3<\/a><\/li>\n\n\n\n<li><strong>14\/05\/26<\/strong> \u2014 Publicaci\u00f3 del barem provisional<\/li>\n\n\n\n<li><strong>26\/05\/26<\/strong> \u2014 Publicaci\u00f3 de les sol\u00b7licituds despr\u00e9s de reclamacions<\/li>\n\n\n\n<li><strong>26\/05\/26<\/strong> \u2014 Sorteig del n\u00famero de desempat<\/li>\n\n\n\n<li><strong>29\/05\/26<\/strong> \u2014 Llista de preinscripcions ordenada<\/li>\n\n\n\n<li><strong>17\/06\/26<\/strong> \u2014 Llista d\u2019alumnes admesos a l&#8217;Institut Pompeu Fabra<\/li>\n\n\n\n<li><strong>17\/06\/26<\/strong> \u2014 Publicaci\u00f3 de la llista d\u2019espera<\/li>\n\n\n\n<li><strong>18\/06\/26 \u2013 30\/06\/26<\/strong> \u2014 Per\u00edode de matr\u00edcula<\/li>\n<\/ul>\n","protected":false},"excerpt":{"rendered":"<p>ESO i Batxillerat Informaci\u00f3 sobre les preinscripcions i matriculacions per al curs 2026\u201327 per al nou alumnat. Aqu\u00ed trobareu informacions [&hellip;]<\/p>\n","protected":false},"author":1,"featured_media":0,"parent":0,"menu_order":0,"comment_status":"closed","ping_status":"close","template":"","meta":{"_bbp_topic_count":0,"_bbp_reply_count":0,"_bbp_total_topic_count":0,"_bbp_total_reply_count":0,"_bbp_voice_count":0,"_bbp_anonymous_reply_count":0,"_bbp_topic_count_hidden":0,"_bbp_reply_count_hidden":0,"_bbp_forum_subforum_count":0,"site-sidebar-layout":"default","site-content-layout":"","ast-site-content-layout":"default","site-content-style":"default","site-sidebar-style":"default","ast-global-header-display":"","ast-banner-title-visibility":"","ast-main-header-display":"","ast-hfb-above-header-display":"","ast-hfb-below-header-display":"","ast-hfb-mobile-header-display":"","site-post-title":"","ast-breadcrumbs-content":"","ast-featured-img":"","footer-sml-layout":"","theme-transparent-header-meta":"","adv-header-id-meta":"","stick-header-meta":"","header-above-stick-meta":"","header-main-stick-meta":"","header-below-stick-meta":"","astra-migrate-meta-layouts":"set","ast-page-background-enabled":"default","ast-page-background-meta":{"desktop":{"background-color":"var(--ast-global-color-4)","background-image":"","background-repeat":"repeat","background-position":"center center","background-size":"auto","background-attachment":"scroll","background-type":"","background-media":"","overlay-type":"","overlay-color":"","overlay-opacity":"","overlay-gradient":""},"tablet":{"background-color":"","background-image":"","background-repeat":"repeat","background-position":"center center","background-size":"auto","background-attachment":"scroll","background-type":"","background-media":"","overlay-type":"","overlay-color":"","overlay-opacity":"","overlay-gradient":""},"mobile":{"background-color":"","background-image":"","background-repeat":"repeat","background-position":"center center","background-size":"auto","background-attachment":"scroll","background-type":"","background-media":"","overlay-type":"","overlay-color":"","overlay-opacity":"","overlay-gradient":""}},"ast-content-background-meta":{"desktop":{"background-color":"var(--ast-global-color-5)","background-image":"","background-repeat":"repeat","background-position":"center center","background-size":"auto","background-attachment":"scroll","background-type":"","background-media":"","overlay-type":"","overlay-color":"","overlay-opacity":"","overlay-gradient":""},"tablet":{"background-color":"var(--ast-global-color-5)","background-image":"","background-repeat":"repeat","background-position":"center center","background-size":"auto","background-attachment":"scroll","background-type":"","background-media":"","overlay-type":"","overlay-color":"","overlay-opacity":"","overlay-gradient":""},"mobile":{"background-color":"var(--ast-global-color-5)","background-image":"","background-repeat":"repeat","background-position":"center center","background-size":"auto","background-attachment":"scroll","background-type":"","background-media":"","overlay-type":"","overlay-color":"","overlay-opacity":"","overlay-gradient":""}},"footnotes":""},"class_list":["post-3481","page","type-page","status-publish","hentry"],"post_mailing_queue_ids":[],"_links":{"self":[{"href":"https:\/\/agora.xtec.cat\/iespompeufabra-bdn\/wp-json\/wp\/v2\/pages\/3481","targetHints":{"allow":["GET"]}}],"collection":[{"href":"https:\/\/agora.xtec.cat\/iespompeufabra-bdn\/wp-json\/wp\/v2\/pages"}],"about":[{"href":"https:\/\/agora.xtec.cat\/iespompeufabra-bdn\/wp-json\/wp\/v2\/types\/page"}],"author":[{"embeddable":true,"href":"https:\/\/agora.xtec.cat\/iespompeufabra-bdn\/wp-json\/wp\/v2\/users\/1"}],"replies":[{"embeddable":true,"href":"https:\/\/agora.xtec.cat\/iespompeufabra-bdn\/wp-json\/wp\/v2\/comments?post=3481"}],"version-history":[{"count":6,"href":"https:\/\/agora.xtec.cat\/iespompeufabra-bdn\/wp-json\/wp\/v2\/pages\/3481\/revisions"}],"predecessor-version":[{"id":3656,"href":"https:\/\/agora.xtec.cat\/iespompeufabra-bdn\/wp-json\/wp\/v2\/pages\/3481\/revisions\/3656"}],"wp:attachment":[{"href":"https:\/\/agora.xtec.cat\/iespompeufabra-bdn\/wp-json\/wp\/v2\/media?parent=3481"}],"curies":[{"name":"wp","href":"https:\/\/api.w.org\/{rel}","templated":true}]}}