{"id":12623,"date":"2022-05-04T12:21:49","date_gmt":"2022-05-04T10:21:49","guid":{"rendered":"https:\/\/agora.xtec.cat\/iespinedademar\/?page_id=12623"},"modified":"2022-09-21T08:54:25","modified_gmt":"2022-09-21T06:54:25","slug":"documentacio-basica","status":"publish","type":"page","link":"https:\/\/agora.xtec.cat\/iespinedademar\/estrategia-digital-de-centre-edc\/cultura-digital\/documentacio-basica\/","title":{"rendered":"Documentaci\u00f3 b\u00e0sica"},"content":{"rendered":"<section id=\"h.33f495f2bfe93db2_216\" class=\"yaqOZd\">\n<div class=\"mYVXT\">\n<div class=\"LS81yb VICjCf\" tabindex=\"-1\">\n<div class=\"hJDwNd-AhqUyc-uQSCkd purZT-AhqUyc-II5mzb pSzOP-AhqUyc-qWD73c JNdkSc\">\n<div class=\"JNdkSc-SmKAyb\">\n<div class=\"\">\n<div class=\"oKdM2c Kzv0Me\">\n<div id=\"h.33f495f2bfe93db2_219\" class=\"hJDwNd-AhqUyc-uQSCkd jXK9ad D2fZ2 OjCsFc wHaque GNzUNc\">\n<div class=\"jXK9ad-SmKAyb\">\n<div class=\"tyJCtd mGzaTb baZpAe\">\n<p class=\"CDt4Ke zfr3Q\" dir=\"ltr\" style=\"text-align: justify;\">La cultura digital apareix en pr\u00e0cticament tots els documents b\u00e0sics del centre. A continuaci\u00f3 es remarquen els aspectes m\u00e9s importants de cada un d\u2019ells.<\/p>\n<p dir=\"ltr\" style=\"text-align: justify;\"><strong>Pel que fa al <a href=\"https:\/\/agora.xtec.cat\/iespinedademar\/projecte-educatiu\/projecte-educatiu-de-centre-pec\/\">Projecte Educatiu de Centre<\/a> (PEC):<\/strong><\/p>\n<p style=\"text-align: justify;\"><b>PUNT I-1. HIST\u00d2RIA <\/b><b>(p\u00e0g. 2)\u00a0<\/b><\/p>\n<p style=\"text-align: justify;\">El curs 2007 el centre inicia un projecte d\u2019Innovaci\u00f3 educativa \u201cIntegrem les TIC a la pr\u00e0ctica educativa\u201d que marca i assenta les bases per treballar digitalment en les diferents mat\u00e8ries. El curs 2009-10, s\u2019incorpora el projecte Educat 2.0 en la modalitat 1&#215;1. Actualment treballem en el projecte \u201cTecnologies digitals per a l\u2019aprenentatge\u201d que constitueix un tret distintiu del nostre centre educatiu.<\/p>\n<p style=\"text-align: justify;\"><b>PUNT II. TRETS D\u2019IDENTITAT <\/b><b>(p\u00e0g. 5)\u00a0<\/b><\/p>\n<ol style=\"text-align: justify;\" start=\"16\">\n<li>L\u2019Institut Pineda de Mar, impulsa l\u2019aprenentatge pr\u00e0ctic de les ci\u00e8ncies experimentals, aix\u00ed com es proposa normalitzar l\u2019\u00fas de les noves tecnologies de la Informaci\u00f3 i la Comunicaci\u00f3 (TIC) en la did\u00e0ctica de les diferents \u00e0rees i en la recerca i el tractament de la informaci\u00f3.<\/li>\n<li>El centre aposta per l&#8217;\u00fas i difusi\u00f3 dels mitjans audiovisuals, a nivell transversal, des de les diferents mat\u00e8ries i aplicat a mat\u00e8ries optatives espec\u00edfiques.<\/li>\n<\/ol>\n<p style=\"text-align: justify;\"><b>PUNT III-2. \u00c0MBIT CURRICULAR I ORGANITZATIU <\/b><b>(p\u00e0g. 6)\u00a0<\/b><\/p>\n<ol style=\"text-align: justify;\" start=\"4\">\n<li>Potenciar la innovaci\u00f3 metodol\u00f2gica i did\u00e0ctica a les aules<\/li>\n<\/ol>\n<p style=\"text-align: justify;\">4.1. Treballar en la continu\u00eftat del sistema d\u2019aprenentatge b-learning al centre.<\/p>\n<p style=\"text-align: justify;\">4.2. Participaci\u00f3 en el Programa d\u2019Innovaci\u00f3 \u201cTecnologies digitals per a l\u2019aprenentatge\u201d.<\/p>\n<p style=\"text-align: justify;\"><b>PUNT IV-2. SINGULARITAT DELS ENSENYAMENTS DEL CENTRE <\/b><b>(p\u00e0g. 12-13)\u00a0<\/b><\/p>\n<p style=\"text-align: justify;\">Des dels seus inicis el centre ha apostat clarament pel treball digital a l&#8217;aula. Durant els cursos 2007-2010 es va realitzar un projecte d&#8217;Innovaci\u00f3 educativa amb t\u00edtol &#8220;Integrem les TIC a la pr\u00e0ctica educativa&#8221;. Des del curs 2009-2010 treballem amb ordinadors a l&#8217;aula en modalitat 1&#215;1, en el marc del projecte eduCAT 2.0.<\/p>\n<p style=\"text-align: justify;\">Des del curs 2018-19 el centre forma part del Programa d\u2019Innovaci\u00f3 \u201c Tecnologies digitals per a l\u2019aprenentatge\u201d.<\/p>\n<p style=\"text-align: justify;\">Per treballar al centre els nostres alumnes necessiten un ordinador port\u00e0til. Aix\u00ed mateix les mat\u00e8ries es treballen digitalment utilitzant el llibre digital i l&#8217;entorn Moodle. La p\u00e0gina web en<\/p>\n<p style=\"text-align: justify;\">l&#8217;entorn Nodes \u00e9s una via de comunicaci\u00f3 i de difusi\u00f3 de les activitats que es realitzen al centre.<\/p>\n<p style=\"text-align: justify;\">A la plantilla del centre, en el cas que fos possible, es podrien definir perfils de llocs estructurals que servissin per continuar mantenint aquesta l\u00ednia de treball engegada, d&#8217;escola digital, com aquesta l\u00ednia m\u00e9s recent d&#8217;escola pluriling\u00fce.<\/p>\n<p style=\"text-align: justify;\"><b>PUNT IV-3.2. RELACIONS AMB LES FAM\u00cdLIES <\/b><b>(p\u00e0g. 14)\u00a0<\/b><\/p>\n<p style=\"text-align: justify;\">Les fam\u00edlies es poden posar en contacte amb el centre per diversos mitjans (presencialment, telef\u00f2nicament o via correu electr\u00f2nic).<\/p>\n<\/div>\n<p style=\"text-align: justify;\"><strong>Pel que fa a les <a href=\"https:\/\/agora.xtec.cat\/iespinedademar\/linstitut\/nofc\/\">Normes d&#8217;Organitzaci\u00f3 i Funcionament de Centre<\/a> (NOFC):<\/strong><\/p>\n<p style=\"text-align: justify;\"><b>T\u00cdTOL II, CAP\u00cdTOL 4. \u00d2RGANS UNIPERSONALS DE COORDINACI\u00d3 <\/b><b>(p\u00e0g. 22)\u00a0<\/b><\/p>\n<p style=\"text-align: justify;\">Secci\u00f3 1: Coordinador digital<\/p>\n<p style=\"text-align: justify;\">La coordinaci\u00f3 de TAC (anteriorment TIC) del centre ha de respondre, davant de la direcci\u00f3 del centre, de les seg\u00fcents funcions en relaci\u00f3 amb les tecnologies per a l\u2019aprenentatge i el<\/p>\n<p style=\"text-align: justify;\">coneixement:<\/p>\n<ul style=\"text-align: justify;\">\n<li aria-level=\"1\">Impulsar l\u2019\u00fas did\u00e0ctic de les TAC en el curr\u00edculum escolar i assessorar el professorat per a la seva implantaci\u00f3, aix\u00ed com orientar-lo sobre la formaci\u00f3 en TAC, d\u2019acord amb l\u2019assessorament dels serveis educatius de la zona.<\/li>\n<li aria-level=\"1\">Vetllar pel manteniment de les instal\u00b7lacions i els equipaments inform\u00e0tics i telem\u00e0tics del centre, en coordinaci\u00f3 amb el servei de manteniment preventiu i d\u2019assist\u00e8ncia t\u00e8cnica.<\/li>\n<li aria-level=\"1\">Proposar a l\u2019equip directiu els criteris per a la utilitzaci\u00f3 i l\u2019optimaci\u00f3 dels recursos TIC del centre.<\/li>\n<li aria-level=\"1\">Assessorar l\u2019equip directiu, el professorat i el personal d\u2019administraci\u00f3 i serveis del centre en l\u2019\u00fas de les aplicacions de gesti\u00f3 acad\u00e8mica i economicoadministratives del Departament d\u2019Educaci\u00f3.<\/li>\n<li aria-level=\"1\">Aquelles altres que el director\/a del centre li encomani en relaci\u00f3 amb els recursos TIC que li pugui assignar el Departament d\u2019Educaci\u00f3.<\/li>\n<\/ul>\n<p style=\"text-align: justify;\">A fi de potenciar l\u2019\u00fas educatiu de les TIC i assessorar tant l\u2019equip directiu com el claustre i la comunitat educativa en la seva optimaci\u00f3, \u00e9s convenient que a cada centre es constitueixi una comissi\u00f3 TAC, que pot estar formada per un membre de l\u2019equip directiu, el coordinador\/a de TIC del centre i els coordinadors o professorat de diferents cursos, cicles o departaments, per tal de:<\/p>\n<ul style=\"text-align: justify;\">\n<li aria-level=\"1\">Coordinar la integraci\u00f3 de les TIC en les programacions curriculars i en l\u2019avaluaci\u00f3 de l\u2019alumnat, i promoure l\u2019\u00fas de les TIC en la pr\u00e0ctica educativa a l\u2019aula.<\/li>\n<li aria-level=\"1\">Vetllar per l\u2019optimaci\u00f3 de l\u2019\u00fas dels recursos TIC del centre.<\/li>\n<li aria-level=\"1\">Animar a usar les TIC entre la comunitat educativa i difondre-les.<\/li>\n<li aria-level=\"1\">Tenir cura dels aspectes normatius seg\u00fcents:\n<ul>\n<li aria-level=\"2\">Que s\u2019utilitzi la instal\u00b7laci\u00f3 de programari en catal\u00e0 per complir all\u00f2 que estableix l\u2019art. 20 de la Llei 1\/1998, de 7 de gener, de pol\u00edtica ling\u00fc\u00edstica.<\/li>\n<li aria-level=\"2\">Que el centre disposi de la llic\u00e8ncia d\u2019\u00fas per a tot el programari que s\u2019utilitzi en cadascun dels ordinadors del centre. En aquest sentit, l\u2019adopci\u00f3 de programari lliure facilita l\u2019\u00fas i la difusi\u00f3 d\u2019aplicacions TIC sense restriccions i amb ple respecte a la legalitat vigent.<\/li>\n<li aria-level=\"2\">Que s\u2019utilitzin habitualment formats basats en est\u00e0ndards oberts a l\u2019intercanvi de documents electr\u00f2nics.<\/li>\n<li aria-level=\"2\">Que els materials digitals difosos pel centre que siguin accessibles en l\u00ednia siguin respectuosos amb els drets d\u2019autor i les llic\u00e8ncies d&#8217;\u00fas dels diferents elements que els integren (imatges, esquemes, textos, \u00e0udio, v\u00eddeo, etc.). La publicaci\u00f3 de continguts que el mateix centre genera i que vol compartir i difondre a la xarxa s&#8217;ha de fer amb l\u2019adopci\u00f3 de llic\u00e8ncies \u201cCreative Commons\u201d, que faciliten la difusi\u00f3 i la compartici\u00f3 dels continguts a la xarxa, tot protegint-ne l\u2019autoria.<\/li>\n<li aria-level=\"2\">Que la p\u00e0gina web del centre incorpori la identificaci\u00f3 gr\u00e0fica adaptada al Programa d\u2019Identificaci\u00f3 Visual, de la Generalitat de Catalunya.<\/li>\n<li aria-level=\"2\">Que s\u2019apliquin al web del centre criteris d\u2019accessibilitat.<\/li>\n<li aria-level=\"2\">Que es tinguin en compte les mesures de protecci\u00f3 de dades personals.<\/li>\n<\/ul>\n<\/li>\n<\/ul>\n<p style=\"text-align: justify;\"><b>T\u00cdTOL V, CAP\u00cdTOL 2. DEL PROFESSORAT <\/b><b>Article 104: La funci\u00f3 docent (refer\u00e8ncia a la LEC) <\/b><b>(p\u00e0g. 49)\u00a0<\/b><\/p>\n<p style=\"text-align: justify;\">Utilitzar les tecnologies de l&#8217;informaci\u00f3 i la comunicaci\u00f3, que han de con\u00e8ixer i dominar com a eina metodol\u00f2gica.<\/p>\n<p style=\"text-align: justify;\"><b>T\u00cdTOL V, CAP\u00cdTOL 1. PARES D\u2019ALUMNES <\/b><b>(p\u00e0g. 52)\u00a0<\/b><\/p>\n<p style=\"text-align: justify;\">Comunicaci\u00f3 fam\u00edlies-alumnat<\/p>\n<p style=\"text-align: justify;\">En cap cas l&#8217;alumne pot usar el seu dispositiu m\u00f2bil per contactar amb els pares per tal que li portin treballs deixats a casa, llibres, xandall&#8230; L&#8217;alumne ha de ser responsable de dur al centre el material pertinent.<\/p>\n<p style=\"text-align: justify;\"><b>T\u00cdTOL VII, CAP\u00cdTOL 1, SECCI\u00d3 9. UTILITZACI\u00d3 DELS RECURSOS MATERIALS <\/b><b>(p\u00e0g. 69)\u00a0<\/b><\/p>\n<p style=\"text-align: justify;\">Inform\u00e0tica. \u00das del material inform\u00e0tic<\/p>\n<ol style=\"text-align: justify;\">\n<li aria-level=\"1\">Tot el que fa refer\u00e8ncia a l\u2019organitzaci\u00f3 i funcionament de la inform\u00e0tica aix\u00ed com de la pissarra digital i de les unitats m\u00f2bils se n\u2019ocupa la coordinadora d\u2019inform\u00e0tica. Els ordinadors, no port\u00e0tils, estan congelats. Per aquest motiu qualsevol programa o necessitat que tingueu l\u2019heu de fer arribar a la coordinadora.<\/li>\n<li aria-level=\"1\">El disseny i l\u2019organitzaci\u00f3 dels continguts de la p\u00e0gina web del centre s\u00f3n gestionats des de la coordinaci\u00f3 TIC.<\/li>\n<li aria-level=\"1\">Els continguts publicats a la p\u00e0gina web del centre s\u00f3n revisats per la coordinaci\u00f3 LIC.<\/li>\n<li aria-level=\"1\">La utilitzaci\u00f3 de l\u2019aula queda restringida a l&#8217;\u00fas exclusiu d&#8217;activitats docents i les aprovades pel Consell Escolar, reglamentades acuradament.<\/li>\n<li aria-level=\"1\">Els ordinadors de la Sala de Professors s\u2019han de dedicar, exclusivament, a q\u00fcestions de caire administratiu (control d\u2019assist\u00e8ncia i disciplina, tasques de departament, etc.).<\/li>\n<li aria-level=\"1\">Els ordinadors de secretaria i els despatxos tan sols podran utilitzar-los el professors autoritzats.<\/li>\n<li aria-level=\"1\">La clau d&#8217;acc\u00e9s d&#8217;un usuari i la seva contrasenya s\u00f3n personals i intransferibles, subministrar-los a altres persones posa en perill la seguretat de la xarxa del centre.<\/li>\n<li aria-level=\"1\">Solament es poden utilitzar aplicacions subministrades pel Departament d&#8217;Ensenyament, pels altres estaments oficials i els adquirits sota llic\u00e8ncia o programari lliure.<\/li>\n<li aria-level=\"1\">Correspon a la coordinaci\u00f3 d&#8217;inform\u00e0tica decidir quines s\u00f3n les m\u00e0quines on s&#8217;han d\u2019instal\u00b7lar les aplicacions i la configuraci\u00f3 de les mateixes. No es pot instal\u00b7lar cap sistema operatiu que alteri el funcionament de la xarxa. Si es vol instal\u00b7lar algun programa, es consultar\u00e0, pr\u00e8viament, amb la coordinadora d\u2019inform\u00e0tica.<\/li>\n<li aria-level=\"1\">En cap cas s&#8217;instal\u00b7laran aplicacions destinades al joc ni a l&#8217;\u00fas particular del personal de l&#8217;institut.<\/li>\n<li aria-level=\"1\">Tot el centre t\u00e9 WIFI.<\/li>\n<li aria-level=\"1\">El centre disposa de diferents sistemes de control de continguts. Qualsevol tipus de manipulaci\u00f3 d\u2019aquest sistema comportar\u00e0 una sanci\u00f3 com ara, la suspensi\u00f3 del dret de participaci\u00f3 en activitats extraescolars o complement\u00e0ries o la suspensi\u00f3 del dret d\u2019assistir al centre o a determinades classes, en tots dos sup\u00f2sits per un per\u00edode m\u00e0xim de tres mesos o pel temps que resti fins a la finalitzaci\u00f3 del curs acad\u00e8mic, si s\u00f3n menys de tres mesos.<\/li>\n<li aria-level=\"1\">L\u2019alumnat no pot manipular el PC del professorat que hi ha a cadascuna de les aules. En cas que ho faci rebr\u00e0 el pertinent full greu d\u00b4incid\u00e8ncia i, en cas de derivar-se\u2019n algun desperfecte o avaria, en l\u00b4ordinador o en el teclat, la fam\u00edlia de l\u00b4alumne, d\u2019acord amb l\u2019article 38 de la LEC, haur\u00e0 d\u00b4assumir les despeses de la reparaci\u00f3.<\/li>\n<li aria-level=\"1\">Els alumnes no poden manipular els bol\u00edgrafs de les pissarres digitals. En cas de fer-ho rebran el pertinent full greu d\u00b4incid\u00e8ncia i, en cas d\u00b4ocasionar-se algun desperfecte en el bol\u00edgraf (trencament o desaparici\u00f3 de la punta&#8230;) la fam\u00edlia de l&#8217;alumne, d\u2019acord amb l\u2019article 38 de la LEC, haur\u00e0 d\u00b4assumir les despeses de la reparaci\u00f3.<\/li>\n<\/ol>\n<p style=\"text-align: justify;\">Normes d&#8217;\u00fas dels PC port\u00e0tils de pr\u00e9stec<\/p>\n<p style=\"text-align: justify;\">Els ordinadors port\u00e0tils del centre que es deixin als alumnes en modalitat de pr\u00e9stec, han de<\/p>\n<p style=\"text-align: justify;\">ser dipositats en acabar la jornada lectiva a l&#8217;armari de la zona de consergeria. En cap cas es poden deixar desatesos a cap aula ni fora de l&#8217;armari. En cas que l\u00b4armari estigui tancat, els alumnes han d&#8217;esperar que el\/la persona responsable arribi i l\u00b4obri per a poder-hi desar el port\u00e0til.<\/p>\n<p style=\"text-align: justify;\">A primera hora del mat\u00ed (8.00h) els alumnes a qui se&#8217;ls hagi deixat un port\u00e0til en pr\u00e9stec el recolliran de l&#8217;armariet de consergeria i a \u00faltima hora (14.20h) l\u00b4hi dipositaran. Sota cap concepte un alumne pot endur-se a casa el port\u00e0til que l&#8217;Institut li ha cedit en r\u00e8gim de pr\u00e9stec. En cas que no acompleixi aquesta normativa se li podr\u00e0 retirar el port\u00e0til de pr\u00e9stec.<\/p>\n<p style=\"text-align: justify;\">D\u00b4acord amb l&#8217;article 38 de la LEC, en cas que un alumne malmeti no accidentalment un ordinador de pr\u00e9stec del centre, la fam\u00edlia d\u00b4aquest n\u00b4haur\u00e0 d\u00b4assumir les despeses de reparaci\u00f3. En cas que aix\u00f2 succeeixi la coordinadora d&#8217;inform\u00e0tica haur\u00e0 de comunicar a les<\/p>\n<p style=\"text-align: justify;\">fam\u00edlies la situaci\u00f3 i informar\u00e0 de l\u00b4avaria o desperfecte, en cas d&#8217;haver-n&#8217;hi, al secretari, per tal d\u00b4engegar el protocol de reparaci\u00f3 de l&#8217;ordinador i la tramitaci\u00f3 de la liquidaci\u00f3 de les despeses corresponents per part de la fam\u00edlia.<\/p>\n<p style=\"text-align: justify;\">Manipulaci\u00f3 de port\u00e0tils<\/p>\n<p style=\"text-align: justify;\">Si un alumne manipula o avaria un port\u00e0til que no \u00e9s seu o un alumne deixa que un company<\/p>\n<p style=\"text-align: justify;\">manipuli el seu port\u00e0til per arreglar-l&#8217;hi, el centre en cap cas es far\u00e0 responsable dels possibles danys ocasionats (trencament pantalla, desaparici\u00f3 de tecles&#8230;). Les despeses ocasionades per la reparaci\u00f3 dels danys hauran de ser assumits per l\u00b4alumne ocasionant del dany o a mitges amb qui li hagi deixat manipular el propi port\u00e0til.<\/p>\n<p style=\"text-align: justify;\">En el cas que es malmeti l&#8217;ordinador port\u00e0til en pr\u00e9stec del Pla d&#8217;Educaci\u00f3 Digital de Catalunya cedit a un alumne de forma nominativa, la fam\u00edlia d&#8217;aquest n&#8217;haur\u00e0 d&#8217;assumir les despeses de reparaci\u00f3.<\/p>\n<p style=\"text-align: justify;\">Altres dispositius<\/p>\n<p style=\"text-align: justify;\">No s\u00f3n permesos durant els ex\u00e0mens els rellotges de tipus smartwatch amb funcionalitats de tel\u00e8fon m\u00f2bil. El seu \u00fas durant la jornada lectiva ser\u00e0 sancionat amb un full d&#8217;incid\u00e8ncia i ser\u00e0 portat a la cap d&#8217;estudis perqu\u00e8 la fam\u00edlia el vingui a buscar.<\/p>\n<p style=\"text-align: justify;\"><b>T\u00cdTOL VII, CAP\u00cdTOL 1, SECCI\u00d3 10. NORMES DE CONVIV\u00c8NCIA <\/b><b>(p\u00e0g. 73)\u00a0<\/b><\/p>\n<p style=\"text-align: justify;\">1- En general<\/p>\n<p style=\"text-align: justify;\">Els tel\u00e8fons m\u00f2bils i els aparells electr\u00f2nics no estan permesos i no es poden portar al centre per tant, el centre no se&#8217;n fa responsable en cas de p\u00e8rdua, desaparici\u00f3 o trencament. En cas que un professor\/a n\u00b4observi la pres\u00e8ncia i\/o l\u2019\u00fas de l\u2019aparell, demanar\u00e0 a l\u00b4alumne que n\u00b4hi faci entrega i el lliurar\u00e0 a la Cap d&#8217;Estudis i es sancionar\u00e0 aplicant les NOFC. Nom\u00e9s es retornar\u00e0 als pares de l&#8217;alumne\/a. Els esmentats aparells i els tel\u00e8fons m\u00f2bils nom\u00e9s es podran usar en cas que el seu \u00fas vagi relacionat amb activitats acad\u00e8miques concretes que aix\u00ed ho requereixin i que el professor corresponent especifiqui.<\/p>\n<\/div>\n<\/div>\n<\/div>\n<\/div>\n<\/div>\n<\/div>\n<\/div>\n<\/div>\n<\/section>\n","protected":false},"excerpt":{"rendered":"<p>La cultura digital apareix en pr\u00e0cticament tots els documents b\u00e0sics del centre. A continuaci\u00f3 es remarquen els aspectes m\u00e9s importants de cada un d\u2019ells. Pel que fa al Projecte Educatiu de Centre (PEC): PUNT I-1. HIST\u00d2RIA (p\u00e0g. 2)\u00a0 El curs 2007 el centre inicia un projecte d\u2019Innovaci\u00f3 educativa \u201cIntegrem les TIC a la pr\u00e0ctica educativa\u201d [&hellip;]<\/p>\n","protected":false},"author":1,"featured_media":0,"parent":12619,"menu_order":0,"comment_status":"closed","ping_status":"closed","template":"page-templates\/side-menu.php","meta":{"_bbp_topic_count":0,"_bbp_reply_count":0,"_bbp_total_topic_count":0,"_bbp_total_reply_count":0,"_bbp_voice_count":0,"_bbp_anonymous_reply_count":0,"_bbp_topic_count_hidden":0,"_bbp_reply_count_hidden":0,"_bbp_forum_subforum_count":0,"site-sidebar-layout":"default","site-content-layout":"","ast-site-content-layout":"","site-content-style":"default","site-sidebar-style":"default","ast-global-header-display":"","ast-banner-title-visibility":"","ast-main-header-display":"","ast-hfb-above-header-display":"","ast-hfb-below-header-display":"","ast-hfb-mobile-header-display":"","site-post-title":"","ast-breadcrumbs-content":"","ast-featured-img":"","footer-sml-layout":"","theme-transparent-header-meta":"","adv-header-id-meta":"","stick-header-meta":"","header-above-stick-meta":"","header-main-stick-meta":"","header-below-stick-meta":"","astra-migrate-meta-layouts":"default","ast-page-background-enabled":"default","ast-page-background-meta":{"desktop":{"background-color":"var(--ast-global-color-4)","background-image":"","background-repeat":"repeat","background-position":"center center","background-size":"auto","background-attachment":"scroll","background-type":"","background-media":"","overlay-type":"","overlay-color":"","overlay-opacity":"","overlay-gradient":""},"tablet":{"background-color":"","background-image":"","background-repeat":"repeat","background-position":"center center","background-size":"auto","background-attachment":"scroll","background-type":"","background-media":"","overlay-type":"","overlay-color":"","overlay-opacity":"","overlay-gradient":""},"mobile":{"background-color":"","background-image":"","background-repeat":"repeat","background-position":"center center","background-size":"auto","background-attachment":"scroll","background-type":"","background-media":"","overlay-type":"","overlay-color":"","overlay-opacity":"","overlay-gradient":""}},"ast-content-background-meta":{"desktop":{"background-color":"var(--ast-global-color-5)","background-image":"","background-repeat":"repeat","background-position":"center center","background-size":"auto","background-attachment":"scroll","background-type":"","background-media":"","overlay-type":"","overlay-color":"","overlay-opacity":"","overlay-gradient":""},"tablet":{"background-color":"var(--ast-global-color-5)","background-image":"","background-repeat":"repeat","background-position":"center center","background-size":"auto","background-attachment":"scroll","background-type":"","background-media":"","overlay-type":"","overlay-color":"","overlay-opacity":"","overlay-gradient":""},"mobile":{"background-color":"var(--ast-global-color-5)","background-image":"","background-repeat":"repeat","background-position":"center center","background-size":"auto","background-attachment":"scroll","background-type":"","background-media":"","overlay-type":"","overlay-color":"","overlay-opacity":"","overlay-gradient":""}},"footnotes":""},"class_list":["post-12623","page","type-page","status-publish","hentry"],"post_mailing_queue_ids":[],"_links":{"self":[{"href":"https:\/\/agora.xtec.cat\/iespinedademar\/wp-json\/wp\/v2\/pages\/12623","targetHints":{"allow":["GET"]}}],"collection":[{"href":"https:\/\/agora.xtec.cat\/iespinedademar\/wp-json\/wp\/v2\/pages"}],"about":[{"href":"https:\/\/agora.xtec.cat\/iespinedademar\/wp-json\/wp\/v2\/types\/page"}],"author":[{"embeddable":true,"href":"https:\/\/agora.xtec.cat\/iespinedademar\/wp-json\/wp\/v2\/users\/1"}],"replies":[{"embeddable":true,"href":"https:\/\/agora.xtec.cat\/iespinedademar\/wp-json\/wp\/v2\/comments?post=12623"}],"version-history":[{"count":3,"href":"https:\/\/agora.xtec.cat\/iespinedademar\/wp-json\/wp\/v2\/pages\/12623\/revisions"}],"predecessor-version":[{"id":12937,"href":"https:\/\/agora.xtec.cat\/iespinedademar\/wp-json\/wp\/v2\/pages\/12623\/revisions\/12937"}],"up":[{"embeddable":true,"href":"https:\/\/agora.xtec.cat\/iespinedademar\/wp-json\/wp\/v2\/pages\/12619"}],"wp:attachment":[{"href":"https:\/\/agora.xtec.cat\/iespinedademar\/wp-json\/wp\/v2\/media?parent=12623"}],"curies":[{"name":"wp","href":"https:\/\/api.w.org\/{rel}","templated":true}]}}