{"id":10703,"date":"2019-10-14T15:37:07","date_gmt":"2019-10-14T13:37:07","guid":{"rendered":"http:\/\/agora.xtec.cat\/iespinedademar\/?page_id=10703"},"modified":"2020-04-29T07:21:05","modified_gmt":"2020-04-29T05:21:05","slug":"tecnologies-digitals-per-laprenentatge","status":"publish","type":"page","link":"https:\/\/agora.xtec.cat\/iespinedademar\/projectes-dinnovacio-pedagogica\/tecnologies-digitals-per-laprenentatge\/","title":{"rendered":"Tecnologies digitals per a l&#8217;aprenentatge"},"content":{"rendered":"<p><span style=\"font-weight: 400;\">L\u2019<\/span><b>Institut Pineda de Mar<\/b><span style=\"font-weight: 400;\"> participa en el programa \u00a0 \u201c<\/span><b>Tecnologies\u00a0 digitals per a l\u2019aprenentatge<\/b><span style=\"font-weight: 400;\">\u201d en l\u2019\u00e0mbit de la Comunicaci\u00f3 digital, amb el projecte: <\/span><b>INS<\/b> <b>PINEDA M\u00c8DIA<\/b><span style=\"font-weight: 400;\">. Un projecte audiovisual transversal que neix com a estrat\u00e8gia\u00a0 per millorar el rendiment de l\u2019alumnat del nostre centre. Des del curr\u00edculum optatiu, a tota l\u2019etapa s\u2019ofereix a l\u2019alumnat la possibilitat de formar-se en aquest \u00e0mbit de la imatge i la comunicaci\u00f3. Una televisi\u00f3 escolar que, per a l\u2019alumnat de l\u2019aula oberta de 3r i 4t d\u2019ESO, ha estat la consolidaci\u00f3 d\u2019un seguit de l\u00ednies d\u2019actuaci\u00f3 dirigides a <\/span><b>reduir el frac\u00e0s escolar<\/b><span style=\"font-weight: 400;\"> del nostre centre i a <\/span><b>assolir les compet\u00e8ncies b\u00e0siques<\/b><span style=\"font-weight: 400;\"> de l\u2019etapa.<\/span><\/p>\n<p><span style=\"font-weight: 400;\">L\u2019INS PINEDA M\u00c8DIA actua en la vida quotidiana del centre, col\u00b7labora amb professorat i alumnat. Es filmen pr\u00e0ctiques de laboratori, tallers de poesia, taules i balls d\u2019educaci\u00f3 f\u00edsica, activitats teatrals en angl\u00e8s, espectacles musicals, pel\u00b7l\u00edcules creades des de l\u2019\u00e0rea de lleng\u00fces, teatre, v\u00eddeos humor\u00edstics, reportatges, v\u00eddeos de promoci\u00f3 del centre, activitats del municipi&#8230;\u00a0<\/span><\/p>\n<p><span style=\"font-weight: 400;\">Des del curs 2016-2017, el centre va iniciar un projecte audiovisual que ha anat creixent en pres\u00e8ncia i transversalitat en la pr\u00e0ctica educativa.\u00a0<\/span><\/p>\n<p><span style=\"font-weight: 400;\">El projecte INS PINEDA MEDIA s\u2019articula a partir d\u2019una <\/span><b>plataforma audiovisual ubicada al web del centre<\/b><span style=\"font-weight: 400;\">. En aquest espai es publiquen els resultats de totes les \u00e0rees i els \u00e0mbits implicats. Les mat\u00e8ries i activitats al voltant del projecte s\u00f3n de car\u00e0cter espec\u00edfic i tamb\u00e9 transversal.<\/span><\/p>\n<p><span style=\"font-weight: 400;\">S\u2019han dissenyat les activitats seg\u00fcents:<\/span><\/p>\n<ul>\n<li style=\"font-weight: 400;\"><span style=\"font-weight: 400;\">Optativa de Comunicaci\u00f3 audiovisual a 2n d\u2019ESO i 3r d\u2019ESO.<\/span><\/li>\n<li style=\"font-weight: 400;\"><span style=\"font-weight: 400;\">Classes extraescolars de comunicaci\u00f3 audiovisual.<\/span><\/li>\n<li style=\"font-weight: 400;\"><span style=\"font-weight: 400;\">Organitzaci\u00f3 anual del festival de curtmetratges.<\/span><\/li>\n<li style=\"font-weight: 400;\"><span style=\"font-weight: 400;\">Projecte Erasmus <\/span><span style=\"font-weight: 400;\">\u00ab<\/span><span style=\"font-weight: 400;\">Trimedia<\/span><span style=\"font-weight: 400;\">\u00bb<\/span><span style=\"font-weight: 400;\">: Proposta de plataforma audiovisual conjunta amb una escola alemanya i una escola polonesa. Adre\u00e7at a alumnes de 14-15 anys.<\/span><\/li>\n<li style=\"font-weight: 400;\"><span style=\"font-weight: 400;\">Enregistrament i edici\u00f3 de clips sobre sortides i celebracions, aix\u00ed com \u00e0lbums fotogr\u00e0fics.<\/span><\/li>\n<li style=\"font-weight: 400;\"><span style=\"font-weight: 400;\">Enregistrament d\u2019activitats de comunicaci\u00f3, des de les \u00e0rees de lleng\u00fces: entrevistes, exposicions, noticiaris&#8230;<\/span><\/li>\n<li style=\"font-weight: 400;\"><span style=\"font-weight: 400;\">Creaci\u00f3 de <\/span><i><span style=\"font-weight: 400;\">booktrailers<\/span><\/i><span style=\"font-weight: 400;\"> a partir d\u2019una lectura obligat\u00f2ria.<\/span><\/li>\n<li style=\"font-weight: 400;\"><span style=\"font-weight: 400;\">Sortida al museu del cinema: visita i taller <\/span><span style=\"font-weight: 400;\">\u00ab<\/span><span style=\"font-weight: 400;\">Fem de Charlot<\/span><span style=\"font-weight: 400;\">\u00bb<\/span><span style=\"font-weight: 400;\">. S\u2019hi inclou un concurs fotogr\u00e0fic sobre la ciutat de Girona.<\/span><\/li>\n<li style=\"font-weight: 400;\"><span style=\"font-weight: 400;\">Col\u00b7laboraci\u00f3 amb entitats externes.<\/span><\/li>\n<li style=\"font-weight: 400;\"><span style=\"font-weight: 400;\">Creaci\u00f3 d\u2019un grup d\u2019alumnes responsable de la gesti\u00f3 i coordinaci\u00f3 de la imatge, el so i la il\u00b7luminaci\u00f3 de la sala d\u2019actes.<\/span><\/li>\n<\/ul>\n","protected":false},"excerpt":{"rendered":"<p>L\u2019Institut Pineda de Mar participa en el programa \u00a0 \u201cTecnologies\u00a0 digitals per a l\u2019aprenentatge\u201d en l\u2019\u00e0mbit de la Comunicaci\u00f3 digital, amb el projecte: INS PINEDA M\u00c8DIA. Un projecte audiovisual transversal que neix com a estrat\u00e8gia\u00a0 per millorar el rendiment de l\u2019alumnat del nostre centre. Des del curr\u00edculum optatiu, a tota l\u2019etapa s\u2019ofereix a l\u2019alumnat la [&hellip;]<\/p>\n","protected":false},"author":1,"featured_media":0,"parent":10705,"menu_order":0,"comment_status":"closed","ping_status":"closed","template":"page-templates\/side-menu.php","meta":{"_bbp_topic_count":0,"_bbp_reply_count":0,"_bbp_total_topic_count":0,"_bbp_total_reply_count":0,"_bbp_voice_count":0,"_bbp_anonymous_reply_count":0,"_bbp_topic_count_hidden":0,"_bbp_reply_count_hidden":0,"_bbp_forum_subforum_count":0,"site-sidebar-layout":"default","site-content-layout":"","ast-site-content-layout":"","site-content-style":"default","site-sidebar-style":"default","ast-global-header-display":"","ast-banner-title-visibility":"","ast-main-header-display":"","ast-hfb-above-header-display":"","ast-hfb-below-header-display":"","ast-hfb-mobile-header-display":"","site-post-title":"","ast-breadcrumbs-content":"","ast-featured-img":"","footer-sml-layout":"","theme-transparent-header-meta":"","adv-header-id-meta":"","stick-header-meta":"","header-above-stick-meta":"","header-main-stick-meta":"","header-below-stick-meta":"","astra-migrate-meta-layouts":"default","ast-page-background-enabled":"default","ast-page-background-meta":{"desktop":{"background-color":"var(--ast-global-color-4)","background-image":"","background-repeat":"repeat","background-position":"center center","background-size":"auto","background-attachment":"scroll","background-type":"","background-media":"","overlay-type":"","overlay-color":"","overlay-opacity":"","overlay-gradient":""},"tablet":{"background-color":"","background-image":"","background-repeat":"repeat","background-position":"center center","background-size":"auto","background-attachment":"scroll","background-type":"","background-media":"","overlay-type":"","overlay-color":"","overlay-opacity":"","overlay-gradient":""},"mobile":{"background-color":"","background-image":"","background-repeat":"repeat","background-position":"center center","background-size":"auto","background-attachment":"scroll","background-type":"","background-media":"","overlay-type":"","overlay-color":"","overlay-opacity":"","overlay-gradient":""}},"ast-content-background-meta":{"desktop":{"background-color":"var(--ast-global-color-5)","background-image":"","background-repeat":"repeat","background-position":"center center","background-size":"auto","background-attachment":"scroll","background-type":"","background-media":"","overlay-type":"","overlay-color":"","overlay-opacity":"","overlay-gradient":""},"tablet":{"background-color":"var(--ast-global-color-5)","background-image":"","background-repeat":"repeat","background-position":"center center","background-size":"auto","background-attachment":"scroll","background-type":"","background-media":"","overlay-type":"","overlay-color":"","overlay-opacity":"","overlay-gradient":""},"mobile":{"background-color":"var(--ast-global-color-5)","background-image":"","background-repeat":"repeat","background-position":"center center","background-size":"auto","background-attachment":"scroll","background-type":"","background-media":"","overlay-type":"","overlay-color":"","overlay-opacity":"","overlay-gradient":""}},"footnotes":""},"class_list":["post-10703","page","type-page","status-publish","hentry"],"post_mailing_queue_ids":[],"_links":{"self":[{"href":"https:\/\/agora.xtec.cat\/iespinedademar\/wp-json\/wp\/v2\/pages\/10703","targetHints":{"allow":["GET"]}}],"collection":[{"href":"https:\/\/agora.xtec.cat\/iespinedademar\/wp-json\/wp\/v2\/pages"}],"about":[{"href":"https:\/\/agora.xtec.cat\/iespinedademar\/wp-json\/wp\/v2\/types\/page"}],"author":[{"embeddable":true,"href":"https:\/\/agora.xtec.cat\/iespinedademar\/wp-json\/wp\/v2\/users\/1"}],"replies":[{"embeddable":true,"href":"https:\/\/agora.xtec.cat\/iespinedademar\/wp-json\/wp\/v2\/comments?post=10703"}],"version-history":[{"count":3,"href":"https:\/\/agora.xtec.cat\/iespinedademar\/wp-json\/wp\/v2\/pages\/10703\/revisions"}],"predecessor-version":[{"id":11153,"href":"https:\/\/agora.xtec.cat\/iespinedademar\/wp-json\/wp\/v2\/pages\/10703\/revisions\/11153"}],"up":[{"embeddable":true,"href":"https:\/\/agora.xtec.cat\/iespinedademar\/wp-json\/wp\/v2\/pages\/10705"}],"wp:attachment":[{"href":"https:\/\/agora.xtec.cat\/iespinedademar\/wp-json\/wp\/v2\/media?parent=10703"}],"curies":[{"name":"wp","href":"https:\/\/api.w.org\/{rel}","templated":true}]}}