{"id":5511,"date":"2020-05-05T12:17:38","date_gmt":"2020-05-05T10:17:38","guid":{"rendered":"https:\/\/agora.xtec.cat\/iesperealsius\/?page_id=5511"},"modified":"2020-05-12T12:04:09","modified_gmt":"2020-05-12T10:04:09","slug":"jornades-de-portes-obertes-virtuals","status":"publish","type":"page","link":"https:\/\/agora.xtec.cat\/iesperealsius\/jornades-de-portes-obertes-virtuals\/","title":{"rendered":"Jornades de Portes Obertes Virtuals"},"content":{"rendered":"<p><a href=\"https:\/\/agora.xtec.cat\/iesperealsius\/wp-content\/uploads\/usu45\/2020\/05\/Portes-obertes-virtuals.jpg\"><img loading=\"lazy\" decoding=\"async\" class=\" wp-image-5522 alignright\" src=\"https:\/\/agora.xtec.cat\/iesperealsius\/wp-content\/uploads\/usu45\/2020\/05\/Portes-obertes-virtuals.jpg\" alt=\"\" width=\"262\" height=\"246\" srcset=\"https:\/\/agora.xtec.cat\/iesperealsius\/wp-content\/uploads\/usu45\/2020\/05\/Portes-obertes-virtuals.jpg 637w, https:\/\/agora.xtec.cat\/iesperealsius\/wp-content\/uploads\/usu45\/2020\/05\/Portes-obertes-virtuals-300x282.jpg 300w\" sizes=\"auto, (max-width: 262px) 100vw, 262px\" \/><\/a>Benvolgudes fam\u00edlies,<\/p>\n<p>Abans de res, nom\u00e9s desitjar que a casa vostra tots estigueu b\u00e9 de salut i d\u2019\u00e0nims.<\/p>\n<p>El vostre fill \/ la vostra filla est\u00e0 a punt d\u2019acabar una etapa educativa i iniciar una de nova (ESO, Batxillerat o Ensenyaments Professionals). Ara \u00e9s el moment d&#8217;informar-se per decidir com continua la seva formaci\u00f3 a partir del proper curs.<\/p>\n<p><strong><span style=\"font-size: 20px;\">PROJECTE EDUCATIU DEL CENTRE<\/span><br \/>\n<\/strong><\/p>\n<p>En circumst\u00e0ncies normals us convidar\u00edem a assistir a una visita al centre per informar-vos de la nostra oferta formativa, per\u00f2 enguany hem de fer servir canals d&#8217;informaci\u00f3 virtual per tal explicar-vos els objectius generals que hem anat definint, renovant i posant en pr\u00e0ctica durant els m\u00e9s de cinquanta anys d\u2019experi\u00e8ncia del nostre centre, i per aix\u00f2 podeu accedir a aquesta informaci\u00f3 a trav\u00e9s dels seg\u00fcents enlla\u00e7os:<\/p>\n<div class=\"container25\" style=\"text-align: center;\"><span style=\"font-size: 18px; color: #ffa00c;\">ESO<\/span><br \/>\n<a href=\"https:\/\/agora.xtec.cat\/iesperealsius\/leso-a-lins-pere-alsius\/\"><br \/>\n<img decoding=\"async\" class=\"imatgesbanner\" src=\"https:\/\/agora.xtec.cat\/iesperealsius\/wp-content\/uploads\/usu45\/2018\/12\/ESO.jpg\" \/><\/p>\n<div class=\"middle25\">\n<div class=\"text25B\">ESO<\/div>\n<\/div>\n<\/div>\n<div class=\"container25\" style=\"text-align: center;\"><span style=\"font-size: 18x; color: #ffa00c;\">BATX<\/span><br \/>\n<a href=\"https:\/\/agora.xtec.cat\/iesperealsius\/estudis\/batxillerat\/\"><br \/>\n<img decoding=\"async\" class=\"imatgesbanner\" src=\"https:\/\/agora.xtec.cat\/iesperealsius\/wp-content\/uploads\/usu45\/2018\/12\/BATX.jpg\" \/><\/p>\n<div class=\"middle25\">\n<div class=\"text25B\">Batxillerat<\/div>\n<\/div>\n<\/div>\n<div class=\"container25\" style=\"text-align: center;\"><span style=\"font-size: 18px; color: #ffa00c;\">CICLES<\/span><br \/>\n<a href=\"https:\/\/agora.xtec.cat\/iesperealsius\/estudis\/cicles-formatius-2\"><br \/>\n<img decoding=\"async\" class=\"imatgesbanner\" src=\"https:\/\/agora.xtec.cat\/iesperealsius\/wp-content\/uploads\/usu45\/2018\/12\/CF.jpg\" \/><\/p>\n<div class=\"middle25\">\n<div class=\"text25B\">Cicles Formatius<\/div>\n<\/div>\n<\/div>\n<div class=\"container25\" style=\"text-align: center;\"><span style=\"font-size: 18px; color: #ffa00c;\">ESPORTS<\/span><br \/>\n<a href=\"https:\/\/agora.xtec.cat\/iesperealsius\/ensenyaments-esportius\/\"><br \/>\n<img decoding=\"async\" class=\"imatgesbanner\" src=\"https:\/\/agora.xtec.cat\/iesperealsius\/wp-content\/uploads\/usu45\/2018\/12\/EE.jpg\" \/><\/p>\n<div class=\"middle25\">\n<div class=\"text25B\">Ensenyaments Esportius<\/div>\n<\/div>\n<\/div>\n<p><!--\nEn el cas que el vostre fill \/ la vostra filla inici\u00ef l'ESO:\n\n<a href=\"https:\/\/agora.xtec.cat\/iesperealsius\/leso-a-lins-pere-alsius\/\" target=\"_blank\" rel=\"noopener noreferrer\"><span style=\"font-size: 20px;\"><strong>ESO INS PERE ALSIUS<\/strong><\/span>\n\nEn el cas que el vostre fill \/ la vostra filla vulgui seguir els estudis de batxillerat:\n\n<a href=\"https:\/\/agora.xtec.cat\/iesperealsius\/estudis\/batxillerat\/\" target=\"_blank\" rel=\"noopener noreferrer\"><strong><span style=\"font-size: 20px;\">BATXILLERAT INS PERE ALSIUS<\/span><\/strong>\n\nD\u2019altra banda si esteu interessats en tenir informaci\u00f3 sobre els ensenyaments professionals que s\u2019imparteixen al nostre institut:\n\n<strong><span style=\"font-size: 20px;\"><a href=\"https:\/\/agora.xtec.cat\/iesperealsius\/estudis\/cicles-formatius-2\/\" target=\"_blank\" rel=\"noopener noreferrer\">CICLES FORMATIUS INS PERE ALSIUS<\/a><\/span><\/strong>\n\n\n<ul>\n \t\n\n<li style=\"list-style-type: none;\">\n\n\n<ul>\n \t\n\n<li>CFGM Conducci\u00f3 d\u2019activitats f\u00edsiques i esportives en el medi natural<\/li>\n\n\n \t\n\n<li>CFGS Ensenyament i animaci\u00f3 socioesportiva<\/li>\n\n\n \t\n\n<li>CFGS Condicionament f\u00edsic<\/li>\n\n\n<\/ul>\n\n\n<\/li>\n\n\n<\/ul>\n\n\n<a href=\"https:\/\/agora.xtec.cat\/iesperealsius\/ensenyaments-esportius\/\" target=\"_blank\" rel=\"noopener noreferrer\"><span style=\"font-size: 20px;\"><strong>ENSENYAMENTS D'ESPORTS INS PERE ALSIUS<\/strong><\/span><\/a>\n\n\n<ul>\n \t\n\n<li style=\"list-style-type: none;\">\n\n\n<ul>\n \t\n\n<li>Futbol<\/li>\n\n\n \t\n\n<li>Salvament i socorrisme<\/li>\n\n\n \t\n\n<li>Altres modalitats<\/li>\n\n\n<\/ul>\n\n\n<\/li>\n\n\n<\/ul>\n\n\n--><\/p>\n<p>&nbsp;<br \/>\n<\/a><br \/>\n<strong><span style=\"font-size: 20px;\">PROCEDIMENT DE PREINSCRIPCI\u00d3<\/span> <span style=\"color: #ff0000; background-color: #ffff00;\">( ACTUALMENT SUSP\u00c8S)<\/span><\/strong><br \/>\nPel que fa al proc\u00e9s de preinscripci\u00f3 podeu tenir m\u00e9s informaci\u00f3 als seg\u00fcents enlla\u00e7os (les informacions les anirem actualitzant a mida que les publiqui el Departament d&#8217;Educaci\u00f3):<\/p>\n<div class=\"container15\" style=\"text-align: center;\"><span style=\"font-size: 18px; color: #ffa00c;\">ESO<\/span><br \/>\n<a href=\"https:\/\/agora.xtec.cat\/iesperealsius\/preinscripcio\/preinscripcio-eso\/\"><br \/>\n<img decoding=\"async\" class=\"imatges15\" src=\"https:\/\/agora.xtec.cat\/iesperealsius\/wp-content\/uploads\/usu45\/2018\/12\/ESO.jpg\" \/><\/p>\n<div class=\"middle15\">\n<div class=\"text15\">ESO<\/div>\n<\/div>\n<\/div>\n<div class=\"container15\" style=\"text-align: center;\"><span style=\"font-size: 18px; color: #ffa00c;\">BATX<\/span><br \/>\n<a href=\"https:\/\/agora.xtec.cat\/iesperealsius\/preinscripcio\/preinscripcio-batxillerat\/\"><br \/>\n<img decoding=\"async\" class=\"imatges15\" src=\"https:\/\/agora.xtec.cat\/iesperealsius\/wp-content\/uploads\/usu45\/2018\/12\/BATX.jpg\" \/><\/p>\n<div class=\"middle15\">\n<div class=\"text15\">Batxillerat<\/div>\n<\/div>\n<\/div>\n<div class=\"container15\" style=\"text-align: center;\"><span style=\"font-size: 18px; color: #ffa00c;\">CFGM<\/span><br \/>\n<a href=\"https:\/\/agora.xtec.cat\/iesperealsius\/preinscripcio\/preinscripcio-grau-mitja\/\"><br \/>\n<img decoding=\"async\" class=\"imatges15\" src=\"https:\/\/agora.xtec.cat\/iesperealsius\/wp-content\/uploads\/usu45\/2018\/12\/CF.jpg\" \/><\/p>\n<div class=\"middle15\">\n<div class=\"text15\">Cicle Formatiu Grau Mitg<\/div>\n<\/div>\n<\/div>\n<div class=\"container15\" style=\"text-align: center;\"><span style=\"font-size: 18px; color: #ffa00c;\">CFGS<\/span><br \/>\n<a href=\"https:\/\/agora.xtec.cat\/iesperealsius\/preinscripcio\/preinscripcio-grau-superior\/\"><br \/>\n<img decoding=\"async\" class=\"imatges15\" src=\"https:\/\/agora.xtec.cat\/iesperealsius\/wp-content\/uploads\/usu45\/2018\/12\/CF.jpg\" \/><\/p>\n<div class=\"middle15\">\n<div class=\"text15\">Cicle Formatiu Grau Superior<\/div>\n<\/div>\n<\/div>\n<div class=\"container15\" style=\"text-align: center;\"><span style=\"font-size: 18px; color: #ffa00c;\">Esports<\/span><br \/>\n<a href=\"https:\/\/agora.xtec.cat\/iesperealsius\/preinscripcio\/preinscripcio-ensenyaments-esportius\/\"><br \/>\n<img decoding=\"async\" class=\"imatges15\" src=\"https:\/\/agora.xtec.cat\/iesperealsius\/wp-content\/uploads\/usu45\/2018\/12\/EE.jpg\" \/><\/p>\n<div class=\"middle15\">\n<div class=\"text15\">Ensenyaments d&#8217;Esports<\/div>\n<\/div>\n<\/div>\n<div class=\"container15\" style=\"text-align: center;\"><span style=\"font-size: 18px; color: #ffa00c;\">idCat<\/span><br \/>\n<a href=\"https:\/\/web.gencat.cat\/ca\/tramits\/com-tramitar-en-linia\/identificacio-digital\/id-cat-mobil\/\"><br \/>\n<img decoding=\"async\" class=\"imatges15\" src=\"https:\/\/agora.xtec.cat\/iesperealsius\/wp-content\/uploads\/usu45\/2020\/05\/idCat.jpg\" \/><\/p>\n<div class=\"middle15\">\n<div class=\"text15\">Com obtenir l&#8217;idCat M\u00f2bil<\/div>\n<\/div>\n<\/div>\n<hr \/>\n<p><\/a><br \/>\nEstem doncs a la vostra disposici\u00f3.<\/p>\n<p>Rebeu una salutaci\u00f3 cordial,<br \/>\nV\u00edctor P\u00e9rez<br \/>\nDirector<\/p>\n<p>INS Pere Alsius i Torrent<\/p>\n","protected":false},"excerpt":{"rendered":"<p><a href=\"https:\/\/agora.xtec.cat\/iesperealsius\/wp-content\/uploads\/usu45\/2020\/05\/Portes-obertes-virtuals.jpg\"><\/a>Benvolgudes fam\u00edlies,<br \/>\nAbans de res, nom\u00e9s desitjar que a casa vostra tots estigueu b\u00e9 de salut i d\u2019\u00e0nims.<br \/>\nEl vostre fill \/ la vostra filla est\u00e0 a punt d\u2019acabar una etapa educativa i iniciar una de nova (ESO, Batxillerat o Ensenyaments Professionals). Ara \u00e9s el moment&hellip;  <a href=\"https:\/\/agora.xtec.cat\/iesperealsius\/jornades-de-portes-obertes-virtuals\/\" title=\"Read Jornades de Portes Obertes Virtuals\">Llegeix m\u00e9s\u00bb<\/a><\/p>\n","protected":false},"author":1,"featured_media":0,"parent":0,"menu_order":0,"comment_status":"closed","ping_status":"closed","template":"","meta":{"_bbp_topic_count":0,"_bbp_reply_count":0,"_bbp_total_topic_count":0,"_bbp_total_reply_count":0,"_bbp_voice_count":0,"_bbp_anonymous_reply_count":0,"_bbp_topic_count_hidden":0,"_bbp_reply_count_hidden":0,"_bbp_forum_subforum_count":0,"footnotes":""},"class_list":["post-5511","page","type-page","status-publish","hentry"],"post_mailing_queue_ids":[],"_links":{"self":[{"href":"https:\/\/agora.xtec.cat\/iesperealsius\/wp-json\/wp\/v2\/pages\/5511","targetHints":{"allow":["GET"]}}],"collection":[{"href":"https:\/\/agora.xtec.cat\/iesperealsius\/wp-json\/wp\/v2\/pages"}],"about":[{"href":"https:\/\/agora.xtec.cat\/iesperealsius\/wp-json\/wp\/v2\/types\/page"}],"author":[{"embeddable":true,"href":"https:\/\/agora.xtec.cat\/iesperealsius\/wp-json\/wp\/v2\/users\/1"}],"replies":[{"embeddable":true,"href":"https:\/\/agora.xtec.cat\/iesperealsius\/wp-json\/wp\/v2\/comments?post=5511"}],"version-history":[{"count":3,"href":"https:\/\/agora.xtec.cat\/iesperealsius\/wp-json\/wp\/v2\/pages\/5511\/revisions"}],"predecessor-version":[{"id":5761,"href":"https:\/\/agora.xtec.cat\/iesperealsius\/wp-json\/wp\/v2\/pages\/5511\/revisions\/5761"}],"wp:attachment":[{"href":"https:\/\/agora.xtec.cat\/iesperealsius\/wp-json\/wp\/v2\/media?parent=5511"}],"curies":[{"name":"wp","href":"https:\/\/api.w.org\/{rel}","templated":true}]}}