{"id":487,"date":"2018-05-18T01:44:27","date_gmt":"2018-05-17T23:44:27","guid":{"rendered":"http:\/\/agora.xtec.cat\/iesperealsius\/?page_id=487"},"modified":"2026-07-28T20:59:40","modified_gmt":"2026-07-28T18:59:40","slug":"organigrama","status":"publish","type":"page","link":"https:\/\/agora.xtec.cat\/iesperealsius\/organigrama\/","title":{"rendered":"Organigrama"},"content":{"rendered":"<div>\n<table style=\"width: 99.2464%; height: 1606px;\">\n<tbody>\n<tr style=\"height: 23px;\">\n<td style=\"width: 634px; height: 23px;\" colspan=\"2\"><b>Direcci\u00f3<\/b><\/td>\n<\/tr>\n<tr style=\"height: 23px;\">\n<td style=\"width: 312px; height: 23px;\"><span style=\"font-weight: 400;\">Director<\/span><\/td>\n<td style=\"width: 322px; height: 23px;\"><span style=\"font-weight: 400;\">David Mart\u00ed<\/span><\/td>\n<\/tr>\n<tr style=\"height: 23px;\">\n<td style=\"width: 312px; height: 23px;\"><span style=\"font-weight: 400;\">Cap d&#8217;estudis<\/span><\/td>\n<td style=\"width: 322px; height: 23px;\"><span style=\"font-weight: 400;\">Imma Malagelada<\/span><\/td>\n<\/tr>\n<tr style=\"height: 23px;\">\n<td style=\"width: 312px; height: 23px;\"><span style=\"font-weight: 400;\">Secretari<\/span><\/td>\n<td style=\"width: 322px; height: 23px;\"><span style=\"font-weight: 400;\">Edgar Gonz\u00e1lez<\/span><\/td>\n<\/tr>\n<tr style=\"height: 23px;\">\n<td style=\"width: 312px; height: 23px;\"><span style=\"font-weight: 400;\">Coordinadora Pedag\u00f2gica<\/span><\/td>\n<td style=\"width: 322px; height: 23px;\"><span style=\"font-weight: 400;\">Judith Torrent<\/span><\/td>\n<\/tr>\n<tr style=\"height: 23px;\">\n<td style=\"width: 312px; height: 23px;\"><span style=\"font-weight: 400;\">Cap d\u2019Estudis FP<\/span><\/td>\n<td style=\"width: 322px; height: 23px;\"><span style=\"font-weight: 400;\">J\u00falia Forn<\/span><\/td>\n<\/tr>\n<tr style=\"height: 492px;\">\n<td style=\"width: 634px; height: 492px;\" colspan=\"2\"><a href=\"https:\/\/agora.xtec.cat\/iesperealsius\/wp-content\/uploads\/usu45\/2026\/07\/c420c921-eb93-4159-8924-6fbfd0516f9c.jpg\"><img loading=\"lazy\" decoding=\"async\" class=\"alignnone wp-image-13416 size-full\" src=\"https:\/\/agora.xtec.cat\/iesperealsius\/wp-content\/uploads\/usu45\/2026\/07\/c420c921-eb93-4159-8924-6fbfd0516f9c.jpg\" alt=\"\" width=\"1600\" height=\"1200\" srcset=\"https:\/\/agora.xtec.cat\/iesperealsius\/wp-content\/uploads\/usu45\/2026\/07\/c420c921-eb93-4159-8924-6fbfd0516f9c.jpg 1600w, https:\/\/agora.xtec.cat\/iesperealsius\/wp-content\/uploads\/usu45\/2026\/07\/c420c921-eb93-4159-8924-6fbfd0516f9c-300x225.jpg 300w, https:\/\/agora.xtec.cat\/iesperealsius\/wp-content\/uploads\/usu45\/2026\/07\/c420c921-eb93-4159-8924-6fbfd0516f9c-1024x768.jpg 1024w, https:\/\/agora.xtec.cat\/iesperealsius\/wp-content\/uploads\/usu45\/2026\/07\/c420c921-eb93-4159-8924-6fbfd0516f9c-768x576.jpg 768w, https:\/\/agora.xtec.cat\/iesperealsius\/wp-content\/uploads\/usu45\/2026\/07\/c420c921-eb93-4159-8924-6fbfd0516f9c-1536x1152.jpg 1536w\" sizes=\"auto, (max-width: 1600px) 100vw, 1600px\" \/><\/a><b>Coordinacions<\/b><\/td>\n<\/tr>\n<tr style=\"height: 23px;\">\n<td style=\"width: 312px; height: 23px;\"><span style=\"font-weight: 400;\">1r ESO<\/span><\/td>\n<td style=\"width: 322px; height: 23px;\"><span style=\"font-weight: 400;\">Anna Sunyer<\/span><\/td>\n<\/tr>\n<tr style=\"height: 23px;\">\n<td style=\"width: 312px; height: 23px;\"><span style=\"font-weight: 400;\">2n ESO<\/span><\/td>\n<td style=\"width: 322px; height: 23px;\"><span style=\"font-weight: 400;\">S\u00edlvia Vi\u00f1as<\/span><\/td>\n<\/tr>\n<tr style=\"height: 23px;\">\n<td style=\"width: 312px; height: 23px;\"><span style=\"font-weight: 400;\">3r ESO<\/span><\/td>\n<td style=\"width: 322px; height: 23px;\"><span style=\"font-weight: 400;\">Olga Mu\u00f1oz<\/span><\/td>\n<\/tr>\n<tr style=\"height: 23px;\">\n<td style=\"width: 312px; height: 23px;\"><span style=\"font-weight: 400;\">4t ESO<\/span><\/td>\n<td style=\"width: 322px; height: 23px;\"><span style=\"font-weight: 400;\">Anna Saiz<\/span><\/td>\n<\/tr>\n<tr style=\"height: 23px;\">\n<td style=\"width: 312px; height: 23px;\"><span style=\"font-weight: 400;\">1r Batxillerat<\/span><\/td>\n<td style=\"width: 322px; height: 23px;\"><span style=\"font-weight: 400;\">Rosa Milla<\/span><\/td>\n<\/tr>\n<tr style=\"height: 23px;\">\n<td style=\"width: 312px; height: 23px;\"><span style=\"font-weight: 400;\">2n Batxillerat\u00a0<\/span><\/td>\n<td style=\"width: 322px; height: 23px;\"><span style=\"font-weight: 400;\">S\u00edlvia Torrent<\/span><\/td>\n<\/tr>\n<tr style=\"height: 23px;\">\n<td style=\"width: 312px; height: 23px;\"><span style=\"font-weight: 400;\">FP<\/span><\/td>\n<td style=\"width: 322px; height: 23px;\"><span style=\"font-weight: 400;\">Pere Hidalgo \/ Albert Costa<\/span><\/td>\n<\/tr>\n<tr style=\"height: 23px;\">\n<td style=\"width: 312px; height: 23px;\"><span style=\"font-weight: 400;\">Dual \/ Erasmus<\/span><\/td>\n<td style=\"width: 322px; height: 23px;\"><span style=\"font-weight: 400;\">J\u00falia Forn\/David Mart\u00ed\/Ona Bene\u00eft<\/span><\/td>\n<\/tr>\n<tr style=\"height: 23px;\">\n<td style=\"width: 312px; height: 23px;\"><span style=\"font-weight: 400;\">Treballs de Recerca<\/span><\/td>\n<td style=\"width: 322px; height: 23px;\"><span style=\"font-weight: 400;\">Dolors Roca<\/span><\/td>\n<\/tr>\n<tr style=\"height: 46px;\">\n<td style=\"width: 312px; height: 46px;\"><span style=\"font-weight: 400;\">Activitats<\/span><\/td>\n<td style=\"width: 322px; height: 46px;\"><span style=\"font-weight: 400;\">Anna Saiz (4t) \/ Gemma Caja (1BAT) \/ Judith Torrent<\/span><\/td>\n<\/tr>\n<tr style=\"height: 23px;\">\n<td style=\"width: 312px; height: 23px;\"><span style=\"font-weight: 400;\">Inform\u00e0tica<\/span><\/td>\n<td style=\"width: 322px; height: 23px;\"><span style=\"font-weight: 400;\">Sergi P\u00e9rez \/ Dani Mar\u00edn<\/span><\/td>\n<\/tr>\n<tr style=\"height: 23px;\">\n<td style=\"width: 312px; height: 23px;\"><span style=\"font-weight: 400;\">Riscos Laborals<\/span><\/td>\n<td style=\"width: 322px; height: 23px;\"><span style=\"font-weight: 400;\">L\u00eddia Bruns\u00f3<\/span><\/td>\n<\/tr>\n<tr style=\"height: 23px;\">\n<td style=\"width: 312px; height: 23px;\"><span style=\"font-weight: 400;\">Esport i Escola<\/span><\/td>\n<td style=\"width: 322px; height: 23px;\"><span style=\"font-weight: 400;\">Albert Vazquez<\/span><\/td>\n<\/tr>\n<tr style=\"height: 23px;\">\n<td style=\"width: 312px; height: 23px;\"><span style=\"font-weight: 400;\">Moodle<\/span><\/td>\n<td style=\"width: 322px; height: 23px;\"><span style=\"font-weight: 400;\">Sergi P\u00e9rez<\/span><\/td>\n<\/tr>\n<tr style=\"height: 23px;\">\n<td style=\"width: 312px; height: 23px;\"><span style=\"font-weight: 400;\">Biblioteca<\/span><\/td>\n<td style=\"width: 322px; height: 23px;\"><span style=\"font-weight: 400;\">Montse Peiris<\/span><\/td>\n<\/tr>\n<tr style=\"height: 23px;\">\n<td style=\"width: 312px; height: 23px;\"><span style=\"font-weight: 400;\">iEducaci\u00f3<\/span><\/td>\n<td style=\"width: 322px; height: 23px;\"><span style=\"font-weight: 400;\">Imma Malagelada<\/span><\/td>\n<\/tr>\n<tr style=\"height: 46px;\">\n<td style=\"width: 312px; height: 46px;\"><span style=\"font-weight: 400;\">Coeducaci\u00f3, conviv\u00e8ncia i benestar de l&#8217;alumnat<\/span><\/td>\n<td style=\"width: 322px; height: 46px;\"><span style=\"font-weight: 400;\">Imma Trias<\/span><\/td>\n<\/tr>\n<tr style=\"height: 23px;\">\n<td style=\"width: 312px; height: 23px;\"><span style=\"font-weight: 400;\">IFE<\/span><\/td>\n<td style=\"width: 322px; height: 23px;\"><span style=\"font-weight: 400;\">Paula Pag\u00e8s\u00a0<\/span><\/td>\n<\/tr>\n<tr style=\"height: 79px;\">\n<td style=\"width: 634px; height: 79px;\" colspan=\"2\">\n<p><b>Departaments i Seminaris<\/b><\/p>\n<\/td>\n<\/tr>\n<tr style=\"height: 23px;\">\n<td style=\"width: 312px; height: 23px;\"><span style=\"font-weight: 400;\">Filosofia<\/span><\/td>\n<td style=\"width: 322px; height: 23px;\"><span style=\"font-weight: 400;\">Dami\u00e0 Bardera<\/span><\/td>\n<\/tr>\n<tr style=\"height: 23px;\">\n<td style=\"width: 312px; height: 23px;\"><span style=\"font-weight: 400;\">Ed. F\u00edsica<\/span><\/td>\n<td style=\"width: 322px; height: 23px;\"><span style=\"font-weight: 400;\">Albert V\u00e1zquez<\/span><\/td>\n<\/tr>\n<tr style=\"height: 23px;\">\n<td style=\"width: 312px; height: 23px;\"><span style=\"font-weight: 400;\">Hist\u00f2ria<\/span><\/td>\n<td style=\"width: 322px; height: 23px;\"><span style=\"font-weight: 400;\">Mariona Coll<\/span><\/td>\n<\/tr>\n<tr style=\"height: 23px;\">\n<td style=\"width: 312px; height: 23px;\"><span style=\"font-weight: 400;\">C. Naturals<\/span><\/td>\n<td style=\"width: 322px; height: 23px;\"><span style=\"font-weight: 400;\">Anna Sunyer<\/span><\/td>\n<\/tr>\n<tr style=\"height: 23px;\">\n<td style=\"width: 312px; height: 23px;\"><span style=\"font-weight: 400;\">F\u00edsica i qu\u00edmica<\/span><\/td>\n<td style=\"width: 322px; height: 23px;\"><span style=\"font-weight: 400;\">Narc\u00eds Bartis<\/span><\/td>\n<\/tr>\n<tr style=\"height: 23px;\">\n<td style=\"width: 312px; height: 23px;\"><span style=\"font-weight: 400;\">Tecnologia<\/span><\/td>\n<td style=\"width: 322px; height: 23px;\"><span style=\"font-weight: 400;\">Dani Mar\u00edn<\/span><\/td>\n<\/tr>\n<tr style=\"height: 23px;\">\n<td style=\"width: 312px; height: 23px;\"><span style=\"font-weight: 400;\">Matem\u00e0tiques<\/span><\/td>\n<td style=\"width: 322px; height: 23px;\"><span style=\"font-weight: 400;\">Sergi P\u00e9rez<\/span><\/td>\n<\/tr>\n<tr style=\"height: 23px;\">\n<td style=\"width: 312px; height: 23px;\"><span style=\"font-weight: 400;\">Visual i pl\u00e0stica<\/span><\/td>\n<td style=\"width: 322px; height: 23px;\"><span style=\"font-weight: 400;\">Judit Romans<\/span><\/td>\n<\/tr>\n<tr style=\"height: 23px;\">\n<td style=\"width: 312px; height: 23px;\"><span style=\"font-weight: 400;\">Cl\u00e0ssiques<\/span><\/td>\n<td style=\"width: 322px; height: 23px;\"><span style=\"font-weight: 400;\">Raquel Galera<\/span><\/td>\n<\/tr>\n<tr style=\"height: 23px;\">\n<td style=\"width: 312px; height: 23px;\"><span style=\"font-weight: 400;\">Catal\u00e0<\/span><\/td>\n<td style=\"width: 322px; height: 23px;\"><span style=\"font-weight: 400;\">N\u00faria Colomer<\/span><\/td>\n<\/tr>\n<tr style=\"height: 23px;\">\n<td style=\"width: 312px; height: 23px;\"><span style=\"font-weight: 400;\">Castell\u00e0<\/span><\/td>\n<td style=\"width: 322px; height: 23px;\"><span style=\"font-weight: 400;\">Gemma Caja<\/span><\/td>\n<\/tr>\n<tr style=\"height: 23px;\">\n<td style=\"width: 312px; height: 23px;\"><span style=\"font-weight: 400;\">Economia<\/span><\/td>\n<td style=\"width: 322px; height: 23px;\"><span style=\"font-weight: 400;\">M. Carme Montcanut<\/span><\/td>\n<\/tr>\n<tr style=\"height: 23px;\">\n<td style=\"width: 312px; height: 23px;\"><span style=\"font-weight: 400;\">Orientaci\u00f3<\/span><\/td>\n<td style=\"width: 322px; height: 23px;\"><span style=\"font-weight: 400;\">Imma Trias<\/span><\/td>\n<\/tr>\n<tr style=\"height: 23px;\">\n<td style=\"width: 312px; height: 23px;\"><span style=\"font-weight: 400;\">Angl\u00e8s<\/span><\/td>\n<td style=\"width: 322px; height: 23px;\"><span style=\"font-weight: 400;\">Esther Garcia<\/span><\/td>\n<\/tr>\n<tr style=\"height: 23px;\">\n<td style=\"width: 312px; height: 23px;\"><span style=\"font-weight: 400;\">Ensenyaments d&#8217;esports<\/span><\/td>\n<td style=\"width: 322px; height: 23px;\"><span style=\"font-weight: 400;\">Pere Hidalgo<\/span><\/td>\n<\/tr>\n<tr style=\"height: 23px;\">\n<td style=\"width: 312px; height: 23px;\"><span style=\"font-weight: 400;\">Cap de seminari d\u2019FP<\/span><\/td>\n<td style=\"width: 322px; height: 23px;\"><span style=\"font-weight: 400;\">Ona Bene\u00eft<\/span><\/td>\n<\/tr>\n<tr style=\"height: 23px;\">\n<td style=\"width: 312px; height: 23px;\"><span style=\"font-weight: 400;\">Caps de departament d\u2019FP<\/span><\/td>\n<td style=\"width: 322px; height: 23px;\"><span style=\"font-weight: 400;\">Pere Pujol\/L\u00eddia Vil\u00e0\/Albert Costa<\/span><\/td>\n<\/tr>\n<\/tbody>\n<\/table>\n<\/div>\n<div><b style=\"background-color: rgba(0, 0, 0, 0); font-size: 20px;\">Consell Escolar<\/b><\/div>\n<div id=\"cCentre4\">\n<div class=\"organigrama\">\n<div>\u00a0<\/div>\n<table style=\"width: 71.9833%; height: 644px;\" width=\"100%\" cellspacing=\"0\" cellpadding=\"4\">\n<tbody>\n<tr style=\"height: 23px;\">\n<td class=\"capTaulaOrg\" style=\"width: 33.5596%; height: 23px;\"><span style=\"font-size: 16px;\">C\u00e0rrec<\/span><\/td>\n<td class=\"capTaulaOrg\" style=\"width: 38.4239%; height: 23px;\"><span style=\"font-size: 16px;\">Membres<\/span><\/td>\n<\/tr>\n<tr class=\"bg0\" style=\"height: 23px;\">\n<td class=\"carrecTd\" style=\"width: 33.5596%; height: 23px;\"><span style=\"font-size: 16px;\">President<\/span><\/td>\n<td class=\"personaTd\" style=\"width: 38.4239%; height: 23px;\"><span style=\"font-size: 16px;\">DAVID MART\u00cd<\/span><\/td>\n<\/tr>\n<tr class=\"bg1\" style=\"height: 46px;\">\n<td class=\"carrecTd\" style=\"width: 33.5596%; height: 46px;\"><span style=\"font-size: 16px;\">Cap d&#8217;Estudis<\/span><\/td>\n<td class=\"personaTd\" style=\"width: 38.4239%; height: 46px;\"><span style=\"font-size: 16px;\">IMMA MALAGELADA RUBIROLA<\/span><\/td>\n<\/tr>\n<tr class=\"bg0\" style=\"height: 46px;\">\n<td class=\"carrecTd\" style=\"width: 33.5596%; height: 46px;\"><span style=\"font-size: 16px;\">Representants del claustre del professorat<\/span><\/td>\n<td class=\"personaTd\" style=\"width: 38.4239%; height: 46px;\"><span style=\"font-size: 16px;\">ROSA MILLA MASANAS<\/span><\/td>\n<\/tr>\n<tr class=\"bg0\" style=\"height: 23px;\">\n<td class=\"carrecTd\" style=\"width: 33.5596%; height: 23px;\">\u00a0<\/td>\n<td class=\"personaTd\" style=\"width: 38.4239%; height: 23px;\"><span style=\"font-size: 16px;\">IMMA TRIAS I TRAYTER<\/span><\/td>\n<\/tr>\n<tr class=\"bg0\" style=\"height: 23px;\">\n<td class=\"carrecTd\" style=\"width: 33.5596%; height: 23px;\">\u00a0<\/td>\n<td class=\"personaTd\" style=\"width: 38.4239%; height: 23px;\">GEMMA MART\u00cdNEZ<\/td>\n<\/tr>\n<tr class=\"bg0\" style=\"height: 23px;\">\n<td class=\"carrecTd\" style=\"width: 33.5596%; height: 23px;\">\u00a0<\/td>\n<td class=\"personaTd\" style=\"width: 38.4239%; height: 23px;\">SILVIA TORRENT FERRER<\/td>\n<\/tr>\n<tr class=\"bg0\" style=\"height: 46px;\">\n<td class=\"carrecTd\" style=\"width: 33.5596%; height: 46px;\">\u00a0<\/td>\n<td class=\"personaTd\" style=\"width: 38.4239%; height: 46px;\">ALBERT VAZQUEZ ARMENGOL<\/td>\n<\/tr>\n<tr class=\"bg0\" style=\"height: 46px;\">\n<td class=\"carrecTd\" style=\"width: 33.5596%; height: 46px;\">\u00a0<\/td>\n<td class=\"personaTd\" style=\"width: 38.4239%; height: 46px;\">DOLORS ROCA CASADEVALL<\/td>\n<\/tr>\n<tr class=\"bg0\" style=\"height: 23px;\">\n<td class=\"carrecTd\" style=\"width: 33.5596%; height: 23px;\">\u00a0<\/td>\n<td class=\"personaTd\" style=\"width: 38.4239%; height: 23px;\">\u00a0<\/td>\n<\/tr>\n<tr class=\"bg0\" style=\"height: 23px;\">\n<td class=\"carrecTd\" style=\"width: 33.5596%; height: 23px;\"><span style=\"font-size: 16px;\">Representant del PAS<\/span><\/td>\n<td class=\"personaTd\" style=\"width: 38.4239%; height: 23px;\">\u00a0<\/td>\n<\/tr>\n<tr style=\"height: 23px;\">\n<td style=\"width: 33.5596%; height: 23px;\"><span style=\"font-size: 16px;\">Representant del PAE<\/span><\/td>\n<td style=\"width: 38.4239%; height: 23px;\">\u00a0<\/td>\n<\/tr>\n<tr class=\"bg1\" style=\"height: 46px;\">\n<td class=\"carrecTd\" style=\"width: 33.5596%; height: 46px;\"><span style=\"font-size: 16px;\">Representants de l&#8217;alumnat<\/span><\/td>\n<td class=\"personaTd\" style=\"width: 38.4239%; height: 46px;\">ELEANY CLAUDETH RAUDALES<\/td>\n<\/tr>\n<tr class=\"bg1\" style=\"height: 23px;\">\n<td class=\"carrecTd\" style=\"width: 33.5596%; height: 23px;\">\u00a0<\/td>\n<td class=\"personaTd\" style=\"width: 38.4239%; height: 23px;\">\u00a0<\/td>\n<\/tr>\n<tr class=\"bg1\" style=\"height: 23px;\">\n<td class=\"carrecTd\" style=\"width: 33.5596%; height: 23px;\">\u00a0<\/td>\n<td class=\"personaTd\" style=\"width: 38.4239%; height: 23px;\">\u00a0<\/td>\n<\/tr>\n<tr class=\"bg0\" style=\"height: 46px;\">\n<td class=\"carrecTd\" style=\"width: 33.5596%; height: 46px;\"><span style=\"font-size: 16px;\">Representants de mares i pares de l&#8217;alumnat<\/span><\/td>\n<td class=\"personaTd\" style=\"width: 38.4239%; height: 46px;\">ALBERT MADEMONT DORCA<\/td>\n<\/tr>\n<tr class=\"bg0\" style=\"height: 23px;\">\n<td class=\"carrecTd\" style=\"width: 33.5596%; height: 23px;\">\u00a0<\/td>\n<td style=\"width: 38.4239%; height: 23px;\">LAIA SARD\u00c0 RODRIGUEZ<\/td>\n<\/tr>\n<tr style=\"height: 23px;\">\n<td style=\"width: 33.5596%; height: 23px;\">\u00a0<\/td>\n<td style=\"width: 38.4239%; height: 23px;\"><span style=\"font-size: 16px;\">PAULA PAG\u00c8S<\/span><\/td>\n<\/tr>\n<tr class=\"bg1\" style=\"height: 23px;\">\n<td class=\"carrecTd\" style=\"width: 33.5596%; height: 23px;\"><span style=\"font-size: 16px;\">Representant de l&#8217;AF<\/span><span style=\"font-size: 16px;\">A<\/span><\/td>\n<td class=\"personaTd\" style=\"width: 38.4239%; height: 23px;\">JOSEP GENOVER<\/td>\n<\/tr>\n<tr style=\"height: 46px;\">\n<td style=\"width: 33.5596%; height: 46px;\"><span style=\"font-size: 16px;\">Representant de l&#8217;Ajuntament de Banyoles<\/span><\/td>\n<td style=\"width: 38.4239%; height: 46px;\"><span style=\"font-size: 16px;\">NANI COMALAT ROCA<\/span><\/td>\n<\/tr>\n<tr class=\"bg0\" style=\"height: 23px;\">\n<td class=\"carrecTd\" style=\"width: 33.5596%; height: 23px;\"><span style=\"font-size: 16px;\">Secret\u00e0ria<\/span><\/td>\n<td class=\"personaTd\" style=\"width: 38.4239%; height: 23px;\"><span style=\"font-size: 16px;\">EDGAR GONZ\u00c1LEZ CARO<\/span><\/td>\n<\/tr>\n<\/tbody>\n<\/table>\n<\/div>\n<div class=\"organigrama\">\n<div>\u00a0<\/div>\n<\/div>\n<div>\n<div>\n<div>\u00a0<\/div>\n<div>\u00a0<\/div>\n<\/div>\n<\/div>\n<\/div>\n<div id=\"gtx-trans\" style=\"position: absolute; left: 326px; top: 3303px;\">\n<div class=\"gtx-trans-icon\">\u00a0<\/div>\n<\/div>\n\n","protected":false},"excerpt":{"rendered":"<p>Direcci\u00f3 Director David Mart\u00ed Cap d&#8217;estudis Imma Malagelada Secretari Edgar Gonz\u00e1lez Coordinadora Pedag\u00f2gica Judith Torrent Cap d\u2019Estudis FP J\u00falia Forn Coordinacions 1r ESO Anna Sunyer 2n ESO S\u00edlvia Vi\u00f1as 3r ESO Olga Mu\u00f1oz 4t ESO Anna Saiz 1r Batxillerat Rosa Milla 2n Batxillerat\u00a0 S\u00edlvia Torrent FP Pere Hidalgo \/ Albert Costa Dual \/ Erasmus J\u00falia [&hellip;]<\/p>\n","protected":false},"author":1,"featured_media":0,"parent":0,"menu_order":60,"comment_status":"closed","ping_status":"closed","template":"","meta":{"_bbp_topic_count":0,"_bbp_reply_count":0,"_bbp_total_topic_count":0,"_bbp_total_reply_count":0,"_bbp_voice_count":0,"_bbp_anonymous_reply_count":0,"_bbp_topic_count_hidden":0,"_bbp_reply_count_hidden":0,"_bbp_forum_subforum_count":0,"site-sidebar-layout":"default","site-content-layout":"","ast-site-content-layout":"default","site-content-style":"default","site-sidebar-style":"default","ast-global-header-display":"","ast-banner-title-visibility":"","ast-main-header-display":"","ast-hfb-above-header-display":"","ast-hfb-below-header-display":"","ast-hfb-mobile-header-display":"","site-post-title":"","ast-breadcrumbs-content":"","ast-featured-img":"","footer-sml-layout":"","theme-transparent-header-meta":"","adv-header-id-meta":"","stick-header-meta":"","header-above-stick-meta":"","header-main-stick-meta":"","header-below-stick-meta":"","astra-migrate-meta-layouts":"set","ast-page-background-enabled":"default","ast-page-background-meta":{"desktop":{"background-color":"var(--ast-global-color-4)","background-image":"","background-repeat":"repeat","background-position":"center center","background-size":"auto","background-attachment":"scroll","background-type":"","background-media":"","overlay-type":"","overlay-color":"","overlay-opacity":"","overlay-gradient":""},"tablet":{"background-color":"","background-image":"","background-repeat":"repeat","background-position":"center center","background-size":"auto","background-attachment":"scroll","background-type":"","background-media":"","overlay-type":"","overlay-color":"","overlay-opacity":"","overlay-gradient":""},"mobile":{"background-color":"","background-image":"","background-repeat":"repeat","background-position":"center center","background-size":"auto","background-attachment":"scroll","background-type":"","background-media":"","overlay-type":"","overlay-color":"","overlay-opacity":"","overlay-gradient":""}},"ast-content-background-meta":{"desktop":{"background-color":"var(--ast-global-color-5)","background-image":"","background-repeat":"repeat","background-position":"center center","background-size":"auto","background-attachment":"scroll","background-type":"","background-media":"","overlay-type":"","overlay-color":"","overlay-opacity":"","overlay-gradient":""},"tablet":{"background-color":"var(--ast-global-color-5)","background-image":"","background-repeat":"repeat","background-position":"center center","background-size":"auto","background-attachment":"scroll","background-type":"","background-media":"","overlay-type":"","overlay-color":"","overlay-opacity":"","overlay-gradient":""},"mobile":{"background-color":"var(--ast-global-color-5)","background-image":"","background-repeat":"repeat","background-position":"center center","background-size":"auto","background-attachment":"scroll","background-type":"","background-media":"","overlay-type":"","overlay-color":"","overlay-opacity":"","overlay-gradient":""}},"footnotes":""},"class_list":["post-487","page","type-page","status-publish","hentry"],"post_mailing_queue_ids":[],"_links":{"self":[{"href":"https:\/\/agora.xtec.cat\/iesperealsius\/wp-json\/wp\/v2\/pages\/487","targetHints":{"allow":["GET"]}}],"collection":[{"href":"https:\/\/agora.xtec.cat\/iesperealsius\/wp-json\/wp\/v2\/pages"}],"about":[{"href":"https:\/\/agora.xtec.cat\/iesperealsius\/wp-json\/wp\/v2\/types\/page"}],"author":[{"embeddable":true,"href":"https:\/\/agora.xtec.cat\/iesperealsius\/wp-json\/wp\/v2\/users\/1"}],"replies":[{"embeddable":true,"href":"https:\/\/agora.xtec.cat\/iesperealsius\/wp-json\/wp\/v2\/comments?post=487"}],"version-history":[{"count":6,"href":"https:\/\/agora.xtec.cat\/iesperealsius\/wp-json\/wp\/v2\/pages\/487\/revisions"}],"predecessor-version":[{"id":13425,"href":"https:\/\/agora.xtec.cat\/iesperealsius\/wp-json\/wp\/v2\/pages\/487\/revisions\/13425"}],"wp:attachment":[{"href":"https:\/\/agora.xtec.cat\/iesperealsius\/wp-json\/wp\/v2\/media?parent=487"}],"curies":[{"name":"wp","href":"https:\/\/api.w.org\/{rel}","templated":true}]}}