{"id":67,"date":"2014-09-18T10:14:18","date_gmt":"2014-09-18T09:14:18","guid":{"rendered":"http:\/\/agora.xtec.cat\/iespauclaris\/?page_id=67"},"modified":"2025-08-20T17:32:05","modified_gmt":"2025-08-20T15:32:05","slug":"afa","status":"publish","type":"page","link":"https:\/\/agora.xtec.cat\/iespauclaris\/afa\/","title":{"rendered":"AFA"},"content":{"rendered":"<p>L\u2019<strong>AFA<\/strong> \u00e9s l\u2019\u00f2rgan de participaci\u00f3 de les fam\u00edlies a l\u2019institut. Com a associaci\u00f3 de fam\u00edlies, l&#8217;AFA Pau Claris \u00e9s una entitat sense \u00e0nim de lucre, formada per mares, pares i tutors legals dels alumnes de l&#8217;Institut Pau Claris. L&#8217;associaci\u00f3 \u00e9s oberta a totes les fam\u00edlies de l\u2019institut i a les seves propostes.<\/p>\n<p>La finalitat de l&#8217;AFA Pau Claris \u00e9s promoure la coordinaci\u00f3, relaci\u00f3 i participaci\u00f3 de les fam\u00edlies amb l\u2019institut, el barri i la comunitat educativa en general. Les persones que en formen part hi col\u00b7laboren de manera volunt\u00e0ria perqu\u00e8 funcionin alguns dels serveis de l\u2019institut com s\u00f3n les activitats extraescolars, el menjador, etc. L&#8217;AFA tamb\u00e9 organitza activitats de formaci\u00f3 o de lleure com ara xerrades, tallers, festes o sortides.<\/p>\n<p>Per a m\u00e9s informaci\u00f3, visiteu la <a href=\"https:\/\/agora.xtec.cat\/iespauclaris\/afa\/noticies-afa\/\" target=\"_blank\" rel=\"noopener\">p\u00e0gina web<\/a> on es recull de manera m\u00e9s detallada l&#8217;esperit de l&#8217;AFA Pau Claris i les seves actuacions, aix\u00ed com la possibilitat de fer-se&#8217;n soci\/s\u00f2cia<br \/>\nPodeu contactar amb l&#8217;AFA a trav\u00e9s del seu correu <a href=\"mailto:afa@iespauclaris.org\" target=\"_blank\" rel=\"noopener\">afa@iespauclaris.org<\/a><\/p>\n<p><strong>L&#8217;AFA compte amb el suport de l&#8217;Ajuntament de Barcelona per dur activitats diverses.\u00a0<\/strong><\/p>\n<table style=\"border-collapse: collapse; border: 2px solid transparent; width: 100%;\">\n<tbody>\n<tr>\n<td style=\"width: 50%;\"><a href=\"https:\/\/agora.xtec.cat\/iespauclaris\/wp-content\/uploads\/usu835\/2025\/02\/descarga-logo-AjuntBCN.png\"><img loading=\"lazy\" decoding=\"async\" class=\"aligncenter size-full wp-image-6378\" src=\"https:\/\/agora.xtec.cat\/iespauclaris\/wp-content\/uploads\/usu835\/2025\/02\/descarga-logo-AjuntBCN.png\" alt=\"\" width=\"367\" height=\"137\" srcset=\"https:\/\/agora.xtec.cat\/iespauclaris\/wp-content\/uploads\/usu835\/2025\/02\/descarga-logo-AjuntBCN.png 367w, https:\/\/agora.xtec.cat\/iespauclaris\/wp-content\/uploads\/usu835\/2025\/02\/descarga-logo-AjuntBCN-300x112.png 300w\" sizes=\"auto, (max-width: 367px) 100vw, 367px\" \/><\/a><\/td>\n<td style=\"width: 50%;\"><a href=\"https:\/\/agora.xtec.cat\/iespauclaris\/wp-content\/uploads\/usu835\/2025\/02\/AFA-LOGO-01.jpeg\"><img loading=\"lazy\" decoding=\"async\" class=\"wp-image-6379 aligncenter\" src=\"https:\/\/agora.xtec.cat\/iespauclaris\/wp-content\/uploads\/usu835\/2025\/02\/AFA-LOGO-01.jpeg\" alt=\"\" width=\"166\" height=\"289\" srcset=\"https:\/\/agora.xtec.cat\/iespauclaris\/wp-content\/uploads\/usu835\/2025\/02\/AFA-LOGO-01.jpeg 257w, https:\/\/agora.xtec.cat\/iespauclaris\/wp-content\/uploads\/usu835\/2025\/02\/AFA-LOGO-01-172x300.jpeg 172w\" sizes=\"auto, (max-width: 166px) 100vw, 166px\" \/><\/a><\/td>\n<\/tr>\n<\/tbody>\n<\/table>\n<p>&nbsp;<\/p>\n<p>&nbsp;<\/p>\n","protected":false},"excerpt":{"rendered":"<p>L\u2019AFA \u00e9s l\u2019\u00f2rgan de participaci\u00f3 de les fam\u00edlies a l\u2019institut. Com a associaci\u00f3 de fam\u00edlies, l&#8217;AFA Pau Claris \u00e9s una entitat sense \u00e0nim de lucre, formada per mares, pares i tutors legals dels alumnes de l&#8217;Institut Pau Claris. L&#8217;associaci\u00f3 \u00e9s oberta a totes les fam\u00edlies&hellip;  <a href=\"https:\/\/agora.xtec.cat\/iespauclaris\/afa\/\" title=\"Read AFA\">Llegeix m\u00e9s\u00bb<\/a><\/p>\n","protected":false},"author":1,"featured_media":0,"parent":0,"menu_order":20,"comment_status":"closed","ping_status":"closed","template":"page-templates\/side-menu.php","meta":{"_bbp_topic_count":0,"_bbp_reply_count":0,"_bbp_total_topic_count":0,"_bbp_total_reply_count":0,"_bbp_voice_count":0,"_bbp_anonymous_reply_count":0,"_bbp_topic_count_hidden":0,"_bbp_reply_count_hidden":0,"_bbp_forum_subforum_count":0,"footnotes":""},"class_list":["post-67","page","type-page","status-publish","hentry"],"post_mailing_queue_ids":[],"_links":{"self":[{"href":"https:\/\/agora.xtec.cat\/iespauclaris\/wp-json\/wp\/v2\/pages\/67","targetHints":{"allow":["GET"]}}],"collection":[{"href":"https:\/\/agora.xtec.cat\/iespauclaris\/wp-json\/wp\/v2\/pages"}],"about":[{"href":"https:\/\/agora.xtec.cat\/iespauclaris\/wp-json\/wp\/v2\/types\/page"}],"author":[{"embeddable":true,"href":"https:\/\/agora.xtec.cat\/iespauclaris\/wp-json\/wp\/v2\/users\/1"}],"replies":[{"embeddable":true,"href":"https:\/\/agora.xtec.cat\/iespauclaris\/wp-json\/wp\/v2\/comments?post=67"}],"version-history":[{"count":6,"href":"https:\/\/agora.xtec.cat\/iespauclaris\/wp-json\/wp\/v2\/pages\/67\/revisions"}],"predecessor-version":[{"id":4635,"href":"https:\/\/agora.xtec.cat\/iespauclaris\/wp-json\/wp\/v2\/pages\/67\/revisions\/4635"}],"wp:attachment":[{"href":"https:\/\/agora.xtec.cat\/iespauclaris\/wp-json\/wp\/v2\/media?parent=67"}],"curies":[{"name":"wp","href":"https:\/\/api.w.org\/{rel}","templated":true}]}}