{"id":626,"date":"2020-07-24T10:40:09","date_gmt":"2020-07-24T08:40:09","guid":{"rendered":"http:\/\/agora.xtec.cat\/iespauclaris\/?page_id=626"},"modified":"2021-02-21T13:49:03","modified_gmt":"2021-02-21T12:49:03","slug":"steam","status":"publish","type":"page","link":"https:\/\/agora.xtec.cat\/iespauclaris\/ins\/aliances\/steam\/","title":{"rendered":"STEAMcat"},"content":{"rendered":"<p><span style=\"font-weight: 400;\">Participem del Programa <strong><a href=\"https:\/\/projectes.xtec.cat\/steamcat\/general\/programa-dinnovacio-steamcat\/\">STEAMcat<\/a><\/strong> per tal d&#8217;enfortir la <strong>cultura cient\u00edfica<\/strong> i el <strong>pensament cr\u00edtic<\/strong> de l&#8217;alumnat. <\/span><\/p>\n<p>El programa ens acompanya en el nostre projecte de <span style=\"font-weight: 400;\">millorar la <strong>confian\u00e7a<\/strong> de <\/span>tot<span style=\"font-weight: 400;\"> l\u2019alumnat en la seva compet\u00e8ncia cient\u00edfica, especialment de les noies. M<\/span>itjan\u00e7ant les metodologies actives i la recerca, treballada de manera transversal des dels diferents \u00e0mbits, l&#8217;alumnat desenvolpupa les habilitats de pensament cr\u00edtic i la cultura cient\u00edfica necessaris per comprendre i participar de la societat del coneixement en qu\u00e8 vivim.<\/p>\n<p><a href=\"https:\/\/agora.xtec.cat\/iespauclaris\/wp-content\/uploads\/usu835\/2021\/01\/Steam.cat_.png\"><img loading=\"lazy\" decoding=\"async\" class=\"alignnone size-thumbnail wp-image-1068\" src=\"https:\/\/agora.xtec.cat\/iespauclaris\/wp-content\/uploads\/usu835\/2021\/01\/Steam.cat_-150x150.png\" alt=\"\" width=\"150\" height=\"150\" \/><\/a><\/p>\n","protected":false},"excerpt":{"rendered":"<p>Participem del Programa <a href=\"https:\/\/projectes.xtec.cat\/steamcat\/general\/programa-dinnovacio-steamcat\/\">STEAMcat<\/a> per tal d&#8217;enfortir la cultura cient\u00edfica i el pensament cr\u00edtic de l&#8217;alumnat.<br \/>\nEl programa ens acompanya en el nostre projecte de millorar la confian\u00e7a de tot l\u2019alumnat en la seva compet\u00e8ncia cient\u00edfica, especialment de les noies. Mitjan\u00e7ant les metodologies actives&hellip;  <a href=\"https:\/\/agora.xtec.cat\/iespauclaris\/ins\/aliances\/steam\/\" title=\"Read STEAMcat\">Llegeix m\u00e9s\u00bb<\/a><\/p>\n","protected":false},"author":1,"featured_media":0,"parent":1250,"menu_order":2,"comment_status":"closed","ping_status":"closed","template":"page-templates\/side-menu.php","meta":{"_bbp_topic_count":0,"_bbp_reply_count":0,"_bbp_total_topic_count":0,"_bbp_total_reply_count":0,"_bbp_voice_count":0,"_bbp_anonymous_reply_count":0,"_bbp_topic_count_hidden":0,"_bbp_reply_count_hidden":0,"_bbp_forum_subforum_count":0,"footnotes":""},"class_list":["post-626","page","type-page","status-publish","hentry"],"post_mailing_queue_ids":[],"_links":{"self":[{"href":"https:\/\/agora.xtec.cat\/iespauclaris\/wp-json\/wp\/v2\/pages\/626","targetHints":{"allow":["GET"]}}],"collection":[{"href":"https:\/\/agora.xtec.cat\/iespauclaris\/wp-json\/wp\/v2\/pages"}],"about":[{"href":"https:\/\/agora.xtec.cat\/iespauclaris\/wp-json\/wp\/v2\/types\/page"}],"author":[{"embeddable":true,"href":"https:\/\/agora.xtec.cat\/iespauclaris\/wp-json\/wp\/v2\/users\/1"}],"replies":[{"embeddable":true,"href":"https:\/\/agora.xtec.cat\/iespauclaris\/wp-json\/wp\/v2\/comments?post=626"}],"version-history":[{"count":3,"href":"https:\/\/agora.xtec.cat\/iespauclaris\/wp-json\/wp\/v2\/pages\/626\/revisions"}],"predecessor-version":[{"id":1667,"href":"https:\/\/agora.xtec.cat\/iespauclaris\/wp-json\/wp\/v2\/pages\/626\/revisions\/1667"}],"up":[{"embeddable":true,"href":"https:\/\/agora.xtec.cat\/iespauclaris\/wp-json\/wp\/v2\/pages\/1250"}],"wp:attachment":[{"href":"https:\/\/agora.xtec.cat\/iespauclaris\/wp-json\/wp\/v2\/media?parent=626"}],"curies":[{"name":"wp","href":"https:\/\/api.w.org\/{rel}","templated":true}]}}