{"id":501,"date":"2020-07-23T16:34:07","date_gmt":"2020-07-23T14:34:07","guid":{"rendered":"http:\/\/agora.xtec.cat\/iespauclaris\/?page_id=501"},"modified":"2023-06-28T12:32:08","modified_gmt":"2023-06-28T10:32:08","slug":"orientacio","status":"publish","type":"page","link":"https:\/\/agora.xtec.cat\/iespauclaris\/alum\/orientacio\/","title":{"rendered":"Orientaci\u00f3"},"content":{"rendered":"<p><span style=\"font-weight: 400;\">Per tal de garantir la igualtat d\u2019oportunitats a totes les persones per aprendre i d\u2019acord amb els principis d\u2019inclusi\u00f3 i coeducaci\u00f3, al Pau Claris estructurem l\u2019<strong>orientaci\u00f3<\/strong> i l&#8217;<strong>acci\u00f3 tutorial<\/strong> al voltant de 4 eixos, els <\/span><b>4 pilars de l\u2019educaci\u00f3<\/b><span style=\"font-weight: 400;\">:<\/span><\/p>\n<ul>\n<li style=\"font-weight: 400;\" aria-level=\"1\"><b>Aprendre a conviure:<\/b><span style=\"font-weight: 400;\"> Desenvolupar els valors i actituds democr\u00e0tics, per una cultura de la pau, del respecte i del desenvolupament sostenible.\u00a0<\/span><\/li>\n<li style=\"font-weight: 400;\" aria-level=\"1\"><b>Aprendre a ser<\/b><span style=\"font-weight: 400;\">: Desenvolupar les capacitats autoanal\u00edtiques i socials per a l\u2019autoconeixement, l\u2019assumpci\u00f3 de responsabilitats, i el creixement integral dels aprenents, en les compet\u00e8ncies psicosocials, afectives i f\u00edsiques, que els permetin viure i relacionar-se de manera sana i efectiva.<\/span><\/li>\n<li style=\"font-weight: 400;\" aria-level=\"1\"><b>Aprendre a con\u00e8ixer<\/b><span style=\"font-weight: 400;\">: Desenvolupar les eines indagatives i cr\u00edtiques necess\u00e0ries per a comprendre el m\u00f3n en la seva complexitat, i progressar en l\u2019<\/span><i><span style=\"font-weight: 400;\">aprendre a aprendre<\/span><\/i><span style=\"font-weight: 400;\"> com a fonament de l\u2019aprenentatge al llarg de la vida.<\/span><\/li>\n<li style=\"font-weight: 400;\" aria-level=\"1\"><b>Aprendre a fer<\/b><span style=\"font-weight: 400;\">: Desenvolupar les compet\u00e8ncies necess\u00e0ries per participar de manera activa i efectiva en la societat del coneixement, que els permetin gestionar situacions complexes i treballar en equip.<\/span><\/li>\n<\/ul>\n<p><span style=\"font-weight: 400;\">Les <\/span><b>metodologies actives<\/b><span style=\"font-weight: 400;\"> a l\u2019aula, la <\/span><b>codoc\u00e8ncia<\/b><span style=\"font-weight: 400;\"> i l\u2019<\/span><b>acompanyament personalitzat<\/b><span style=\"font-weight: 400;\"> s\u00f3n estrat\u00e8gies d\u2019atenci\u00f3 a la diversitat; juntament amb les sessions de tutoria en grup, ofereixen a l\u2019aprenent eines i estrat\u00e8gies per a la gesti\u00f3 de les emocions, la planificaci\u00f3 i l\u2019autonomia, l\u2019autoaprenentatge i l\u2019adaptabilitat al canvi.\u00a0<\/span><\/p>\n<p><span style=\"font-weight: 400;\">Volem que els nostres alumnes desenvolupin el pensament cr\u00edtic, les habilitats d\u2019indagaci\u00f3 i la cultura cient\u00edfica que els permetin exercir una ciutadania activa en el marc democr\u00e0tic i de respecte i foment dels Drets Humans i del desenvolupament sostenible.<\/span><\/p>\n<p><span style=\"font-weight: 400;\">L\u2019<\/span><b>orientaci\u00f3<\/b><span style=\"font-weight: 400;\"> i l\u2019<\/span><b>acompanyament tutorial<\/b><span style=\"font-weight: 400;\"> els desenvolupem en els tres espais d\u2019actuaci\u00f3 did\u00e0ctica: l\u2019aula, el centre i l\u2019entorn, i amb l\u2019acompanyament individualitzat de les tutories personals.<\/span><\/p>\n<ul>\n<li><span style=\"font-weight: 400;\">A l\u2019<\/span><b>aula<\/b><span style=\"font-weight: 400;\">: mitjan\u00e7ant les tutories de grup, els treballs cooperatius, la coeducaci\u00f3 i la codoc\u00e8ncia.<\/span><\/li>\n<li><span style=\"font-weight: 400;\">Al <\/span><b>centre<\/b><span style=\"font-weight: 400;\">: amb els T\u00f2pics, les mentories, els congressos de delegats, la comissi\u00f3 de CoMARCA (Comissi\u00f3 de Mediaci\u00f3, Actuaci\u00f3 i Resoluci\u00f3 de Conflictes d\u2019Alumnat), el Projecte de Conviv\u00e8ncia, les celebracions i les commemoracions.<\/span><\/li>\n<li><span style=\"font-weight: 400;\">A l\u2019<\/span><b>entorn<\/b><span style=\"font-weight: 400;\">: amb els projectes d\u2019APS (Aprenentatge i Servei), els padrins de lectura amb els alumnes de prim\u00e0ria de l\u2019escola Pere Vila, els projectes de ci\u00e8ncia ciutadana, el Treball de Recerca de batxillerat i les activitats extraescolars.<\/span><\/li>\n<\/ul>\n<p><span style=\"font-weight: 400;\">Juntament amb l\u2019orientaci\u00f3 personal i l\u2019acompanyament emocional, l\u2019<\/span><b>orientaci\u00f3 acad\u00e8mica<\/b><span style=\"font-weight: 400;\"> \u00e9s un altre puntal de l\u2019acci\u00f3 tutorial.\u00a0<\/span><span style=\"font-weight: 400;\">Tots els docents del Pau Claris som <\/span><b>tutors personals<\/b><span style=\"font-weight: 400;\"> d\u2019uns 7-9 alumnes. Desenvolupem una funci\u00f3 orientadora de manera individualitzada, per acompanyar cadascun dels nostres alumnes en la millora del desplegament de les compet\u00e8ncies i en la definici\u00f3 del seu itinerari acad\u00e8mic i professional.\u00a0<\/span><\/p>\n<p><span style=\"font-weight: 400;\">El <\/span><b>pla personal <\/b><span style=\"font-weight: 400;\">\u00e9s l\u2019eina que permet a <\/span><b>l\u2019aprenent <\/b><span style=\"font-weight: 400;\">fer el seguiment i l\u2019avaluaci\u00f3 del seu proc\u00e9s d\u2019aprenentatge, mitjan\u00e7ant la <\/span><b>reflexi\u00f3<\/b><span style=\"font-weight: 400;\">, <\/span><b>l\u2019autoconeixement<\/b><span style=\"font-weight: 400;\"> i el <\/span><b>comprom\u00eds<\/b><span style=\"font-weight: 400;\"> en el seu propi proc\u00e9s educatiu i en el seu creixement personal. La <\/span><b>fam\u00edlia<\/b><span style=\"font-weight: 400;\">, conjuntament amb l\u2019alumne i amb el tutor personal, participa en la valoraci\u00f3 del progr\u00e9s del pla personal.<\/span><\/p>\n<p><span style=\"font-weight: 400;\">L\u2019<\/span><b>equip d\u2019orientaci\u00f3<\/b><span style=\"font-weight: 400;\"> ofereix suport espec\u00edfic als alumnes, per atendre la diversitat i crear dissenys flexibles per a tots els aprenents. Amb la coordinaci\u00f3 dels serveis externs, treballem per fer possible un <\/span><b>centre inclusiu i coeducatiu<\/b><span style=\"font-weight: 400;\"> en qu\u00e8 tot l\u2019alumnat pugui rebre l\u2019atenci\u00f3 que necessita.\u00a0<\/span><\/p>\n<p><span style=\"font-weight: 400;\">El treball de les compet\u00e8ncies de conviv\u00e8ncia i el guiatge i l\u2019acompanyament tutorial s\u00f3n, doncs, tasques transversals de<\/span><b> tota la comunitat educativa<\/b><span style=\"font-weight: 400;\"> del Pau Claris.<\/span><\/p>\n","protected":false},"excerpt":{"rendered":"<p>Per tal de garantir la igualtat d\u2019oportunitats a totes les persones per aprendre i d\u2019acord amb els principis d\u2019inclusi\u00f3 i coeducaci\u00f3, al Pau Claris estructurem l\u2019orientaci\u00f3 i l&#8217;acci\u00f3 tutorial al voltant de 4 eixos, els 4 pilars de l\u2019educaci\u00f3:<\/p>\n<ul>\n<li style=\"font-weight: 400;\" aria-level=\"1\">Aprendre a conviure: Desenvolupar&hellip;  <a href=\"https:\/\/agora.xtec.cat\/iespauclaris\/alum\/orientacio\/\" title=\"Read Orientaci\u00f3\">Llegeix m\u00e9s\u00bb<\/a><br \/>\n","protected":false},"author":1,"featured_media":0,"parent":195,"menu_order":10,"comment_status":"closed","ping_status":"closed","template":"page-templates\/side-menu.php","meta":{"_bbp_topic_count":0,"_bbp_reply_count":0,"_bbp_total_topic_count":0,"_bbp_total_reply_count":0,"_bbp_voice_count":0,"_bbp_anonymous_reply_count":0,"_bbp_topic_count_hidden":0,"_bbp_reply_count_hidden":0,"_bbp_forum_subforum_count":0,"footnotes":""},"class_list":["post-501","page","type-page","status-publish","hentry"],"post_mailing_queue_ids":[],"_links":{"self":[{"href":"https:\/\/agora.xtec.cat\/iespauclaris\/wp-json\/wp\/v2\/pages\/501","targetHints":{"allow":["GET"]}}],"collection":[{"href":"https:\/\/agora.xtec.cat\/iespauclaris\/wp-json\/wp\/v2\/pages"}],"about":[{"href":"https:\/\/agora.xtec.cat\/iespauclaris\/wp-json\/wp\/v2\/types\/page"}],"author":[{"embeddable":true,"href":"https:\/\/agora.xtec.cat\/iespauclaris\/wp-json\/wp\/v2\/users\/1"}],"replies":[{"embeddable":true,"href":"https:\/\/agora.xtec.cat\/iespauclaris\/wp-json\/wp\/v2\/comments?post=501"}],"version-history":[{"count":4,"href":"https:\/\/agora.xtec.cat\/iespauclaris\/wp-json\/wp\/v2\/pages\/501\/revisions"}],"predecessor-version":[{"id":4525,"href":"https:\/\/agora.xtec.cat\/iespauclaris\/wp-json\/wp\/v2\/pages\/501\/revisions\/4525"}],"up":[{"embeddable":true,"href":"https:\/\/agora.xtec.cat\/iespauclaris\/wp-json\/wp\/v2\/pages\/195"}],"wp:attachment":[{"href":"https:\/\/agora.xtec.cat\/iespauclaris\/wp-json\/wp\/v2\/media?parent=501"}],"curies":[{"name":"wp","href":"https:\/\/api.w.org\/{rel}","templated":true}]}}