{"id":4963,"date":"2024-01-04T18:20:11","date_gmt":"2024-01-04T17:20:11","guid":{"rendered":"https:\/\/agora.xtec.cat\/iespauclaris\/?page_id=4963"},"modified":"2025-10-10T18:50:04","modified_gmt":"2025-10-10T16:50:04","slug":"ka-120-2023-2027","status":"publish","type":"page","link":"https:\/\/agora.xtec.cat\/iespauclaris\/pro\/erasmus\/ka-120-2023-2027\/","title":{"rendered":"KA 120 (2023-2027)"},"content":{"rendered":"<p>El programa Erasmus + KA 120 (2022-2027), un projecte de llarga durada (5 anys), l<span class=\"Y2IQFc\" lang=\"ca\">a participaci\u00f3 al programa ens permet oferir a l&#8217;alumnat i al professorat l&#8217;oportunitat d&#8217;un aprenentatge de les lleng\u00fces, la cultura, els valors democr\u00e0tics i el foment de la sostenibilitat en un context europeu. <\/span><\/p>\n<p><span class=\"Y2IQFc\" lang=\"ca\">Aportar la nostra experi\u00e8ncia en metodologies actives i compet\u00e8ncies digitals a altres centres europeus, aix\u00ed com poder formar-nos mitjan\u00e7ant les experi\u00e8ncies obtingudes a les mobilitats. La internacionalitzaci\u00f3 ens ofereix oportunitats de mobilitat a tot el nostre alumnat independentment de la situaci\u00f3 socioecon\u00f2mica, promovent l&#8217;equitat, la millora de les compet\u00e8ncies ling\u00fc\u00edstiques, aix\u00ed mateix tamb\u00e9 ofereix l&#8217;oportunitat de treballar per assolir l&#8217;excel\u00b7l\u00e8ncia educativa. <\/span><\/p>\n<p><span class=\"Y2IQFc\" lang=\"ca\">Finalment, el programa \u00e9s una oportunitat atractiva perqu\u00e8 l&#8217;alumnat continu\u00ef estudis postobligatoris al centre i una oportunitat perqu\u00e8 els professors del centre s&#8217;estabilitzin, consolidant el claustre al voltant del nostre projecte educatiu.<\/span><\/p>\n<p>&nbsp;<\/p>\n<p>El projecte es desplega en <strong>5 grans objectius<\/strong>:<\/p>\n<p><strong>01<\/strong> Avan\u00e7ar cap a una educaci\u00f3 internacional, de qualitat, inclusiva i diversa a trav\u00e9s del domini de les soft skills (<a href=\"https:\/\/joint-research-centre.ec.europa.eu\/lifecomp_en\" target=\"_blank\" rel=\"noopener\">LifeComp<\/a>).<\/p>\n<p><strong>02<\/strong> Establir el nostre centre educatiu com a referent del marc <a href=\"https:\/\/joint-research-centre.ec.europa.eu\/digcompedu_en\" target=\"_blank\" rel=\"noopener\">DIGCOMPEDU<\/a> a l\u2019espai Europeu d\u2019educaci\u00f3 per mitj\u00e0 de l\u2019aplicaci\u00f3 de l\u2019Estrat\u00e8gia Digital de Centre i garantir l&#8217;assoliment de les <a href=\"https:\/\/publications.jrc.ec.europa.eu\/repository\/handle\/JRC128415\" target=\"_blank\" rel=\"noopener\">compet\u00e8ncies digitals per a ciutadans<\/a> a l&#8217;alumnat<\/p>\n<p><strong>03<\/strong> Millorar la compet\u00e8ncia ling\u00fc\u00edstica mitjan\u00e7ant la internacionalitzaci\u00f3 del centre.<\/p>\n<p><strong>04<\/strong> Consolidar el treball en xarxa a trav\u00e9s de la comunitat professional d\u2019aprenentatge, l\u2019observaci\u00f3 entre iguals i la codoc\u00e8ncia entre el professorat.<\/p>\n<p><strong>05<\/strong> Implementar el marc europeu de compet\u00e8ncies sobre la sostenibilitat per desenvolupar les <a href=\"https:\/\/joint-research-centre.ec.europa.eu\/greencomp-european-sustainability-competence-framework_en\" target=\"_blank\" rel=\"noopener\">GreenComp<\/a> del nostre alumnat.<\/p>\n<p>&nbsp;<\/p>\n<ul>\n<li><a href=\"https:\/\/agora.xtec.cat\/iespauclaris\/pro\/erasmus\/ka-120-2023-2027\/ka-121-1r-eso-cursos-2024-25\/\" target=\"_blank\" rel=\"noopener\">1r any curs 2023-24 i pr\u00f2rroga 2024-25<\/a><\/li>\n<li><a href=\"https:\/\/agora.xtec.cat\/iespauclaris\/pro\/erasmus\/ka-120-2023-2027\/ka-121-curs-25-26\/\">2n any curs 2025-2026<\/a><\/li>\n<\/ul>\n<p>&nbsp;<\/p>\n<table style=\"border-collapse: collapse; width: 100%;\">\n<tbody>\n<tr>\n<td style=\"width: 33.3333%;\"><a href=\"https:\/\/agora.xtec.cat\/iespauclaris\/wp-content\/uploads\/usu835\/2023\/11\/erasmus.png\"><img loading=\"lazy\" decoding=\"async\" class=\"size-medium wp-image-4874 aligncenter\" src=\"https:\/\/agora.xtec.cat\/iespauclaris\/wp-content\/uploads\/usu835\/2023\/11\/erasmus-300x86.png\" alt=\"\" width=\"300\" height=\"86\" srcset=\"https:\/\/agora.xtec.cat\/iespauclaris\/wp-content\/uploads\/usu835\/2023\/11\/erasmus-300x86.png 300w, https:\/\/agora.xtec.cat\/iespauclaris\/wp-content\/uploads\/usu835\/2023\/11\/erasmus.png 420w\" sizes=\"auto, (max-width: 300px) 100vw, 300px\" \/><\/a><\/td>\n<td style=\"width: 24.0269%;\"><a href=\"https:\/\/agora.xtec.cat\/iespauclaris\/wp-content\/uploads\/usu835\/2023\/12\/erasmus_en_cofunded.png\"><img loading=\"lazy\" decoding=\"async\" class=\"alignright size-medium wp-image-4911\" src=\"https:\/\/agora.xtec.cat\/iespauclaris\/wp-content\/uploads\/usu835\/2023\/12\/erasmus_en_cofunded-300x63.png\" alt=\"\" width=\"300\" height=\"63\" srcset=\"https:\/\/agora.xtec.cat\/iespauclaris\/wp-content\/uploads\/usu835\/2023\/12\/erasmus_en_cofunded-300x63.png 300w, https:\/\/agora.xtec.cat\/iespauclaris\/wp-content\/uploads\/usu835\/2023\/12\/erasmus_en_cofunded.png 488w\" sizes=\"auto, (max-width: 300px) 100vw, 300px\" \/><\/a><\/td>\n<td style=\"width: 42.6397%;\"><a href=\"https:\/\/agora.xtec.cat\/iespauclaris\/wp-content\/uploads\/usu835\/2023\/11\/sepie-1.png\"><img loading=\"lazy\" decoding=\"async\" class=\"alignright wp-image-4877 size-full\" src=\"https:\/\/agora.xtec.cat\/iespauclaris\/wp-content\/uploads\/usu835\/2023\/11\/sepie-1.png\" alt=\"\" width=\"507\" height=\"99\" srcset=\"https:\/\/agora.xtec.cat\/iespauclaris\/wp-content\/uploads\/usu835\/2023\/11\/sepie-1.png 507w, https:\/\/agora.xtec.cat\/iespauclaris\/wp-content\/uploads\/usu835\/2023\/11\/sepie-1-300x59.png 300w\" sizes=\"auto, (max-width: 507px) 100vw, 507px\" \/><\/a><\/td>\n<\/tr>\n<\/tbody>\n<\/table>\n","protected":false},"excerpt":{"rendered":"<p>El programa Erasmus + KA 120 (2022-2027), un projecte de llarga durada (5 anys), la participaci\u00f3 al programa ens permet oferir a l&#8217;alumnat i al professorat l&#8217;oportunitat d&#8217;un aprenentatge de les lleng\u00fces, la cultura, els valors democr\u00e0tics i el foment de la sostenibilitat en un&hellip;  <a href=\"https:\/\/agora.xtec.cat\/iespauclaris\/pro\/erasmus\/ka-120-2023-2027\/\" title=\"Read KA 120 (2023-2027)\">Llegeix m\u00e9s\u00bb<\/a><\/p>\n","protected":false},"author":1,"featured_media":0,"parent":2255,"menu_order":0,"comment_status":"closed","ping_status":"closed","template":"page-templates\/side-menu.php","meta":{"_bbp_topic_count":0,"_bbp_reply_count":0,"_bbp_total_topic_count":0,"_bbp_total_reply_count":0,"_bbp_voice_count":0,"_bbp_anonymous_reply_count":0,"_bbp_topic_count_hidden":0,"_bbp_reply_count_hidden":0,"_bbp_forum_subforum_count":0,"footnotes":""},"class_list":["post-4963","page","type-page","status-publish","hentry"],"post_mailing_queue_ids":[],"_links":{"self":[{"href":"https:\/\/agora.xtec.cat\/iespauclaris\/wp-json\/wp\/v2\/pages\/4963","targetHints":{"allow":["GET"]}}],"collection":[{"href":"https:\/\/agora.xtec.cat\/iespauclaris\/wp-json\/wp\/v2\/pages"}],"about":[{"href":"https:\/\/agora.xtec.cat\/iespauclaris\/wp-json\/wp\/v2\/types\/page"}],"author":[{"embeddable":true,"href":"https:\/\/agora.xtec.cat\/iespauclaris\/wp-json\/wp\/v2\/users\/1"}],"replies":[{"embeddable":true,"href":"https:\/\/agora.xtec.cat\/iespauclaris\/wp-json\/wp\/v2\/comments?post=4963"}],"version-history":[{"count":6,"href":"https:\/\/agora.xtec.cat\/iespauclaris\/wp-json\/wp\/v2\/pages\/4963\/revisions"}],"predecessor-version":[{"id":7487,"href":"https:\/\/agora.xtec.cat\/iespauclaris\/wp-json\/wp\/v2\/pages\/4963\/revisions\/7487"}],"up":[{"embeddable":true,"href":"https:\/\/agora.xtec.cat\/iespauclaris\/wp-json\/wp\/v2\/pages\/2255"}],"wp:attachment":[{"href":"https:\/\/agora.xtec.cat\/iespauclaris\/wp-json\/wp\/v2\/media?parent=4963"}],"curies":[{"name":"wp","href":"https:\/\/api.w.org\/{rel}","templated":true}]}}