{"id":3639,"date":"2022-11-20T20:05:49","date_gmt":"2022-11-20T19:05:49","guid":{"rendered":"https:\/\/agora.xtec.cat\/iespauclaris\/?page_id=3639"},"modified":"2023-06-28T16:32:00","modified_gmt":"2023-06-28T14:32:00","slug":"sortides-i-activitas","status":"publish","type":"page","link":"https:\/\/agora.xtec.cat\/iespauclaris\/ins\/calendari\/sortides-i-activitas\/","title":{"rendered":"Sortides i activitats"},"content":{"rendered":"<p><strong>Sortides i activitats<\/strong> <div class=\"simcal-calendar simcal-default-calendar simcal-default-calendar-grid simcal-default-calendar-light\" data-calendar-id=\"608\" data-timezone=\"Europe\/Madrid\" data-offset=\"7200\" data-week-start=\"1\" data-calendar-start=\"1777327200\" data-calendar-end=\"1806703200\" data-events-first=\"1745917200\" data-events-last=\"1806703200\">\n\t\t\t\n            <table class=\"simcal-calendar-grid\"\n                   data-event-bubble-trigger=\"hover\">\n                <thead class=\"simcal-calendar-head\">\n                <tr>\n\t\t\t\t\t                        <th class=\"simcal-nav simcal-prev-wrapper\" colspan=\"1\">\n                            <button class=\"simcal-nav-button simcal-month-nav simcal-prev\" title=\"Mes anterior\"><i class=\"simcal-icon-left\"><\/i><\/button>\n                        <\/th>\n\t\t\t\t\t                    <th colspan=\"5\"\n                        class=\"simcal-nav simcal-current\"\n                        data-calendar-current=\"1777327200\">\n\t\t\t\t\t\t<h3> <span class=\"simcal-current-month\">abril<\/span>  <span class=\"simcal-current-year\">2026<\/span> <\/h3>                    <\/th>\n\t\t\t\t\t                        <th class=\"simcal-nav simcal-next-wrapper\" colspan=\"1\">\n                            <button class=\"simcal-nav-button simcal-month-nav simcal-next\" title=\"Mes seg\u00fcent\"><i class=\"simcal-icon-right\"><\/i><\/button>\n                        <\/th>\n\t\t\t\t\t                <\/tr>\n                <tr>\n\t\t\t\t\t\t<!--\n\t\/\/ XTEC ************ MODIFICAT - Change short week-day (to avoid show all \"d\" in Catalan)\n\t\/\/ 2016.06.27 @sarjona\n\t-->\n\t<th class=\"simcal-week-day simcal-week-day-1\"\n             data-screen-small=\"Dl\"\n             data-screen-medium=\"Dl\"\n             data-screen-large=\"Dilluns\">Dl<\/th>\n\t<!--\/\/************ ORIGINAL -->\n\t<!--\n                        <th class=\"simcal-week-day simcal-week-day-1\"\n                            data-screen-small=\"D\"\n                            data-screen-medium=\"Dl\"\n                            data-screen-large=\"Dilluns\">Dl<\/th>\n\n\t-->\n\t<!--\n\t\/\/************ FI\n\t-->\n\n\t\t\t\t\t\t\t<!--\n\t\/\/ XTEC ************ MODIFICAT - Change short week-day (to avoid show all \"d\" in Catalan)\n\t\/\/ 2016.06.27 @sarjona\n\t-->\n\t<th class=\"simcal-week-day simcal-week-day-2\"\n             data-screen-small=\"Dt\"\n             data-screen-medium=\"Dt\"\n             data-screen-large=\"Dimarts\">Dt<\/th>\n\t<!--\/\/************ ORIGINAL -->\n\t<!--\n                        <th class=\"simcal-week-day simcal-week-day-2\"\n                            data-screen-small=\"D\"\n                            data-screen-medium=\"Dt\"\n                            data-screen-large=\"Dimarts\">Dt<\/th>\n\n\t-->\n\t<!--\n\t\/\/************ FI\n\t-->\n\n\t\t\t\t\t\t\t<!--\n\t\/\/ XTEC ************ MODIFICAT - Change short week-day (to avoid show all \"d\" in Catalan)\n\t\/\/ 2016.06.27 @sarjona\n\t-->\n\t<th class=\"simcal-week-day simcal-week-day-3\"\n             data-screen-small=\"Dc\"\n             data-screen-medium=\"Dc\"\n             data-screen-large=\"Dimecres\">Dc<\/th>\n\t<!--\/\/************ ORIGINAL -->\n\t<!--\n                        <th class=\"simcal-week-day simcal-week-day-3\"\n                            data-screen-small=\"D\"\n                            data-screen-medium=\"Dc\"\n                            data-screen-large=\"Dimecres\">Dc<\/th>\n\n\t-->\n\t<!--\n\t\/\/************ FI\n\t-->\n\n\t\t\t\t\t\t\t<!--\n\t\/\/ XTEC ************ MODIFICAT - Change short week-day (to avoid show all \"d\" in Catalan)\n\t\/\/ 2016.06.27 @sarjona\n\t-->\n\t<th class=\"simcal-week-day simcal-week-day-4\"\n             data-screen-small=\"Dj\"\n             data-screen-medium=\"Dj\"\n             data-screen-large=\"Dijous\">Dj<\/th>\n\t<!--\/\/************ ORIGINAL -->\n\t<!--\n                        <th class=\"simcal-week-day simcal-week-day-4\"\n                            data-screen-small=\"D\"\n                            data-screen-medium=\"Dj\"\n                            data-screen-large=\"Dijous\">Dj<\/th>\n\n\t-->\n\t<!--\n\t\/\/************ FI\n\t-->\n\n\t\t\t\t\t\t\t<!--\n\t\/\/ XTEC ************ MODIFICAT - Change short week-day (to avoid show all \"d\" in Catalan)\n\t\/\/ 2016.06.27 @sarjona\n\t-->\n\t<th class=\"simcal-week-day simcal-week-day-5\"\n             data-screen-small=\"Dv\"\n             data-screen-medium=\"Dv\"\n             data-screen-large=\"Divendres\">Dv<\/th>\n\t<!--\/\/************ ORIGINAL -->\n\t<!--\n                        <th class=\"simcal-week-day simcal-week-day-5\"\n                            data-screen-small=\"D\"\n                            data-screen-medium=\"Dv\"\n                            data-screen-large=\"Divendres\">Dv<\/th>\n\n\t-->\n\t<!--\n\t\/\/************ FI\n\t-->\n\n\t\t\t\t\t\t\t<!--\n\t\/\/ XTEC ************ MODIFICAT - Change short week-day (to avoid show all \"d\" in Catalan)\n\t\/\/ 2016.06.27 @sarjona\n\t-->\n\t<th class=\"simcal-week-day simcal-week-day-6\"\n             data-screen-small=\"Ds\"\n             data-screen-medium=\"Ds\"\n             data-screen-large=\"Dissabte\">Ds<\/th>\n\t<!--\/\/************ ORIGINAL -->\n\t<!--\n                        <th class=\"simcal-week-day simcal-week-day-6\"\n                            data-screen-small=\"D\"\n                            data-screen-medium=\"Ds\"\n                            data-screen-large=\"Dissabte\">Ds<\/th>\n\n\t-->\n\t<!--\n\t\/\/************ FI\n\t-->\n\n\t\t\t\t\t\t\n\t\t<!--\n\t\t\/\/ XTEC ************ MODIFICAT - Change short week-day (to avoid show all \"d\" in Catalan)\n\t\t\/\/ 2016.06.27 @sarjona\n\t\t-->\n\t\t<th class=\"simcal-week-day simcal-week-day-0\"\n                data-screen-small=\"Dg\"\n                data-screen-medium=\"Dg\"\n                data-screen-large=\"Diumenge\">Dg<\/th>\n\t\t<!--\/\/ ************ ORIGINAL -->\n\t\t<!--\n                            <th class=\"simcal-week-day simcal-week-day-0\"\n                                data-screen-small=\"D\"\n                                data-screen-medium=\"Dg\"\n                                data-screen-large=\"Diumenge\">Dg<\/th>\n\n\t\t-->\n\t\t<!--\n\t\t\/\/ ************ FI\n\t\t-->\n\n\t\t\t\t\t\t\t                <\/tr>\n                <\/thead>\n\n\t\t\t\t<tbody class=\"simcal-month simcal-month-4\">\n\t<tr class=\"simcal-week simcal-week-14\"><td class=\"simcal-day simcal-day-void \"><\/td>\n<td class=\"simcal-day simcal-day-void simcal-day-void-last\"><\/td>\n<td class=\"simcal-day-1 simcal-weekday-3 simcal-past simcal-day\" data-events-count=\"0\">\n\t<div>\n\t\t<span class=\"simcal-day-label simcal-day-number\">1<\/span>\n\t\t<span class=\"simcal-no-events\"><\/span>\n\t\t<span class=\"simcal-events-dots\" style=\"display: none;\"><\/span>\n\t<\/div>\n<\/td>\n<td class=\"simcal-day-2 simcal-weekday-4 simcal-past simcal-day\" data-events-count=\"0\">\n\t<div>\n\t\t<span class=\"simcal-day-label simcal-day-number\">2<\/span>\n\t\t<span class=\"simcal-no-events\"><\/span>\n\t\t<span class=\"simcal-events-dots\" style=\"display: none;\"><\/span>\n\t<\/div>\n<\/td>\n<td class=\"simcal-day-3 simcal-weekday-5 simcal-past simcal-day\" data-events-count=\"0\">\n\t<div>\n\t\t<span class=\"simcal-day-label simcal-day-number\">3<\/span>\n\t\t<span class=\"simcal-no-events\"><\/span>\n\t\t<span class=\"simcal-events-dots\" style=\"display: none;\"><\/span>\n\t<\/div>\n<\/td>\n<td class=\"simcal-day-4 simcal-weekday-6 simcal-past simcal-day\" data-events-count=\"0\">\n\t<div>\n\t\t<span class=\"simcal-day-label simcal-day-number\">4<\/span>\n\t\t<span class=\"simcal-no-events\"><\/span>\n\t\t<span class=\"simcal-events-dots\" style=\"display: none;\"><\/span>\n\t<\/div>\n<\/td>\n<td class=\"simcal-day-5 simcal-weekday-0 simcal-past simcal-day\" data-events-count=\"0\">\n\t<div>\n\t\t<span class=\"simcal-day-label simcal-day-number\">5<\/span>\n\t\t<span class=\"simcal-no-events\"><\/span>\n\t\t<span class=\"simcal-events-dots\" style=\"display: none;\"><\/span>\n\t<\/div>\n<\/td>\n<\/tr><tr class=\"simcal-week simcal-week-14\">\n<td class=\"simcal-day-6 simcal-weekday-1 simcal-past simcal-day\" data-events-count=\"0\">\n\t<div>\n\t\t<span class=\"simcal-day-label simcal-day-number\">6<\/span>\n\t\t<span class=\"simcal-no-events\"><\/span>\n\t\t<span class=\"simcal-events-dots\" style=\"display: none;\"><\/span>\n\t<\/div>\n<\/td>\n<td class=\"simcal-day-7 simcal-weekday-2 simcal-past simcal-day\" data-events-count=\"0\">\n\t<div>\n\t\t<span class=\"simcal-day-label simcal-day-number\">7<\/span>\n\t\t<span class=\"simcal-no-events\"><\/span>\n\t\t<span class=\"simcal-events-dots\" style=\"display: none;\"><\/span>\n\t<\/div>\n<\/td>\n<td class=\"simcal-day-8 simcal-weekday-3 simcal-past simcal-day simcal-day-has-events simcal-day-has-2-events simcal-events-calendar-608\" data-events-count=\"2\">\n\t<div>\n\t\t<span class=\"simcal-day-label simcal-day-number\" style=\"background-color: #00854e; color: #ffffff\">8<\/span>\n\t\t<ul class=\"simcal-events\">\t<li class=\"simcal-event simcal-events-calendar-608 simcal-tooltip\" itemscope itemtype=\"http:\/\/schema.org\/Event\">\n\t\t<span class=\"simcal-event-title\">Comissi\u00f3 &quot;Petits i Grans&quot; (3r i 4t )Visita Resid\u00e8ncia Vigatans i Parlament<\/span>\n\t\t<div class=\"simcal-event-details simcal-tooltip-content\" style=\"display: none;\"><p><strong><span class=\"simcal-event-title\" itemprop=\"name\">Comissi\u00f3 &quot;Petits i Grans&quot; (3r i 4t )Visita Resid\u00e8ncia Vigatans i Parlament<\/span><\/strong><\/p>\n<p><span class=\"simcal-event-start simcal-event-start-date\" data-event-start=\"1775631600\" data-event-format=\"d\/m\/Y\" itemprop=\"startDate\" content=\"2026-04-08T09:00:00+02:00\">08\/04\/2026<\/span>&nbsp;&nbsp;<span class=\"simcal-event-start simcal-event-start-time\" data-event-start=\"1775631600\" data-event-format=\"G:i\" itemprop=\"startDate\" content=\"2026-04-08T09:00:00+02:00\">9:00<\/span> - <span class=\"simcal-event-end simcal-event-end-time\" data-event-end=\"1775647800\" data-event-format=\"G:i\" itemprop=\"endDate\" content=\"2026-04-08T13:30:00+02:00\">13:30<\/span><br \/>\n <span class=\"simcal-event-address simcal-event-start-location\" itemprop=\"location\" itemscope itemtype=\"http:\/\/schema.org\/Place\"><meta itemprop=\"name\" content=\"Comissi\u00f3 &quot;Petits i Grans&quot; (3r i 4t )Visita Resid\u00e8ncia Vigatans i Parlament\" \/><meta itemprop=\"address\" content=\"Comissi\u00f3 &quot;Petits i Grans&quot; (3r i 4t )Visita Resid\u00e8ncia Vigatans i Parlament\" \/><\/span><\/p>\n<div><div class=\"simcal-event-description\" itemprop=\"description\"><p>Acompanyants: Anna Freixenet , S\u00f2nia Campos , Sara Mil\u00e0<\/p>\n<\/div><\/div>\n<p> <a href=\"https:\/\/www.google.com\/calendar\/event?eid=MGM3a2lwZnU0dTI4aGZqbTlmNjFwYmpvNmggaWVzcGF1Y2xhcmlzLm9yZ18yZDM1MzQzNTM4MzIzMTMwMzYzMzMwMzhAcmVzb3VyY2UuY2FsZW5kYXIuZ29vZ2xlLmNvbQ&#038;ctz=Europe\/Madrid\" target=\"_blank\" >M\u00e9s detalls<\/a><\/p><\/div>\n\t<\/li>\n\t<li class=\"simcal-event simcal-events-calendar-608 simcal-tooltip\" itemscope itemtype=\"http:\/\/schema.org\/Event\">\n\t\t<span class=\"simcal-event-title\">2n ESO (Xerrades programa &quot;Ments despertes&quot;)<\/span>\n\t\t<div class=\"simcal-event-details simcal-tooltip-content\" style=\"display: none;\"><p><strong><span class=\"simcal-event-title\" itemprop=\"name\">2n ESO (Xerrades programa &quot;Ments despertes&quot;)<\/span><\/strong><\/p>\n<p><span class=\"simcal-event-start simcal-event-start-date\" data-event-start=\"1775642400\" data-event-format=\"d\/m\/Y\" itemprop=\"startDate\" content=\"2026-04-08T12:00:00+02:00\">08\/04\/2026<\/span>&nbsp;&nbsp;<span class=\"simcal-event-start simcal-event-start-time\" data-event-start=\"1775642400\" data-event-format=\"G:i\" itemprop=\"startDate\" content=\"2026-04-08T12:00:00+02:00\">12:00<\/span> - <span class=\"simcal-event-end simcal-event-end-time\" data-event-end=\"1775653200\" data-event-format=\"G:i\" itemprop=\"endDate\" content=\"2026-04-08T15:00:00+02:00\">15:00<\/span><br \/>\n <span class=\"simcal-event-address simcal-event-start-location\" itemprop=\"location\" itemscope itemtype=\"http:\/\/schema.org\/Place\"><meta itemprop=\"name\" content=\"2n ESO (Xerrades programa &quot;Ments despertes&quot;)\" \/><meta itemprop=\"address\" content=\"2n ESO (Xerrades programa &quot;Ments despertes&quot;)\" \/><\/span><\/p>\n<div><div class=\"simcal-event-description\" itemprop=\"description\"><p><a href=\"https:\/\/www.somvia.org\/que-fem\/salut-mental\/programa-ments-despertes\/#\">https:\/\/www.somvia.org\/que-fem\/salut-mental\/programa-ments-despertes\/#<\/a><br \/>2n C (12 a 13h ) Sole<br \/>2n A\u00a0 (13 a 14h ) \u00c0ngels\u00a0<br \/>2n B\u00a0 (14 a 15h) Gala<\/p>\n<\/div><\/div>\n<p> <a href=\"https:\/\/www.google.com\/calendar\/event?eid=N2FqZ211Z2trYXJqa20xa3AydDZmYjloNHEgaWVzcGF1Y2xhcmlzLm9yZ18yZDM1MzQzNTM4MzIzMTMwMzYzMzMwMzhAcmVzb3VyY2UuY2FsZW5kYXIuZ29vZ2xlLmNvbQ&#038;ctz=Europe\/Madrid\" target=\"_blank\" >M\u00e9s detalls<\/a><\/p><\/div>\n\t<\/li>\n<\/ul>\n\n\t\t<span class=\"simcal-events-dots\" style=\"display: none;\"><b style=\"color: #000;\"> &bull; <\/b><b style=\"color: #000;\"> &bull; <\/b><\/span>\n\t<\/div>\n<\/td>\n<td class=\"simcal-day-9 simcal-weekday-4 simcal-past simcal-day simcal-day-has-events simcal-day-has-1-events simcal-events-calendar-608\" data-events-count=\"1\">\n\t<div>\n\t\t<span class=\"simcal-day-label simcal-day-number\" style=\"background-color: #00854e; color: #ffffff\">9<\/span>\n\t\t<ul class=\"simcal-events\">\t<li class=\"simcal-event simcal-events-calendar-608 simcal-tooltip\" itemscope itemtype=\"http:\/\/schema.org\/Event\">\n\t\t<span class=\"simcal-event-title\">Xerrada informativa a 4t ESO (Batxillerat al Pau Claris)<\/span>\n\t\t<div class=\"simcal-event-details simcal-tooltip-content\" style=\"display: none;\"><p><strong><span class=\"simcal-event-title\" itemprop=\"name\">Xerrada informativa a 4t ESO (Batxillerat al Pau Claris)<\/span><\/strong><\/p>\n<p><span class=\"simcal-event-start simcal-event-start-date\" data-event-start=\"1775728800\" data-event-format=\"d\/m\/Y\" itemprop=\"startDate\" content=\"2026-04-09T12:00:00+02:00\">09\/04\/2026<\/span>&nbsp;&nbsp;<span class=\"simcal-event-start simcal-event-start-time\" data-event-start=\"1775728800\" data-event-format=\"G:i\" itemprop=\"startDate\" content=\"2026-04-09T12:00:00+02:00\">12:00<\/span> - <span class=\"simcal-event-end simcal-event-end-time\" data-event-end=\"1775732400\" data-event-format=\"G:i\" itemprop=\"endDate\" content=\"2026-04-09T13:00:00+02:00\">13:00<\/span><br \/>\n <span class=\"simcal-event-address simcal-event-start-location\" itemprop=\"location\" itemscope itemtype=\"http:\/\/schema.org\/Place\"><meta itemprop=\"name\" content=\"Xerrada informativa a 4t ESO (Batxillerat al Pau Claris)\" \/><meta itemprop=\"address\" content=\"Xerrada informativa a 4t ESO (Batxillerat al Pau Claris)\" \/><\/span><\/p>\n<div><\/div>\n<p> <a href=\"https:\/\/www.google.com\/calendar\/event?eid=N2NrcnA4cnJlcGRhbGdjaGZuc29la2hxanUgaWVzcGF1Y2xhcmlzLm9yZ18yZDM1MzQzNTM4MzIzMTMwMzYzMzMwMzhAcmVzb3VyY2UuY2FsZW5kYXIuZ29vZ2xlLmNvbQ&#038;ctz=Europe\/Madrid\" target=\"_blank\" >M\u00e9s detalls<\/a><\/p><\/div>\n\t<\/li>\n<\/ul>\n\n\t\t<span class=\"simcal-events-dots\" style=\"display: none;\"><b style=\"color: #000;\"> &bull; <\/b><\/span>\n\t<\/div>\n<\/td>\n<td class=\"simcal-day-10 simcal-weekday-5 simcal-past simcal-day simcal-day-has-events simcal-day-has-1-events simcal-events-calendar-608\" data-events-count=\"1\">\n\t<div>\n\t\t<span class=\"simcal-day-label simcal-day-number\" style=\"background-color: #00854e; color: #ffffff\">10<\/span>\n\t\t<ul class=\"simcal-events\">\t<li class=\"simcal-event simcal-events-calendar-608 simcal-tooltip\" itemscope itemtype=\"http:\/\/schema.org\/Event\">\n\t\t<span class=\"simcal-event-title\">1rBAT Filmaci\u00f3 Visions Perif\u00e8riques (Cultura Audiovisual)<\/span>\n\t\t<div class=\"simcal-event-details simcal-tooltip-content\" style=\"display: none;\"><p><strong><span class=\"simcal-event-title\" itemprop=\"name\">1rBAT Filmaci\u00f3 Visions Perif\u00e8riques (Cultura Audiovisual)<\/span><\/strong><\/p>\n<p><span class=\"simcal-event-start simcal-event-start-date\" data-event-start=\"1775808000\" data-event-format=\"d\/m\/Y\" itemprop=\"startDate\" content=\"2026-04-10T10:00:00+02:00\">10\/04\/2026<\/span>&nbsp;&nbsp;<span class=\"simcal-event-start simcal-event-start-time\" data-event-start=\"1775808000\" data-event-format=\"G:i\" itemprop=\"startDate\" content=\"2026-04-10T10:00:00+02:00\">10:00<\/span> - <span class=\"simcal-event-end simcal-event-end-time\" data-event-end=\"1775813400\" data-event-format=\"G:i\" itemprop=\"endDate\" content=\"2026-04-10T11:30:00+02:00\">11:30<\/span><br \/>\n <span class=\"simcal-event-address simcal-event-start-location\" itemprop=\"location\" itemscope itemtype=\"http:\/\/schema.org\/Place\"><meta itemprop=\"name\" content=\"1rBAT Filmaci\u00f3 Visions Perif\u00e8riques (Cultura Audiovisual)\" \/><meta itemprop=\"address\" content=\"1rBAT Filmaci\u00f3 Visions Perif\u00e8riques (Cultura Audiovisual)\" \/><\/span><\/p>\n<div><div class=\"simcal-event-description\" itemprop=\"description\"><p>Sessi\u00f3 amb la cineasta.<br \/>\nCarolina i Berni<\/p>\n<\/div><\/div>\n<p> <a href=\"https:\/\/www.google.com\/calendar\/event?eid=NTA0Z2JhcGQ4cHRzamVyY3QxN3N0NTFkZ28gaWVzcGF1Y2xhcmlzLm9yZ18yZDM1MzQzNTM4MzIzMTMwMzYzMzMwMzhAcmVzb3VyY2UuY2FsZW5kYXIuZ29vZ2xlLmNvbQ&#038;ctz=Europe\/Madrid\" target=\"_blank\" >M\u00e9s detalls<\/a><\/p><\/div>\n\t<\/li>\n<\/ul>\n\n\t\t<span class=\"simcal-events-dots\" style=\"display: none;\"><b style=\"color: #000;\"> &bull; <\/b><\/span>\n\t<\/div>\n<\/td>\n<td class=\"simcal-day-11 simcal-weekday-6 simcal-past simcal-day\" data-events-count=\"0\">\n\t<div>\n\t\t<span class=\"simcal-day-label simcal-day-number\">11<\/span>\n\t\t<span class=\"simcal-no-events\"><\/span>\n\t\t<span class=\"simcal-events-dots\" style=\"display: none;\"><\/span>\n\t<\/div>\n<\/td>\n<td class=\"simcal-day-12 simcal-weekday-0 simcal-past simcal-day\" data-events-count=\"0\">\n\t<div>\n\t\t<span class=\"simcal-day-label simcal-day-number\">12<\/span>\n\t\t<span class=\"simcal-no-events\"><\/span>\n\t\t<span class=\"simcal-events-dots\" style=\"display: none;\"><\/span>\n\t<\/div>\n<\/td>\n<\/tr><tr class=\"simcal-week simcal-week-15\">\n<td class=\"simcal-day-13 simcal-weekday-1 simcal-past simcal-day simcal-day-has-events simcal-day-has-3-events simcal-events-calendar-608\" data-events-count=\"3\">\n\t<div>\n\t\t<span class=\"simcal-day-label simcal-day-number\" style=\"background-color: #00854e; color: #ffffff\">13<\/span>\n\t\t<ul class=\"simcal-events\">\t<li class=\"simcal-event simcal-events-calendar-608 simcal-tooltip\" itemscope itemtype=\"http:\/\/schema.org\/Event\">\n\t\t<span class=\"simcal-event-title\">Proves diagn\u00f2stiques (2n ESO)<\/span>\n\t\t<div class=\"simcal-event-details simcal-tooltip-content\" style=\"display: none;\"><p><strong><span class=\"simcal-event-title\" itemprop=\"name\">Proves diagn\u00f2stiques (2n ESO)<\/span><\/strong><\/p>\n<p><span class=\"simcal-event-start simcal-event-start-date\" data-event-start=\"1776031200\" data-event-format=\"d\/m\/Y\" itemprop=\"startDate\" content=\"2026-04-13T00:00:00+02:00\">13\/04\/2026<\/span>&nbsp;&nbsp;<span class=\"simcal-event-start simcal-event-start-time\" data-event-start=\"1776031200\" data-event-format=\"G:i\" itemprop=\"startDate\" content=\"2026-04-13T00:00:00+02:00\">0:00<\/span> - <span class=\"simcal-event-start simcal-event-end-date\" data-event-start=\"1776290400\" data-event-format=\"d\/m\/Y\" itemprop=\"endDate\" content=\"2026-04-16T00:00:00+02:00\">16\/04\/2026<\/span>&nbsp;&nbsp;<span class=\"simcal-event-end simcal-event-end-time\" data-event-end=\"1776290400\" data-event-format=\"G:i\" itemprop=\"endDate\" content=\"2026-04-16T00:00:00+02:00\">0:00<\/span><br \/>\n <span class=\"simcal-event-address simcal-event-start-location\" itemprop=\"location\" itemscope itemtype=\"http:\/\/schema.org\/Place\"><meta itemprop=\"name\" content=\"Proves diagn\u00f2stiques (2n ESO)\" \/><meta itemprop=\"address\" content=\"Proves diagn\u00f2stiques (2n ESO)\" \/><\/span><\/p>\n<div><div class=\"simcal-event-description\" itemprop=\"description\"><p>a:\u00a0<a href=\"https:\/\/avaluacioeducativa.gencat.cat\/ca\/avaluacions\/diagnostic\/segon-eso\/\" target=\"_blank\"><u>https:\/\/avaluacioeducativa.gencat.cat\/ca\/avaluacions\/diagnostic\/segon-eso\/<\/u><\/a><\/p>\n<\/div><\/div>\n<p> <a href=\"https:\/\/www.google.com\/calendar\/event?eid=NDdlNWU3M21jcGZuM2Z0ZTd0aHNya2doNjQgaWVzcGF1Y2xhcmlzLm9yZ18yZDM1MzQzNTM4MzIzMTMwMzYzMzMwMzhAcmVzb3VyY2UuY2FsZW5kYXIuZ29vZ2xlLmNvbQ&#038;ctz=Europe\/Madrid\" target=\"_blank\" >M\u00e9s detalls<\/a><\/p><\/div>\n\t<\/li>\n\t<li class=\"simcal-event simcal-events-calendar-608 simcal-tooltip\" itemscope itemtype=\"http:\/\/schema.org\/Event\">\n\t\t<span class=\"simcal-event-title\">Portar ordinador Pau Claris<\/span>\n\t\t<div class=\"simcal-event-details simcal-tooltip-content\" style=\"display: none;\"><p><strong><span class=\"simcal-event-title\" itemprop=\"name\">Portar ordinador Pau Claris<\/span><\/strong><\/p>\n<p><span class=\"simcal-event-start simcal-event-start-date\" data-event-start=\"1776060000\" data-event-format=\"d\/m\/Y\" itemprop=\"startDate\" content=\"2026-04-13T08:00:00+02:00\">13\/04\/2026<\/span>&nbsp;&nbsp;<span class=\"simcal-event-start simcal-event-start-time\" data-event-start=\"1776060000\" data-event-format=\"G:i\" itemprop=\"startDate\" content=\"2026-04-13T08:00:00+02:00\">8:00<\/span> - <span class=\"simcal-event-end simcal-event-end-time\" data-event-end=\"1776063600\" data-event-format=\"G:i\" itemprop=\"endDate\" content=\"2026-04-13T09:00:00+02:00\">9:00<\/span><br \/>\n <span class=\"simcal-event-address simcal-event-start-location\" itemprop=\"location\" itemscope itemtype=\"http:\/\/schema.org\/Place\"><meta itemprop=\"name\" content=\"Portar ordinador Pau Claris\" \/><meta itemprop=\"address\" content=\"Portar ordinador Pau Claris\" \/><\/span><\/p>\n<div><\/div>\n<p> <a href=\"https:\/\/www.google.com\/calendar\/event?eid=NzBxamNjOWpjb28zZWJiNWM1aTNjYjlrNmRnajhiYjE2c3NqY2I5ZzYwcWplcDlsY2xoMzZvcGw2ayBpZXNwYXVjbGFyaXMub3JnXzJkMzUzNDM1MzgzMjMxMzAzNjMzMzAzOEByZXNvdXJjZS5jYWxlbmRhci5nb29nbGUuY29t&#038;ctz=Europe\/Madrid\" target=\"_blank\" >M\u00e9s detalls<\/a><\/p><\/div>\n\t<\/li>\n\t<li class=\"simcal-event simcal-events-calendar-608 simcal-tooltip\" itemscope itemtype=\"http:\/\/schema.org\/Event\">\n\t\t<span class=\"simcal-event-title\">Servei Joves : passa classes informatiu (ESO i BATX)<\/span>\n\t\t<div class=\"simcal-event-details simcal-tooltip-content\" style=\"display: none;\"><p><strong><span class=\"simcal-event-title\" itemprop=\"name\">Servei Joves : passa classes informatiu (ESO i BATX)<\/span><\/strong><\/p>\n<p><span class=\"simcal-event-start simcal-event-start-date\" data-event-start=\"1776065400\" data-event-format=\"d\/m\/Y\" itemprop=\"startDate\" content=\"2026-04-13T09:30:00+02:00\">13\/04\/2026<\/span>&nbsp;&nbsp;<span class=\"simcal-event-start simcal-event-start-time\" data-event-start=\"1776065400\" data-event-format=\"G:i\" itemprop=\"startDate\" content=\"2026-04-13T09:30:00+02:00\">9:30<\/span> - <span class=\"simcal-event-end simcal-event-end-time\" data-event-end=\"1776072600\" data-event-format=\"G:i\" itemprop=\"endDate\" content=\"2026-04-13T11:30:00+02:00\">11:30<\/span><br \/>\n <span class=\"simcal-event-address simcal-event-start-location\" itemprop=\"location\" itemscope itemtype=\"http:\/\/schema.org\/Place\"><meta itemprop=\"name\" content=\"Servei Joves : passa classes informatiu (ESO i BATX)\" \/><meta itemprop=\"address\" content=\"Servei Joves : passa classes informatiu (ESO i BATX)\" \/><\/span><\/p>\n<div><\/div>\n<p> <a href=\"https:\/\/www.google.com\/calendar\/event?eid=MjdrajhsbjdtbG8yNGtocGE0NG9tNDdsZ2MgaWVzcGF1Y2xhcmlzLm9yZ18yZDM1MzQzNTM4MzIzMTMwMzYzMzMwMzhAcmVzb3VyY2UuY2FsZW5kYXIuZ29vZ2xlLmNvbQ&#038;ctz=Europe\/Madrid\" target=\"_blank\" >M\u00e9s detalls<\/a><\/p><\/div>\n\t<\/li>\n<\/ul>\n\n\t\t<span class=\"simcal-events-dots\" style=\"display: none;\"><b style=\"color: #000;\"> &bull; <\/b><b style=\"color: #000;\"> &bull; <\/b><b style=\"color: #000;\"> &bull; <\/b><\/span>\n\t<\/div>\n<\/td>\n<td class=\"simcal-day-14 simcal-weekday-2 simcal-past simcal-day simcal-day-has-events simcal-day-has-2-events simcal-events-calendar-608\" data-events-count=\"2\">\n\t<div>\n\t\t<span class=\"simcal-day-label simcal-day-number\" style=\"background-color: #00854e; color: #ffffff\">14<\/span>\n\t\t<ul class=\"simcal-events\">\t<li class=\"simcal-event simcal-events-calendar-608 simcal-tooltip\" itemscope itemtype=\"http:\/\/schema.org\/Event\">\n\t\t<span class=\"simcal-event-title\">Proves diagn\u00f2stiques (2n ESO)<\/span>\n\t\t<div class=\"simcal-event-details simcal-tooltip-content\" style=\"display: none;\"><p><strong><span class=\"simcal-event-title\" itemprop=\"name\">Proves diagn\u00f2stiques (2n ESO)<\/span><\/strong><\/p>\n<p><span class=\"simcal-event-start simcal-event-start-date\" data-event-start=\"1776031200\" data-event-format=\"d\/m\/Y\" itemprop=\"startDate\" content=\"2026-04-13T00:00:00+02:00\">13\/04\/2026<\/span>&nbsp;&nbsp;<span class=\"simcal-event-start simcal-event-start-time\" data-event-start=\"1776031200\" data-event-format=\"G:i\" itemprop=\"startDate\" content=\"2026-04-13T00:00:00+02:00\">0:00<\/span> - <span class=\"simcal-event-start simcal-event-end-date\" data-event-start=\"1776290400\" data-event-format=\"d\/m\/Y\" itemprop=\"endDate\" content=\"2026-04-16T00:00:00+02:00\">16\/04\/2026<\/span>&nbsp;&nbsp;<span class=\"simcal-event-end simcal-event-end-time\" data-event-end=\"1776290400\" data-event-format=\"G:i\" itemprop=\"endDate\" content=\"2026-04-16T00:00:00+02:00\">0:00<\/span><br \/>\n <span class=\"simcal-event-address simcal-event-start-location\" itemprop=\"location\" itemscope itemtype=\"http:\/\/schema.org\/Place\"><meta itemprop=\"name\" content=\"Proves diagn\u00f2stiques (2n ESO)\" \/><meta itemprop=\"address\" content=\"Proves diagn\u00f2stiques (2n ESO)\" \/><\/span><\/p>\n<div><div class=\"simcal-event-description\" itemprop=\"description\"><p>a:\u00a0<a href=\"https:\/\/avaluacioeducativa.gencat.cat\/ca\/avaluacions\/diagnostic\/segon-eso\/\" target=\"_blank\"><u>https:\/\/avaluacioeducativa.gencat.cat\/ca\/avaluacions\/diagnostic\/segon-eso\/<\/u><\/a><\/p>\n<\/div><\/div>\n<p> <a href=\"https:\/\/www.google.com\/calendar\/event?eid=NDdlNWU3M21jcGZuM2Z0ZTd0aHNya2doNjQgaWVzcGF1Y2xhcmlzLm9yZ18yZDM1MzQzNTM4MzIzMTMwMzYzMzMwMzhAcmVzb3VyY2UuY2FsZW5kYXIuZ29vZ2xlLmNvbQ&#038;ctz=Europe\/Madrid\" target=\"_blank\" >M\u00e9s detalls<\/a><\/p><\/div>\n\t<\/li>\n\t<li class=\"simcal-event simcal-event-has-location simcal-events-calendar-608 simcal-tooltip\" itemscope itemtype=\"http:\/\/schema.org\/Event\">\n\t\t<span class=\"simcal-event-title\">Curs &quot;Prevenci\u00f3 dels extremismes&quot;<\/span>\n\t\t<div class=\"simcal-event-details simcal-tooltip-content\" style=\"display: none;\"><p><strong><span class=\"simcal-event-title\" itemprop=\"name\">Curs &quot;Prevenci\u00f3 dels extremismes&quot;<\/span><\/strong><\/p>\n<p><span class=\"simcal-event-start simcal-event-start-date\" data-event-start=\"1776171600\" data-event-format=\"d\/m\/Y\" itemprop=\"startDate\" content=\"2026-04-14T15:00:00+02:00\">14\/04\/2026<\/span>&nbsp;&nbsp;<span class=\"simcal-event-start simcal-event-start-time\" data-event-start=\"1776171600\" data-event-format=\"G:i\" itemprop=\"startDate\" content=\"2026-04-14T15:00:00+02:00\">15:00<\/span> - <span class=\"simcal-event-end simcal-event-end-time\" data-event-end=\"1776182400\" data-event-format=\"G:i\" itemprop=\"endDate\" content=\"2026-04-14T18:00:00+02:00\">18:00<\/span><br \/>\n <span class=\"simcal-event-address simcal-event-start-location\" itemprop=\"location\" itemscope itemtype=\"http:\/\/schema.org\/Place\"><meta itemprop=\"name\" content=\"Servei Educatiu Eixample (SE, CRP, EAP, ELIC...), C. de Mallorca, 219, Eixample, 08008 Barcelona, Espanya, Sortides i activitats\" \/><meta itemprop=\"address\" content=\"Servei Educatiu Eixample (SE, CRP, EAP, ELIC...), C. de Mallorca, 219, Eixample, 08008 Barcelona, Espanya, Sortides i activitats\" \/>Servei Educatiu Eixample (SE, CRP, EAP, ELIC...), C. de Mallorca, 219, Eixample, 08008 Barcelona, Espanya, Sortides i activitats<\/span><\/p>\n<div><div class=\"simcal-event-description\" itemprop=\"description\"><p>Luz Galindo i S\u00f2nia Berg\u00f3s<\/p>\n<\/div><\/div>\n<p> <a href=\"https:\/\/www.google.com\/calendar\/event?eid=NnNwM2dkcGpjb29qMGI5bWNkZ202YjlrNmNxajRiYjJjNG8zMGI5cDY5aDM0Y3I2YzVoNjJvcG42cyBpZXNwYXVjbGFyaXMub3JnXzJkMzUzNDM1MzgzMjMxMzAzNjMzMzAzOEByZXNvdXJjZS5jYWxlbmRhci5nb29nbGUuY29t&#038;ctz=Europe\/Madrid\" target=\"_blank\" >M\u00e9s detalls<\/a><\/p><\/div>\n\t<\/li>\n<\/ul>\n\n\t\t<span class=\"simcal-events-dots\" style=\"display: none;\"><b style=\"color: #000;\"> &bull; <\/b><b style=\"color: #000;\"> &bull; <\/b><\/span>\n\t<\/div>\n<\/td>\n<td class=\"simcal-day-15 simcal-weekday-3 simcal-past simcal-day simcal-day-has-events simcal-day-has-2-events simcal-events-calendar-608\" data-events-count=\"2\">\n\t<div>\n\t\t<span class=\"simcal-day-label simcal-day-number\" style=\"background-color: #00854e; color: #ffffff\">15<\/span>\n\t\t<ul class=\"simcal-events\">\t<li class=\"simcal-event simcal-events-calendar-608 simcal-tooltip\" itemscope itemtype=\"http:\/\/schema.org\/Event\">\n\t\t<span class=\"simcal-event-title\">Proves diagn\u00f2stiques (2n ESO)<\/span>\n\t\t<div class=\"simcal-event-details simcal-tooltip-content\" style=\"display: none;\"><p><strong><span class=\"simcal-event-title\" itemprop=\"name\">Proves diagn\u00f2stiques (2n ESO)<\/span><\/strong><\/p>\n<p><span class=\"simcal-event-start simcal-event-start-date\" data-event-start=\"1776031200\" data-event-format=\"d\/m\/Y\" itemprop=\"startDate\" content=\"2026-04-13T00:00:00+02:00\">13\/04\/2026<\/span>&nbsp;&nbsp;<span class=\"simcal-event-start simcal-event-start-time\" data-event-start=\"1776031200\" data-event-format=\"G:i\" itemprop=\"startDate\" content=\"2026-04-13T00:00:00+02:00\">0:00<\/span> - <span class=\"simcal-event-start simcal-event-end-date\" data-event-start=\"1776290400\" data-event-format=\"d\/m\/Y\" itemprop=\"endDate\" content=\"2026-04-16T00:00:00+02:00\">16\/04\/2026<\/span>&nbsp;&nbsp;<span class=\"simcal-event-end simcal-event-end-time\" data-event-end=\"1776290400\" data-event-format=\"G:i\" itemprop=\"endDate\" content=\"2026-04-16T00:00:00+02:00\">0:00<\/span><br \/>\n <span class=\"simcal-event-address simcal-event-start-location\" itemprop=\"location\" itemscope itemtype=\"http:\/\/schema.org\/Place\"><meta itemprop=\"name\" content=\"Proves diagn\u00f2stiques (2n ESO)\" \/><meta itemprop=\"address\" content=\"Proves diagn\u00f2stiques (2n ESO)\" \/><\/span><\/p>\n<div><div class=\"simcal-event-description\" itemprop=\"description\"><p>a:\u00a0<a href=\"https:\/\/avaluacioeducativa.gencat.cat\/ca\/avaluacions\/diagnostic\/segon-eso\/\" target=\"_blank\"><u>https:\/\/avaluacioeducativa.gencat.cat\/ca\/avaluacions\/diagnostic\/segon-eso\/<\/u><\/a><\/p>\n<\/div><\/div>\n<p> <a href=\"https:\/\/www.google.com\/calendar\/event?eid=NDdlNWU3M21jcGZuM2Z0ZTd0aHNya2doNjQgaWVzcGF1Y2xhcmlzLm9yZ18yZDM1MzQzNTM4MzIzMTMwMzYzMzMwMzhAcmVzb3VyY2UuY2FsZW5kYXIuZ29vZ2xlLmNvbQ&#038;ctz=Europe\/Madrid\" target=\"_blank\" >M\u00e9s detalls<\/a><\/p><\/div>\n\t<\/li>\n\t<li class=\"simcal-event simcal-events-calendar-608 simcal-tooltip\" itemscope itemtype=\"http:\/\/schema.org\/Event\">\n\t\t<span class=\"simcal-event-title\">13,30h . Av\u00eds Reuni\u00f3 Online : Valoraci\u00f3 Patrulla Canina<\/span>\n\t\t<div class=\"simcal-event-details simcal-tooltip-content\" style=\"display: none;\"><p><strong><span class=\"simcal-event-title\" itemprop=\"name\">13,30h . Av\u00eds Reuni\u00f3 Online : Valoraci\u00f3 Patrulla Canina<\/span><\/strong><\/p>\n<p><span class=\"simcal-event-start simcal-event-start-date\" data-event-start=\"1776232800\" data-event-format=\"d\/m\/Y\" itemprop=\"startDate\" content=\"2026-04-15T08:00:00+02:00\">15\/04\/2026<\/span>&nbsp;&nbsp;<span class=\"simcal-event-start simcal-event-start-time\" data-event-start=\"1776232800\" data-event-format=\"G:i\" itemprop=\"startDate\" content=\"2026-04-15T08:00:00+02:00\">8:00<\/span> - <span class=\"simcal-event-end simcal-event-end-time\" data-event-end=\"1776236400\" data-event-format=\"G:i\" itemprop=\"endDate\" content=\"2026-04-15T09:00:00+02:00\">9:00<\/span><br \/>\n <span class=\"simcal-event-address simcal-event-start-location\" itemprop=\"location\" itemscope itemtype=\"http:\/\/schema.org\/Place\"><meta itemprop=\"name\" content=\"13,30h . Av\u00eds Reuni\u00f3 Online : Valoraci\u00f3 Patrulla Canina\" \/><meta itemprop=\"address\" content=\"13,30h . Av\u00eds Reuni\u00f3 Online : Valoraci\u00f3 Patrulla Canina\" \/><\/span><\/p>\n<div><\/div>\n<p> <a href=\"https:\/\/www.google.com\/calendar\/event?eid=Y29zbTZjYjE2Z3JtNGI5ajZjcGplYjlrYzRyM2liYjE2bGozZWI5cDY0cDNncGoxNmNvbTJjcjQ2cyBpZXNwYXVjbGFyaXMub3JnXzJkMzUzNDM1MzgzMjMxMzAzNjMzMzAzOEByZXNvdXJjZS5jYWxlbmRhci5nb29nbGUuY29t&#038;ctz=Europe\/Madrid\" target=\"_blank\" >M\u00e9s detalls<\/a><\/p><\/div>\n\t<\/li>\n<\/ul>\n\n\t\t<span class=\"simcal-events-dots\" style=\"display: none;\"><b style=\"color: #000;\"> &bull; <\/b><b style=\"color: #000;\"> &bull; <\/b><\/span>\n\t<\/div>\n<\/td>\n<td class=\"simcal-day-16 simcal-weekday-4 simcal-past simcal-day simcal-day-has-events simcal-day-has-3-events simcal-events-calendar-608\" data-events-count=\"3\">\n\t<div>\n\t\t<span class=\"simcal-day-label simcal-day-number\" style=\"background-color: #00854e; color: #ffffff\">16<\/span>\n\t\t<ul class=\"simcal-events\">\t<li class=\"simcal-event simcal-events-calendar-608 simcal-tooltip\" itemscope itemtype=\"http:\/\/schema.org\/Event\">\n\t\t<span class=\"simcal-event-title\">Proves diagn\u00f2stiques (2n ESO)<\/span>\n\t\t<div class=\"simcal-event-details simcal-tooltip-content\" style=\"display: none;\"><p><strong><span class=\"simcal-event-title\" itemprop=\"name\">Proves diagn\u00f2stiques (2n ESO)<\/span><\/strong><\/p>\n<p><span class=\"simcal-event-start simcal-event-start-date\" data-event-start=\"1776031200\" data-event-format=\"d\/m\/Y\" itemprop=\"startDate\" content=\"2026-04-13T00:00:00+02:00\">13\/04\/2026<\/span>&nbsp;&nbsp;<span class=\"simcal-event-start simcal-event-start-time\" data-event-start=\"1776031200\" data-event-format=\"G:i\" itemprop=\"startDate\" content=\"2026-04-13T00:00:00+02:00\">0:00<\/span> - <span class=\"simcal-event-start simcal-event-end-date\" data-event-start=\"1776290400\" data-event-format=\"d\/m\/Y\" itemprop=\"endDate\" content=\"2026-04-16T00:00:00+02:00\">16\/04\/2026<\/span>&nbsp;&nbsp;<span class=\"simcal-event-end simcal-event-end-time\" data-event-end=\"1776290400\" data-event-format=\"G:i\" itemprop=\"endDate\" content=\"2026-04-16T00:00:00+02:00\">0:00<\/span><br \/>\n <span class=\"simcal-event-address simcal-event-start-location\" itemprop=\"location\" itemscope itemtype=\"http:\/\/schema.org\/Place\"><meta itemprop=\"name\" content=\"Proves diagn\u00f2stiques (2n ESO)\" \/><meta itemprop=\"address\" content=\"Proves diagn\u00f2stiques (2n ESO)\" \/><\/span><\/p>\n<div><div class=\"simcal-event-description\" itemprop=\"description\"><p>a:\u00a0<a href=\"https:\/\/avaluacioeducativa.gencat.cat\/ca\/avaluacions\/diagnostic\/segon-eso\/\" target=\"_blank\"><u>https:\/\/avaluacioeducativa.gencat.cat\/ca\/avaluacions\/diagnostic\/segon-eso\/<\/u><\/a><\/p>\n<\/div><\/div>\n<p> <a href=\"https:\/\/www.google.com\/calendar\/event?eid=NDdlNWU3M21jcGZuM2Z0ZTd0aHNya2doNjQgaWVzcGF1Y2xhcmlzLm9yZ18yZDM1MzQzNTM4MzIzMTMwMzYzMzMwMzhAcmVzb3VyY2UuY2FsZW5kYXIuZ29vZ2xlLmNvbQ&#038;ctz=Europe\/Madrid\" target=\"_blank\" >M\u00e9s detalls<\/a><\/p><\/div>\n\t<\/li>\n\t<li class=\"simcal-event simcal-events-calendar-608 simcal-tooltip\" itemscope itemtype=\"http:\/\/schema.org\/Event\">\n\t\t<span class=\"simcal-event-title\">3r. B Florence<\/span>\n\t\t<div class=\"simcal-event-details simcal-tooltip-content\" style=\"display: none;\"><p><strong><span class=\"simcal-event-title\" itemprop=\"name\">3r. B Florence<\/span><\/strong><\/p>\n<p><span class=\"simcal-event-start simcal-event-start-date\" data-event-start=\"1776328200\" data-event-format=\"d\/m\/Y\" itemprop=\"startDate\" content=\"2026-04-16T10:30:00+02:00\">16\/04\/2026<\/span>&nbsp;&nbsp;<span class=\"simcal-event-start simcal-event-start-time\" data-event-start=\"1776328200\" data-event-format=\"G:i\" itemprop=\"startDate\" content=\"2026-04-16T10:30:00+02:00\">10:30<\/span> - <span class=\"simcal-event-end simcal-event-end-time\" data-event-end=\"1776331800\" data-event-format=\"G:i\" itemprop=\"endDate\" content=\"2026-04-16T11:30:00+02:00\">11:30<\/span><br \/>\n <span class=\"simcal-event-address simcal-event-start-location\" itemprop=\"location\" itemscope itemtype=\"http:\/\/schema.org\/Place\"><meta itemprop=\"name\" content=\"3r. B Florence\" \/><meta itemprop=\"address\" content=\"3r. B Florence\" \/><\/span><\/p>\n<div><\/div>\n<p> <a href=\"https:\/\/www.google.com\/calendar\/event?eid=MzVkZWJwOXFzbHBkdjV0bnRtZmI1aWp0c2cgaWVzcGF1Y2xhcmlzLm9yZ18yZDM1MzQzNTM4MzIzMTMwMzYzMzMwMzhAcmVzb3VyY2UuY2FsZW5kYXIuZ29vZ2xlLmNvbQ&#038;ctz=Europe\/Madrid\" target=\"_blank\" >M\u00e9s detalls<\/a><\/p><\/div>\n\t<\/li>\n\t<li class=\"simcal-event simcal-events-calendar-608 simcal-tooltip\" itemscope itemtype=\"http:\/\/schema.org\/Event\">\n\t\t<span class=\"simcal-event-title\">2n. B Florence<\/span>\n\t\t<div class=\"simcal-event-details simcal-tooltip-content\" style=\"display: none;\"><p><strong><span class=\"simcal-event-title\" itemprop=\"name\">2n. B Florence<\/span><\/strong><\/p>\n<p><span class=\"simcal-event-start simcal-event-start-date\" data-event-start=\"1776340800\" data-event-format=\"d\/m\/Y\" itemprop=\"startDate\" content=\"2026-04-16T14:00:00+02:00\">16\/04\/2026<\/span>&nbsp;&nbsp;<span class=\"simcal-event-start simcal-event-start-time\" data-event-start=\"1776340800\" data-event-format=\"G:i\" itemprop=\"startDate\" content=\"2026-04-16T14:00:00+02:00\">14:00<\/span> - <span class=\"simcal-event-end simcal-event-end-time\" data-event-end=\"1776344400\" data-event-format=\"G:i\" itemprop=\"endDate\" content=\"2026-04-16T15:00:00+02:00\">15:00<\/span><br \/>\n <span class=\"simcal-event-address simcal-event-start-location\" itemprop=\"location\" itemscope itemtype=\"http:\/\/schema.org\/Place\"><meta itemprop=\"name\" content=\"2n. B Florence\" \/><meta itemprop=\"address\" content=\"2n. B Florence\" \/><\/span><\/p>\n<div><\/div>\n<p> <a href=\"https:\/\/www.google.com\/calendar\/event?eid=NHV0bzBkYTIzYmxnb291NmZrY2s0amw4ZDggaWVzcGF1Y2xhcmlzLm9yZ18yZDM1MzQzNTM4MzIzMTMwMzYzMzMwMzhAcmVzb3VyY2UuY2FsZW5kYXIuZ29vZ2xlLmNvbQ&#038;ctz=Europe\/Madrid\" target=\"_blank\" >M\u00e9s detalls<\/a><\/p><\/div>\n\t<\/li>\n<\/ul>\n\n\t\t<span class=\"simcal-events-dots\" style=\"display: none;\"><b style=\"color: #000;\"> &bull; <\/b><b style=\"color: #000;\"> &bull; <\/b><b style=\"color: #000;\"> &bull; <\/b><\/span>\n\t<\/div>\n<\/td>\n<td class=\"simcal-day-17 simcal-weekday-5 simcal-past simcal-day simcal-day-has-events simcal-day-has-1-events simcal-events-calendar-608\" data-events-count=\"1\">\n\t<div>\n\t\t<span class=\"simcal-day-label simcal-day-number\" style=\"background-color: #00854e; color: #ffffff\">17<\/span>\n\t\t<ul class=\"simcal-events\">\t<li class=\"simcal-event simcal-events-calendar-608 simcal-tooltip\" itemscope itemtype=\"http:\/\/schema.org\/Event\">\n\t\t<span class=\"simcal-event-title\">1rBAT Visions Perif\u00e8riques (Cultura Audiovisual)<\/span>\n\t\t<div class=\"simcal-event-details simcal-tooltip-content\" style=\"display: none;\"><p><strong><span class=\"simcal-event-title\" itemprop=\"name\">1rBAT Visions Perif\u00e8riques (Cultura Audiovisual)<\/span><\/strong><\/p>\n<p><span class=\"simcal-event-start simcal-event-start-date\" data-event-start=\"1776412800\" data-event-format=\"d\/m\/Y\" itemprop=\"startDate\" content=\"2026-04-17T10:00:00+02:00\">17\/04\/2026<\/span>&nbsp;&nbsp;<span class=\"simcal-event-start simcal-event-start-time\" data-event-start=\"1776412800\" data-event-format=\"G:i\" itemprop=\"startDate\" content=\"2026-04-17T10:00:00+02:00\">10:00<\/span> - <span class=\"simcal-event-end simcal-event-end-time\" data-event-end=\"1776418200\" data-event-format=\"G:i\" itemprop=\"endDate\" content=\"2026-04-17T11:30:00+02:00\">11:30<\/span><br \/>\n <span class=\"simcal-event-address simcal-event-start-location\" itemprop=\"location\" itemscope itemtype=\"http:\/\/schema.org\/Place\"><meta itemprop=\"name\" content=\"1rBAT Visions Perif\u00e8riques (Cultura Audiovisual)\" \/><meta itemprop=\"address\" content=\"1rBAT Visions Perif\u00e8riques (Cultura Audiovisual)\" \/><\/span><\/p>\n<div><div class=\"simcal-event-description\" itemprop=\"description\"><p>Sessi\u00f3 amb la cineasta.<\/p>\n<\/div><\/div>\n<p> <a href=\"https:\/\/www.google.com\/calendar\/event?eid=NGVmNjFjamlpMjhxNzY3Y2k4MTBxYWRkMTUgaWVzcGF1Y2xhcmlzLm9yZ18yZDM1MzQzNTM4MzIzMTMwMzYzMzMwMzhAcmVzb3VyY2UuY2FsZW5kYXIuZ29vZ2xlLmNvbQ&#038;ctz=Europe\/Madrid\" target=\"_blank\" >M\u00e9s detalls<\/a><\/p><\/div>\n\t<\/li>\n<\/ul>\n\n\t\t<span class=\"simcal-events-dots\" style=\"display: none;\"><b style=\"color: #000;\"> &bull; <\/b><\/span>\n\t<\/div>\n<\/td>\n<td class=\"simcal-day-18 simcal-weekday-6 simcal-past simcal-day\" data-events-count=\"0\">\n\t<div>\n\t\t<span class=\"simcal-day-label simcal-day-number\">18<\/span>\n\t\t<span class=\"simcal-no-events\"><\/span>\n\t\t<span class=\"simcal-events-dots\" style=\"display: none;\"><\/span>\n\t<\/div>\n<\/td>\n<td class=\"simcal-day-19 simcal-weekday-0 simcal-past simcal-day\" data-events-count=\"0\">\n\t<div>\n\t\t<span class=\"simcal-day-label simcal-day-number\">19<\/span>\n\t\t<span class=\"simcal-no-events\"><\/span>\n\t\t<span class=\"simcal-events-dots\" style=\"display: none;\"><\/span>\n\t<\/div>\n<\/td>\n<\/tr><tr class=\"simcal-week simcal-week-16\">\n<td class=\"simcal-day-20 simcal-weekday-1 simcal-past simcal-day simcal-day-has-events simcal-day-has-4-events simcal-events-calendar-608\" data-events-count=\"4\">\n\t<div>\n\t\t<span class=\"simcal-day-label simcal-day-number\" style=\"background-color: #00854e; color: #ffffff\">20<\/span>\n\t\t<ul class=\"simcal-events\">\t<li class=\"simcal-event simcal-events-calendar-608 simcal-tooltip\" itemscope itemtype=\"http:\/\/schema.org\/Event\">\n\t\t<span class=\"simcal-event-title\">Fundaci\u00f3 Joan Brossa: taller de creaci\u00f3 po\u00e8tica 3r d&#039;ESO A (Carme Ferrer)<\/span>\n\t\t<div class=\"simcal-event-details simcal-tooltip-content\" style=\"display: none;\"><p><strong><span class=\"simcal-event-title\" itemprop=\"name\">Fundaci\u00f3 Joan Brossa: taller de creaci\u00f3 po\u00e8tica 3r d&#039;ESO A (Carme Ferrer)<\/span><\/strong><\/p>\n<p><span class=\"simcal-event-start simcal-event-start-date\" data-event-start=\"1776666600\" data-event-format=\"d\/m\/Y\" itemprop=\"startDate\" content=\"2026-04-20T08:30:00+02:00\">20\/04\/2026<\/span>&nbsp;&nbsp;<span class=\"simcal-event-start simcal-event-start-time\" data-event-start=\"1776666600\" data-event-format=\"G:i\" itemprop=\"startDate\" content=\"2026-04-20T08:30:00+02:00\">8:30<\/span> - <span class=\"simcal-event-end simcal-event-end-time\" data-event-end=\"1776670200\" data-event-format=\"G:i\" itemprop=\"endDate\" content=\"2026-04-20T09:30:00+02:00\">9:30<\/span><br \/>\n <span class=\"simcal-event-address simcal-event-start-location\" itemprop=\"location\" itemscope itemtype=\"http:\/\/schema.org\/Place\"><meta itemprop=\"name\" content=\"Fundaci\u00f3 Joan Brossa: taller de creaci\u00f3 po\u00e8tica 3r d&#039;ESO A (Carme Ferrer)\" \/><meta itemprop=\"address\" content=\"Fundaci\u00f3 Joan Brossa: taller de creaci\u00f3 po\u00e8tica 3r d&#039;ESO A (Carme Ferrer)\" \/><\/span><\/p>\n<div><\/div>\n<p> <a href=\"https:\/\/www.google.com\/calendar\/event?eid=NWhiN2s5OW9tc2xlczRrcG5ybzFsNTdhN2YgaWVzcGF1Y2xhcmlzLm9yZ18yZDM1MzQzNTM4MzIzMTMwMzYzMzMwMzhAcmVzb3VyY2UuY2FsZW5kYXIuZ29vZ2xlLmNvbQ&#038;ctz=Europe\/Madrid\" target=\"_blank\" >M\u00e9s detalls<\/a><\/p><\/div>\n\t<\/li>\n\t<li class=\"simcal-event simcal-events-calendar-608 simcal-tooltip\" itemscope itemtype=\"http:\/\/schema.org\/Event\">\n\t\t<span class=\"simcal-event-title\">Fundaci\u00f3 Joan Brossa: taller de creaci\u00f3 po\u00e8tica 1r d&#039;ESO B (Georgina)<\/span>\n\t\t<div class=\"simcal-event-details simcal-tooltip-content\" style=\"display: none;\"><p><strong><span class=\"simcal-event-title\" itemprop=\"name\">Fundaci\u00f3 Joan Brossa: taller de creaci\u00f3 po\u00e8tica 1r d&#039;ESO B (Georgina)<\/span><\/strong><\/p>\n<p><span class=\"simcal-event-start simcal-event-start-date\" data-event-start=\"1776670200\" data-event-format=\"d\/m\/Y\" itemprop=\"startDate\" content=\"2026-04-20T09:30:00+02:00\">20\/04\/2026<\/span>&nbsp;&nbsp;<span class=\"simcal-event-start simcal-event-start-time\" data-event-start=\"1776670200\" data-event-format=\"G:i\" itemprop=\"startDate\" content=\"2026-04-20T09:30:00+02:00\">9:30<\/span> - <span class=\"simcal-event-end simcal-event-end-time\" data-event-end=\"1776673800\" data-event-format=\"G:i\" itemprop=\"endDate\" content=\"2026-04-20T10:30:00+02:00\">10:30<\/span><br \/>\n <span class=\"simcal-event-address simcal-event-start-location\" itemprop=\"location\" itemscope itemtype=\"http:\/\/schema.org\/Place\"><meta itemprop=\"name\" content=\"Fundaci\u00f3 Joan Brossa: taller de creaci\u00f3 po\u00e8tica 1r d&#039;ESO B (Georgina)\" \/><meta itemprop=\"address\" content=\"Fundaci\u00f3 Joan Brossa: taller de creaci\u00f3 po\u00e8tica 1r d&#039;ESO B (Georgina)\" \/><\/span><\/p>\n<div><\/div>\n<p> <a href=\"https:\/\/www.google.com\/calendar\/event?eid=NnI5Z2Z1dGU5cmkya3VqcTg5YWk4bzFvaWwgaWVzcGF1Y2xhcmlzLm9yZ18yZDM1MzQzNTM4MzIzMTMwMzYzMzMwMzhAcmVzb3VyY2UuY2FsZW5kYXIuZ29vZ2xlLmNvbQ&#038;ctz=Europe\/Madrid\" target=\"_blank\" >M\u00e9s detalls<\/a><\/p><\/div>\n\t<\/li>\n\t<li class=\"simcal-event simcal-events-calendar-608 simcal-tooltip\" itemscope itemtype=\"http:\/\/schema.org\/Event\">\n\t\t<span class=\"simcal-event-title\">Fundaci\u00f3 Joan Brossa: taller de creaci\u00f3 po\u00e8tica 2n d&#039;ESO B (\u00c1ngeles Becerra)<\/span>\n\t\t<div class=\"simcal-event-details simcal-tooltip-content\" style=\"display: none;\"><p><strong><span class=\"simcal-event-title\" itemprop=\"name\">Fundaci\u00f3 Joan Brossa: taller de creaci\u00f3 po\u00e8tica 2n d&#039;ESO B (\u00c1ngeles Becerra)<\/span><\/strong><\/p>\n<p><span class=\"simcal-event-start simcal-event-start-date\" data-event-start=\"1776670200\" data-event-format=\"d\/m\/Y\" itemprop=\"startDate\" content=\"2026-04-20T09:30:00+02:00\">20\/04\/2026<\/span>&nbsp;&nbsp;<span class=\"simcal-event-start simcal-event-start-time\" data-event-start=\"1776670200\" data-event-format=\"G:i\" itemprop=\"startDate\" content=\"2026-04-20T09:30:00+02:00\">9:30<\/span> - <span class=\"simcal-event-end simcal-event-end-time\" data-event-end=\"1776673800\" data-event-format=\"G:i\" itemprop=\"endDate\" content=\"2026-04-20T10:30:00+02:00\">10:30<\/span><br \/>\n <span class=\"simcal-event-address simcal-event-start-location\" itemprop=\"location\" itemscope itemtype=\"http:\/\/schema.org\/Place\"><meta itemprop=\"name\" content=\"Fundaci\u00f3 Joan Brossa: taller de creaci\u00f3 po\u00e8tica 2n d&#039;ESO B (\u00c1ngeles Becerra)\" \/><meta itemprop=\"address\" content=\"Fundaci\u00f3 Joan Brossa: taller de creaci\u00f3 po\u00e8tica 2n d&#039;ESO B (\u00c1ngeles Becerra)\" \/><\/span><\/p>\n<div><\/div>\n<p> <a href=\"https:\/\/www.google.com\/calendar\/event?eid=Njk5M29kM3NvYzRyM285bWJ2MzIzZTB1dTQgaWVzcGF1Y2xhcmlzLm9yZ18yZDM1MzQzNTM4MzIzMTMwMzYzMzMwMzhAcmVzb3VyY2UuY2FsZW5kYXIuZ29vZ2xlLmNvbQ&#038;ctz=Europe\/Madrid\" target=\"_blank\" >M\u00e9s detalls<\/a><\/p><\/div>\n\t<\/li>\n\t<li class=\"simcal-event simcal-events-calendar-608 simcal-tooltip\" itemscope itemtype=\"http:\/\/schema.org\/Event\">\n\t\t<span class=\"simcal-event-title\">Fundaci\u00f3 Joan Brossa: taller de creaci\u00f3 po\u00e8tica 1r d&#039;ESO A (Marta Salvia)<\/span>\n\t\t<div class=\"simcal-event-details simcal-tooltip-content\" style=\"display: none;\"><p><strong><span class=\"simcal-event-title\" itemprop=\"name\">Fundaci\u00f3 Joan Brossa: taller de creaci\u00f3 po\u00e8tica 1r d&#039;ESO A (Marta Salvia)<\/span><\/strong><\/p>\n<p><span class=\"simcal-event-start simcal-event-start-date\" data-event-start=\"1776673800\" data-event-format=\"d\/m\/Y\" itemprop=\"startDate\" content=\"2026-04-20T10:30:00+02:00\">20\/04\/2026<\/span>&nbsp;&nbsp;<span class=\"simcal-event-start simcal-event-start-time\" data-event-start=\"1776673800\" data-event-format=\"G:i\" itemprop=\"startDate\" content=\"2026-04-20T10:30:00+02:00\">10:30<\/span> - <span class=\"simcal-event-end simcal-event-end-time\" data-event-end=\"1776677400\" data-event-format=\"G:i\" itemprop=\"endDate\" content=\"2026-04-20T11:30:00+02:00\">11:30<\/span><br \/>\n <span class=\"simcal-event-address simcal-event-start-location\" itemprop=\"location\" itemscope itemtype=\"http:\/\/schema.org\/Place\"><meta itemprop=\"name\" content=\"Fundaci\u00f3 Joan Brossa: taller de creaci\u00f3 po\u00e8tica 1r d&#039;ESO A (Marta Salvia)\" \/><meta itemprop=\"address\" content=\"Fundaci\u00f3 Joan Brossa: taller de creaci\u00f3 po\u00e8tica 1r d&#039;ESO A (Marta Salvia)\" \/><\/span><\/p>\n<div><\/div>\n<p> <a href=\"https:\/\/www.google.com\/calendar\/event?eid=MnNkYmdlbDJkc2w2bjAzbjJsaWs4Mjh2ODYgaWVzcGF1Y2xhcmlzLm9yZ18yZDM1MzQzNTM4MzIzMTMwMzYzMzMwMzhAcmVzb3VyY2UuY2FsZW5kYXIuZ29vZ2xlLmNvbQ&#038;ctz=Europe\/Madrid\" target=\"_blank\" >M\u00e9s detalls<\/a><\/p><\/div>\n\t<\/li>\n<\/ul>\n\n\t\t<span class=\"simcal-events-dots\" style=\"display: none;\"><b style=\"color: #000;\"> &bull; <\/b><b style=\"color: #000;\"> &bull; <\/b><b style=\"color: #000;\"> &bull; <\/b><b style=\"color: #000;\"> &bull; <\/b><\/span>\n\t<\/div>\n<\/td>\n<td class=\"simcal-day-21 simcal-weekday-2 simcal-past simcal-day simcal-day-has-events simcal-day-has-2-events simcal-events-calendar-608\" data-events-count=\"2\">\n\t<div>\n\t\t<span class=\"simcal-day-label simcal-day-number\" style=\"background-color: #00854e; color: #ffffff\">21<\/span>\n\t\t<ul class=\"simcal-events\">\t<li class=\"simcal-event simcal-events-calendar-608 simcal-tooltip\" itemscope itemtype=\"http:\/\/schema.org\/Event\">\n\t\t<span class=\"simcal-event-title\">Concert al Palau de la M\u00fasica (1r i 2n d&#039;ESO i alumnat optativa 4tESO M\u00fasica))<\/span>\n\t\t<div class=\"simcal-event-details simcal-tooltip-content\" style=\"display: none;\"><p><strong><span class=\"simcal-event-title\" itemprop=\"name\">Concert al Palau de la M\u00fasica (1r i 2n d&#039;ESO i alumnat optativa 4tESO M\u00fasica))<\/span><\/strong><\/p>\n<p><span class=\"simcal-event-start simcal-event-start-date\" data-event-start=\"1776753000\" data-event-format=\"d\/m\/Y\" itemprop=\"startDate\" content=\"2026-04-21T08:30:00+02:00\">21\/04\/2026<\/span>&nbsp;&nbsp;<span class=\"simcal-event-start simcal-event-start-time\" data-event-start=\"1776753000\" data-event-format=\"G:i\" itemprop=\"startDate\" content=\"2026-04-21T08:30:00+02:00\">8:30<\/span> - <span class=\"simcal-event-end simcal-event-end-time\" data-event-end=\"1776771000\" data-event-format=\"G:i\" itemprop=\"endDate\" content=\"2026-04-21T13:30:00+02:00\">13:30<\/span><br \/>\n <span class=\"simcal-event-address simcal-event-start-location\" itemprop=\"location\" itemscope itemtype=\"http:\/\/schema.org\/Place\"><meta itemprop=\"name\" content=\"Concert al Palau de la M\u00fasica (1r i 2n d&#039;ESO i alumnat optativa 4tESO M\u00fasica))\" \/><meta itemprop=\"address\" content=\"Concert al Palau de la M\u00fasica (1r i 2n d&#039;ESO i alumnat optativa 4tESO M\u00fasica))\" \/><\/span><\/p>\n<div><div class=\"simcal-event-description\" itemprop=\"description\"><p>Professorat acompanyant: Montse T, Anna G, Marta S, Marta M,\u00a0 Rut, Joan, Gemma, Gala G, S\u00f2nia C<\/p>\n<\/div><\/div>\n<p> <a href=\"https:\/\/www.google.com\/calendar\/event?eid=NDRlcjZsMm83MWZqamZjdWZudXJqcWV1cmQgaWVzcGF1Y2xhcmlzLm9yZ18yZDM1MzQzNTM4MzIzMTMwMzYzMzMwMzhAcmVzb3VyY2UuY2FsZW5kYXIuZ29vZ2xlLmNvbQ&#038;ctz=Europe\/Madrid\" target=\"_blank\" >M\u00e9s detalls<\/a><\/p><\/div>\n\t<\/li>\n\t<li class=\"simcal-event simcal-events-calendar-608 simcal-tooltip\" itemscope itemtype=\"http:\/\/schema.org\/Event\">\n\t\t<span class=\"simcal-event-title\">Fundaci\u00f3 Joan Brossa: taller de creaci\u00f3 po\u00e8tica 4t d&#039;ESO A (Marcos)<\/span>\n\t\t<div class=\"simcal-event-details simcal-tooltip-content\" style=\"display: none;\"><p><strong><span class=\"simcal-event-title\" itemprop=\"name\">Fundaci\u00f3 Joan Brossa: taller de creaci\u00f3 po\u00e8tica 4t d&#039;ESO A (Marcos)<\/span><\/strong><\/p>\n<p><span class=\"simcal-event-start simcal-event-start-date\" data-event-start=\"1776760200\" data-event-format=\"d\/m\/Y\" itemprop=\"startDate\" content=\"2026-04-21T10:30:00+02:00\">21\/04\/2026<\/span>&nbsp;&nbsp;<span class=\"simcal-event-start simcal-event-start-time\" data-event-start=\"1776760200\" data-event-format=\"G:i\" itemprop=\"startDate\" content=\"2026-04-21T10:30:00+02:00\">10:30<\/span> - <span class=\"simcal-event-end simcal-event-end-time\" data-event-end=\"1776763800\" data-event-format=\"G:i\" itemprop=\"endDate\" content=\"2026-04-21T11:30:00+02:00\">11:30<\/span><br \/>\n <span class=\"simcal-event-address simcal-event-start-location\" itemprop=\"location\" itemscope itemtype=\"http:\/\/schema.org\/Place\"><meta itemprop=\"name\" content=\"Fundaci\u00f3 Joan Brossa: taller de creaci\u00f3 po\u00e8tica 4t d&#039;ESO A (Marcos)\" \/><meta itemprop=\"address\" content=\"Fundaci\u00f3 Joan Brossa: taller de creaci\u00f3 po\u00e8tica 4t d&#039;ESO A (Marcos)\" \/><\/span><\/p>\n<div><\/div>\n<p> <a href=\"https:\/\/www.google.com\/calendar\/event?eid=MnNoNzA0bWFxOTQyZ3ZvcHVjYTJlZHBzdG8gaWVzcGF1Y2xhcmlzLm9yZ18yZDM1MzQzNTM4MzIzMTMwMzYzMzMwMzhAcmVzb3VyY2UuY2FsZW5kYXIuZ29vZ2xlLmNvbQ&#038;ctz=Europe\/Madrid\" target=\"_blank\" >M\u00e9s detalls<\/a><\/p><\/div>\n\t<\/li>\n<\/ul>\n\n\t\t<span class=\"simcal-events-dots\" style=\"display: none;\"><b style=\"color: #000;\"> &bull; <\/b><b style=\"color: #000;\"> &bull; <\/b><\/span>\n\t<\/div>\n<\/td>\n<td class=\"simcal-day-22 simcal-weekday-3 simcal-past simcal-day simcal-day-has-events simcal-day-has-5-events simcal-events-calendar-608\" data-events-count=\"5\">\n\t<div>\n\t\t<span class=\"simcal-day-label simcal-day-number\" style=\"background-color: #00854e; color: #ffffff\">22<\/span>\n\t\t<ul class=\"simcal-events\">\t<li class=\"simcal-event simcal-event-has-location simcal-events-calendar-608 simcal-tooltip\" itemscope itemtype=\"http:\/\/schema.org\/Event\">\n\t\t<span class=\"simcal-event-title\">Activitat UPF (1rBAT - Cultura Audiovisual)<\/span>\n\t\t<div class=\"simcal-event-details simcal-tooltip-content\" style=\"display: none;\"><p><strong><span class=\"simcal-event-title\" itemprop=\"name\">Activitat UPF (1rBAT - Cultura Audiovisual)<\/span><\/strong><\/p>\n<p><span class=\"simcal-event-start simcal-event-start-date\" data-event-start=\"1776839400\" data-event-format=\"d\/m\/Y\" itemprop=\"startDate\" content=\"2026-04-22T08:30:00+02:00\">22\/04\/2026<\/span>&nbsp;&nbsp;<span class=\"simcal-event-start simcal-event-start-time\" data-event-start=\"1776839400\" data-event-format=\"G:i\" itemprop=\"startDate\" content=\"2026-04-22T08:30:00+02:00\">8:30<\/span> - <span class=\"simcal-event-end simcal-event-end-time\" data-event-end=\"1776844800\" data-event-format=\"G:i\" itemprop=\"endDate\" content=\"2026-04-22T10:00:00+02:00\">10:00<\/span><br \/>\n <span class=\"simcal-event-address simcal-event-start-location\" itemprop=\"location\" itemscope itemtype=\"http:\/\/schema.org\/Place\"><meta itemprop=\"name\" content=\"Institut Pau Claris, Passeig de Llu\u00eds Companys, 18, Ciutat Vella, 08018 Barcelona, Espa\u00f1a\" \/><meta itemprop=\"address\" content=\"Institut Pau Claris, Passeig de Llu\u00eds Companys, 18, Ciutat Vella, 08018 Barcelona, Espa\u00f1a\" \/>Institut Pau Claris, Passeig de Llu\u00eds Companys, 18, Ciutat Vella, 08018 Barcelona, Espa\u00f1a<\/span><\/p>\n<div><div class=\"simcal-event-description\" itemprop=\"description\"><p>Sessi\u00f3 1 al Pau Claris (alumnat de Cultura Audiovisual)<\/p>\n<p>Col\u00b7laboraci\u00f3 amb la UPF (Evoluci\u00f3 dels llenguatges visuals), professor Albert Elduque.<\/p>\n<\/div><\/div>\n<p> <a href=\"https:\/\/www.google.com\/calendar\/event?eid=MDA3ZDUwbWwxYmdtaG9iZ2IxbGVpOG5wcjkgaWVzcGF1Y2xhcmlzLm9yZ18yZDM1MzQzNTM4MzIzMTMwMzYzMzMwMzhAcmVzb3VyY2UuY2FsZW5kYXIuZ29vZ2xlLmNvbQ&#038;ctz=Europe\/Madrid\" target=\"_blank\" >M\u00e9s detalls<\/a><\/p><\/div>\n\t<\/li>\n\t<li class=\"simcal-event simcal-events-calendar-608 simcal-tooltip\" itemscope itemtype=\"http:\/\/schema.org\/Event\">\n\t\t<span class=\"simcal-event-title\">Fundaci\u00f3 Joan Brossa: taller de creaci\u00f3 po\u00e8tica 3r d&#039;ESO B (Carme Ferrer)<\/span>\n\t\t<div class=\"simcal-event-details simcal-tooltip-content\" style=\"display: none;\"><p><strong><span class=\"simcal-event-title\" itemprop=\"name\">Fundaci\u00f3 Joan Brossa: taller de creaci\u00f3 po\u00e8tica 3r d&#039;ESO B (Carme Ferrer)<\/span><\/strong><\/p>\n<p><span class=\"simcal-event-start simcal-event-start-date\" data-event-start=\"1776843000\" data-event-format=\"d\/m\/Y\" itemprop=\"startDate\" content=\"2026-04-22T09:30:00+02:00\">22\/04\/2026<\/span>&nbsp;&nbsp;<span class=\"simcal-event-start simcal-event-start-time\" data-event-start=\"1776843000\" data-event-format=\"G:i\" itemprop=\"startDate\" content=\"2026-04-22T09:30:00+02:00\">9:30<\/span> - <span class=\"simcal-event-end simcal-event-end-time\" data-event-end=\"1776846600\" data-event-format=\"G:i\" itemprop=\"endDate\" content=\"2026-04-22T10:30:00+02:00\">10:30<\/span><br \/>\n <span class=\"simcal-event-address simcal-event-start-location\" itemprop=\"location\" itemscope itemtype=\"http:\/\/schema.org\/Place\"><meta itemprop=\"name\" content=\"Fundaci\u00f3 Joan Brossa: taller de creaci\u00f3 po\u00e8tica 3r d&#039;ESO B (Carme Ferrer)\" \/><meta itemprop=\"address\" content=\"Fundaci\u00f3 Joan Brossa: taller de creaci\u00f3 po\u00e8tica 3r d&#039;ESO B (Carme Ferrer)\" \/><\/span><\/p>\n<div><\/div>\n<p> <a href=\"https:\/\/www.google.com\/calendar\/event?eid=MW92YWUxb2tuMm9kNjVqbmljY2Y5cjkwY24gaWVzcGF1Y2xhcmlzLm9yZ18yZDM1MzQzNTM4MzIzMTMwMzYzMzMwMzhAcmVzb3VyY2UuY2FsZW5kYXIuZ29vZ2xlLmNvbQ&#038;ctz=Europe\/Madrid\" target=\"_blank\" >M\u00e9s detalls<\/a><\/p><\/div>\n\t<\/li>\n\t<li class=\"simcal-event simcal-events-calendar-608 simcal-tooltip\" itemscope itemtype=\"http:\/\/schema.org\/Event\">\n\t\t<span class=\"simcal-event-title\">Fundaci\u00f3 Joan Brossa: taller de creaci\u00f3 po\u00e8tica 3r d&#039;ESO C (Carme Ferrer)<\/span>\n\t\t<div class=\"simcal-event-details simcal-tooltip-content\" style=\"display: none;\"><p><strong><span class=\"simcal-event-title\" itemprop=\"name\">Fundaci\u00f3 Joan Brossa: taller de creaci\u00f3 po\u00e8tica 3r d&#039;ESO C (Carme Ferrer)<\/span><\/strong><\/p>\n<p><span class=\"simcal-event-start simcal-event-start-date\" data-event-start=\"1776846600\" data-event-format=\"d\/m\/Y\" itemprop=\"startDate\" content=\"2026-04-22T10:30:00+02:00\">22\/04\/2026<\/span>&nbsp;&nbsp;<span class=\"simcal-event-start simcal-event-start-time\" data-event-start=\"1776846600\" data-event-format=\"G:i\" itemprop=\"startDate\" content=\"2026-04-22T10:30:00+02:00\">10:30<\/span> - <span class=\"simcal-event-end simcal-event-end-time\" data-event-end=\"1776850200\" data-event-format=\"G:i\" itemprop=\"endDate\" content=\"2026-04-22T11:30:00+02:00\">11:30<\/span><br \/>\n <span class=\"simcal-event-address simcal-event-start-location\" itemprop=\"location\" itemscope itemtype=\"http:\/\/schema.org\/Place\"><meta itemprop=\"name\" content=\"Fundaci\u00f3 Joan Brossa: taller de creaci\u00f3 po\u00e8tica 3r d&#039;ESO C (Carme Ferrer)\" \/><meta itemprop=\"address\" content=\"Fundaci\u00f3 Joan Brossa: taller de creaci\u00f3 po\u00e8tica 3r d&#039;ESO C (Carme Ferrer)\" \/><\/span><\/p>\n<div><\/div>\n<p> <a href=\"https:\/\/www.google.com\/calendar\/event?eid=M3IxZjM2NjJhM2NlaGp1c21zcXVlZGU4anEgaWVzcGF1Y2xhcmlzLm9yZ18yZDM1MzQzNTM4MzIzMTMwMzYzMzMwMzhAcmVzb3VyY2UuY2FsZW5kYXIuZ29vZ2xlLmNvbQ&#038;ctz=Europe\/Madrid\" target=\"_blank\" >M\u00e9s detalls<\/a><\/p><\/div>\n\t<\/li>\n\t<li class=\"simcal-event simcal-events-calendar-608 simcal-tooltip\" itemscope itemtype=\"http:\/\/schema.org\/Event\">\n\t\t<span class=\"simcal-event-title\">Fundaci\u00f3 Joan Brossa: taller de creaci\u00f3 po\u00e8tica 4t d&#039;ESO B (Anna Cararach)<\/span>\n\t\t<div class=\"simcal-event-details simcal-tooltip-content\" style=\"display: none;\"><p><strong><span class=\"simcal-event-title\" itemprop=\"name\">Fundaci\u00f3 Joan Brossa: taller de creaci\u00f3 po\u00e8tica 4t d&#039;ESO B (Anna Cararach)<\/span><\/strong><\/p>\n<p><span class=\"simcal-event-start simcal-event-start-date\" data-event-start=\"1776846600\" data-event-format=\"d\/m\/Y\" itemprop=\"startDate\" content=\"2026-04-22T10:30:00+02:00\">22\/04\/2026<\/span>&nbsp;&nbsp;<span class=\"simcal-event-start simcal-event-start-time\" data-event-start=\"1776846600\" data-event-format=\"G:i\" itemprop=\"startDate\" content=\"2026-04-22T10:30:00+02:00\">10:30<\/span> - <span class=\"simcal-event-end simcal-event-end-time\" data-event-end=\"1776850200\" data-event-format=\"G:i\" itemprop=\"endDate\" content=\"2026-04-22T11:30:00+02:00\">11:30<\/span><br \/>\n <span class=\"simcal-event-address simcal-event-start-location\" itemprop=\"location\" itemscope itemtype=\"http:\/\/schema.org\/Place\"><meta itemprop=\"name\" content=\"Fundaci\u00f3 Joan Brossa: taller de creaci\u00f3 po\u00e8tica 4t d&#039;ESO B (Anna Cararach)\" \/><meta itemprop=\"address\" content=\"Fundaci\u00f3 Joan Brossa: taller de creaci\u00f3 po\u00e8tica 4t d&#039;ESO B (Anna Cararach)\" \/><\/span><\/p>\n<div><\/div>\n<p> <a href=\"https:\/\/www.google.com\/calendar\/event?eid=M2hxZTlvOWVzYTJpYmRqOHY1NW9rcmkzc2UgaWVzcGF1Y2xhcmlzLm9yZ18yZDM1MzQzNTM4MzIzMTMwMzYzMzMwMzhAcmVzb3VyY2UuY2FsZW5kYXIuZ29vZ2xlLmNvbQ&#038;ctz=Europe\/Madrid\" target=\"_blank\" >M\u00e9s detalls<\/a><\/p><\/div>\n\t<\/li>\n\t<li class=\"simcal-event simcal-events-calendar-608 simcal-tooltip\" itemscope itemtype=\"http:\/\/schema.org\/Event\">\n\t\t<span class=\"simcal-event-title\">Certamen de lectura en veu alta (ESO) Sala d&#039;actes (Anna C)<\/span>\n\t\t<div class=\"simcal-event-details simcal-tooltip-content\" style=\"display: none;\"><p><strong><span class=\"simcal-event-title\" itemprop=\"name\">Certamen de lectura en veu alta (ESO) Sala d&#039;actes (Anna C)<\/span><\/strong><\/p>\n<p><span class=\"simcal-event-start simcal-event-start-date\" data-event-start=\"1776852000\" data-event-format=\"d\/m\/Y\" itemprop=\"startDate\" content=\"2026-04-22T12:00:00+02:00\">22\/04\/2026<\/span>&nbsp;&nbsp;<span class=\"simcal-event-start simcal-event-start-time\" data-event-start=\"1776852000\" data-event-format=\"G:i\" itemprop=\"startDate\" content=\"2026-04-22T12:00:00+02:00\">12:00<\/span> - <span class=\"simcal-event-end simcal-event-end-time\" data-event-end=\"1776857400\" data-event-format=\"G:i\" itemprop=\"endDate\" content=\"2026-04-22T13:30:00+02:00\">13:30<\/span><br \/>\n <span class=\"simcal-event-address simcal-event-start-location\" itemprop=\"location\" itemscope itemtype=\"http:\/\/schema.org\/Place\"><meta itemprop=\"name\" content=\"Certamen de lectura en veu alta (ESO) Sala d&#039;actes (Anna C)\" \/><meta itemprop=\"address\" content=\"Certamen de lectura en veu alta (ESO) Sala d&#039;actes (Anna C)\" \/><\/span><\/p>\n<div><\/div>\n<p> <a href=\"https:\/\/www.google.com\/calendar\/event?eid=MW44am5jNmM5YWZ0MmltbzhuMzhqZ3V0bzYgaWVzcGF1Y2xhcmlzLm9yZ18yZDM1MzQzNTM4MzIzMTMwMzYzMzMwMzhAcmVzb3VyY2UuY2FsZW5kYXIuZ29vZ2xlLmNvbQ&#038;ctz=Europe\/Madrid\" target=\"_blank\" >M\u00e9s detalls<\/a><\/p><\/div>\n\t<\/li>\n<\/ul>\n\n\t\t<span class=\"simcal-events-dots\" style=\"display: none;\"><b style=\"color: #000;\"> &bull; <\/b><b style=\"color: #000;\"> &bull; <\/b><b style=\"color: #000;\"> &bull; <\/b><b style=\"color: #000;\"> &bull; <\/b><b style=\"color: #000;\"> &bull; <\/b><\/span>\n\t<\/div>\n<\/td>\n<td class=\"simcal-day-23 simcal-weekday-4 simcal-past simcal-day\" data-events-count=\"0\">\n\t<div>\n\t\t<span class=\"simcal-day-label simcal-day-number\">23<\/span>\n\t\t<span class=\"simcal-no-events\"><\/span>\n\t\t<span class=\"simcal-events-dots\" style=\"display: none;\"><\/span>\n\t<\/div>\n<\/td>\n<td class=\"simcal-day-24 simcal-weekday-5 simcal-past simcal-day simcal-day-has-events simcal-day-has-4-events simcal-events-calendar-608\" data-events-count=\"4\">\n\t<div>\n\t\t<span class=\"simcal-day-label simcal-day-number\" style=\"background-color: #00854e; color: #ffffff\">24<\/span>\n\t\t<ul class=\"simcal-events\">\t<li class=\"simcal-event simcal-events-calendar-608 simcal-tooltip\" itemscope itemtype=\"http:\/\/schema.org\/Event\">\n\t\t<span class=\"simcal-event-title\">Fundaci\u00f3 Joan Brossa: taller de creaci\u00f3 po\u00e8tica 2n d&#039;ESO A (\u00c1ngeles Becerra)<\/span>\n\t\t<div class=\"simcal-event-details simcal-tooltip-content\" style=\"display: none;\"><p><strong><span class=\"simcal-event-title\" itemprop=\"name\">Fundaci\u00f3 Joan Brossa: taller de creaci\u00f3 po\u00e8tica 2n d&#039;ESO A (\u00c1ngeles Becerra)<\/span><\/strong><\/p>\n<p><span class=\"simcal-event-start simcal-event-start-date\" data-event-start=\"1777015800\" data-event-format=\"d\/m\/Y\" itemprop=\"startDate\" content=\"2026-04-24T09:30:00+02:00\">24\/04\/2026<\/span>&nbsp;&nbsp;<span class=\"simcal-event-start simcal-event-start-time\" data-event-start=\"1777015800\" data-event-format=\"G:i\" itemprop=\"startDate\" content=\"2026-04-24T09:30:00+02:00\">9:30<\/span> - <span class=\"simcal-event-end simcal-event-end-time\" data-event-end=\"1777019400\" data-event-format=\"G:i\" itemprop=\"endDate\" content=\"2026-04-24T10:30:00+02:00\">10:30<\/span><br \/>\n <span class=\"simcal-event-address simcal-event-start-location\" itemprop=\"location\" itemscope itemtype=\"http:\/\/schema.org\/Place\"><meta itemprop=\"name\" content=\"Fundaci\u00f3 Joan Brossa: taller de creaci\u00f3 po\u00e8tica 2n d&#039;ESO A (\u00c1ngeles Becerra)\" \/><meta itemprop=\"address\" content=\"Fundaci\u00f3 Joan Brossa: taller de creaci\u00f3 po\u00e8tica 2n d&#039;ESO A (\u00c1ngeles Becerra)\" \/><\/span><\/p>\n<div><\/div>\n<p> <a href=\"https:\/\/www.google.com\/calendar\/event?eid=MGlkcGM5ZXZxMG51dmNrdjFzZW83dDM0cjMgaWVzcGF1Y2xhcmlzLm9yZ18yZDM1MzQzNTM4MzIzMTMwMzYzMzMwMzhAcmVzb3VyY2UuY2FsZW5kYXIuZ29vZ2xlLmNvbQ&#038;ctz=Europe\/Madrid\" target=\"_blank\" >M\u00e9s detalls<\/a><\/p><\/div>\n\t<\/li>\n\t<li class=\"simcal-event simcal-events-calendar-608 simcal-tooltip\" itemscope itemtype=\"http:\/\/schema.org\/Event\">\n\t\t<span class=\"simcal-event-title\">1rBAT Visions Perif\u00e8riques (Cultura Audiovisual)<\/span>\n\t\t<div class=\"simcal-event-details simcal-tooltip-content\" style=\"display: none;\"><p><strong><span class=\"simcal-event-title\" itemprop=\"name\">1rBAT Visions Perif\u00e8riques (Cultura Audiovisual)<\/span><\/strong><\/p>\n<p><span class=\"simcal-event-start simcal-event-start-date\" data-event-start=\"1777017600\" data-event-format=\"d\/m\/Y\" itemprop=\"startDate\" content=\"2026-04-24T10:00:00+02:00\">24\/04\/2026<\/span>&nbsp;&nbsp;<span class=\"simcal-event-start simcal-event-start-time\" data-event-start=\"1777017600\" data-event-format=\"G:i\" itemprop=\"startDate\" content=\"2026-04-24T10:00:00+02:00\">10:00<\/span> - <span class=\"simcal-event-end simcal-event-end-time\" data-event-end=\"1777023000\" data-event-format=\"G:i\" itemprop=\"endDate\" content=\"2026-04-24T11:30:00+02:00\">11:30<\/span><br \/>\n <span class=\"simcal-event-address simcal-event-start-location\" itemprop=\"location\" itemscope itemtype=\"http:\/\/schema.org\/Place\"><meta itemprop=\"name\" content=\"1rBAT Visions Perif\u00e8riques (Cultura Audiovisual)\" \/><meta itemprop=\"address\" content=\"1rBAT Visions Perif\u00e8riques (Cultura Audiovisual)\" \/><\/span><\/p>\n<div><div class=\"simcal-event-description\" itemprop=\"description\"><p>Sessi\u00f3 amb la cineasta.<\/p>\n<\/div><\/div>\n<p> <a href=\"https:\/\/www.google.com\/calendar\/event?eid=N29kOTZlYWIxM2J0cGxvZTYxNHFsOTR0ZXQgaWVzcGF1Y2xhcmlzLm9yZ18yZDM1MzQzNTM4MzIzMTMwMzYzMzMwMzhAcmVzb3VyY2UuY2FsZW5kYXIuZ29vZ2xlLmNvbQ&#038;ctz=Europe\/Madrid\" target=\"_blank\" >M\u00e9s detalls<\/a><\/p><\/div>\n\t<\/li>\n\t<li class=\"simcal-event simcal-events-calendar-608 simcal-tooltip\" itemscope itemtype=\"http:\/\/schema.org\/Event\">\n\t\t<span class=\"simcal-event-title\">Fundaci\u00f3 Joan Brossa: taller de creaci\u00f3 po\u00e8tica 2n d&#039;ESO C (Gala Gabald\u00f3n)<\/span>\n\t\t<div class=\"simcal-event-details simcal-tooltip-content\" style=\"display: none;\"><p><strong><span class=\"simcal-event-title\" itemprop=\"name\">Fundaci\u00f3 Joan Brossa: taller de creaci\u00f3 po\u00e8tica 2n d&#039;ESO C (Gala Gabald\u00f3n)<\/span><\/strong><\/p>\n<p><span class=\"simcal-event-start simcal-event-start-date\" data-event-start=\"1777019400\" data-event-format=\"d\/m\/Y\" itemprop=\"startDate\" content=\"2026-04-24T10:30:00+02:00\">24\/04\/2026<\/span>&nbsp;&nbsp;<span class=\"simcal-event-start simcal-event-start-time\" data-event-start=\"1777019400\" data-event-format=\"G:i\" itemprop=\"startDate\" content=\"2026-04-24T10:30:00+02:00\">10:30<\/span> - <span class=\"simcal-event-end simcal-event-end-time\" data-event-end=\"1777023000\" data-event-format=\"G:i\" itemprop=\"endDate\" content=\"2026-04-24T11:30:00+02:00\">11:30<\/span><br \/>\n <span class=\"simcal-event-address simcal-event-start-location\" itemprop=\"location\" itemscope itemtype=\"http:\/\/schema.org\/Place\"><meta itemprop=\"name\" content=\"Fundaci\u00f3 Joan Brossa: taller de creaci\u00f3 po\u00e8tica 2n d&#039;ESO C (Gala Gabald\u00f3n)\" \/><meta itemprop=\"address\" content=\"Fundaci\u00f3 Joan Brossa: taller de creaci\u00f3 po\u00e8tica 2n d&#039;ESO C (Gala Gabald\u00f3n)\" \/><\/span><\/p>\n<div><\/div>\n<p> <a href=\"https:\/\/www.google.com\/calendar\/event?eid=NHZsaHNyaDNqaG9lY2RicDNhcTh2OHZrOTggaWVzcGF1Y2xhcmlzLm9yZ18yZDM1MzQzNTM4MzIzMTMwMzYzMzMwMzhAcmVzb3VyY2UuY2FsZW5kYXIuZ29vZ2xlLmNvbQ&#038;ctz=Europe\/Madrid\" target=\"_blank\" >M\u00e9s detalls<\/a><\/p><\/div>\n\t<\/li>\n\t<li class=\"simcal-event simcal-events-calendar-608 simcal-tooltip\" itemscope itemtype=\"http:\/\/schema.org\/Event\">\n\t\t<span class=\"simcal-event-title\">Exposici\u00f3 Projecte Mediterrani - 1r ESO<\/span>\n\t\t<div class=\"simcal-event-details simcal-tooltip-content\" style=\"display: none;\"><p><strong><span class=\"simcal-event-title\" itemprop=\"name\">Exposici\u00f3 Projecte Mediterrani - 1r ESO<\/span><\/strong><\/p>\n<p><span class=\"simcal-event-start simcal-event-start-date\" data-event-start=\"1777024800\" data-event-format=\"d\/m\/Y\" itemprop=\"startDate\" content=\"2026-04-24T12:00:00+02:00\">24\/04\/2026<\/span>&nbsp;&nbsp;<span class=\"simcal-event-start simcal-event-start-time\" data-event-start=\"1777024800\" data-event-format=\"G:i\" itemprop=\"startDate\" content=\"2026-04-24T12:00:00+02:00\">12:00<\/span> - <span class=\"simcal-event-end simcal-event-end-time\" data-event-end=\"1777032000\" data-event-format=\"G:i\" itemprop=\"endDate\" content=\"2026-04-24T14:00:00+02:00\">14:00<\/span><br \/>\n <span class=\"simcal-event-address simcal-event-start-location\" itemprop=\"location\" itemscope itemtype=\"http:\/\/schema.org\/Place\"><meta itemprop=\"name\" content=\"Exposici\u00f3 Projecte Mediterrani - 1r ESO\" \/><meta itemprop=\"address\" content=\"Exposici\u00f3 Projecte Mediterrani - 1r ESO\" \/><\/span><\/p>\n<div><\/div>\n<p> <a href=\"https:\/\/www.google.com\/calendar\/event?eid=NnQzZjRtYm1mbnFhMnBxajAwcnVyajM4MGcgaWVzcGF1Y2xhcmlzLm9yZ18yZDM1MzQzNTM4MzIzMTMwMzYzMzMwMzhAcmVzb3VyY2UuY2FsZW5kYXIuZ29vZ2xlLmNvbQ&#038;ctz=Europe\/Madrid\" target=\"_blank\" >M\u00e9s detalls<\/a><\/p><\/div>\n\t<\/li>\n<\/ul>\n\n\t\t<span class=\"simcal-events-dots\" style=\"display: none;\"><b style=\"color: #000;\"> &bull; <\/b><b style=\"color: #000;\"> &bull; <\/b><b style=\"color: #000;\"> &bull; <\/b><b style=\"color: #000;\"> &bull; <\/b><\/span>\n\t<\/div>\n<\/td>\n<td class=\"simcal-day-25 simcal-weekday-6 simcal-past simcal-day\" data-events-count=\"0\">\n\t<div>\n\t\t<span class=\"simcal-day-label simcal-day-number\">25<\/span>\n\t\t<span class=\"simcal-no-events\"><\/span>\n\t\t<span class=\"simcal-events-dots\" style=\"display: none;\"><\/span>\n\t<\/div>\n<\/td>\n<td class=\"simcal-day-26 simcal-weekday-0 simcal-past simcal-day\" data-events-count=\"0\">\n\t<div>\n\t\t<span class=\"simcal-day-label simcal-day-number\">26<\/span>\n\t\t<span class=\"simcal-no-events\"><\/span>\n\t\t<span class=\"simcal-events-dots\" style=\"display: none;\"><\/span>\n\t<\/div>\n<\/td>\n<\/tr><tr class=\"simcal-week simcal-week-17\">\n<td class=\"simcal-day-27 simcal-weekday-1 simcal-past simcal-day simcal-day-has-events simcal-day-has-1-events simcal-events-calendar-608\" data-events-count=\"1\">\n\t<div>\n\t\t<span class=\"simcal-day-label simcal-day-number\" style=\"background-color: #00854e; color: #ffffff\">27<\/span>\n\t\t<ul class=\"simcal-events\">\t<li class=\"simcal-event simcal-event-has-location simcal-events-calendar-608 simcal-tooltip\" itemscope itemtype=\"http:\/\/schema.org\/Event\">\n\t\t<span class=\"simcal-event-title\">4tESO A - Projecte pickelball<\/span>\n\t\t<div class=\"simcal-event-details simcal-tooltip-content\" style=\"display: none;\"><p><strong><span class=\"simcal-event-title\" itemprop=\"name\">4tESO A - Projecte pickelball<\/span><\/strong><\/p>\n<p><span class=\"simcal-event-start simcal-event-start-date\" data-event-start=\"1777284000\" data-event-format=\"d\/m\/Y\" itemprop=\"startDate\" content=\"2026-04-27T12:00:00+02:00\">27\/04\/2026<\/span>&nbsp;&nbsp;<span class=\"simcal-event-start simcal-event-start-time\" data-event-start=\"1777284000\" data-event-format=\"G:i\" itemprop=\"startDate\" content=\"2026-04-27T12:00:00+02:00\">12:00<\/span> - <span class=\"simcal-event-end simcal-event-end-time\" data-event-end=\"1777289400\" data-event-format=\"G:i\" itemprop=\"endDate\" content=\"2026-04-27T13:30:00+02:00\">13:30<\/span><br \/>\n <span class=\"simcal-event-address simcal-event-start-location\" itemprop=\"location\" itemscope itemtype=\"http:\/\/schema.org\/Place\"><meta itemprop=\"name\" content=\"Pati de l&#039;institut (Pau Claris)\" \/><meta itemprop=\"address\" content=\"Pati de l&#039;institut (Pau Claris)\" \/>Pati de l&#039;institut (Pau Claris)<\/span><\/p>\n<div><div class=\"simcal-event-description\" itemprop=\"description\"><p>Es fa al pati del nostre institut (Entitat: Institut Guttmann)<\/p>\n<p>Activitat organitzada per Educaci\u00f3 F\u00edsica.<\/p>\n<\/div><\/div>\n<p> <a href=\"https:\/\/www.google.com\/calendar\/event?eid=N3U5ZWYybTZmdDg0YWg1Y3ZqZDNtaWQ5a2EgaWVzcGF1Y2xhcmlzLm9yZ18yZDM1MzQzNTM4MzIzMTMwMzYzMzMwMzhAcmVzb3VyY2UuY2FsZW5kYXIuZ29vZ2xlLmNvbQ&#038;ctz=Europe\/Madrid\" target=\"_blank\" >M\u00e9s detalls<\/a><\/p><\/div>\n\t<\/li>\n<\/ul>\n\n\t\t<span class=\"simcal-events-dots\" style=\"display: none;\"><b style=\"color: #000;\"> &bull; <\/b><\/span>\n\t<\/div>\n<\/td>\n<td class=\"simcal-day-28 simcal-weekday-2 simcal-today simcal-present simcal-day\" data-events-count=\"0\">\n\t<div style=\"border: 1px solid #ff2a2a;\">\n\t\t<span class=\"simcal-day-label simcal-day-number\" style=\"background-color: #ff2a2a; color: #ffffff\">28<\/span>\n\t\t<span class=\"simcal-no-events\"><\/span>\n\t\t<span class=\"simcal-events-dots\" style=\"display: none;\"><\/span>\n\t<\/div>\n<\/td>\n<td class=\"simcal-day-29 simcal-weekday-3 simcal-future simcal-day simcal-day-has-events simcal-day-has-2-events simcal-events-calendar-608\" data-events-count=\"2\">\n\t<div>\n\t\t<span class=\"simcal-day-label simcal-day-number\" style=\"background-color: #00854e; color: #ffffff\">29<\/span>\n\t\t<ul class=\"simcal-events\">\t<li class=\"simcal-event simcal-events-calendar-608 simcal-tooltip\" itemscope itemtype=\"http:\/\/schema.org\/Event\">\n\t\t<span class=\"simcal-event-title\">3r ESO -Taller de sexualitat: 3r B (8,30h -10h )\u2013 3\u00ba C i 3r A ( 10h- 11,30h ) )<\/span>\n\t\t<div class=\"simcal-event-details simcal-tooltip-content\" style=\"display: none;\"><p><strong><span class=\"simcal-event-title\" itemprop=\"name\">3r ESO -Taller de sexualitat: 3r B (8,30h -10h )\u2013 3\u00ba C i 3r A ( 10h- 11,30h ) )<\/span><\/strong><\/p>\n<p><span class=\"simcal-event-start simcal-event-start-date\" data-event-start=\"1777444200\" data-event-format=\"d\/m\/Y\" itemprop=\"startDate\" content=\"2026-04-29T08:30:00+02:00\">29\/04\/2026<\/span>&nbsp;&nbsp;<span class=\"simcal-event-start simcal-event-start-time\" data-event-start=\"1777444200\" data-event-format=\"G:i\" itemprop=\"startDate\" content=\"2026-04-29T08:30:00+02:00\">8:30<\/span> - <span class=\"simcal-event-end simcal-event-end-time\" data-event-end=\"1777455000\" data-event-format=\"G:i\" itemprop=\"endDate\" content=\"2026-04-29T11:30:00+02:00\">11:30<\/span><br \/>\n <span class=\"simcal-event-address simcal-event-start-location\" itemprop=\"location\" itemscope itemtype=\"http:\/\/schema.org\/Place\"><meta itemprop=\"name\" content=\"3r ESO -Taller de sexualitat: 3r B (8,30h -10h )\u2013 3\u00ba C i 3r A ( 10h- 11,30h ) )\" \/><meta itemprop=\"address\" content=\"3r ESO -Taller de sexualitat: 3r B (8,30h -10h )\u2013 3\u00ba C i 3r A ( 10h- 11,30h ) )\" \/><\/span><\/p>\n<div><div class=\"simcal-event-description\" itemprop=\"description\"><p>Programa:\u00a0<br \/>\nParlem-ne! No et tallis! Tallers a l'aula:\u00a0https:\/\/www.sidastudi.org\/<br \/>\n3r B (8,30h -10h )\u2013 3\u00ba C i 3r A ( 10h- 11,30h ) )<\/p>\n<\/div><\/div>\n<p> <a href=\"https:\/\/www.google.com\/calendar\/event?eid=MmxqOWkzcm1kNDNiMm9xNWI2MHNlbTMwbW4gaWVzcGF1Y2xhcmlzLm9yZ18yZDM1MzQzNTM4MzIzMTMwMzYzMzMwMzhAcmVzb3VyY2UuY2FsZW5kYXIuZ29vZ2xlLmNvbQ&#038;ctz=Europe\/Madrid\" target=\"_blank\" >M\u00e9s detalls<\/a><\/p><\/div>\n\t<\/li>\n\t<li class=\"simcal-event simcal-event-has-location simcal-events-calendar-608 simcal-tooltip\" itemscope itemtype=\"http:\/\/schema.org\/Event\">\n\t\t<span class=\"simcal-event-title\">Activitat UPF (1rBAT - Cultura Audiovisual)<\/span>\n\t\t<div class=\"simcal-event-details simcal-tooltip-content\" style=\"display: none;\"><p><strong><span class=\"simcal-event-title\" itemprop=\"name\">Activitat UPF (1rBAT - Cultura Audiovisual)<\/span><\/strong><\/p>\n<p><span class=\"simcal-event-start simcal-event-start-date\" data-event-start=\"1777444200\" data-event-format=\"d\/m\/Y\" itemprop=\"startDate\" content=\"2026-04-29T08:30:00+02:00\">29\/04\/2026<\/span>&nbsp;&nbsp;<span class=\"simcal-event-start simcal-event-start-time\" data-event-start=\"1777444200\" data-event-format=\"G:i\" itemprop=\"startDate\" content=\"2026-04-29T08:30:00+02:00\">8:30<\/span> - <span class=\"simcal-event-end simcal-event-end-time\" data-event-end=\"1777449600\" data-event-format=\"G:i\" itemprop=\"endDate\" content=\"2026-04-29T10:00:00+02:00\">10:00<\/span><br \/>\n <span class=\"simcal-event-address simcal-event-start-location\" itemprop=\"location\" itemscope itemtype=\"http:\/\/schema.org\/Place\"><meta itemprop=\"name\" content=\"Institut Pau Claris, Passeig de Llu\u00eds Companys, 18, Ciutat Vella, 08018 Barcelona, Espa\u00f1a\" \/><meta itemprop=\"address\" content=\"Institut Pau Claris, Passeig de Llu\u00eds Companys, 18, Ciutat Vella, 08018 Barcelona, Espa\u00f1a\" \/>Institut Pau Claris, Passeig de Llu\u00eds Companys, 18, Ciutat Vella, 08018 Barcelona, Espa\u00f1a<\/span><\/p>\n<div><div class=\"simcal-event-description\" itemprop=\"description\"><p>Sessi\u00f3 2 al Pau Claris (alumnat de Cultura Audiovisual)<\/p>\n<p>Col\u00b7laboraci\u00f3 amb la UPF (Evoluci\u00f3 dels llenguatges visuals), professor Albert Elduque.<\/p>\n<\/div><\/div>\n<p> <a href=\"https:\/\/www.google.com\/calendar\/event?eid=NXJiOGJwNHRoOGExNzRxZWNxZzZsYzZwdTggaWVzcGF1Y2xhcmlzLm9yZ18yZDM1MzQzNTM4MzIzMTMwMzYzMzMwMzhAcmVzb3VyY2UuY2FsZW5kYXIuZ29vZ2xlLmNvbQ&#038;ctz=Europe\/Madrid\" target=\"_blank\" >M\u00e9s detalls<\/a><\/p><\/div>\n\t<\/li>\n<\/ul>\n\n\t\t<span class=\"simcal-events-dots\" style=\"display: none;\"><b style=\"color: #000;\"> &bull; <\/b><b style=\"color: #000;\"> &bull; <\/b><\/span>\n\t<\/div>\n<\/td>\n<td class=\"simcal-day-30 simcal-weekday-4 simcal-future simcal-day simcal-day-has-events simcal-day-has-2-events simcal-events-calendar-608\" data-events-count=\"2\">\n\t<div>\n\t\t<span class=\"simcal-day-label simcal-day-number\" style=\"background-color: #00854e; color: #ffffff\">30<\/span>\n\t\t<ul class=\"simcal-events\">\t<li class=\"simcal-event simcal-events-calendar-608 simcal-tooltip\" itemscope itemtype=\"http:\/\/schema.org\/Event\">\n\t\t<span class=\"simcal-event-title\">3r. B Florence<\/span>\n\t\t<div class=\"simcal-event-details simcal-tooltip-content\" style=\"display: none;\"><p><strong><span class=\"simcal-event-title\" itemprop=\"name\">3r. B Florence<\/span><\/strong><\/p>\n<p><span class=\"simcal-event-start simcal-event-start-date\" data-event-start=\"1777537800\" data-event-format=\"d\/m\/Y\" itemprop=\"startDate\" content=\"2026-04-30T10:30:00+02:00\">30\/04\/2026<\/span>&nbsp;&nbsp;<span class=\"simcal-event-start simcal-event-start-time\" data-event-start=\"1777537800\" data-event-format=\"G:i\" itemprop=\"startDate\" content=\"2026-04-30T10:30:00+02:00\">10:30<\/span> - <span class=\"simcal-event-end simcal-event-end-time\" data-event-end=\"1777541400\" data-event-format=\"G:i\" itemprop=\"endDate\" content=\"2026-04-30T11:30:00+02:00\">11:30<\/span><br \/>\n <span class=\"simcal-event-address simcal-event-start-location\" itemprop=\"location\" itemscope itemtype=\"http:\/\/schema.org\/Place\"><meta itemprop=\"name\" content=\"3r. B Florence\" \/><meta itemprop=\"address\" content=\"3r. B Florence\" \/><\/span><\/p>\n<div><\/div>\n<p> <a href=\"https:\/\/www.google.com\/calendar\/event?eid=Mjh0cGk2YWU0Y3Aydmp1cjNrdmY1cDExc28gaWVzcGF1Y2xhcmlzLm9yZ18yZDM1MzQzNTM4MzIzMTMwMzYzMzMwMzhAcmVzb3VyY2UuY2FsZW5kYXIuZ29vZ2xlLmNvbQ&#038;ctz=Europe\/Madrid\" target=\"_blank\" >M\u00e9s detalls<\/a><\/p><\/div>\n\t<\/li>\n\t<li class=\"simcal-event simcal-events-calendar-608 simcal-tooltip\" itemscope itemtype=\"http:\/\/schema.org\/Event\">\n\t\t<span class=\"simcal-event-title\">2n. B Florence<\/span>\n\t\t<div class=\"simcal-event-details simcal-tooltip-content\" style=\"display: none;\"><p><strong><span class=\"simcal-event-title\" itemprop=\"name\">2n. B Florence<\/span><\/strong><\/p>\n<p><span class=\"simcal-event-start simcal-event-start-date\" data-event-start=\"1777550400\" data-event-format=\"d\/m\/Y\" itemprop=\"startDate\" content=\"2026-04-30T14:00:00+02:00\">30\/04\/2026<\/span>&nbsp;&nbsp;<span class=\"simcal-event-start simcal-event-start-time\" data-event-start=\"1777550400\" data-event-format=\"G:i\" itemprop=\"startDate\" content=\"2026-04-30T14:00:00+02:00\">14:00<\/span> - <span class=\"simcal-event-end simcal-event-end-time\" data-event-end=\"1777554000\" data-event-format=\"G:i\" itemprop=\"endDate\" content=\"2026-04-30T15:00:00+02:00\">15:00<\/span><br \/>\n <span class=\"simcal-event-address simcal-event-start-location\" itemprop=\"location\" itemscope itemtype=\"http:\/\/schema.org\/Place\"><meta itemprop=\"name\" content=\"2n. B Florence\" \/><meta itemprop=\"address\" content=\"2n. B Florence\" \/><\/span><\/p>\n<div><\/div>\n<p> <a href=\"https:\/\/www.google.com\/calendar\/event?eid=MzA1aGoyYWRpNGJiampyYTFscWNidGFscWUgaWVzcGF1Y2xhcmlzLm9yZ18yZDM1MzQzNTM4MzIzMTMwMzYzMzMwMzhAcmVzb3VyY2UuY2FsZW5kYXIuZ29vZ2xlLmNvbQ&#038;ctz=Europe\/Madrid\" target=\"_blank\" >M\u00e9s detalls<\/a><\/p><\/div>\n\t<\/li>\n<\/ul>\n\n\t\t<span class=\"simcal-events-dots\" style=\"display: none;\"><b style=\"color: #000;\"> &bull; <\/b><b style=\"color: #000;\"> &bull; <\/b><\/span>\n\t<\/div>\n<\/td>\n<td class=\"simcal-day simcal-day-void \"><\/td>\n<td class=\"simcal-day simcal-day-void \"><\/td>\n<td class=\"simcal-day simcal-day-void simcal-day-void-last\"><\/td>\n\t<\/tr>\n<\/tbody>\n<script type=\"text\/javascript\">\n\t\tjQuery(\n\t\t\/\/ Handle only events originated on '.simcal-event-dots' (cells with dots)\n\t\tjQuery('.simcal-calendar').on('mouseenter', '.simcal-events-dots', function(){\n\n\t\t\t\/\/ Save the cell that originated the mouse event (assigned to 'this' by jQuery)\n\t\t\t\/\/ for future reference\n\t\t\tvar that = this;\n\n\t\t\t\/\/ Set a timeout handler that will trigger a 'click' on the cell\n\t\t\tvar timeoutId = setTimeout(function(){\n\t\t\tjQuery(that).removeData('simcalTimeoutId');\n\t\t\tjQuery(that).trigger('click');\n\t\t\t}, 500);\n\n\t\t\t\/\/ Save 'timeoutId' for future reference\n\t\t\tjQuery(this).data('simcalTimeoutId', timeoutId);\n\n\t\t}).on('mouseleave', '.simcal-events-dots', function(){\n\t\t\t\/\/ Clear timeout and remove reference\n\t\t\tvar timeoutId = jQuery(this).data('simcalTimeoutId');\n\t\t\tif(timeoutId) {\n\t\t\tclearTimeout(timeoutId);\n\t\t\tjQuery(this).removeData('simcalTimeoutId');\n\t\t\t}\n\t\t})\n\t\t);<\/script>\t \t\t\t\n            <\/table>\n\n\t\t\t<\/div><\/p>\n","protected":false},"excerpt":{"rendered":"<p>Sortides i activitats <\/p>\n<p>             &hellip;  <a href=\"https:\/\/agora.xtec.cat\/iespauclaris\/ins\/calendari\/sortides-i-activitas\/\" title=\"Read Sortides i activitats\">Llegeix m\u00e9s\u00bb<\/a><\/p>\n","protected":false},"author":1,"featured_media":0,"parent":52,"menu_order":2,"comment_status":"closed","ping_status":"closed","template":"page-templates\/side-menu.php","meta":{"_bbp_topic_count":0,"_bbp_reply_count":0,"_bbp_total_topic_count":0,"_bbp_total_reply_count":0,"_bbp_voice_count":0,"_bbp_anonymous_reply_count":0,"_bbp_topic_count_hidden":0,"_bbp_reply_count_hidden":0,"_bbp_forum_subforum_count":0,"footnotes":""},"class_list":["post-3639","page","type-page","status-publish","hentry"],"post_mailing_queue_ids":[],"_links":{"self":[{"href":"https:\/\/agora.xtec.cat\/iespauclaris\/wp-json\/wp\/v2\/pages\/3639","targetHints":{"allow":["GET"]}}],"collection":[{"href":"https:\/\/agora.xtec.cat\/iespauclaris\/wp-json\/wp\/v2\/pages"}],"about":[{"href":"https:\/\/agora.xtec.cat\/iespauclaris\/wp-json\/wp\/v2\/types\/page"}],"author":[{"embeddable":true,"href":"https:\/\/agora.xtec.cat\/iespauclaris\/wp-json\/wp\/v2\/users\/1"}],"replies":[{"embeddable":true,"href":"https:\/\/agora.xtec.cat\/iespauclaris\/wp-json\/wp\/v2\/comments?post=3639"}],"version-history":[{"count":3,"href":"https:\/\/agora.xtec.cat\/iespauclaris\/wp-json\/wp\/v2\/pages\/3639\/revisions"}],"predecessor-version":[{"id":3644,"href":"https:\/\/agora.xtec.cat\/iespauclaris\/wp-json\/wp\/v2\/pages\/3639\/revisions\/3644"}],"up":[{"embeddable":true,"href":"https:\/\/agora.xtec.cat\/iespauclaris\/wp-json\/wp\/v2\/pages\/52"}],"wp:attachment":[{"href":"https:\/\/agora.xtec.cat\/iespauclaris\/wp-json\/wp\/v2\/media?parent=3639"}],"curies":[{"name":"wp","href":"https:\/\/api.w.org\/{rel}","templated":true}]}}